{"id":7832,"date":"2026-02-16T15:10:41","date_gmt":"2026-02-16T14:10:41","guid":{"rendered":"https:\/\/ericbrugier.com\/?page_id=7832"},"modified":"2026-03-02T17:45:26","modified_gmt":"2026-03-02T16:45:26","slug":"a-propos","status":"publish","type":"page","link":"https:\/\/ericbrugier.com\/fr\/a-propos\/","title":{"rendered":"\u00c0 PROPOS"},"content":{"rendered":"\t\t<div data-elementor-type=\"wp-page\" data-elementor-id=\"7832\" class=\"elementor elementor-7832\">\n\t\t\t\t<div class=\"elementor-element elementor-element-1bd0797 e-flex e-con-boxed wpr-particle-no wpr-jarallax-no wpr-parallax-no wpr-sticky-section-no e-con e-parent\" data-id=\"1bd0797\" data-element_type=\"container\" data-e-type=\"container\">\n\t\t\t\t\t<div class=\"e-con-inner\">\n\t\t<div class=\"elementor-element elementor-element-24bf446 e-con-full animated-slow e-flex wpr-particle-no wpr-jarallax-no wpr-parallax-no wpr-sticky-section-no elementor-invisible e-con e-child\" data-id=\"24bf446\" data-element_type=\"container\" data-e-type=\"container\" data-settings=\"{&quot;animation&quot;:&quot;fadeInUp&quot;}\">\n\t\t\t\t<div class=\"elementor-element elementor-element-be8c4da elementor-widget elementor-widget-heading\" data-id=\"be8c4da\" data-element_type=\"widget\" data-e-type=\"widget\" data-widget_type=\"heading.default\">\n\t\t\t\t\t<h1 class=\"elementor-heading-title elementor-size-default\">Eric Brugier,<\/h1>\t\t\t\t<\/div>\n\t\t\t\t<div class=\"elementor-element elementor-element-1efc876 elementor-widget elementor-widget-heading\" data-id=\"1efc876\" data-element_type=\"widget\" data-e-type=\"widget\" data-widget_type=\"heading.default\">\n\t\t\t\t\t<h2 class=\"elementor-heading-title elementor-size-default\">Un parcours d\u2019esth\u00e8te\n<\/h2>\t\t\t\t<\/div>\n\t\t\t\t<div class=\"elementor-element elementor-element-f344da7 elementor-widget__width-initial elementor-widget elementor-widget-text-editor\" data-id=\"f344da7\" data-element_type=\"widget\" data-e-type=\"widget\" data-widget_type=\"text-editor.default\">\n\t\t\t\t\t\t\t\t\t<p>Apr\u00e8s un long et beau parcours de galeriste, \u00c9ric Brugier se concentre d\u00e9sormais sur ses activit\u00e9s de gestionnaire de collection, d\u2019expert et d\u2019organisateur d\u2019\u00e9v\u00e8nements culturels haut de gamme sur-mesure.<\/p><p>L\u2019objectif, inchang\u00e9 depuis plus de 25 ans, demeure : instiguer des rencontres inoubliables avec l\u2019art.<\/p><p>\u00c9ric Brugier a toujours eu le go\u00fbt de l\u2019art et de l\u2019esth\u00e9tique chevill\u00e9 au corps.<br \/>Tr\u00e8s t\u00f4t, il collectionne sculptures, mobilier et tableaux ; tr\u00e8s vite, il s\u2019initie aux arcanes des galeries et maisons de vente, aux r\u00e9seaux de vendeurs et d\u2019acheteurs, aux al\u00e9as du march\u00e9 de l\u2019art.<br \/>Il g\u00e8re, enrichit et restructure des collections, d\u00e9niche des pi\u00e8ces d\u2019exception.<\/p><p>Son domaine de pr\u00e9dilection : l\u2019abstraction lyrique, l\u2019expressionnisme abstrait des ann\u00e9es 1950-1970. Yves Klein, Georges Mathieu, Jean Fautrier, Hans Hartung, Joseph Beuys, mais aussi C\u00e9sar, Araki, Ladislas Kijno ou encore Jacques Villegl\u00e9 et Larry Clark : les acquisitions d\u2019\u00c9ric Brugier, aussi qualitatives qu\u2019\u00e9clectiques, r\u00e9pondent avant tout \u00e0 ses propres crit\u00e8res esth\u00e9tiques. <br \/>Il aime Penck et Hermann Nitsch parce qu\u2019ils l\u2019\u00e9meuvent.<\/p>\t\t\t\t\t\t\t\t<\/div>\n\t\t\t\t<\/div>\n\t\t<div class=\"elementor-element elementor-element-cb60277 e-con-full e-flex wpr-particle-no wpr-jarallax-no wpr-parallax-no wpr-sticky-section-no e-con e-child\" data-id=\"cb60277\" data-element_type=\"container\" data-e-type=\"container\">\n\t\t\t\t<div class=\"elementor-element elementor-element-dc5623d elementor-widget elementor-widget-image-carousel\" data-id=\"dc5623d\" data-element_type=\"widget\" data-e-type=\"widget\" data-settings=\"{&quot;slides_to_show&quot;:&quot;1&quot;,&quot;navigation&quot;:&quot;none&quot;,&quot;autoplay_speed&quot;:3000,&quot;effect&quot;:&quot;fade&quot;,&quot;autoplay&quot;:&quot;yes&quot;,&quot;pause_on_interaction&quot;:&quot;yes&quot;,&quot;infinite&quot;:&quot;yes&quot;,&quot;speed&quot;:500}\" data-widget_type=\"image-carousel.default\">\n\t\t\t\t\t\t\t<div class=\"elementor-image-carousel-wrapper swiper\" role=\"region\" aria-roledescription=\"carousel\" aria-label=\"Carrousel d\u2019images\" dir=\"ltr\">\n\t\t\t<div class=\"elementor-image-carousel swiper-wrapper\" aria-live=\"off\">\n\t\t\t\t\t\t\t\t<div class=\"swiper-slide\" role=\"group\" aria-roledescription=\"slide\" aria-label=\"1 sur 7\"><figure class=\"swiper-slide-inner\"><img decoding=\"async\" class=\"swiper-slide-image\" src=\"https:\/\/ericbrugier.com\/wp-content\/uploads\/2026\/02\/Eric-Brugier-Marchand-d-art-a-Seoul-1024x688.jpg\" alt=\"Eric-Brugier-Marchand-d-art-a-Seoul\" \/><\/figure><\/div><div class=\"swiper-slide\" role=\"group\" aria-roledescription=\"slide\" aria-label=\"2 sur 7\"><figure class=\"swiper-slide-inner\"><img decoding=\"async\" class=\"swiper-slide-image\" src=\"https:\/\/ericbrugier.com\/wp-content\/uploads\/2026\/02\/Eric-Brugier-Marchand-d-art-et-Charlelie-Couture-1024x688.jpg\" alt=\"Eric-Brugier-Marchand-d-art-et-Charlelie-Couture\" \/><\/figure><\/div><div class=\"swiper-slide\" role=\"group\" aria-roledescription=\"slide\" aria-label=\"3 sur 7\"><figure class=\"swiper-slide-inner\"><img decoding=\"async\" class=\"swiper-slide-image\" src=\"https:\/\/ericbrugier.com\/wp-content\/uploads\/2026\/02\/Eric-Brugier-Marchand-d-art-avec-Miss.Tic_-1-1024x688.jpg\" alt=\"Eric-Brugier-Marchand-d-art-avec-Miss.Tic\" \/><\/figure><\/div><div class=\"swiper-slide\" role=\"group\" aria-roledescription=\"slide\" aria-label=\"4 sur 7\"><figure class=\"swiper-slide-inner\"><img decoding=\"async\" class=\"swiper-slide-image\" src=\"https:\/\/ericbrugier.com\/wp-content\/uploads\/2026\/02\/Eric-Brugier-Marchand-d-art-et-M.Chat_-1024x688.jpg\" alt=\"Eric-Brugier-Marchand-d-art-et-M.Chat\" \/><\/figure><\/div><div class=\"swiper-slide\" role=\"group\" aria-roledescription=\"slide\" aria-label=\"5 sur 7\"><figure class=\"swiper-slide-inner\"><img decoding=\"async\" class=\"swiper-slide-image\" src=\"https:\/\/ericbrugier.com\/wp-content\/uploads\/2026\/02\/Eric-Brugier-Marchand-d-art-avec-Laurent-Rigail-et-Larry-Clarck-1024x688.jpg\" alt=\"Eric-Brugier-Marchand-d-art-avec-Laurent-Rigail-et-Larry-Clarck\" \/><\/figure><\/div><div class=\"swiper-slide\" role=\"group\" aria-roledescription=\"slide\" aria-label=\"6 sur 7\"><figure class=\"swiper-slide-inner\"><img decoding=\"async\" class=\"swiper-slide-image\" src=\"https:\/\/ericbrugier.com\/wp-content\/uploads\/2026\/02\/Eric-Brugier-Marchand-d-art-et-JonOne-avec-Laurent-Rigail-et-Blade-1024x688.jpg\" alt=\"Eric-Brugier-Marchand-d-art-et-JonOne-avec-Laurent-Rigail-et-Blade\" \/><\/figure><\/div><div class=\"swiper-slide\" role=\"group\" aria-roledescription=\"slide\" aria-label=\"7 sur 7\"><figure class=\"swiper-slide-inner\"><img decoding=\"async\" class=\"swiper-slide-image\" src=\"https:\/\/ericbrugier.com\/wp-content\/uploads\/2026\/02\/Eric-Brugier-Marchand-d-art-et-Laurent-Rigail-a-BFM-Business-1024x688.jpg\" alt=\"Eric-Brugier-Marchand-d-art-et-Laurent-Rigail-a-BFM-Business\" \/><\/figure><\/div>\t\t\t<\/div>\n\t\t\t\t\t\t\t\n\t\t\t\t\t\t\t\t\t<\/div>\n\t\t\t\t\t\t<\/div>\n\t\t\t\t<\/div>\n\t\t\t\t\t<\/div>\n\t\t\t\t<\/div>\n\t\t<div class=\"elementor-element elementor-element-159dff1 home1-artistic-section animated-slow e-flex e-con-boxed wpr-particle-no wpr-jarallax-no wpr-parallax-no wpr-sticky-section-no elementor-invisible e-con e-parent\" data-id=\"159dff1\" data-element_type=\"container\" data-e-type=\"container\" data-settings=\"{&quot;animation&quot;:&quot;fadeInUp&quot;,&quot;background_background&quot;:&quot;gradient&quot;}\">\n\t\t\t\t\t<div class=\"e-con-inner\">\n\t\t<div class=\"elementor-element elementor-element-44fa4d0 e-con-full artistic-img e-flex wpr-particle-no wpr-jarallax-no wpr-parallax-no wpr-sticky-section-no e-con e-child\" data-id=\"44fa4d0\" data-element_type=\"container\" data-e-type=\"container\">\n\t\t\t\t<div class=\"elementor-element elementor-element-2578fb1 elementor-widget elementor-widget-image-carousel\" data-id=\"2578fb1\" data-element_type=\"widget\" data-e-type=\"widget\" data-settings=\"{&quot;slides_to_show&quot;:&quot;1&quot;,&quot;navigation&quot;:&quot;none&quot;,&quot;effect&quot;:&quot;fade&quot;,&quot;autoplay&quot;:&quot;yes&quot;,&quot;pause_on_hover&quot;:&quot;yes&quot;,&quot;pause_on_interaction&quot;:&quot;yes&quot;,&quot;autoplay_speed&quot;:5000,&quot;infinite&quot;:&quot;yes&quot;,&quot;speed&quot;:500}\" data-widget_type=\"image-carousel.default\">\n\t\t\t\t\t\t\t<div class=\"elementor-image-carousel-wrapper swiper\" role=\"region\" aria-roledescription=\"carousel\" aria-label=\"Carrousel d\u2019images\" dir=\"ltr\">\n\t\t\t<div class=\"elementor-image-carousel swiper-wrapper\" aria-live=\"off\">\n\t\t\t\t\t\t\t\t<div class=\"swiper-slide\" role=\"group\" aria-roledescription=\"slide\" aria-label=\"1 sur 2\"><figure class=\"swiper-slide-inner\"><img decoding=\"async\" class=\"swiper-slide-image\" src=\"https:\/\/ericbrugier.com\/wp-content\/uploads\/2026\/02\/Eric-Brugier-Marchand-d-art-avec-Lorend-Hegyi-768x1024.jpg\" alt=\"Eric-Brugier-Marchand-d-art-avec-Lorend-Hegyi\" \/><\/figure><\/div><div class=\"swiper-slide\" role=\"group\" aria-roledescription=\"slide\" aria-label=\"2 sur 2\"><figure class=\"swiper-slide-inner\"><img decoding=\"async\" class=\"swiper-slide-image\" src=\"https:\/\/ericbrugier.com\/wp-content\/uploads\/2026\/02\/Eric-Brugier-Marchand-d-art-avec-Laurent-Rigail-et-Nick-Walker-768x1024.jpg\" alt=\"Eric-Brugier-Marchand-d-art-avec-Laurent-Rigail-et-Nick-Walker\" \/><\/figure><\/div>\t\t\t<\/div>\n\t\t\t\t\t\t\t\n\t\t\t\t\t\t\t\t\t<\/div>\n\t\t\t\t\t\t<\/div>\n\t\t\t\t<\/div>\n\t\t<div class=\"elementor-element elementor-element-74bb25e e-con-full animated-slow e-flex wpr-particle-no wpr-jarallax-no wpr-parallax-no wpr-sticky-section-no elementor-invisible e-con e-child\" data-id=\"74bb25e\" data-element_type=\"container\" data-e-type=\"container\" data-settings=\"{&quot;animation&quot;:&quot;fadeInUp&quot;}\">\n\t\t\t\t<div class=\"elementor-element elementor-element-d436078 elementor-widget elementor-widget-text-editor\" data-id=\"d436078\" data-element_type=\"widget\" data-e-type=\"widget\" data-widget_type=\"text-editor.default\">\n\t\t\t\t\t\t\t\t\t<p>Sa rencontre avec Lorand Hegyi, historien de l\u2019art hongrois qui a b\u00e2ti parmi les plus riches et complexes collections institutionnelles d\u2019art contemporain d\u2019Europe, va d\u2019ailleurs \u00eatre fondatrice. Ils deviennent amis et leurs \u00e9changes \u00e9rudits d\u00e9passent largement le cadre de l\u2019art. <br \/>\u00c9ric Brugier fr\u00e9quente aussi J\u00e9r\u00f4me Neutre, pilier de la sph\u00e8re mus\u00e9ale parisienne (RMN-GP, mus\u00e9e du Luxembourg), curateur, expert, avec qui il partage un int\u00e9r\u00eat marqu\u00e9 pour la photographie contemporaine.<\/p><p>Avant-gardiste, \u00c9ric Brugier d\u00e9c\u00e8le d\u00e8s les ann\u00e9es 1990, au contact de la faune artistique underground parisienne, le potentiel de l\u2019art urbain. <br \/>Il croise Ben, Miss.Tic, acquiert les \u0153uvres de talents en devenir et les promeut aupr\u00e8s de son r\u00e9seau de collectionneurs. Et quand, en 2003, sa carri\u00e8re conna\u00eet un tournant avec la cr\u00e9ation de la Galerie Brugier Rigail (co-fond\u00e9e avec Laurent Rigail), fid\u00e8le \u00e0 ses principes, il place sous les projecteurs les artistes d\u2019hier, d\u2019aujourd\u2019hui et de demain au talent desquels il croit. La sc\u00e8ne artistique parisienne s\u2019en souvient : c\u2019est l\u2019ascension de Invader, de JonOne et de Nick Walker.<\/p><p>Le parcours d\u2019\u00c9ric Brugier, c\u2019est aussi une histoire de destins crois\u00e9s et d\u2019amiti\u00e9s durables. Il fr\u00e9quente JonOne depuis son arriv\u00e9e \u00e0 Paris, David Kunzli depuis plus de trois d\u00e9cennies, Miss.Tic jusqu\u2019\u00e0 ses derniers jours.Avec Laurent Rigail, directeur et fondateur du mus\u00e9e montpelli\u00e9rain Parcelle473, l\u2019amiti\u00e9 se double d\u2019un long partenariat professionnel. L\u2019\u00e9motion qu\u2019il met dans ce qu\u2019il fait, \u00c9ric Brugier la transmet \u00e0 ses collectionneurs, communiquant \u00e0 certains le \u00ab virus \u00bb, comme \u00e0 K. Maro, devenu partenaire et ami, qui officie d\u00e9sormais \u00e9galement avec bonheur comme galeriste \u00e0 Montr\u00e9al.\u00a0<\/p><p>Curateur passionn\u00e9,\u00a0\u00c9ric\u00a0Brugier\u00a0multiplie les expositions \u2013 in situ, au c\u0153ur de Paris, et hors les murs \u2013, soutenant ses artistes en pr\u00e9sentant leur travail au regard du grand public.\u00a0\u00c9ric\u00a0Brugier est aussi \u00e9diteur d\u2019art, un autre vecteur de diffusion des \u0153uvres de \u00ab\u00a0ses\u00a0\u00bb talents.\u00a0<br \/>Fort de son r\u00e9seau et de son instinct,\u00a0\u00c9ric\u00a0Brugier\u00a0pousse ses artistes vers les sommets. Une \u0153uvre de\u00a0JonOne\u00a0tr\u00f4ne d\u00e9sormais \u00e0 l\u2019entr\u00e9e de\u00a0l\u2019Assembl\u00e9e nationale, et Fabien\u00a0Verschaere\u00a0caracole d\u2019institutions culturelles (au centre Pompidou, entre autres) en \u00e9v\u00e8nements mondiaux (JOP de Paris 2024).\u00a0<\/p><p>Un peu philanthrope,\u00a0aussi,\u00a0\u00c9ric\u00a0Brugier\u00a0met son savoir-faire et ses connaissances au service de ses semblables.\u00a0Il participe \u00e0 l\u2019organisation d\u2019expositions \u00e0 destination des jeunes publics au Mus\u00e9e en herbe \u00e0 Paris (L\u2019Atlas en 2019)\u00a0et au Mus\u00e9e des Dominicaines de Pont-L\u2019\u00c9v\u00eaque. <br \/>Il\u00a0soutien\u00a0des\u00a0actions caritatives, \u00e0 l\u2019instar de la vente d\u2019\u0153uvres\u00a0street\u00a0art pour la Nuit de\u00a0Sainte-Catherine \u00e0 Lille, en 2022, au b\u00e9n\u00e9fice d\u2019une association soutenant\u00a0les enfants malades hospitalis\u00e9s, ou encore d\u2019un fond de dotation \u00e0 destination des enfants en s\u00e9jour \u00e0 l\u2019h\u00f4pital Necker.<\/p>\t\t\t\t\t\t\t\t<\/div>\n\t\t\t\t<\/div>\n\t\t\t\t\t<\/div>\n\t\t\t\t<\/div>\n\t\t<div class=\"elementor-element elementor-element-16d312f e-flex e-con-boxed wpr-particle-no wpr-jarallax-no wpr-parallax-no wpr-sticky-section-no e-con e-parent\" data-id=\"16d312f\" data-element_type=\"container\" data-e-type=\"container\" data-settings=\"{&quot;animation&quot;:&quot;none&quot;}\">\n\t\t\t\t\t<div class=\"e-con-inner\">\n\t\t\t\t<div class=\"elementor-element elementor-element-705ebfa premium-modal-dismissible-yes elementor-widget elementor-widget-premium-addon-modal-box\" data-id=\"705ebfa\" data-element_type=\"widget\" data-e-type=\"widget\" data-settings=\"{&quot;premium_modal_box_animation&quot;:&quot;fadeInDown&quot;}\" data-widget_type=\"premium-addon-modal-box.default\">\n\t\t\t\t\t\n\t\t<div class=\"premium-modal-box-container\" data-settings=\"{&quot;trigger&quot;:&quot;button&quot;,&quot;show_on_exit&quot;:false}\">\n\t\t\t<div class=\"premium-modal-trigger-container\">\n\t\t\t\t\t\t\t\t\t<button data-toggle=\"premium-modal\" data-target=\"#premium-modal-705ebfa\" type=\"button\" class=\"premium-modal-trigger-btn premium-btn-sm premium-button-none \" data-text=\"DEMANDE D&#039;INFORMATION\">\n\n\t\t\t\t\t\t\n\t\t\t\t\t\t<div class=\"premium-button-text-icon-wrapper\">\n\t\t\t\t\t\t\t<span>DEMANDE D'INFORMATION<\/span>\n\t\t\t\t\t\t<\/div>\n\n\t\t\t\t\t\t\n\t\t\t\t\t\t\n\t\t\t\t\t\t\n\t\t\t\t\t<\/button>\n\t\t\t\t\t\t\t<\/div>\n\n\t\t\t<div id=\"premium-modal-705ebfa\" class=\"premium-modal-box-modal\"\n\t\t\trole=\"dialog\"\n\t\t\tstyle=\"display: none\"\n\t\t\t>\n\t\t\t\t<div class=\"premium-modal-box-modal-dialog\" data-delay-animation=\"\" data-modal-animation=\"fadeInDown animated-\">\n\t\t\t\t\t\t\t\t\t\t\t<div class=\"premium-modal-box-modal-header\">\n\t\t\t\t\t\t\t\t\t\t\t\t\t\t\t<h3 class=\"premium-modal-box-modal-title\">\n\t\t\t\t\t\t\t\t\tFormulaire de contact\t\t\t\t\t\t\t\t<\/h3>\n\t\t\t\t\t\t\t\t\t\t\t\t\t\t\t\t\t\t\t\t\t\t<div class=\"premium-modal-box-close-button-container\">\n\t\t\t\t\t\t\t\t\t<button type=\"button\" class=\"premium-modal-box-modal-close\" data-dismiss=\"premium-modal\">&times;<\/button>\n\t\t\t\t\t\t\t\t<\/div>\n\t\t\t\t\t\t\t\t\t\t\t\t\t<\/div>\n\t\t\t\t\t\t\t\t\t\t<div class=\"premium-modal-box-modal-body\">\n\t\t\t\t\t\t\n\t\t\t\t\t\t\t<style>.elementor-6868 .elementor-element.elementor-element-6ce6dc6{--display:flex;--flex-direction:column;--container-widget-width:100%;--container-widget-height:initial;--container-widget-flex-grow:0;--container-widget-align-self:initial;--flex-wrap-mobile:wrap;}<\/style>\t\t<div data-elementor-type=\"page\" data-elementor-id=\"6868\" class=\"elementor elementor-6868\">\n\t\t\t\t<div class=\"elementor-element elementor-element-6ce6dc6 e-flex e-con-boxed wpr-particle-no wpr-jarallax-no wpr-parallax-no wpr-sticky-section-no e-con e-parent\" data-id=\"6ce6dc6\" data-element_type=\"container\" data-e-type=\"container\">\n\t\t\t\t\t<div class=\"e-con-inner\">\n\t\t\t\t<div class=\"elementor-element elementor-element-e7e5233 elementor-widget elementor-widget-shortcode\" data-id=\"e7e5233\" data-element_type=\"widget\" data-e-type=\"widget\" data-widget_type=\"shortcode.default\">\n\t\t\t\t\t\t\t<div class=\"elementor-shortcode\"><div class=\"mf-form-shortcode\">\r\n\t\t<div\r\n\t\t\tid=\"metform-wrap-6450-6450\"\r\n\t\t\tclass=\"mf-form-wrapper\"\r\n\t\t\tdata-form-id=\"6450\"\r\n\t\t\tdata-action=\"https:\/\/ericbrugier.com\/fr\/wp-json\/metform\/v1\/entries\/insert\/6450\"\r\n\t\t\tdata-wp-nonce=\"1cd2d394b8\"\r\n\t\t\tdata-form-nonce=\"7109cb7ba8\"\r\n\t\t\tdata-quiz-summery = \"false\"\r\n\t\t\tdata-save-progress = \"false\"\r\n\t\t\tdata-form-type=\"general-form\"\r\n\t\t\tdata-stop-vertical-effect=\"\"\r\n\t\t\t><\/div>\r\n\r\n\r\n\t\t<!----------------------------- \r\n\t\t\t* controls_data : find the the props passed indie of data attribute\r\n\t\t\t* props.SubmitResponseMarkup : contains the markup of error or success message\r\n\t\t\t* https:\/\/developer.mozilla.org\/en-US\/docs\/Web\/JavaScript\/Reference\/Template_literals\r\n\t\t--------------------------- -->\r\n\r\n\t\t\t\t<script type=\"text\/mf\" class=\"mf-template\">\r\n\t\t\tfunction controls_data (value){\r\n\t\t\t\tlet currentWrapper = \"mf-response-props-id-6450\";\r\n\t\t\t\tlet currentEl = document.getElementById(currentWrapper);\r\n\t\t\t\t\r\n\t\t\t\treturn currentEl ? currentEl.dataset[value] : false\r\n\t\t\t}\r\n\r\n\r\n\t\t\tlet is_edit_mode = '' ? true : false;\r\n\t\t\tlet message_position = controls_data('messageposition') || 'top';\r\n\r\n\t\t\t\r\n\t\t\tlet message_successIcon = controls_data('successicon') || '';\r\n\t\t\tlet message_errorIcon = controls_data('erroricon') || '';\r\n\t\t\tlet message_editSwitch = controls_data('editswitchopen') === 'yes' ? true : false;\r\n\t\t\tlet message_proClass = controls_data('editswitchopen') === 'yes' ? 'mf_pro_activated' : '';\r\n\t\t\t\r\n\t\t\tlet is_dummy_markup = is_edit_mode && message_editSwitch ? true : false;\r\n\r\n\t\t\t\r\n\t\t\treturn html`\r\n\t\t\t\t<form\r\n\t\t\t\t\tclassName=\"metform-form-content\"\r\n\t\t\t\t\tref=${parent.formContainerRef}\r\n\t\t\t\t\tonSubmit=${ validation.handleSubmit( parent.handleFormSubmit ) }\r\n\t\t\t\t\r\n\t\t\t\t\t>\r\n\t\t\t\r\n\t\t\t\r\n\t\t\t\t\t${is_dummy_markup ? message_position === 'top' ?  props.ResponseDummyMarkup(message_successIcon, message_proClass) : '' : ''}\r\n\t\t\t\t\t${is_dummy_markup ? ' ' :  message_position === 'top' ? props.SubmitResponseMarkup`${parent}${state}${message_successIcon}${message_errorIcon}${message_proClass}` : ''}\r\n\r\n\t\t\t\t\t<!--------------------------------------------------------\r\n\t\t\t\t\t*** IMPORTANT \/ DANGEROUS ***\r\n\t\t\t\t\t${html``} must be used as in immediate child of \"metform-form-main-wrapper\"\r\n\t\t\t\t\tclass otherwise multistep form will not run at all\r\n\t\t\t\t\t---------------------------------------------------------->\r\n\r\n\t\t\t\t\t<div className=\"metform-form-main-wrapper\" key=${'hide-form-after-submit'} ref=${parent.formRef}>\r\n\t\t\t\t\t${html`\r\n\t\t\t\t\t\t\t\t<div data-elementor-type=\"wp-post\" key=\"2\" data-elementor-id=\"6450\" className=\"elementor elementor-6450\">\n\t\t\t\t<div className=\"elementor-element elementor-element-814eeca e-flex e-con-boxed wpr-particle-no wpr-jarallax-no wpr-parallax-no wpr-sticky-section-no e-con e-parent\" data-id=\"814eeca\" data-element_type=\"container\" data-e-type=\"container\">\n\t\t\t\t\t<div className=\"e-con-inner\">\n\t\t\t\t<div className=\"elementor-element elementor-element-73d151f elementor-widget elementor-widget-mf-text\" data-id=\"73d151f\" data-element_type=\"widget\" data-e-type=\"widget\" data-settings=\"{&quot;mf_input_name&quot;:&quot;mf-text&quot;}\" data-widget_type=\"mf-text.default\">\n\t\t\t\t\t\r\n\t\t<div className=\"mf-input-wrapper\">\r\n\t\t\t\t\t\t\t<label className=\"mf-input-label\" htmlFor=\"mf-input-text-73d151f\">\r\n\t\t\t\t\t${ parent.decodeEntities(`Nom`) } \t\t\t\t\t<span className=\"mf-input-required-indicator\">*<\/span>\r\n\t\t\t\t<\/label>\r\n\t\t\t\r\n\t\t\t<input\r\n\t\t\t\ttype=\"text\"\r\n\t\t\t\tclassName=\"mf-input \"\r\n\t\t\t\tid=\"mf-input-text-73d151f\"\r\n\t\t\t\tname=\"mf-text\"\r\n\t\t\t\tplaceholder=\"${ parent.decodeEntities(`nom`) } \"\r\n\t\t\t\t\t\t\t\t\tonInput=${parent.handleChange}\r\n\t\t\t\t\tonBlur=${parent.handleChange}\r\n\t\t\t\t\taria-invalid=${validation.errors['mf-text'] ? 'true' : 'false'}\r\n\t\t\t\t\tref=${el =>{\r\n\t\t\t\t\t\t\t\t\t\t\t\tparent.activateValidation({\"message\":\"Ce champ est n\\u00e9cessaire.\",\"minLength\":3,\"maxLength\":\"\",\"type\":\"by_character_length\",\"required\":true,\"expression\":\"null\"}, el)\r\n\t\t\t\t\t}}\r\n\t\t\t\t\t\t\t\t\/>\r\n\r\n\t\t\t\t\t\t\t<${validation.ErrorMessage}\r\n\t\t\t\t\terrors=${validation.errors}\r\n\t\t\t\t\tname=\"mf-text\"\r\n\t\t\t\t\tas=${html`<span className=\"mf-error-message\"><\/span>`}\r\n\t\t\t\t\t\/>\r\n\t\t\t\r\n\t\t\t\t\t<\/div>\r\n\r\n\t\t\t\t\t\t<\/div>\n\t\t\t\t<div className=\"elementor-element elementor-element-054ffe2 elementor-widget elementor-widget-mf-email\" data-id=\"054ffe2\" data-element_type=\"widget\" data-e-type=\"widget\" data-settings=\"{&quot;mf_input_name&quot;:&quot;mf-email&quot;}\" data-widget_type=\"mf-email.default\">\n\t\t\t\t\t\r\n\t\t<div className=\"mf-input-wrapper\">\r\n\t\t\t\t\t\t\t<label className=\"mf-input-label\" htmlFor=\"mf-input-email-054ffe2\">\r\n\t\t\t\t\t${ parent.decodeEntities(`E-mail`) } \t\t\t\t\t<span className=\"mf-input-required-indicator\">*<\/span>\r\n\t\t\t\t<\/label>\r\n\t\t\t\r\n\t\t\t<input \r\n\t\t\t\ttype=\"email\" \r\n\t\t\t\t \r\n\t\t\t\tdefaultValue=\"\" \r\n\t\t\t\tclassName=\"mf-input \" \r\n\t\t\t\tid=\"mf-input-email-054ffe2\" \r\n\t\t\t\tname=\"mf-email\" \r\n\t\t\t\tplaceholder=\"${ parent.decodeEntities(`E-mail`) } \" \r\n\t\t\t\t \r\n\t\t\t\tonBlur=${parent.handleChange} onFocus=${parent.handleChange} aria-invalid=${validation.errors['mf-email'] ? 'true' : 'false' } \r\n\t\t\t\tref=${el=> parent.activateValidation({\"message\":\"Ce champ est n\\u00e9cessaire.\",\"emailMessage\":\"Veuillez saisir une adresse de messagerie valide\",\"minLength\":1,\"maxLength\":\"\",\"type\":\"none\",\"required\":true,\"expression\":\"null\"}, el)}\r\n\t\t\t\t\t\t\t\/>\r\n\r\n\t\t\t\t\t\t<${validation.ErrorMessage} \r\n\t\t\t\terrors=${validation.errors} \r\n\t\t\t\tname=\"mf-email\" \r\n\t\t\t\tas=${html`<span className=\"mf-error-message\"><\/span>`}\r\n\t\t\t\/>\r\n\t\t\t\r\n\t\t\t\t\t<\/div>\r\n\r\n\t\t\t\t<\/div>\n\t\t\t\t<div className=\"elementor-element elementor-element-6592be7 elementor-widget elementor-widget-mf-telephone\" data-id=\"6592be7\" data-element_type=\"widget\" data-e-type=\"widget\" data-settings=\"{&quot;mf_input_name&quot;:&quot;mf-telephone&quot;}\" data-widget_type=\"mf-telephone.default\">\n\t\t\t\t\t\n\t\t<div className=\"mf-input-wrapper\">\n\t\t\t\t\t\t\t<label className=\"mf-input-label\" htmlFor=\"mf-input-telephone-6592be7\">\n\t\t\t\t\t${ parent.decodeEntities(`T\u00e9l\u00e9phone`) } \t\t\t\t\t<span className=\"mf-input-required-indicator\"><\/span>\n\t\t\t\t<\/label>\n\t\t\t\n\t\t\t<input\n\t\t\t\ttype=\"tel\"\n\t\t\t\tclassName=\"mf-input \"\n\t\t\t\tid=\"mf-input-telephone-6592be7\" \n\t\t\t\tname=\"mf-telephone\"\n\t\t\t\tplaceholder=\"${ parent.decodeEntities(`T\u00e9l\u00e9phone`) } \"\n\t\t\t\t\t\t\t\t\tonInput=${parent.handleChange}\n\t\t\t\t\taria-invalid=${validation.errors['mf-telephone'] ? 'true' : 'false'}\n\t\t\t\t\tref=${el => parent.activateValidation({\"message\":\"Ce champ est n\\u00e9cessaire.\",\"minLength\":1,\"maxLength\":\"\",\"type\":\"none\",\"required\":false,\"expression\":\"null\"}, el)}\n\t\t\t\t\t\t\t\t\/>\n\t\t\t\n\t\t\t\t\t\t\t<${validation.ErrorMessage}\n\t\t\t\t\terrors=${validation.errors}\n\t\t\t\t\tname=\"mf-telephone\"\n\t\t\t\t\tas=${html`<span className=\"mf-error-message\"><\/span>`}\n\t\t\t\t\t\/>\n\t\t\t\n\t\t\t\n\t\t<\/div>\n\n\t\t\t\t\t\t<\/div>\n\t\t\t\t<div className=\"elementor-element elementor-element-5e635df elementor-widget elementor-widget-mf-text\" data-id=\"5e635df\" data-element_type=\"widget\" data-e-type=\"widget\" data-settings=\"{&quot;mf_input_name&quot;:&quot;mf-text&quot;}\" data-widget_type=\"mf-text.default\">\n\t\t\t\t\t\r\n\t\t<div className=\"mf-input-wrapper\">\r\n\t\t\t\t\t\t\t<label className=\"mf-input-label\" htmlFor=\"mf-input-text-5e635df\">\r\n\t\t\t\t\t${ parent.decodeEntities(`Message`) } \t\t\t\t\t<span className=\"mf-input-required-indicator\"><\/span>\r\n\t\t\t\t<\/label>\r\n\t\t\t\r\n\t\t\t<input\r\n\t\t\t\ttype=\"text\"\r\n\t\t\t\tclassName=\"mf-input \"\r\n\t\t\t\tid=\"mf-input-text-5e635df\"\r\n\t\t\t\tname=\"mf-text\"\r\n\t\t\t\tplaceholder=\"${ parent.decodeEntities(`Texte`) } \"\r\n\t\t\t\t\t\t\t\t\tonInput=${parent.handleChange}\r\n\t\t\t\t\tonBlur=${parent.handleChange}\r\n\t\t\t\t\taria-invalid=${validation.errors['mf-text'] ? 'true' : 'false'}\r\n\t\t\t\t\tref=${el =>{\r\n\t\t\t\t\t\t\t\t\t\t\t\tparent.activateValidation({\"message\":\"Ce champ est n\\u00e9cessaire.\",\"minLength\":1,\"maxLength\":\"\",\"type\":\"none\",\"required\":false,\"expression\":\"null\"}, el)\r\n\t\t\t\t\t}}\r\n\t\t\t\t\t\t\t\t\/>\r\n\r\n\t\t\t\t\t\t\t<${validation.ErrorMessage}\r\n\t\t\t\t\terrors=${validation.errors}\r\n\t\t\t\t\tname=\"mf-text\"\r\n\t\t\t\t\tas=${html`<span className=\"mf-error-message\"><\/span>`}\r\n\t\t\t\t\t\/>\r\n\t\t\t\r\n\t\t\t\t\t<\/div>\r\n\r\n\t\t\t\t\t\t<\/div>\n\t\t\t\t<div className=\"elementor-element elementor-element-4f84754 elementor-widget elementor-widget-mf-gdpr-consent\" data-id=\"4f84754\" data-element_type=\"widget\" data-e-type=\"widget\" data-settings=\"{&quot;mf_input_name&quot;:&quot;mf-gdpr-consent&quot;}\" data-widget_type=\"mf-gdpr-consent.default\">\n\t\t\t\t\t\n\t\t<div className=\"mf-input-wrapper\">\n\t\t\t\t\t\t\t<label className=\"mf-input-label\" htmlFor=\"mf-input-gdpr-4f84754\">\n\t\t\t\t\t${ parent.decodeEntities(`Consentement RGPD`) } \t\t\t\t\t<span className=\"mf-input-required-indicator\">*<\/span>\n\t\t\t\t<\/label>\n\t\t\t\n\t\t\t<div className=\"mf-checkbox multi-option-input-type\" id=\"mf-input-gdpr-4f84754\">\n\t\t\t\t<div className=\"mf-checkbox-option\">\n\t\t\t\t\t<label>\n\t\t\t\t\t\t\t\t\t\t\t\t<input\n\t\t\t\t\t\t\ttype=\"checkbox\"\n\t\t\t\t\t\t\tclassName=\"mf-input mf-checkbox-input \"\n\t\t\t\t\t\t\tname=\"mf-gdpr-consent\"\n\t\t\t\t\t\t\t\t\t\t\t\t\t\t\tonInput=${ parent.handleOptin }\n\t\t\t\t\t\t\t\taria-invalid=${validation.errors['mf-gdpr-consent'] ? 'true' : 'false'}\n\t\t\t\t\t\t\t\tref=${ el => parent.activateValidation({\"message\":\"Ce champ est n\\u00e9cessaire.\",\"minLength\":1,\"maxLength\":\"\",\"type\":\"none\",\"required\":true,\"expression\":\"null\"}, el) }\n\t\t\t\t\t\t\t\t\t\t\t\t\t\t\/>\n\t\t\t\t\t\t<span>\n\t\t\t\t\t\t\tEn cochant cette case, j'accepte que les informations saisies dans ce formulaire soient utilis\u00e9es par \u00c9ric Brugier pour permettre de me recontacter dans le cadre de ma demande. Je peux exercer mon droit d'acc\u00e8s et de suppression de mes donn\u00e9es en consultant les <a href=\"https:\/\/ericbrugier.com\/fr\/mentions-legales\/\">mentions l\u00e9gales<\/a>\t\t\t\t\t\t<\/span>\n\t\t\t\t\t<\/label>\n\t\t\t\t<\/div>\n\t\t\t<\/div>\n\n\t\t\t\t\t\t\t<${validation.ErrorMessage}\n\t\t\t\t\terrors=${validation.errors}\n\t\t\t\t\tname=\"mf-gdpr-consent\"\n\t\t\t\t\tas=${html`<span className=\"mf-error-message\"><\/span>`}\n\t\t\t\t\t\/>\n\t\t\t\n\t\t\t\t\t<\/div>\n\n\t\t\t\t\t\t<\/div>\n\t\t\t\t<div className=\"elementor-element elementor-element-ed64248 elementor-widget elementor-widget-mf-recaptcha\" data-id=\"ed64248\" data-element_type=\"widget\" data-e-type=\"widget\" data-widget_type=\"mf-recaptcha.default\">\n\t\t\t\t\t\t\t<div className=\"mf-input-wrapper\">\n\t\t\t\t\t\t\t\t\n\t\t\t\t\t<div id=\"recaptcha_site_key_v3\" data-sitekey=\"6LcOOXYsAAAAABrT978rUaqhqCnUfrU4KFZ39iJW\"  className=\"recaptcha_site_key_v3 \">\n\t\t\t\t\t\t<input type=\"hidden\" className=\"g-recaptcha-response-v3\" name=\"g-recaptcha-response-v3\" \/>\n\t\t\t\t\t<\/div>\n\t\t\t\t\t\n\t\t\t\t\t\t\t<\/div>\n\n\t\t\t\t\t\t<\/div>\n\t\t\t\t<div className=\"elementor-element elementor-element-b0f2cf7 mf-btn--left elementor-widget elementor-widget-mf-button\" data-id=\"b0f2cf7\" data-element_type=\"widget\" data-e-type=\"widget\" data-widget_type=\"mf-button.default\">\n\t\t\t\t\t\t\t<div className=\"mf-btn-wraper \" data-mf-form-conditional-logic-requirement=\"\">\r\n\t\t\t\t\t\t\t<button type=\"submit\" className=\"metform-btn metform-submit-btn \" id=\"\">\r\n\t\t\t\t\t<span>${ parent.decodeEntities(`Envoyer une demande`) } <\/span>\r\n\t\t\t\t<\/button>\r\n\t\t\t        <\/div>\r\n        \t\t\t\t<\/div>\n\t\t\t\t<div className=\"elementor-element elementor-element-cb8eb6e elementor-widget elementor-widget-mf-simple-message\" data-id=\"cb8eb6e\" data-element_type=\"widget\" data-e-type=\"widget\" data-widget_type=\"mf-simple-message.default\">\n\t\t\t\t\t\t\t<div className=\"mf-simple-message-wrapper\">\n\t\t\t<p className=\"mf-simple-message-text\">\n\t\t\t\tAfin de r\u00e9pondre \u00e0 votre demande, nous traiterons les donn\u00e9es personnelles que vous avez fournies conform\u00e9ment \u00e0 notre politique de confidentialit\u00e9 (disponible dans les mentions l\u00e9gales). Vous pouvez vous d\u00e9sabonner ou modifier vos pr\u00e9f\u00e9rences \u00e0 tout moment en cliquant sur le lien dans tous les courriels.\t\t\t<\/p>\n\t\t<\/div>\n\t\t\t\t\t\t<\/div>\n\t\t\t\t<div className=\"elementor-element elementor-element-95eb3af elementor-widget elementor-widget-heading\" data-id=\"95eb3af\" data-element_type=\"widget\" data-e-type=\"widget\" data-widget_type=\"heading.default\">\n\t\t\t\t\t<span className=\"elementor-heading-title elementor-size-default\">* Mentions obligatoires<\/span>\t\t\t\t<\/div>\n\t\t\t\t\t<\/div>\n\t\t\t\t<\/div>\n\t\t\t\t<\/div>\n\t\t\t\t\t\t\t`}\r\n\t\t\t\t\t<\/div>\r\n\r\n\t\t\t\t\t${is_dummy_markup ? message_position === 'bottom' ? props.ResponseDummyMarkup(message_successIcon, message_proClass) : '' : ''}\r\n\t\t\t\t\t${is_dummy_markup ? ' ' : message_position === 'bottom' ? props.SubmitResponseMarkup`${parent}${state}${message_successIcon}${message_errorIcon}${message_proClass}` : ''}\r\n\t\t\t\t\r\n\t\t\t\t<\/form>\r\n\t\t\t`\r\n\t\t<\/script>\r\n\r\n\t\t<\/div><\/div>\n\t\t\t\t\t\t<\/div>\n\t\t\t\t\t<\/div>\n\t\t\t\t<\/div>\n\t\t\t\t<\/div>\n\t\t\n\t\t\t\t\t\t\t\t\t\t\t<\/div>\n\t\t\t\t\t\t\t\t\t<\/div>\n\t\t\t<\/div>\n\t\t<\/div>\n\t\t\t\t\t\t<\/div>\n\t\t\t\t\t<\/div>\n\t\t\t\t<\/div>\n\t\t\t\t<\/div>\n\t\t","protected":false},"excerpt":{"rendered":"<p>Eric Brugier, Un parcours d\u2019esth\u00e8te Apr\u00e8s un long et beau parcours de galeriste, \u00c9ric Brugier se concentre d\u00e9sormais sur ses activit\u00e9s de gestionnaire de collection, d\u2019expert et d\u2019organisateur d\u2019\u00e9v\u00e8nements culturels haut de gamme sur-mesure. L\u2019objectif, inchang\u00e9 depuis plus de 25 ans, demeure : instiguer des rencontres inoubliables avec l\u2019art. \u00c9ric Brugier a toujours eu le go\u00fbt de l\u2019art et de l\u2019esth\u00e9tique chevill\u00e9 au corps.Tr\u00e8s t\u00f4t, il collectionne sculptures, mobilier et tableaux ; tr\u00e8s vite, il s\u2019initie aux arcanes des galeries et maisons de vente, aux r\u00e9seaux de vendeurs et d\u2019acheteurs, aux al\u00e9as du march\u00e9 de l\u2019art.Il g\u00e8re, enrichit et restructure des collections, d\u00e9niche des pi\u00e8ces d\u2019exception. Son domaine de pr\u00e9dilection : l\u2019abstraction lyrique, l\u2019expressionnisme abstrait des ann\u00e9es 1950-1970. Yves Klein, Georges Mathieu, Jean Fautrier, Hans Hartung, Joseph Beuys, mais aussi C\u00e9sar, Araki, Ladislas Kijno ou encore Jacques Villegl\u00e9 et Larry Clark : les acquisitions d\u2019\u00c9ric Brugier, aussi qualitatives qu\u2019\u00e9clectiques, r\u00e9pondent avant tout \u00e0 ses propres crit\u00e8res esth\u00e9tiques. Il aime Penck et Hermann Nitsch parce qu\u2019ils l\u2019\u00e9meuvent. Sa rencontre avec Lorand Hegyi, historien de l\u2019art hongrois qui a b\u00e2ti parmi les plus riches et complexes collections institutionnelles d\u2019art contemporain d\u2019Europe, va d\u2019ailleurs \u00eatre fondatrice. Ils deviennent amis et leurs \u00e9changes \u00e9rudits d\u00e9passent largement le cadre de l\u2019art. \u00c9ric Brugier fr\u00e9quente aussi J\u00e9r\u00f4me Neutre, pilier de la sph\u00e8re mus\u00e9ale parisienne (RMN-GP, mus\u00e9e du Luxembourg), curateur, expert, avec qui il partage un int\u00e9r\u00eat marqu\u00e9 pour la photographie contemporaine. Avant-gardiste, \u00c9ric Brugier d\u00e9c\u00e8le d\u00e8s les ann\u00e9es 1990, au contact de la faune artistique underground parisienne, le potentiel de l\u2019art urbain. Il croise Ben, Miss.Tic, acquiert les \u0153uvres de talents en devenir et les promeut aupr\u00e8s de son r\u00e9seau de collectionneurs. Et quand, en 2003, sa carri\u00e8re conna\u00eet un tournant avec la cr\u00e9ation de la Galerie Brugier Rigail (co-fond\u00e9e avec Laurent Rigail), fid\u00e8le \u00e0 ses principes, il place sous les projecteurs les artistes d\u2019hier, d\u2019aujourd\u2019hui et de demain au talent desquels il croit. La sc\u00e8ne artistique parisienne s\u2019en souvient : c\u2019est l\u2019ascension de Invader, de JonOne et de Nick Walker. Le parcours d\u2019\u00c9ric Brugier, c\u2019est aussi une histoire de destins crois\u00e9s et d\u2019amiti\u00e9s durables. Il fr\u00e9quente JonOne depuis son arriv\u00e9e \u00e0 Paris, David Kunzli depuis plus de trois d\u00e9cennies, Miss.Tic jusqu\u2019\u00e0 ses derniers jours.Avec Laurent Rigail, directeur et fondateur du mus\u00e9e montpelli\u00e9rain Parcelle473, l\u2019amiti\u00e9 se double d\u2019un long partenariat professionnel. L\u2019\u00e9motion qu\u2019il met dans ce qu\u2019il fait, \u00c9ric Brugier la transmet \u00e0 ses collectionneurs, communiquant \u00e0 certains le \u00ab virus \u00bb, comme \u00e0 K. Maro, devenu partenaire et ami, qui officie d\u00e9sormais \u00e9galement avec bonheur comme galeriste \u00e0 Montr\u00e9al.\u00a0 Curateur passionn\u00e9,\u00a0\u00c9ric\u00a0Brugier\u00a0multiplie les expositions \u2013 in situ, au c\u0153ur de Paris, et hors les murs \u2013, soutenant ses artistes en pr\u00e9sentant leur travail au regard du grand public.\u00a0\u00c9ric\u00a0Brugier est aussi \u00e9diteur d\u2019art, un autre vecteur de diffusion des \u0153uvres de \u00ab\u00a0ses\u00a0\u00bb talents.\u00a0Fort de son r\u00e9seau et de son instinct,\u00a0\u00c9ric\u00a0Brugier\u00a0pousse ses artistes vers les sommets. Une \u0153uvre de\u00a0JonOne\u00a0tr\u00f4ne d\u00e9sormais \u00e0 l\u2019entr\u00e9e de\u00a0l\u2019Assembl\u00e9e nationale, et Fabien\u00a0Verschaere\u00a0caracole d\u2019institutions culturelles (au centre Pompidou, entre autres) en \u00e9v\u00e8nements mondiaux (JOP de Paris 2024).\u00a0 Un peu philanthrope,\u00a0aussi,\u00a0\u00c9ric\u00a0Brugier\u00a0met son savoir-faire et ses connaissances au service de ses semblables.\u00a0Il participe \u00e0 l\u2019organisation d\u2019expositions \u00e0 destination des jeunes publics au Mus\u00e9e en herbe \u00e0 Paris (L\u2019Atlas en 2019)\u00a0et au Mus\u00e9e des Dominicaines de Pont-L\u2019\u00c9v\u00eaque. Il\u00a0soutien\u00a0des\u00a0actions caritatives, \u00e0 l\u2019instar de la vente d\u2019\u0153uvres\u00a0street\u00a0art pour la Nuit de\u00a0Sainte-Catherine \u00e0 Lille, en 2022, au b\u00e9n\u00e9fice d\u2019une association soutenant\u00a0les enfants malades hospitalis\u00e9s, ou encore d\u2019un fond de dotation \u00e0 destination des enfants en s\u00e9jour \u00e0 l\u2019h\u00f4pital Necker. DEMANDE D&rsquo;INFORMATION Formulaire de contact &times;<\/p>\n","protected":false},"author":5,"featured_media":1316,"parent":0,"menu_order":0,"comment_status":"closed","ping_status":"closed","template":"","meta":{"inline_featured_image":false,"footnotes":""},"wf_page_folders":[],"class_list":["post-7832","page","type-page","status-publish","has-post-thumbnail","hentry"],"yoast_head":"<!-- This site is optimized with the Yoast SEO plugin v27.3 - https:\/\/yoast.com\/product\/yoast-seo-wordpress\/ -->\n<title>\u00c9ric Brugier : 25 ans d&#039;expertise sur le march\u00e9 de l&#039;art contemporain<\/title>\n<meta name=\"description\" content=\"D\u00e9couvrez le parcours d&#039;\u00c9ric Brugier, ancien galeriste devenu expert en gestion de collection et courtage d&#039;art. Une vision avant-gardiste au service de l&#039;art.\" \/>\n<meta name=\"robots\" content=\"index, follow, max-snippet:-1, max-image-preview:large, max-video-preview:-1\" \/>\n<link rel=\"canonical\" href=\"https:\/\/ericbrugier.com\/fr\/a-propos\/\" \/>\n<meta property=\"og:locale\" content=\"fr_FR\" \/>\n<meta property=\"og:type\" content=\"article\" \/>\n<meta property=\"og:title\" content=\"\u00c9ric Brugier : 25 ans d&#039;expertise sur le march\u00e9 de l&#039;art contemporain\" \/>\n<meta property=\"og:description\" content=\"D\u00e9couvrez le parcours d&#039;\u00c9ric Brugier, ancien galeriste devenu expert en gestion de collection et courtage d&#039;art. Une vision avant-gardiste au service de l&#039;art.\" \/>\n<meta property=\"og:url\" content=\"https:\/\/ericbrugier.com\/fr\/a-propos\/\" \/>\n<meta property=\"og:site_name\" content=\"\u00c9ric Brugier - Marchand d&#039;art - Gestion de collection\" \/>\n<meta property=\"article:modified_time\" content=\"2026-03-02T16:45:26+00:00\" \/>\n<meta property=\"og:image\" content=\"https:\/\/ericbrugier.com\/wp-content\/uploads\/2025\/12\/jonOne-et-Eric.webp\" \/>\n\t<meta property=\"og:image:width\" content=\"1200\" \/>\n\t<meta property=\"og:image:height\" content=\"1200\" \/>\n\t<meta property=\"og:image:type\" content=\"image\/webp\" \/>\n<meta name=\"twitter:card\" content=\"summary_large_image\" \/>\n<meta name=\"twitter:label1\" content=\"Dur\u00e9e de lecture estim\u00e9e\" \/>\n\t<meta name=\"twitter:data1\" content=\"7 minutes\" \/>\n<script type=\"application\/ld+json\" class=\"yoast-schema-graph\">{\"@context\":\"https:\\\/\\\/schema.org\",\"@graph\":[{\"@type\":[\"WebPage\",\"AboutPage\"],\"@id\":\"https:\\\/\\\/ericbrugier.com\\\/a-propos\\\/\",\"url\":\"https:\\\/\\\/ericbrugier.com\\\/a-propos\\\/\",\"name\":\"\u00c9ric Brugier : 25 ans d'expertise sur le march\u00e9 de l'art contemporain\",\"isPartOf\":{\"@id\":\"https:\\\/\\\/ericbrugier.com\\\/#website\"},\"primaryImageOfPage\":{\"@id\":\"https:\\\/\\\/ericbrugier.com\\\/a-propos\\\/#primaryimage\"},\"image\":{\"@id\":\"https:\\\/\\\/ericbrugier.com\\\/a-propos\\\/#primaryimage\"},\"thumbnailUrl\":\"https:\\\/\\\/ericbrugier.com\\\/wp-content\\\/uploads\\\/2025\\\/12\\\/jonOne-et-Eric.webp\",\"datePublished\":\"2026-02-16T14:10:41+00:00\",\"dateModified\":\"2026-03-02T16:45:26+00:00\",\"description\":\"D\u00e9couvrez le parcours d'\u00c9ric Brugier, ancien galeriste devenu expert en gestion de collection et courtage d'art. Une vision avant-gardiste au service de l'art.\",\"breadcrumb\":{\"@id\":\"https:\\\/\\\/ericbrugier.com\\\/a-propos\\\/#breadcrumb\"},\"inLanguage\":\"fr-FR\",\"potentialAction\":[{\"@type\":\"ReadAction\",\"target\":[\"https:\\\/\\\/ericbrugier.com\\\/a-propos\\\/\"]}]},{\"@type\":\"ImageObject\",\"inLanguage\":\"fr-FR\",\"@id\":\"https:\\\/\\\/ericbrugier.com\\\/a-propos\\\/#primaryimage\",\"url\":\"https:\\\/\\\/ericbrugier.com\\\/wp-content\\\/uploads\\\/2025\\\/12\\\/jonOne-et-Eric.webp\",\"contentUrl\":\"https:\\\/\\\/ericbrugier.com\\\/wp-content\\\/uploads\\\/2025\\\/12\\\/jonOne-et-Eric.webp\",\"width\":1200,\"height\":1200,\"caption\":\"JonOne et \u00c9ric Brugier\"},{\"@type\":\"BreadcrumbList\",\"@id\":\"https:\\\/\\\/ericbrugier.com\\\/a-propos\\\/#breadcrumb\",\"itemListElement\":[{\"@type\":\"ListItem\",\"position\":1,\"name\":\"Accueil\",\"item\":\"https:\\\/\\\/ericbrugier.com\\\/\"},{\"@type\":\"ListItem\",\"position\":2,\"name\":\"\u00c0 PROPOS\"}]},{\"@type\":\"WebSite\",\"@id\":\"https:\\\/\\\/ericbrugier.com\\\/#website\",\"url\":\"https:\\\/\\\/ericbrugier.com\\\/\",\"name\":\"Eric Brugier - Galerie d'art\",\"description\":\"Marchand d&#039;art et Gestion de collection\",\"publisher\":{\"@id\":\"https:\\\/\\\/ericbrugier.com\\\/#organization\"},\"potentialAction\":[{\"@type\":\"SearchAction\",\"target\":{\"@type\":\"EntryPoint\",\"urlTemplate\":\"https:\\\/\\\/ericbrugier.com\\\/?s={search_term_string}\"},\"query-input\":{\"@type\":\"PropertyValueSpecification\",\"valueRequired\":true,\"valueName\":\"search_term_string\"}}],\"inLanguage\":\"fr-FR\"},{\"@type\":\"Organization\",\"@id\":\"https:\\\/\\\/ericbrugier.com\\\/#organization\",\"name\":\"Eric Brugier - Marchand d'art - Gestion de collection\",\"url\":\"https:\\\/\\\/ericbrugier.com\\\/\",\"logo\":{\"@type\":\"ImageObject\",\"inLanguage\":\"fr-FR\",\"@id\":\"https:\\\/\\\/ericbrugier.com\\\/#\\\/schema\\\/logo\\\/image\\\/\",\"url\":\"https:\\\/\\\/ericbrugier.com\\\/wp-content\\\/uploads\\\/2025\\\/12\\\/Logo-eric-brugier-1.webp\",\"contentUrl\":\"https:\\\/\\\/ericbrugier.com\\\/wp-content\\\/uploads\\\/2025\\\/12\\\/Logo-eric-brugier-1.webp\",\"width\":1600,\"height\":500,\"caption\":\"Eric Brugier - Marchand d'art - Gestion de collection\"},\"image\":{\"@id\":\"https:\\\/\\\/ericbrugier.com\\\/#\\\/schema\\\/logo\\\/image\\\/\"}}]}<\/script>\n<!-- \/ Yoast SEO plugin. -->","yoast_head_json":{"title":"\u00c9ric Brugier : 25 ans d'expertise sur le march\u00e9 de l'art contemporain","description":"D\u00e9couvrez le parcours d'\u00c9ric Brugier, ancien galeriste devenu expert en gestion de collection et courtage d'art. Une vision avant-gardiste au service de l'art.","robots":{"index":"index","follow":"follow","max-snippet":"max-snippet:-1","max-image-preview":"max-image-preview:large","max-video-preview":"max-video-preview:-1"},"canonical":"https:\/\/ericbrugier.com\/fr\/a-propos\/","og_locale":"fr_FR","og_type":"article","og_title":"\u00c9ric Brugier : 25 ans d'expertise sur le march\u00e9 de l'art contemporain","og_description":"D\u00e9couvrez le parcours d'\u00c9ric Brugier, ancien galeriste devenu expert en gestion de collection et courtage d'art. Une vision avant-gardiste au service de l'art.","og_url":"https:\/\/ericbrugier.com\/fr\/a-propos\/","og_site_name":"\u00c9ric Brugier - Marchand d&#039;art - Gestion de collection","article_modified_time":"2026-03-02T16:45:26+00:00","og_image":[{"width":1200,"height":1200,"url":"https:\/\/ericbrugier.com\/wp-content\/uploads\/2025\/12\/jonOne-et-Eric.webp","type":"image\/webp"}],"twitter_card":"summary_large_image","twitter_misc":{"Dur\u00e9e de lecture estim\u00e9e":"7 minutes"},"schema":{"@context":"https:\/\/schema.org","@graph":[{"@type":["WebPage","AboutPage"],"@id":"https:\/\/ericbrugier.com\/a-propos\/","url":"https:\/\/ericbrugier.com\/a-propos\/","name":"\u00c9ric Brugier : 25 ans d'expertise sur le march\u00e9 de l'art contemporain","isPartOf":{"@id":"https:\/\/ericbrugier.com\/#website"},"primaryImageOfPage":{"@id":"https:\/\/ericbrugier.com\/a-propos\/#primaryimage"},"image":{"@id":"https:\/\/ericbrugier.com\/a-propos\/#primaryimage"},"thumbnailUrl":"https:\/\/ericbrugier.com\/wp-content\/uploads\/2025\/12\/jonOne-et-Eric.webp","datePublished":"2026-02-16T14:10:41+00:00","dateModified":"2026-03-02T16:45:26+00:00","description":"D\u00e9couvrez le parcours d'\u00c9ric Brugier, ancien galeriste devenu expert en gestion de collection et courtage d'art. Une vision avant-gardiste au service de l'art.","breadcrumb":{"@id":"https:\/\/ericbrugier.com\/a-propos\/#breadcrumb"},"inLanguage":"fr-FR","potentialAction":[{"@type":"ReadAction","target":["https:\/\/ericbrugier.com\/a-propos\/"]}]},{"@type":"ImageObject","inLanguage":"fr-FR","@id":"https:\/\/ericbrugier.com\/a-propos\/#primaryimage","url":"https:\/\/ericbrugier.com\/wp-content\/uploads\/2025\/12\/jonOne-et-Eric.webp","contentUrl":"https:\/\/ericbrugier.com\/wp-content\/uploads\/2025\/12\/jonOne-et-Eric.webp","width":1200,"height":1200,"caption":"JonOne et \u00c9ric Brugier"},{"@type":"BreadcrumbList","@id":"https:\/\/ericbrugier.com\/a-propos\/#breadcrumb","itemListElement":[{"@type":"ListItem","position":1,"name":"Accueil","item":"https:\/\/ericbrugier.com\/"},{"@type":"ListItem","position":2,"name":"\u00c0 PROPOS"}]},{"@type":"WebSite","@id":"https:\/\/ericbrugier.com\/#website","url":"https:\/\/ericbrugier.com\/","name":"Eric Brugier - Galerie d'art","description":"Marchand d&#039;art et Gestion de collection","publisher":{"@id":"https:\/\/ericbrugier.com\/#organization"},"potentialAction":[{"@type":"SearchAction","target":{"@type":"EntryPoint","urlTemplate":"https:\/\/ericbrugier.com\/?s={search_term_string}"},"query-input":{"@type":"PropertyValueSpecification","valueRequired":true,"valueName":"search_term_string"}}],"inLanguage":"fr-FR"},{"@type":"Organization","@id":"https:\/\/ericbrugier.com\/#organization","name":"Eric Brugier - Marchand d'art - Gestion de collection","url":"https:\/\/ericbrugier.com\/","logo":{"@type":"ImageObject","inLanguage":"fr-FR","@id":"https:\/\/ericbrugier.com\/#\/schema\/logo\/image\/","url":"https:\/\/ericbrugier.com\/wp-content\/uploads\/2025\/12\/Logo-eric-brugier-1.webp","contentUrl":"https:\/\/ericbrugier.com\/wp-content\/uploads\/2025\/12\/Logo-eric-brugier-1.webp","width":1600,"height":500,"caption":"Eric Brugier - Marchand d'art - Gestion de collection"},"image":{"@id":"https:\/\/ericbrugier.com\/#\/schema\/logo\/image\/"}}]}},"_links":{"self":[{"href":"https:\/\/ericbrugier.com\/fr\/wp-json\/wp\/v2\/pages\/7832","targetHints":{"allow":["GET"]}}],"collection":[{"href":"https:\/\/ericbrugier.com\/fr\/wp-json\/wp\/v2\/pages"}],"about":[{"href":"https:\/\/ericbrugier.com\/fr\/wp-json\/wp\/v2\/types\/page"}],"author":[{"embeddable":true,"href":"https:\/\/ericbrugier.com\/fr\/wp-json\/wp\/v2\/users\/5"}],"replies":[{"embeddable":true,"href":"https:\/\/ericbrugier.com\/fr\/wp-json\/wp\/v2\/comments?post=7832"}],"version-history":[{"count":91,"href":"https:\/\/ericbrugier.com\/fr\/wp-json\/wp\/v2\/pages\/7832\/revisions"}],"predecessor-version":[{"id":8864,"href":"https:\/\/ericbrugier.com\/fr\/wp-json\/wp\/v2\/pages\/7832\/revisions\/8864"}],"wp:featuredmedia":[{"embeddable":true,"href":"https:\/\/ericbrugier.com\/fr\/wp-json\/wp\/v2\/media\/1316"}],"wp:attachment":[{"href":"https:\/\/ericbrugier.com\/fr\/wp-json\/wp\/v2\/media?parent=7832"}],"wp:term":[{"taxonomy":"wf_page_folders","embeddable":true,"href":"https:\/\/ericbrugier.com\/fr\/wp-json\/wp\/v2\/wf_page_folders?post=7832"}],"curies":[{"name":"wp","href":"https:\/\/api.w.org\/{rel}","templated":true}]}}