{"id":4912,"date":"2026-02-03T11:11:56","date_gmt":"2026-02-03T10:11:56","guid":{"rendered":"https:\/\/ericbrugier.com\/?page_id=4912"},"modified":"2026-02-26T17:41:46","modified_gmt":"2026-02-26T16:41:46","slug":"biographie-jacques-villegle","status":"publish","type":"page","link":"https:\/\/ericbrugier.com\/fr\/artistes\/biographie-jacques-villegle\/","title":{"rendered":"Biographie Jacques Vill\u00e9gl\u00e9"},"content":{"rendered":"\t\t<div data-elementor-type=\"wp-page\" data-elementor-id=\"4912\" class=\"elementor elementor-4912\">\n\t\t\t\t<div class=\"elementor-element elementor-element-f86124a e-flex e-con-boxed wpr-particle-no wpr-jarallax-no wpr-parallax-no wpr-sticky-section-no e-con e-parent\" data-id=\"f86124a\" data-element_type=\"container\" data-e-type=\"container\">\n\t\t\t\t\t<div class=\"e-con-inner\">\n\t\t<div class=\"elementor-element elementor-element-f6b4058 e-con-full e-flex wpr-particle-no wpr-jarallax-no wpr-parallax-no wpr-sticky-section-no e-con e-child\" data-id=\"f6b4058\" data-element_type=\"container\" data-e-type=\"container\">\n\t\t<div class=\"elementor-element elementor-element-619ec0b e-con-full e-flex wpr-particle-no wpr-jarallax-no wpr-parallax-no wpr-sticky-section-no e-con e-child\" data-id=\"619ec0b\" data-element_type=\"container\" data-e-type=\"container\">\n\t\t\t\t<div class=\"elementor-element elementor-element-8a0cd04 elementor-widget elementor-widget-heading\" data-id=\"8a0cd04\" data-element_type=\"widget\" data-e-type=\"widget\" data-widget_type=\"heading.default\">\n\t\t\t\t\t<h1 class=\"elementor-heading-title elementor-size-default\">Jacques Villegl\u00e9<\/h1>\t\t\t\t<\/div>\n\t\t\t\t<\/div>\n\t\t<div class=\"elementor-element elementor-element-a8f9e50 e-con-full elementor-hidden-mobile e-flex wpr-particle-no wpr-jarallax-no wpr-parallax-no wpr-sticky-section-no e-con e-child\" data-id=\"a8f9e50\" data-element_type=\"container\" data-e-type=\"container\">\n\t\t\t\t<div class=\"elementor-element elementor-element-7272803 clean-pc elementor-widget__width-initial elementor-widget elementor-widget-heading\" data-id=\"7272803\" data-element_type=\"widget\" data-e-type=\"widget\" data-widget_type=\"heading.default\">\n\t\t\t\t\t<h2 class=\"elementor-heading-title elementor-size-default\"><a href=\"https:\/\/ericbrugier.com\/fr\/artistes\/oeuvres-jacques-villegle\/\">OEUVRES<\/a><\/h2>\t\t\t\t<\/div>\n\t\t\t\t<\/div>\n\t\t<div class=\"elementor-element elementor-element-15ae5f5 e-con-full elementor-hidden-mobile e-flex wpr-particle-no wpr-jarallax-no wpr-parallax-no wpr-sticky-section-no e-con e-child\" data-id=\"15ae5f5\" data-element_type=\"container\" data-e-type=\"container\">\n\t\t\t\t<div class=\"elementor-element elementor-element-eb1b0ed elementor-widget__width-initial clean-pc elementor-widget elementor-widget-heading\" data-id=\"eb1b0ed\" data-element_type=\"widget\" data-e-type=\"widget\" data-widget_type=\"heading.default\">\n\t\t\t\t\t<h2 class=\"elementor-heading-title elementor-size-default\">BIOGRAPHIE<\/h2>\t\t\t\t<\/div>\n\t\t\t\t<\/div>\n\t\t<div class=\"elementor-element elementor-element-1906318 e-con-full elementor-hidden-mobile e-flex wpr-particle-no wpr-jarallax-no wpr-parallax-no wpr-sticky-section-no e-con e-child\" data-id=\"1906318\" data-element_type=\"container\" data-e-type=\"container\">\n\t\t\t\t<div class=\"elementor-element elementor-element-ca721f2 clean-pc elementor-widget__width-initial elementor-widget elementor-widget-text-editor\" data-id=\"ca721f2\" data-element_type=\"widget\" data-e-type=\"widget\" data-widget_type=\"text-editor.default\">\n\t\t\t\t\t\t\t\t\t<p><a href=\"https:\/\/ericbrugier.com\/fr\/artistes\/biographie-pierre-soulages\/\">&lt;\u00a0\u00a0<\/a> ARTISTE SUIVANT\u00a0 \u00a0<a href=\"https:\/\/ericbrugier.com\/fr\/artistes\/biographie-zao-wou-ki\/\">&gt;<\/a><\/p>\t\t\t\t\t\t\t\t<\/div>\n\t\t\t\t<\/div>\n\t\t\t\t<\/div>\n\t\t\t\t\t<\/div>\n\t\t\t\t<\/div>\n\t\t<div class=\"elementor-element elementor-element-e38c4b4 elementor-hidden-desktop elementor-hidden-tablet clean-mobile e-flex e-con-boxed wpr-particle-no wpr-jarallax-no wpr-parallax-no wpr-sticky-section-no e-con e-parent\" data-id=\"e38c4b4\" data-element_type=\"container\" data-e-type=\"container\">\n\t\t\t\t\t<div class=\"e-con-inner\">\n\t\t<div class=\"elementor-element elementor-element-9985a57 e-con-full e-flex wpr-particle-no wpr-jarallax-no wpr-parallax-no wpr-sticky-section-no e-con e-child\" data-id=\"9985a57\" data-element_type=\"container\" data-e-type=\"container\">\n\t\t\t\t<div class=\"elementor-element elementor-element-0a0043e elementor-widget elementor-widget-heading\" data-id=\"0a0043e\" data-element_type=\"widget\" data-e-type=\"widget\" data-widget_type=\"heading.default\">\n\t\t\t\t\t<h2 class=\"elementor-heading-title elementor-size-default\"><a href=\"https:\/\/ericbrugier.com\/fr\/artistes\/oeuvres-jacques-villegle\/\">OEUVRES<\/a><\/h2>\t\t\t\t<\/div>\n\t\t\t\t<\/div>\n\t\t<div class=\"elementor-element elementor-element-b8468b9 e-con-full e-flex wpr-particle-no wpr-jarallax-no wpr-parallax-no wpr-sticky-section-no e-con e-child\" data-id=\"b8468b9\" data-element_type=\"container\" data-e-type=\"container\">\n\t\t\t\t<div class=\"elementor-element elementor-element-ce9e93c elementor-widget__width-inherit elementor-widget elementor-widget-heading\" data-id=\"ce9e93c\" data-element_type=\"widget\" data-e-type=\"widget\" data-widget_type=\"heading.default\">\n\t\t\t\t\t<h2 class=\"elementor-heading-title elementor-size-default\">BIOGRAPHIE<\/h2>\t\t\t\t<\/div>\n\t\t\t\t<\/div>\n\t\t<div class=\"elementor-element elementor-element-9a1ee50 e-con-full e-flex wpr-particle-no wpr-jarallax-no wpr-parallax-no wpr-sticky-section-no e-con e-child\" data-id=\"9a1ee50\" data-element_type=\"container\" data-e-type=\"container\">\n\t\t\t\t<div class=\"elementor-element elementor-element-2193973 elementor-widget elementor-widget-text-editor\" data-id=\"2193973\" data-element_type=\"widget\" data-e-type=\"widget\" data-widget_type=\"text-editor.default\">\n\t\t\t\t\t\t\t\t\t<p><a href=\"https:\/\/ericbrugier.com\/fr\/artistes\/biographie-pierre-soulages\/\">&lt;\u00a0\u00a0<\/a> ARTISTE SUIVANT\u00a0 \u00a0<a href=\"https:\/\/ericbrugier.com\/fr\/artistes\/biographie-zao-wou-ki\/\">&gt;<\/a><\/p>\t\t\t\t\t\t\t\t<\/div>\n\t\t\t\t<\/div>\n\t\t\t\t\t<\/div>\n\t\t\t\t<\/div>\n\t\t<div class=\"elementor-element elementor-element-38ae48b4 elementor-hidden-mobile clean-pc e-flex e-con-boxed wpr-particle-no wpr-jarallax-no wpr-parallax-no wpr-sticky-section-no e-con e-parent\" data-id=\"38ae48b4\" data-element_type=\"container\" data-e-type=\"container\">\n\t\t\t\t\t<div class=\"e-con-inner\">\n\t\t<div class=\"elementor-element elementor-element-2a116b82 e-con-full col-texte-brugier e-flex wpr-particle-no wpr-jarallax-no wpr-parallax-no wpr-sticky-section-no e-con e-child\" data-id=\"2a116b82\" data-element_type=\"container\" data-e-type=\"container\">\n\t\t\t\t<div class=\"elementor-element elementor-element-9cbd5c4 elementor-widget elementor-widget-heading\" data-id=\"9cbd5c4\" data-element_type=\"widget\" data-e-type=\"widget\" data-widget_type=\"heading.default\">\n\t\t\t\t\t<h2 class=\"elementor-heading-title elementor-size-default\">Jacques Villegl\u00e9 : L\u2019Arch\u00e9ologue de la Rue D\u00e9chir\u00e9e, Figure Fondatrice du Nouveau R\u00e9alisme et de l'Affiche Lac\u00e9r\u00e9e.<\/h2>\t\t\t\t<\/div>\n\t\t\t\t<div class=\"elementor-element elementor-element-8c03f90 elementor-widget elementor-widget-text-editor\" data-id=\"8c03f90\" data-element_type=\"widget\" data-e-type=\"widget\" data-widget_type=\"text-editor.default\">\n\t\t\t\t\t\t\t\t\t<p>N\u00e9 Jacques Mah\u00e9 de La Villegl\u00e9, plus couramment connu sous le nom de Jacques Villegl\u00e9, ce peintre et plasticien fran\u00e7ais est un Quimp\u00e9rois n\u00e9 le 27 mars 1926.<br \/><br \/>Il \u00e9tudie la peinture et le dessin \u00e0 l\u2019\u00e9cole des Beaux-arts de Rennes o\u00f9, en 1945, il fait la connaissance de son futur acolyte artistique Raymond Hains. Il part ensuite pour Nantes \u00e9tudier l\u2019architecture et l\u2019urbanisme, p\u00e9riode durant laquelle il commence \u00e0 r\u00e9colter les fragments du monde qui l\u2019entoure (notamment des morceaux de murs). Graffitis, arrachages, collages, peintures, films, tout se m\u00eale et se recompose pour donner naissance \u00e0 une \u0153uvre multiple, complexe, qui s\u2019appr\u00e9hende comme une constellation.<br \/><br \/>C\u2019est au Moderne Museum de Stockholm que Jacques Villegl\u00e9 doit l\u2019organisation de sa premi\u00e8re<br \/>exposition mus\u00e9ale, en 197. Les \u00e9v\u00e8nements se multiplient au cours des d\u00e9cennies suivantes, faisant de l\u2019artiste une figure majeure de la sc\u00e8ne artistique contemporaine fran\u00e7aise. Du Centre Pompidou au Grand Palais, en passant par l\u2019Asie, l\u2019Afrique et les \u00c9tats-Unis, Jacques Villegl\u00e9 compte \u00e0 ce jour plus de 200 expositions \u00e0 son actif. Son art, v\u00e9cu comme un message, un t\u00e9moignage vivant de son \u00e9poque, est invit\u00e9 \u00e0 s\u2019inscrire dans des lieux prestigieux, \u00e0 l\u2019instar de l\u2019avenue Winston-Churchill \u00e0 Paris o\u00f9 Villegl\u00e9 inscrit au pochoir, en 2016, avec les lettres de son alphabet socio-politique, la phrase d\u2019Henri Michaux : \u00ab L\u2019art est ce qui aide \u00e0 tirer de l\u2019inertie \u00bb.<br \/><br \/>\u00c0 partir de 1949, Villegl\u00e9 et Hains commencent \u00e0 r\u00e9colter des fragments d\u2019affiches, pr\u00e9mices de ce qui constituera plus tard le mouvement de l\u2019Affichisme. Leur premi\u00e8re r\u00e9alisation est une \u0153uvre commune, une affiche de nomm\u00e9e : \u00ab Ach Alma Man\u00e9tro \u00bb. L\u2019artiste consid\u00e8re, reprenant les mots de Breton, que : \u00ab un artiste doit vivre \u00e0 l\u2019ombre de son \u0153uvre \u00bb. Cela explique le parti pris de Villegl\u00e9 de titrer ses \u0153uvres du lieu et de la date de la trouvaille.<br \/><br \/>Outre les images, Jacques Villegl\u00e9 t\u00e9moigne d\u2019un vif int\u00e9r\u00eat pour la typographie, la recherche<br \/>graphique et la po\u00e9sie. \u00c0 partir des traces de civilisation qu\u2019il rel\u00e8ve dans les rues, l\u2019artiste imagine, en 1969, un \u00ab alphabet socio-politique \u00bb. Les lettres de cet alphabet sont transform\u00e9es par des signes porteurs souvent d\u2019un sens autoritaire. \u00c9galement nomm\u00e9 : \u00ab alphabet gu\u00e9rilla \u00bb (depuis 1983), il est affich\u00e9 ou appliqu\u00e9 \u00e0 la peinture a\u00e9rosol par l\u2019artiste, qui y introduit au fil des ann\u00e9es de plus en plus de figures.<br \/><br \/>C\u2019est en partie l\u2019aboutissement de ce travail intellectuello-litt\u00e9raire qui se r\u00e9v\u00e8le ici sur cette exceptionnelle pi\u00e8ce en bronze patin\u00e9e, dont le titre se pose comme un halo enveloppant la carri\u00e8re de l\u2019artiste : \u00ab Lumi\u00e8re noire \u00bb.<\/p>\t\t\t\t\t\t\t\t<\/div>\n\t\t\t\t<\/div>\n\t\t<div class=\"elementor-element elementor-element-e06ca7f e-con-full col-image-brugier e-flex wpr-particle-no wpr-jarallax-no wpr-parallax-no wpr-sticky-section-no e-con e-child\" data-id=\"e06ca7f\" data-element_type=\"container\" data-e-type=\"container\">\n\t\t\t\t<div class=\"elementor-element elementor-element-7001d2ea animated-slow elementor-invisible elementor-widget elementor-widget-image\" data-id=\"7001d2ea\" data-element_type=\"widget\" data-e-type=\"widget\" data-settings=\"{&quot;_animation&quot;:&quot;fadeIn&quot;}\" data-widget_type=\"image.default\">\n\t\t\t\t\t\t\t\t\t\t\t\t\t\t\t<img fetchpriority=\"high\" decoding=\"async\" width=\"286\" height=\"286\" src=\"https:\/\/ericbrugier.com\/wp-content\/uploads\/2025\/12\/Jacques_Villegle-portrait.jpg\" class=\"attachment-large size-large wp-image-1033\" alt=\"jacques villegle artiste\" srcset=\"https:\/\/ericbrugier.com\/wp-content\/uploads\/2025\/12\/Jacques_Villegle-portrait.jpg 286w, https:\/\/ericbrugier.com\/wp-content\/uploads\/2025\/12\/Jacques_Villegle-portrait-150x150.jpg 150w, https:\/\/ericbrugier.com\/wp-content\/uploads\/2025\/12\/Jacques_Villegle-portrait-12x12.jpg 12w\" sizes=\"(max-width: 286px) 100vw, 286px\" \/>\t\t\t\t\t\t\t\t\t\t\t\t\t\t\t<\/div>\n\t\t\t\t<div class=\"elementor-element elementor-element-71af39c mon-bouton-clic elementor-invisible elementor-widget elementor-widget-button\" data-id=\"71af39c\" data-element_type=\"widget\" data-e-type=\"widget\" data-settings=\"{&quot;_animation&quot;:&quot;fadeInUp&quot;}\" data-widget_type=\"button.default\">\n\t\t\t\t\t\t\t\t\t\t<a class=\"elementor-button elementor-button-link elementor-size-sm\" href=\"#\">\n\t\t\t\t\t\t<span class=\"elementor-button-content-wrapper\">\n\t\t\t\t\t\t\t\t\t<span class=\"elementor-button-text\">+ PARTAGER<\/span>\n\t\t\t\t\t<\/span>\n\t\t\t\t\t<\/a>\n\t\t\t\t\t\t\t\t<\/div>\n\t\t\t\t<div class=\"elementor-element elementor-element-d9260e9 ma-liste-partage elementor-icon-list--layout-traditional elementor-list-item-link-full_width elementor-widget elementor-widget-icon-list\" data-id=\"d9260e9\" data-element_type=\"widget\" data-e-type=\"widget\" data-widget_type=\"icon-list.default\">\n\t\t\t\t\t\t\t<ul class=\"elementor-icon-list-items\">\n\t\t\t\t\t\t\t<li class=\"elementor-icon-list-item\">\n\t\t\t\t\t\t\t\t\t\t\t<a href=\"#share-fb\">\n\n\t\t\t\t\t\t\t\t\t\t\t\t<span class=\"elementor-icon-list-icon\">\n\t\t\t\t\t\t\t<svg aria-hidden=\"true\" class=\"e-font-icon-svg e-fab-facebook-f\" viewBox=\"0 0 320 512\" xmlns=\"http:\/\/www.w3.org\/2000\/svg\"><path d=\"M279.14 288l14.22-92.66h-88.91v-60.13c0-25.35 12.42-50.06 52.24-50.06h40.42V6.26S260.43 0 225.36 0c-73.22 0-121.08 44.38-121.08 124.72v70.62H22.89V288h81.39v224h100.17V288z\"><\/path><\/svg>\t\t\t\t\t\t<\/span>\n\t\t\t\t\t\t\t\t\t\t<span class=\"elementor-icon-list-text\">FACEBOOK<\/span>\n\t\t\t\t\t\t\t\t\t\t\t<\/a>\n\t\t\t\t\t\t\t\t\t<\/li>\n\t\t\t\t\t\t\t\t<li class=\"elementor-icon-list-item\">\n\t\t\t\t\t\t\t\t\t\t\t<a href=\"#share-link\">\n\n\t\t\t\t\t\t\t\t\t\t\t\t<span class=\"elementor-icon-list-icon\">\n\t\t\t\t\t\t\t<svg aria-hidden=\"true\" class=\"e-font-icon-svg e-fab-linkedin-in\" viewBox=\"0 0 448 512\" xmlns=\"http:\/\/www.w3.org\/2000\/svg\"><path d=\"M100.28 448H7.4V148.9h92.88zM53.79 108.1C24.09 108.1 0 83.5 0 53.8a53.79 53.79 0 0 1 107.58 0c0 29.7-24.1 54.3-53.79 54.3zM447.9 448h-92.68V302.4c0-34.7-.7-79.2-48.29-79.2-48.29 0-55.69 37.7-55.69 76.7V448h-92.78V148.9h89.08v40.8h1.3c12.4-23.5 42.69-48.3 87.88-48.3 94 0 111.28 61.9 111.28 142.3V448z\"><\/path><\/svg>\t\t\t\t\t\t<\/span>\n\t\t\t\t\t\t\t\t\t\t<span class=\"elementor-icon-list-text\">LINKEDIN<\/span>\n\t\t\t\t\t\t\t\t\t\t\t<\/a>\n\t\t\t\t\t\t\t\t\t<\/li>\n\t\t\t\t\t\t\t\t<li class=\"elementor-icon-list-item\">\n\t\t\t\t\t\t\t\t\t\t\t<a href=\"#share-mail\">\n\n\t\t\t\t\t\t\t\t\t\t\t\t<span class=\"elementor-icon-list-icon\">\n\t\t\t\t\t\t\t<svg aria-hidden=\"true\" class=\"e-font-icon-svg e-fas-at\" viewBox=\"0 0 512 512\" xmlns=\"http:\/\/www.w3.org\/2000\/svg\"><path d=\"M256 8C118.941 8 8 118.919 8 256c0 137.059 110.919 248 248 248 48.154 0 95.342-14.14 135.408-40.223 12.005-7.815 14.625-24.288 5.552-35.372l-10.177-12.433c-7.671-9.371-21.179-11.667-31.373-5.129C325.92 429.757 291.314 440 256 440c-101.458 0-184-82.542-184-184S154.542 72 256 72c100.139 0 184 57.619 184 160 0 38.786-21.093 79.742-58.17 83.693-17.349-.454-16.91-12.857-13.476-30.024l23.433-121.11C394.653 149.75 383.308 136 368.225 136h-44.981a13.518 13.518 0 0 0-13.432 11.993l-.01.092c-14.697-17.901-40.448-21.775-59.971-21.775-74.58 0-137.831 62.234-137.831 151.46 0 65.303 36.785 105.87 96 105.87 26.984 0 57.369-15.637 74.991-38.333 9.522 34.104 40.613 34.103 70.71 34.103C462.609 379.41 504 307.798 504 232 504 95.653 394.023 8 256 8zm-21.68 304.43c-22.249 0-36.07-15.623-36.07-40.771 0-44.993 30.779-72.729 58.63-72.729 22.292 0 35.601 15.241 35.601 40.77 0 45.061-33.875 72.73-58.161 72.73z\"><\/path><\/svg>\t\t\t\t\t\t<\/span>\n\t\t\t\t\t\t\t\t\t\t<span class=\"elementor-icon-list-text\">EMAIL<\/span>\n\t\t\t\t\t\t\t\t\t\t\t<\/a>\n\t\t\t\t\t\t\t\t\t<\/li>\n\t\t\t\t\t\t<\/ul>\n\t\t\t\t\t\t<\/div>\n\t\t\t\t<\/div>\n\t\t\t\t\t<\/div>\n\t\t\t\t<\/div>\n\t\t<div class=\"elementor-element elementor-element-b7b95e2 elementor-hidden-desktop elementor-hidden-tablet clean-mobile e-flex e-con-boxed wpr-particle-no wpr-jarallax-no wpr-parallax-no wpr-sticky-section-no e-con e-parent\" data-id=\"b7b95e2\" data-element_type=\"container\" data-e-type=\"container\">\n\t\t\t\t\t<div class=\"e-con-inner\">\n\t\t<div class=\"elementor-element elementor-element-aad2cc4 e-con-full e-flex wpr-particle-no wpr-jarallax-no wpr-parallax-no wpr-sticky-section-no e-con e-child\" data-id=\"aad2cc4\" data-element_type=\"container\" data-e-type=\"container\">\n\t\t\t\t<div class=\"elementor-element elementor-element-fd4fab0 elementor-widget elementor-widget-image\" data-id=\"fd4fab0\" data-element_type=\"widget\" data-e-type=\"widget\" data-widget_type=\"image.default\">\n\t\t\t\t\t\t\t\t\t\t\t\t\t\t\t<img decoding=\"async\" width=\"800\" height=\"800\" src=\"https:\/\/ericbrugier.com\/wp-content\/uploads\/2025\/12\/Jacques-Villegle.jpg\" class=\"attachment-large size-large wp-image-1049\" alt=\"Jacques Villegl\u00e9\" srcset=\"https:\/\/ericbrugier.com\/wp-content\/uploads\/2025\/12\/Jacques-Villegle.jpg 800w, https:\/\/ericbrugier.com\/wp-content\/uploads\/2025\/12\/Jacques-Villegle-300x300.jpg 300w, https:\/\/ericbrugier.com\/wp-content\/uploads\/2025\/12\/Jacques-Villegle-150x150.jpg 150w, https:\/\/ericbrugier.com\/wp-content\/uploads\/2025\/12\/Jacques-Villegle-768x768.jpg 768w, https:\/\/ericbrugier.com\/wp-content\/uploads\/2025\/12\/Jacques-Villegle-12x12.jpg 12w, https:\/\/ericbrugier.com\/wp-content\/uploads\/2025\/12\/Jacques-Villegle-600x600.jpg 600w\" sizes=\"(max-width: 800px) 100vw, 800px\" \/>\t\t\t\t\t\t\t\t\t\t\t\t\t\t\t<\/div>\n\t\t\t\t<div class=\"elementor-element elementor-element-2cff68a mon-bouton-clic-mob elementor-invisible elementor-widget elementor-widget-button\" data-id=\"2cff68a\" data-element_type=\"widget\" data-e-type=\"widget\" data-settings=\"{&quot;_animation&quot;:&quot;fadeInUp&quot;}\" data-widget_type=\"button.default\">\n\t\t\t\t\t\t\t\t\t\t<a class=\"elementor-button elementor-button-link elementor-size-sm\" href=\"#\">\n\t\t\t\t\t\t<span class=\"elementor-button-content-wrapper\">\n\t\t\t\t\t\t\t\t\t<span class=\"elementor-button-text\">+ PARTAGER<\/span>\n\t\t\t\t\t<\/span>\n\t\t\t\t\t<\/a>\n\t\t\t\t\t\t\t\t<\/div>\n\t\t\t\t<div class=\"elementor-element elementor-element-c4c73e6 ma-liste-partage-mob elementor-icon-list--layout-traditional elementor-list-item-link-full_width elementor-widget elementor-widget-icon-list\" data-id=\"c4c73e6\" data-element_type=\"widget\" data-e-type=\"widget\" data-widget_type=\"icon-list.default\">\n\t\t\t\t\t\t\t<ul class=\"elementor-icon-list-items\">\n\t\t\t\t\t\t\t<li class=\"elementor-icon-list-item\">\n\t\t\t\t\t\t\t\t\t\t\t<a href=\"#share-fb\">\n\n\t\t\t\t\t\t\t\t\t\t\t\t<span class=\"elementor-icon-list-icon\">\n\t\t\t\t\t\t\t<svg aria-hidden=\"true\" class=\"e-font-icon-svg e-fab-facebook-f\" viewBox=\"0 0 320 512\" xmlns=\"http:\/\/www.w3.org\/2000\/svg\"><path d=\"M279.14 288l14.22-92.66h-88.91v-60.13c0-25.35 12.42-50.06 52.24-50.06h40.42V6.26S260.43 0 225.36 0c-73.22 0-121.08 44.38-121.08 124.72v70.62H22.89V288h81.39v224h100.17V288z\"><\/path><\/svg>\t\t\t\t\t\t<\/span>\n\t\t\t\t\t\t\t\t\t\t<span class=\"elementor-icon-list-text\">FACEBOOK<\/span>\n\t\t\t\t\t\t\t\t\t\t\t<\/a>\n\t\t\t\t\t\t\t\t\t<\/li>\n\t\t\t\t\t\t\t\t<li class=\"elementor-icon-list-item\">\n\t\t\t\t\t\t\t\t\t\t\t<a href=\"#share-link\">\n\n\t\t\t\t\t\t\t\t\t\t\t\t<span class=\"elementor-icon-list-icon\">\n\t\t\t\t\t\t\t<svg aria-hidden=\"true\" class=\"e-font-icon-svg e-fab-linkedin-in\" viewBox=\"0 0 448 512\" xmlns=\"http:\/\/www.w3.org\/2000\/svg\"><path d=\"M100.28 448H7.4V148.9h92.88zM53.79 108.1C24.09 108.1 0 83.5 0 53.8a53.79 53.79 0 0 1 107.58 0c0 29.7-24.1 54.3-53.79 54.3zM447.9 448h-92.68V302.4c0-34.7-.7-79.2-48.29-79.2-48.29 0-55.69 37.7-55.69 76.7V448h-92.78V148.9h89.08v40.8h1.3c12.4-23.5 42.69-48.3 87.88-48.3 94 0 111.28 61.9 111.28 142.3V448z\"><\/path><\/svg>\t\t\t\t\t\t<\/span>\n\t\t\t\t\t\t\t\t\t\t<span class=\"elementor-icon-list-text\">LINKEDIN<\/span>\n\t\t\t\t\t\t\t\t\t\t\t<\/a>\n\t\t\t\t\t\t\t\t\t<\/li>\n\t\t\t\t\t\t\t\t<li class=\"elementor-icon-list-item\">\n\t\t\t\t\t\t\t\t\t\t\t<a href=\"#share-mail\">\n\n\t\t\t\t\t\t\t\t\t\t\t\t<span class=\"elementor-icon-list-icon\">\n\t\t\t\t\t\t\t<svg aria-hidden=\"true\" class=\"e-font-icon-svg e-fas-at\" viewBox=\"0 0 512 512\" xmlns=\"http:\/\/www.w3.org\/2000\/svg\"><path d=\"M256 8C118.941 8 8 118.919 8 256c0 137.059 110.919 248 248 248 48.154 0 95.342-14.14 135.408-40.223 12.005-7.815 14.625-24.288 5.552-35.372l-10.177-12.433c-7.671-9.371-21.179-11.667-31.373-5.129C325.92 429.757 291.314 440 256 440c-101.458 0-184-82.542-184-184S154.542 72 256 72c100.139 0 184 57.619 184 160 0 38.786-21.093 79.742-58.17 83.693-17.349-.454-16.91-12.857-13.476-30.024l23.433-121.11C394.653 149.75 383.308 136 368.225 136h-44.981a13.518 13.518 0 0 0-13.432 11.993l-.01.092c-14.697-17.901-40.448-21.775-59.971-21.775-74.58 0-137.831 62.234-137.831 151.46 0 65.303 36.785 105.87 96 105.87 26.984 0 57.369-15.637 74.991-38.333 9.522 34.104 40.613 34.103 70.71 34.103C462.609 379.41 504 307.798 504 232 504 95.653 394.023 8 256 8zm-21.68 304.43c-22.249 0-36.07-15.623-36.07-40.771 0-44.993 30.779-72.729 58.63-72.729 22.292 0 35.601 15.241 35.601 40.77 0 45.061-33.875 72.73-58.161 72.73z\"><\/path><\/svg>\t\t\t\t\t\t<\/span>\n\t\t\t\t\t\t\t\t\t\t<span class=\"elementor-icon-list-text\">EMAIL<\/span>\n\t\t\t\t\t\t\t\t\t\t\t<\/a>\n\t\t\t\t\t\t\t\t\t<\/li>\n\t\t\t\t\t\t<\/ul>\n\t\t\t\t\t\t<\/div>\n\t\t\t\t<\/div>\n\t\t<div class=\"elementor-element elementor-element-0b45654 e-con-full col-texte-brugier e-flex wpr-particle-no wpr-jarallax-no wpr-parallax-no wpr-sticky-section-no e-con e-child\" data-id=\"0b45654\" data-element_type=\"container\" data-e-type=\"container\">\n\t\t\t\t<div class=\"elementor-element elementor-element-87b34a7 elementor-widget elementor-widget-heading\" data-id=\"87b34a7\" data-element_type=\"widget\" data-e-type=\"widget\" data-widget_type=\"heading.default\">\n\t\t\t\t\t<h3 class=\"elementor-heading-title elementor-size-default\">Jacques Villegl\u00e9 : L\u2019Arch\u00e9ologue de la Rue D\u00e9chir\u00e9e, Figure Fondatrice du Nouveau R\u00e9alisme et de l'Affiche Lac\u00e9r\u00e9e.<\/h3>\t\t\t\t<\/div>\n\t\t\t\t<div class=\"elementor-element elementor-element-14a06e2 elementor-widget elementor-widget-text-editor\" data-id=\"14a06e2\" data-element_type=\"widget\" data-e-type=\"widget\" data-widget_type=\"text-editor.default\">\n\t\t\t\t\t\t\t\t\t<p>N\u00e9 Jacques Mah\u00e9 de La Villegl\u00e9, plus couramment connu sous le nom de Jacques Villegl\u00e9, ce peintre et plasticien fran\u00e7ais est un Quimp\u00e9rois n\u00e9 le 27 mars 1926.<br \/><br \/>Il \u00e9tudie la peinture et le dessin \u00e0 l\u2019\u00e9cole des Beaux-arts de Rennes o\u00f9, en 1945, il fait la connaissance de son futur acolyte artistique Raymond Hains. Il part ensuite pour Nantes \u00e9tudier l\u2019architecture et l\u2019urbanisme, p\u00e9riode durant laquelle il commence \u00e0 r\u00e9colter les fragments du monde qui l\u2019entoure (notamment des morceaux de murs). Graffitis, arrachages, collages, peintures, films, tout se m\u00eale et se recompose pour donner naissance \u00e0 une \u0153uvre multiple, complexe, qui s\u2019appr\u00e9hende comme une constellation.<br \/><br \/>C\u2019est au Moderne Museum de Stockholm que Jacques Villegl\u00e9 doit l\u2019organisation de sa premi\u00e8re<br \/>exposition mus\u00e9ale, en 197. Les \u00e9v\u00e8nements se multiplient au cours des d\u00e9cennies suivantes, faisant de l\u2019artiste une figure majeure de la sc\u00e8ne artistique contemporaine fran\u00e7aise. Du Centre Pompidou au Grand Palais, en passant par l\u2019Asie, l\u2019Afrique et les \u00c9tats-Unis, Jacques Villegl\u00e9 compte \u00e0 ce jour plus de 200 expositions \u00e0 son actif. Son art, v\u00e9cu comme un message, un t\u00e9moignage vivant de son \u00e9poque, est invit\u00e9 \u00e0 s\u2019inscrire dans des lieux prestigieux, \u00e0 l\u2019instar de l\u2019avenue Winston-Churchill \u00e0 Paris o\u00f9 Villegl\u00e9 inscrit au pochoir, en 2016, avec les lettres de son alphabet socio-politique, la phrase d\u2019Henri Michaux : \u00ab L\u2019art est ce qui aide \u00e0 tirer de l\u2019inertie \u00bb.<br \/><br \/>\u00c0 partir de 1949, Villegl\u00e9 et Hains commencent \u00e0 r\u00e9colter des fragments d\u2019affiches, pr\u00e9mices de ce qui constituera plus tard le mouvement de l\u2019Affichisme. Leur premi\u00e8re r\u00e9alisation est une \u0153uvre commune, une affiche de nomm\u00e9e : \u00ab Ach Alma Man\u00e9tro \u00bb. L\u2019artiste consid\u00e8re, reprenant les mots de Breton, que : \u00ab un artiste doit vivre \u00e0 l\u2019ombre de son \u0153uvre \u00bb. Cela explique le parti pris de Villegl\u00e9 de titrer ses \u0153uvres du lieu et de la date de la trouvaille.<br \/><br \/>Outre les images, Jacques Villegl\u00e9 t\u00e9moigne d\u2019un vif int\u00e9r\u00eat pour la typographie, la recherche<br \/>graphique et la po\u00e9sie. \u00c0 partir des traces de civilisation qu\u2019il rel\u00e8ve dans les rues, l\u2019artiste imagine, en 1969, un \u00ab alphabet socio-politique \u00bb. Les lettres de cet alphabet sont transform\u00e9es par des signes porteurs souvent d\u2019un sens autoritaire. \u00c9galement nomm\u00e9 : \u00ab alphabet gu\u00e9rilla \u00bb (depuis 1983), il est affich\u00e9 ou appliqu\u00e9 \u00e0 la peinture a\u00e9rosol par l\u2019artiste, qui y introduit au fil des ann\u00e9es de plus en plus de figures.<br \/><br \/>C\u2019est en partie l\u2019aboutissement de ce travail intellectuello-litt\u00e9raire qui se r\u00e9v\u00e8le ici sur cette exceptionnelle pi\u00e8ce en bronze patin\u00e9e, dont le titre se pose comme un halo enveloppant la carri\u00e8re de l\u2019artiste : \u00ab Lumi\u00e8re noire \u00bb.<\/p>\t\t\t\t\t\t\t\t<\/div>\n\t\t\t\t<\/div>\n\t\t\t\t\t<\/div>\n\t\t\t\t<\/div>\n\t\t<div class=\"elementor-element elementor-element-d92d831 e-flex e-con-boxed wpr-particle-no wpr-jarallax-no wpr-parallax-no wpr-sticky-section-no e-con e-parent\" data-id=\"d92d831\" data-element_type=\"container\" data-e-type=\"container\">\n\t\t\t\t\t<div class=\"e-con-inner\">\n\t\t\t\t<div class=\"elementor-element elementor-element-73591ce elementor-widget elementor-widget-html\" data-id=\"73591ce\" data-element_type=\"widget\" data-e-type=\"widget\" data-widget_type=\"html.default\">\n\t\t\t\t\t<style>\n\/* 1. R\u00c9F\u00c9RENCE DU BOUTON *\/\n.mon-bouton-clic, \n.mon-bouton-clic-mob {\n    position: relative !important;\n    display: inline-block !important;\n    height: auto !important;\n}\n\n\/* 2. LA LISTE (D\u00e9sormais coll\u00e9e) *\/\n.ma-liste-partage, \n.ma-liste-partage-mob {\n    display: none;\n    background: #ffffff;\n    border: 1px solid #d1d1d1;\n    padding: 0 !important;\n    \n    position: absolute !important;\n    top: 100% !important; \n    left: 0 !important;\n    \n    \/* MODIFICATION ICI : On passe \u00e0 0 pour coller au bouton *\/\n    margin-top: 0px !important; \n    \n    z-index: 999999 !important;\n    width: 140px;\n    box-shadow: 0px 8px 16px rgba(0,0,0,0.1);\n}\n\n.ma-liste-partage.visible, \n.ma-liste-partage-mob.visible {\n    display: block !important;\n}\n\n\/* 3. STYLE DES ITEMS *\/\n.ma-liste-partage .elementor-icon-list-item,\n.ma-liste-partage-mob .elementor-icon-list-item {\n    padding: 10px 12px !important;\n    transition: all 0.2s ease;\n    cursor: pointer;\n    margin: 0 !important;\n    display: flex;\n    align-items: center;\n}\n\n.ma-liste-partage .elementor-icon-list-text, \n.ma-liste-partage-mob .elementor-icon-list-text {\n    font-family: 'Montserrat', sans-serif !important;\n    font-size: 10px !important;\n    text-transform: uppercase !important;\n    color: #888888 !important;\n    letter-spacing: 1px;\n}\n\n.ma-liste-partage .elementor-icon-list-item:hover {\n    background-color: #000000 !important;\n}\n\n.ma-liste-partage .elementor-icon-list-item:hover .elementor-icon-list-text,\n.ma-liste-partage .elementor-icon-list-item:hover svg {\n    color: #ffffff !important;\n    fill: #ffffff !important;\n}\n\n.ma-liste-partage a { \n    text-decoration: none !important; \n    display: flex; \n    width: 100%; \n    align-items: center;\n}\n<\/style>\n\n<script>\ndocument.addEventListener('DOMContentLoaded', function() {\n    \n    \/\/ On d\u00e9place physiquement la liste dans le bouton pour l'ancrage\n    const btnPC = document.querySelector('.mon-bouton-clic');\n    const listPC = document.querySelector('.ma-liste-partage');\n    const btnMob = document.querySelector('.mon-bouton-clic-mob');\n    const listMob = document.querySelector('.ma-liste-partage-mob');\n\n    if(btnPC && listPC) btnPC.appendChild(listPC);\n    if(btnMob && listMob) btnMob.appendChild(listMob);\n\n    function setupShareToggle(btnClass, listClass) {\n        const btn = document.querySelector(btnClass);\n        const list = document.querySelector(listClass);\n        \n        if(btn && list) {\n            btn.addEventListener('click', function(e) {\n                if(e.target.tagName !== 'A' && e.target.parentElement.tagName !== 'A') {\n                   e.preventDefault();\n                }\n                e.stopPropagation();\n                list.classList.toggle('visible');\n            });\n        }\n    }\n\n    setupShareToggle('.mon-bouton-clic', '.ma-liste-partage');\n    setupShareToggle('.mon-bouton-clic-mob', '.ma-liste-partage-mob');\n\n    document.addEventListener('click', function() {\n        if(listPC) listPC.classList.remove('visible');\n        if(listMob) listMob.classList.remove('visible');\n    });\n\n    const urlPage = encodeURIComponent(window.location.href);\n    const config = {\n        '#share-fb': `https:\/\/www.facebook.com\/sharer\/sharer.php?u=${urlPage}`,\n        '#share-link': `https:\/\/www.linkedin.com\/sharing\/share-offsite\/?url=${urlPage}`,\n        '#share-mail': `mailto:?body=${urlPage}`,\n        '#share-insta': `https:\/\/www.instagram.com\/eric_brugier_galerie\/`\n    };\n\n    Object.keys(config).forEach(id => {\n        document.querySelectorAll(`a[href=\"${id}\"]`).forEach(el => {\n            el.href = config[id];\n            el.setAttribute('target', '_blank');\n        });\n    });\n});\n<\/script>\t\t\t\t<\/div>\n\t\t\t\t<div class=\"elementor-element elementor-element-7b81ef0 elementor-widget elementor-widget-html\" data-id=\"7b81ef0\" data-element_type=\"widget\" data-e-type=\"widget\" data-widget_type=\"html.default\">\n\t\t\t\t\t<script>\ndocument.addEventListener(\"DOMContentLoaded\", function() {\n    \/\/ On d\u00e9finit le seuil \u00e0 767px pour isoler uniquement les mobiles\n    var isSmallMobile = window.innerWidth <= 767;\n\n    if (isSmallMobile) {\n        \/\/ \u00c9cran <= 767px : On supprime physiquement la version PC\n        document.querySelectorAll('.clean-pc').forEach(function(el) {\n            el.remove();\n        });\n    } else {\n        \/\/ \u00c9cran > 767px (Tablettes et PC) : On supprime physiquement la version mobile\n        document.querySelectorAll('.clean-mobile').forEach(function(el) {\n            el.remove();\n        });\n    }\n});\n<\/script>\t\t\t\t<\/div>\n\t\t\t\t\t<\/div>\n\t\t\t\t<\/div>\n\t\t\t\t<\/div>\n\t\t","protected":false},"excerpt":{"rendered":"<p>Jacques Villegl\u00e9 OEUVRES BIOGRAPHIE &lt;\u00a0\u00a0 ARTISTE SUIVANT\u00a0 \u00a0&gt; OEUVRES BIOGRAPHIE &lt;\u00a0\u00a0 ARTISTE SUIVANT\u00a0 \u00a0&gt; Jacques Villegl\u00e9 : L\u2019Arch\u00e9ologue de la Rue D\u00e9chir\u00e9e, Figure Fondatrice du Nouveau R\u00e9alisme et de l&rsquo;Affiche Lac\u00e9r\u00e9e. N\u00e9 Jacques Mah\u00e9 de La Villegl\u00e9, plus couramment connu sous le nom de Jacques Villegl\u00e9, ce peintre et plasticien fran\u00e7ais est un Quimp\u00e9rois n\u00e9 le 27 mars 1926. Il \u00e9tudie la peinture et le dessin \u00e0 l\u2019\u00e9cole des Beaux-arts de Rennes o\u00f9, en 1945, il fait la connaissance de son futur acolyte artistique Raymond Hains. Il part ensuite pour Nantes \u00e9tudier l\u2019architecture et l\u2019urbanisme, p\u00e9riode durant laquelle il commence \u00e0 r\u00e9colter les fragments du monde qui l\u2019entoure (notamment des morceaux de murs). Graffitis, arrachages, collages, peintures, films, tout se m\u00eale et se recompose pour donner naissance \u00e0 une \u0153uvre multiple, complexe, qui s\u2019appr\u00e9hende comme une constellation. C\u2019est au Moderne Museum de Stockholm que Jacques Villegl\u00e9 doit l\u2019organisation de sa premi\u00e8reexposition mus\u00e9ale, en 197. Les \u00e9v\u00e8nements se multiplient au cours des d\u00e9cennies suivantes, faisant de l\u2019artiste une figure majeure de la sc\u00e8ne artistique contemporaine fran\u00e7aise. Du Centre Pompidou au Grand Palais, en passant par l\u2019Asie, l\u2019Afrique et les \u00c9tats-Unis, Jacques Villegl\u00e9 compte \u00e0 ce jour plus de 200 expositions \u00e0 son actif. Son art, v\u00e9cu comme un message, un t\u00e9moignage vivant de son \u00e9poque, est invit\u00e9 \u00e0 s\u2019inscrire dans des lieux prestigieux, \u00e0 l\u2019instar de l\u2019avenue Winston-Churchill \u00e0 Paris o\u00f9 Villegl\u00e9 inscrit au pochoir, en 2016, avec les lettres de son alphabet socio-politique, la phrase d\u2019Henri Michaux : \u00ab L\u2019art est ce qui aide \u00e0 tirer de l\u2019inertie \u00bb. \u00c0 partir de 1949, Villegl\u00e9 et Hains commencent \u00e0 r\u00e9colter des fragments d\u2019affiches, pr\u00e9mices de ce qui constituera plus tard le mouvement de l\u2019Affichisme. Leur premi\u00e8re r\u00e9alisation est une \u0153uvre commune, une affiche de nomm\u00e9e : \u00ab Ach Alma Man\u00e9tro \u00bb. L\u2019artiste consid\u00e8re, reprenant les mots de Breton, que : \u00ab un artiste doit vivre \u00e0 l\u2019ombre de son \u0153uvre \u00bb. Cela explique le parti pris de Villegl\u00e9 de titrer ses \u0153uvres du lieu et de la date de la trouvaille. Outre les images, Jacques Villegl\u00e9 t\u00e9moigne d\u2019un vif int\u00e9r\u00eat pour la typographie, la recherchegraphique et la po\u00e9sie. \u00c0 partir des traces de civilisation qu\u2019il rel\u00e8ve dans les rues, l\u2019artiste imagine, en 1969, un \u00ab alphabet socio-politique \u00bb. Les lettres de cet alphabet sont transform\u00e9es par des signes porteurs souvent d\u2019un sens autoritaire. \u00c9galement nomm\u00e9 : \u00ab alphabet gu\u00e9rilla \u00bb (depuis 1983), il est affich\u00e9 ou appliqu\u00e9 \u00e0 la peinture a\u00e9rosol par l\u2019artiste, qui y introduit au fil des ann\u00e9es de plus en plus de figures. C\u2019est en partie l\u2019aboutissement de ce travail intellectuello-litt\u00e9raire qui se r\u00e9v\u00e8le ici sur cette exceptionnelle pi\u00e8ce en bronze patin\u00e9e, dont le titre se pose comme un halo enveloppant la carri\u00e8re de l\u2019artiste : \u00ab Lumi\u00e8re noire \u00bb. + PARTAGER FACEBOOK LINKEDIN EMAIL + PARTAGER FACEBOOK LINKEDIN EMAIL Jacques Villegl\u00e9 : L\u2019Arch\u00e9ologue de la Rue D\u00e9chir\u00e9e, Figure Fondatrice du Nouveau R\u00e9alisme et de l&rsquo;Affiche Lac\u00e9r\u00e9e. N\u00e9 Jacques Mah\u00e9 de La Villegl\u00e9, plus couramment connu sous le nom de Jacques Villegl\u00e9, ce peintre et plasticien fran\u00e7ais est un Quimp\u00e9rois n\u00e9 le 27 mars 1926. Il \u00e9tudie la peinture et le dessin \u00e0 l\u2019\u00e9cole des Beaux-arts de Rennes o\u00f9, en 1945, il fait la connaissance de son futur acolyte artistique Raymond Hains. Il part ensuite pour Nantes \u00e9tudier l\u2019architecture et l\u2019urbanisme, p\u00e9riode durant laquelle il commence \u00e0 r\u00e9colter les fragments du monde qui l\u2019entoure (notamment des morceaux de murs). Graffitis, arrachages, collages, peintures, films, tout se m\u00eale et se recompose pour donner naissance \u00e0 une \u0153uvre multiple, complexe, qui s\u2019appr\u00e9hende comme une constellation. C\u2019est au Moderne Museum de Stockholm que Jacques Villegl\u00e9 doit l\u2019organisation de sa premi\u00e8reexposition mus\u00e9ale, en 197. Les \u00e9v\u00e8nements se multiplient au cours des d\u00e9cennies suivantes, faisant de l\u2019artiste une figure majeure de la sc\u00e8ne artistique contemporaine fran\u00e7aise. Du Centre Pompidou au Grand Palais, en passant par l\u2019Asie, l\u2019Afrique et les \u00c9tats-Unis, Jacques Villegl\u00e9 compte \u00e0 ce jour plus de 200 expositions \u00e0 son actif. Son art, v\u00e9cu comme un message, un t\u00e9moignage vivant de son \u00e9poque, est invit\u00e9 \u00e0 s\u2019inscrire dans des lieux prestigieux, \u00e0 l\u2019instar de l\u2019avenue Winston-Churchill \u00e0 Paris o\u00f9 Villegl\u00e9 inscrit au pochoir, en 2016, avec les lettres de son alphabet socio-politique, la phrase d\u2019Henri Michaux : \u00ab L\u2019art est ce qui aide \u00e0 tirer de l\u2019inertie \u00bb. \u00c0 partir de 1949, Villegl\u00e9 et Hains commencent \u00e0 r\u00e9colter des fragments d\u2019affiches, pr\u00e9mices de ce qui constituera plus tard le mouvement de l\u2019Affichisme. Leur premi\u00e8re r\u00e9alisation est une \u0153uvre commune, une affiche de nomm\u00e9e : \u00ab Ach Alma Man\u00e9tro \u00bb. L\u2019artiste consid\u00e8re, reprenant les mots de Breton, que : \u00ab un artiste doit vivre \u00e0 l\u2019ombre de son \u0153uvre \u00bb. Cela explique le parti pris de Villegl\u00e9 de titrer ses \u0153uvres du lieu et de la date de la trouvaille. Outre les images, Jacques Villegl\u00e9 t\u00e9moigne d\u2019un vif int\u00e9r\u00eat pour la typographie, la recherchegraphique et la po\u00e9sie. \u00c0 partir des traces de civilisation qu\u2019il rel\u00e8ve dans les rues, l\u2019artiste imagine, en 1969, un \u00ab alphabet socio-politique \u00bb. Les lettres de cet alphabet sont transform\u00e9es par des signes porteurs souvent d\u2019un sens autoritaire. \u00c9galement nomm\u00e9 : \u00ab alphabet gu\u00e9rilla \u00bb (depuis 1983), il est affich\u00e9 ou appliqu\u00e9 \u00e0 la peinture a\u00e9rosol par l\u2019artiste, qui y introduit au fil des ann\u00e9es de plus en plus de figures. C\u2019est en partie l\u2019aboutissement de ce travail intellectuello-litt\u00e9raire qui se r\u00e9v\u00e8le ici sur cette exceptionnelle pi\u00e8ce en bronze patin\u00e9e, dont le titre se pose comme un halo enveloppant la carri\u00e8re de l\u2019artiste : \u00ab Lumi\u00e8re noire \u00bb.<\/p>\n","protected":false},"author":3,"featured_media":1049,"parent":1578,"menu_order":0,"comment_status":"closed","ping_status":"closed","template":"","meta":{"inline_featured_image":false,"footnotes":""},"wf_page_folders":[93],"class_list":["post-4912","page","type-page","status-publish","has-post-thumbnail","hentry"],"yoast_head":"<!-- This site is optimized with the Yoast SEO plugin v27.3 - https:\/\/yoast.com\/product\/yoast-seo-wordpress\/ -->\n<title>Jacques Villegl\u00e9 : Biographie du ma\u00eetre de l&#039;affiche<\/title>\n<meta name=\"description\" content=\"L&#039;art de l&#039;affiche lac\u00e9r\u00e9e de Villegl\u00e9, son histoire et sa vision : une biographie compl\u00e8te par \u00c9ric Brugier marchand d&#039;art.\" \/>\n<meta name=\"robots\" content=\"index, follow, max-snippet:-1, max-image-preview:large, max-video-preview:-1\" \/>\n<link rel=\"canonical\" href=\"https:\/\/ericbrugier.com\/fr\/artistes\/biographie-jacques-villegle\/\" \/>\n<meta property=\"og:locale\" content=\"fr_FR\" \/>\n<meta property=\"og:type\" content=\"article\" \/>\n<meta property=\"og:title\" content=\"Jacques Villegl\u00e9 : Biographie du ma\u00eetre de l&#039;affiche\" \/>\n<meta property=\"og:description\" content=\"L&#039;art de l&#039;affiche lac\u00e9r\u00e9e de Villegl\u00e9, son histoire et sa vision : une biographie compl\u00e8te par \u00c9ric Brugier marchand d&#039;art.\" \/>\n<meta property=\"og:url\" content=\"https:\/\/ericbrugier.com\/fr\/artistes\/biographie-jacques-villegle\/\" \/>\n<meta property=\"og:site_name\" content=\"\u00c9ric Brugier - Marchand d&#039;art - Gestion de collection\" \/>\n<meta property=\"article:modified_time\" content=\"2026-02-26T16:41:46+00:00\" \/>\n<meta property=\"og:image\" content=\"https:\/\/ericbrugier.com\/wp-content\/uploads\/2025\/12\/Jacques-Villegle.jpg\" \/>\n\t<meta property=\"og:image:width\" content=\"800\" \/>\n\t<meta property=\"og:image:height\" content=\"800\" \/>\n\t<meta property=\"og:image:type\" content=\"image\/jpeg\" \/>\n<meta name=\"twitter:card\" content=\"summary_large_image\" \/>\n<meta name=\"twitter:label1\" content=\"Dur\u00e9e de lecture estim\u00e9e\" \/>\n\t<meta name=\"twitter:data1\" content=\"6 minutes\" \/>\n<script type=\"application\/ld+json\" class=\"yoast-schema-graph\">{\"@context\":\"https:\\\/\\\/schema.org\",\"@graph\":[{\"@type\":\"WebPage\",\"@id\":\"https:\\\/\\\/ericbrugier.com\\\/fr\\\/artistes\\\/biographie-jacques-villegle\\\/\",\"url\":\"https:\\\/\\\/ericbrugier.com\\\/fr\\\/artistes\\\/biographie-jacques-villegle\\\/\",\"name\":\"Jacques Villegl\u00e9 : Biographie du ma\u00eetre de l'affiche\",\"isPartOf\":{\"@id\":\"https:\\\/\\\/ericbrugier.com\\\/#website\"},\"primaryImageOfPage\":{\"@id\":\"https:\\\/\\\/ericbrugier.com\\\/fr\\\/artistes\\\/biographie-jacques-villegle\\\/#primaryimage\"},\"image\":{\"@id\":\"https:\\\/\\\/ericbrugier.com\\\/fr\\\/artistes\\\/biographie-jacques-villegle\\\/#primaryimage\"},\"thumbnailUrl\":\"https:\\\/\\\/ericbrugier.com\\\/wp-content\\\/uploads\\\/2025\\\/12\\\/Jacques-Villegle.jpg\",\"datePublished\":\"2026-02-03T10:11:56+00:00\",\"dateModified\":\"2026-02-26T16:41:46+00:00\",\"description\":\"L'art de l'affiche lac\u00e9r\u00e9e de Villegl\u00e9, son histoire et sa vision : une biographie compl\u00e8te par \u00c9ric Brugier marchand d'art.\",\"breadcrumb\":{\"@id\":\"https:\\\/\\\/ericbrugier.com\\\/fr\\\/artistes\\\/biographie-jacques-villegle\\\/#breadcrumb\"},\"inLanguage\":\"fr-FR\",\"potentialAction\":[{\"@type\":\"ReadAction\",\"target\":[\"https:\\\/\\\/ericbrugier.com\\\/fr\\\/artistes\\\/biographie-jacques-villegle\\\/\"]}]},{\"@type\":\"ImageObject\",\"inLanguage\":\"fr-FR\",\"@id\":\"https:\\\/\\\/ericbrugier.com\\\/fr\\\/artistes\\\/biographie-jacques-villegle\\\/#primaryimage\",\"url\":\"https:\\\/\\\/ericbrugier.com\\\/wp-content\\\/uploads\\\/2025\\\/12\\\/Jacques-Villegle.jpg\",\"contentUrl\":\"https:\\\/\\\/ericbrugier.com\\\/wp-content\\\/uploads\\\/2025\\\/12\\\/Jacques-Villegle.jpg\",\"width\":800,\"height\":800,\"caption\":\"Jacques Villegl\u00e9\"},{\"@type\":\"BreadcrumbList\",\"@id\":\"https:\\\/\\\/ericbrugier.com\\\/fr\\\/artistes\\\/biographie-jacques-villegle\\\/#breadcrumb\",\"itemListElement\":[{\"@type\":\"ListItem\",\"position\":1,\"name\":\"Accueil\",\"item\":\"https:\\\/\\\/ericbrugier.com\\\/\"},{\"@type\":\"ListItem\",\"position\":2,\"name\":\"ARTISTES\",\"item\":\"https:\\\/\\\/ericbrugier.com\\\/fr\\\/artistes\\\/\"},{\"@type\":\"ListItem\",\"position\":3,\"name\":\"Biographie Jacques Vill\u00e9gl\u00e9\"}]},{\"@type\":\"WebSite\",\"@id\":\"https:\\\/\\\/ericbrugier.com\\\/#website\",\"url\":\"https:\\\/\\\/ericbrugier.com\\\/\",\"name\":\"Eric Brugier - Galerie d'art\",\"description\":\"Marchand d&#039;art et Gestion de collection\",\"publisher\":{\"@id\":\"https:\\\/\\\/ericbrugier.com\\\/#organization\"},\"potentialAction\":[{\"@type\":\"SearchAction\",\"target\":{\"@type\":\"EntryPoint\",\"urlTemplate\":\"https:\\\/\\\/ericbrugier.com\\\/?s={search_term_string}\"},\"query-input\":{\"@type\":\"PropertyValueSpecification\",\"valueRequired\":true,\"valueName\":\"search_term_string\"}}],\"inLanguage\":\"fr-FR\"},{\"@type\":\"Organization\",\"@id\":\"https:\\\/\\\/ericbrugier.com\\\/#organization\",\"name\":\"Eric Brugier - Marchand d'art - Gestion de collection\",\"url\":\"https:\\\/\\\/ericbrugier.com\\\/\",\"logo\":{\"@type\":\"ImageObject\",\"inLanguage\":\"fr-FR\",\"@id\":\"https:\\\/\\\/ericbrugier.com\\\/#\\\/schema\\\/logo\\\/image\\\/\",\"url\":\"https:\\\/\\\/ericbrugier.com\\\/wp-content\\\/uploads\\\/2025\\\/12\\\/Logo-eric-brugier-1.webp\",\"contentUrl\":\"https:\\\/\\\/ericbrugier.com\\\/wp-content\\\/uploads\\\/2025\\\/12\\\/Logo-eric-brugier-1.webp\",\"width\":1600,\"height\":500,\"caption\":\"Eric Brugier - Marchand d'art - Gestion de collection\"},\"image\":{\"@id\":\"https:\\\/\\\/ericbrugier.com\\\/#\\\/schema\\\/logo\\\/image\\\/\"}}]}<\/script>\n<!-- \/ Yoast SEO plugin. -->","yoast_head_json":{"title":"Jacques Villegl\u00e9 : Biographie du ma\u00eetre de l'affiche","description":"L'art de l'affiche lac\u00e9r\u00e9e de Villegl\u00e9, son histoire et sa vision : une biographie compl\u00e8te par \u00c9ric Brugier marchand d'art.","robots":{"index":"index","follow":"follow","max-snippet":"max-snippet:-1","max-image-preview":"max-image-preview:large","max-video-preview":"max-video-preview:-1"},"canonical":"https:\/\/ericbrugier.com\/fr\/artistes\/biographie-jacques-villegle\/","og_locale":"fr_FR","og_type":"article","og_title":"Jacques Villegl\u00e9 : Biographie du ma\u00eetre de l'affiche","og_description":"L'art de l'affiche lac\u00e9r\u00e9e de Villegl\u00e9, son histoire et sa vision : une biographie compl\u00e8te par \u00c9ric Brugier marchand d'art.","og_url":"https:\/\/ericbrugier.com\/fr\/artistes\/biographie-jacques-villegle\/","og_site_name":"\u00c9ric Brugier - Marchand d&#039;art - Gestion de collection","article_modified_time":"2026-02-26T16:41:46+00:00","og_image":[{"width":800,"height":800,"url":"https:\/\/ericbrugier.com\/wp-content\/uploads\/2025\/12\/Jacques-Villegle.jpg","type":"image\/jpeg"}],"twitter_card":"summary_large_image","twitter_misc":{"Dur\u00e9e de lecture estim\u00e9e":"6 minutes"},"schema":{"@context":"https:\/\/schema.org","@graph":[{"@type":"WebPage","@id":"https:\/\/ericbrugier.com\/fr\/artistes\/biographie-jacques-villegle\/","url":"https:\/\/ericbrugier.com\/fr\/artistes\/biographie-jacques-villegle\/","name":"Jacques Villegl\u00e9 : Biographie du ma\u00eetre de l'affiche","isPartOf":{"@id":"https:\/\/ericbrugier.com\/#website"},"primaryImageOfPage":{"@id":"https:\/\/ericbrugier.com\/fr\/artistes\/biographie-jacques-villegle\/#primaryimage"},"image":{"@id":"https:\/\/ericbrugier.com\/fr\/artistes\/biographie-jacques-villegle\/#primaryimage"},"thumbnailUrl":"https:\/\/ericbrugier.com\/wp-content\/uploads\/2025\/12\/Jacques-Villegle.jpg","datePublished":"2026-02-03T10:11:56+00:00","dateModified":"2026-02-26T16:41:46+00:00","description":"L'art de l'affiche lac\u00e9r\u00e9e de Villegl\u00e9, son histoire et sa vision : une biographie compl\u00e8te par \u00c9ric Brugier marchand d'art.","breadcrumb":{"@id":"https:\/\/ericbrugier.com\/fr\/artistes\/biographie-jacques-villegle\/#breadcrumb"},"inLanguage":"fr-FR","potentialAction":[{"@type":"ReadAction","target":["https:\/\/ericbrugier.com\/fr\/artistes\/biographie-jacques-villegle\/"]}]},{"@type":"ImageObject","inLanguage":"fr-FR","@id":"https:\/\/ericbrugier.com\/fr\/artistes\/biographie-jacques-villegle\/#primaryimage","url":"https:\/\/ericbrugier.com\/wp-content\/uploads\/2025\/12\/Jacques-Villegle.jpg","contentUrl":"https:\/\/ericbrugier.com\/wp-content\/uploads\/2025\/12\/Jacques-Villegle.jpg","width":800,"height":800,"caption":"Jacques Villegl\u00e9"},{"@type":"BreadcrumbList","@id":"https:\/\/ericbrugier.com\/fr\/artistes\/biographie-jacques-villegle\/#breadcrumb","itemListElement":[{"@type":"ListItem","position":1,"name":"Accueil","item":"https:\/\/ericbrugier.com\/"},{"@type":"ListItem","position":2,"name":"ARTISTES","item":"https:\/\/ericbrugier.com\/fr\/artistes\/"},{"@type":"ListItem","position":3,"name":"Biographie Jacques Vill\u00e9gl\u00e9"}]},{"@type":"WebSite","@id":"https:\/\/ericbrugier.com\/#website","url":"https:\/\/ericbrugier.com\/","name":"Eric Brugier - Galerie d'art","description":"Marchand d&#039;art et Gestion de collection","publisher":{"@id":"https:\/\/ericbrugier.com\/#organization"},"potentialAction":[{"@type":"SearchAction","target":{"@type":"EntryPoint","urlTemplate":"https:\/\/ericbrugier.com\/?s={search_term_string}"},"query-input":{"@type":"PropertyValueSpecification","valueRequired":true,"valueName":"search_term_string"}}],"inLanguage":"fr-FR"},{"@type":"Organization","@id":"https:\/\/ericbrugier.com\/#organization","name":"Eric Brugier - Marchand d'art - Gestion de collection","url":"https:\/\/ericbrugier.com\/","logo":{"@type":"ImageObject","inLanguage":"fr-FR","@id":"https:\/\/ericbrugier.com\/#\/schema\/logo\/image\/","url":"https:\/\/ericbrugier.com\/wp-content\/uploads\/2025\/12\/Logo-eric-brugier-1.webp","contentUrl":"https:\/\/ericbrugier.com\/wp-content\/uploads\/2025\/12\/Logo-eric-brugier-1.webp","width":1600,"height":500,"caption":"Eric Brugier - Marchand d'art - Gestion de collection"},"image":{"@id":"https:\/\/ericbrugier.com\/#\/schema\/logo\/image\/"}}]}},"_links":{"self":[{"href":"https:\/\/ericbrugier.com\/fr\/wp-json\/wp\/v2\/pages\/4912","targetHints":{"allow":["GET"]}}],"collection":[{"href":"https:\/\/ericbrugier.com\/fr\/wp-json\/wp\/v2\/pages"}],"about":[{"href":"https:\/\/ericbrugier.com\/fr\/wp-json\/wp\/v2\/types\/page"}],"author":[{"embeddable":true,"href":"https:\/\/ericbrugier.com\/fr\/wp-json\/wp\/v2\/users\/3"}],"replies":[{"embeddable":true,"href":"https:\/\/ericbrugier.com\/fr\/wp-json\/wp\/v2\/comments?post=4912"}],"version-history":[{"count":28,"href":"https:\/\/ericbrugier.com\/fr\/wp-json\/wp\/v2\/pages\/4912\/revisions"}],"predecessor-version":[{"id":8706,"href":"https:\/\/ericbrugier.com\/fr\/wp-json\/wp\/v2\/pages\/4912\/revisions\/8706"}],"up":[{"embeddable":true,"href":"https:\/\/ericbrugier.com\/fr\/wp-json\/wp\/v2\/pages\/1578"}],"wp:featuredmedia":[{"embeddable":true,"href":"https:\/\/ericbrugier.com\/fr\/wp-json\/wp\/v2\/media\/1049"}],"wp:attachment":[{"href":"https:\/\/ericbrugier.com\/fr\/wp-json\/wp\/v2\/media?parent=4912"}],"wp:term":[{"taxonomy":"wf_page_folders","embeddable":true,"href":"https:\/\/ericbrugier.com\/fr\/wp-json\/wp\/v2\/wf_page_folders?post=4912"}],"curies":[{"name":"wp","href":"https:\/\/api.w.org\/{rel}","templated":true}]}}