{"id":4320,"date":"2026-01-30T17:04:56","date_gmt":"2026-01-30T16:04:56","guid":{"rendered":"https:\/\/ericbrugier.com\/?page_id=4320"},"modified":"2026-02-24T12:35:00","modified_gmt":"2026-02-24T11:35:00","slug":"biographie-hans-hartung","status":"publish","type":"page","link":"https:\/\/ericbrugier.com\/fr\/artistes\/biographie-hans-hartung\/","title":{"rendered":"Biographie Hans Hartung"},"content":{"rendered":"\t\t<div data-elementor-type=\"wp-page\" data-elementor-id=\"4320\" class=\"elementor elementor-4320\">\n\t\t\t\t<div class=\"elementor-element elementor-element-f86124a e-flex e-con-boxed wpr-particle-no wpr-jarallax-no wpr-parallax-no wpr-sticky-section-no e-con e-parent\" data-id=\"f86124a\" data-element_type=\"container\" data-e-type=\"container\">\n\t\t\t\t\t<div class=\"e-con-inner\">\n\t\t<div class=\"elementor-element elementor-element-f6b4058 e-con-full e-flex wpr-particle-no wpr-jarallax-no wpr-parallax-no wpr-sticky-section-no e-con e-child\" data-id=\"f6b4058\" data-element_type=\"container\" data-e-type=\"container\">\n\t\t<div class=\"elementor-element elementor-element-619ec0b e-con-full e-flex wpr-particle-no wpr-jarallax-no wpr-parallax-no wpr-sticky-section-no e-con e-child\" data-id=\"619ec0b\" data-element_type=\"container\" data-e-type=\"container\">\n\t\t\t\t<div class=\"elementor-element elementor-element-8a0cd04 elementor-widget elementor-widget-heading\" data-id=\"8a0cd04\" data-element_type=\"widget\" data-e-type=\"widget\" data-widget_type=\"heading.default\">\n\t\t\t\t\t<h1 class=\"elementor-heading-title elementor-size-default\">Hans Hartung<\/h1>\t\t\t\t<\/div>\n\t\t\t\t<\/div>\n\t\t<div class=\"elementor-element elementor-element-a8f9e50 e-con-full elementor-hidden-mobile e-flex wpr-particle-no wpr-jarallax-no wpr-parallax-no wpr-sticky-section-no e-con e-child\" data-id=\"a8f9e50\" data-element_type=\"container\" data-e-type=\"container\">\n\t\t\t\t<div class=\"elementor-element elementor-element-7272803 clean-pc elementor-widget__width-initial elementor-widget elementor-widget-heading\" data-id=\"7272803\" data-element_type=\"widget\" data-e-type=\"widget\" data-widget_type=\"heading.default\">\n\t\t\t\t\t<p class=\"elementor-heading-title elementor-size-default\"><a href=\"https:\/\/ericbrugier.com\/fr\/artistes\/oeuvres-hans-hartung\/\">OEUVRES<\/a><\/p>\t\t\t\t<\/div>\n\t\t\t\t<\/div>\n\t\t<div class=\"elementor-element elementor-element-15ae5f5 e-con-full elementor-hidden-mobile e-flex wpr-particle-no wpr-jarallax-no wpr-parallax-no wpr-sticky-section-no e-con e-child\" data-id=\"15ae5f5\" data-element_type=\"container\" data-e-type=\"container\">\n\t\t\t\t<div class=\"elementor-element elementor-element-eb1b0ed elementor-widget__width-initial clean-pc elementor-widget elementor-widget-heading\" data-id=\"eb1b0ed\" data-element_type=\"widget\" data-e-type=\"widget\" data-widget_type=\"heading.default\">\n\t\t\t\t\t<p class=\"elementor-heading-title elementor-size-default\">BIOGRAPHIE<\/p>\t\t\t\t<\/div>\n\t\t\t\t<\/div>\n\t\t<div class=\"elementor-element elementor-element-1906318 e-con-full elementor-hidden-mobile e-flex wpr-particle-no wpr-jarallax-no wpr-parallax-no wpr-sticky-section-no e-con e-child\" data-id=\"1906318\" data-element_type=\"container\" data-e-type=\"container\">\n\t\t\t\t<div class=\"elementor-element elementor-element-ca721f2 clean-pc elementor-widget__width-initial elementor-widget elementor-widget-text-editor\" data-id=\"ca721f2\" data-element_type=\"widget\" data-e-type=\"widget\" data-widget_type=\"text-editor.default\">\n\t\t\t\t\t\t\t\t\t<p><a href=\"https:\/\/ericbrugier.com\/fr\/artistes\/biographie-erro-gudmundur-gudmundsson\/\">&lt;\u00a0<\/a>\u00a0 ARTISTE SUIVANT\u00a0 \u00a0<a href=\"https:\/\/ericbrugier.com\/fr\/artistes\/biographie-invader\/\">&gt;<\/a><\/p>\t\t\t\t\t\t\t\t<\/div>\n\t\t\t\t<\/div>\n\t\t\t\t<\/div>\n\t\t\t\t\t<\/div>\n\t\t\t\t<\/div>\n\t\t<div class=\"elementor-element elementor-element-e38c4b4 elementor-hidden-desktop elementor-hidden-tablet clean-mobile e-flex e-con-boxed wpr-particle-no wpr-jarallax-no wpr-parallax-no wpr-sticky-section-no e-con e-parent\" data-id=\"e38c4b4\" data-element_type=\"container\" data-e-type=\"container\">\n\t\t\t\t\t<div class=\"e-con-inner\">\n\t\t<div class=\"elementor-element elementor-element-9985a57 e-con-full e-flex wpr-particle-no wpr-jarallax-no wpr-parallax-no wpr-sticky-section-no e-con e-child\" data-id=\"9985a57\" data-element_type=\"container\" data-e-type=\"container\">\n\t\t\t\t<div class=\"elementor-element elementor-element-0a0043e elementor-widget elementor-widget-heading\" data-id=\"0a0043e\" data-element_type=\"widget\" data-e-type=\"widget\" data-widget_type=\"heading.default\">\n\t\t\t\t\t<p class=\"elementor-heading-title elementor-size-default\"><a href=\"https:\/\/ericbrugier.com\/fr\/artistes\/oeuvres-hans-hartung\/\">OEUVRES<\/a><\/p>\t\t\t\t<\/div>\n\t\t\t\t<\/div>\n\t\t<div class=\"elementor-element elementor-element-b8468b9 e-con-full e-flex wpr-particle-no wpr-jarallax-no wpr-parallax-no wpr-sticky-section-no e-con e-child\" data-id=\"b8468b9\" data-element_type=\"container\" data-e-type=\"container\">\n\t\t\t\t<div class=\"elementor-element elementor-element-ce9e93c elementor-widget__width-inherit elementor-widget elementor-widget-heading\" data-id=\"ce9e93c\" data-element_type=\"widget\" data-e-type=\"widget\" data-widget_type=\"heading.default\">\n\t\t\t\t\t<p class=\"elementor-heading-title elementor-size-default\">BIOGRAPHIE<\/p>\t\t\t\t<\/div>\n\t\t\t\t<\/div>\n\t\t<div class=\"elementor-element elementor-element-9a1ee50 e-con-full e-flex wpr-particle-no wpr-jarallax-no wpr-parallax-no wpr-sticky-section-no e-con e-child\" data-id=\"9a1ee50\" data-element_type=\"container\" data-e-type=\"container\">\n\t\t\t\t<div class=\"elementor-element elementor-element-2193973 elementor-widget elementor-widget-text-editor\" data-id=\"2193973\" data-element_type=\"widget\" data-e-type=\"widget\" data-widget_type=\"text-editor.default\">\n\t\t\t\t\t\t\t\t\t<p><a href=\"https:\/\/ericbrugier.com\/fr\/artistes\/biographie-erro-gudmundur-gudmundsson\/\">&lt;\u00a0\u00a0<\/a> ARTISTE SUIVANT\u00a0 \u00a0<a href=\"https:\/\/ericbrugier.com\/fr\/artistes\/biographie-invader\/\">&gt;<\/a><\/p>\t\t\t\t\t\t\t\t<\/div>\n\t\t\t\t<\/div>\n\t\t\t\t\t<\/div>\n\t\t\t\t<\/div>\n\t\t<div class=\"elementor-element elementor-element-38ae48b4 elementor-hidden-mobile clean-pc e-flex e-con-boxed wpr-particle-no wpr-jarallax-no wpr-parallax-no wpr-sticky-section-no e-con e-parent\" data-id=\"38ae48b4\" data-element_type=\"container\" data-e-type=\"container\">\n\t\t\t\t\t<div class=\"e-con-inner\">\n\t\t<div class=\"elementor-element elementor-element-2a116b82 e-con-full col-texte-brugier e-flex wpr-particle-no wpr-jarallax-no wpr-parallax-no wpr-sticky-section-no e-con e-child\" data-id=\"2a116b82\" data-element_type=\"container\" data-e-type=\"container\">\n\t\t\t\t<div class=\"elementor-element elementor-element-4334523 elementor-widget elementor-widget-heading\" data-id=\"4334523\" data-element_type=\"widget\" data-e-type=\"widget\" data-widget_type=\"heading.default\">\n\t\t\t\t\t<h2 class=\"elementor-heading-title elementor-size-default\">Hans Hartung : L\u2019\u00e9criture du silence et du mouvement<\/h2>\t\t\t\t<\/div>\n\t\t\t\t<div class=\"elementor-element elementor-element-8c03f90 elementor-widget elementor-widget-text-editor\" data-id=\"8c03f90\" data-element_type=\"widget\" data-e-type=\"widget\" data-widget_type=\"text-editor.default\">\n\t\t\t\t\t\t\t\t\t<p><span style=\"font-weight: 400;\">Jean Fautrier est une figure majeure de l&rsquo;art du XXe si\u00e8cle, un artiste dont l&rsquo;\u0153uvre est \u00e0 la fois\u00a0 puissante, sombre et d&rsquo;une intensit\u00e9 \u00e9motionnelle rare. Pr\u00e9curseur de l&rsquo;art informel et de l&rsquo;abstraction lyrique, il a explor\u00e9 la mati\u00e8re picturale pour exprimer les profondeurs de la condition humaine,\u00a0 notamment face \u00e0 l&rsquo;horreur des conflits.\u00a0<\/span><\/p><p><span style=\"font-weight: 400;\">Voici les grandes lignes de sa biographie : <\/span><\/p>\t\t\t\t\t\t\t\t<\/div>\n\t\t\t\t<div class=\"elementor-element elementor-element-45ff13a elementor-widget elementor-widget-heading\" data-id=\"45ff13a\" data-element_type=\"widget\" data-e-type=\"widget\" data-widget_type=\"heading.default\">\n\t\t\t\t\t<h3 class=\"elementor-heading-title elementor-size-default\">1904 : Naissance \u00e0 Leipzig, Allemagne.<\/h3>\t\t\t\t<\/div>\n\t\t\t\t<div class=\"elementor-element elementor-element-827a605 elementor-widget elementor-widget-text-editor\" data-id=\"827a605\" data-element_type=\"widget\" data-e-type=\"widget\" data-widget_type=\"text-editor.default\">\n\t\t\t\t\t\t\t\t\t<p><span style=\"font-weight: 400;\">D\u00e8s son plus jeune \u00e2ge, Hartung montre un vif\u00a0 int\u00e9r\u00eat pour l&rsquo;art. Il est fascin\u00e9 par les \u00e9clairs, les orages, les ph\u00e9nom\u00e8nes naturels qu&rsquo;il tente\u00a0 de retranscrire dans ses premiers dessins. Il d\u00e9veloppe tr\u00e8s t\u00f4t une sensibilit\u00e9 \u00e0 la spontan\u00e9it\u00e9 du trait.\u00a0<\/span><\/p>\t\t\t\t\t\t\t\t<\/div>\n\t\t\t\t<div class=\"elementor-element elementor-element-b0ba271 elementor-widget elementor-widget-heading\" data-id=\"b0ba271\" data-element_type=\"widget\" data-e-type=\"widget\" data-widget_type=\"heading.default\">\n\t\t\t\t\t<h3 class=\"elementor-heading-title elementor-size-default\">Formation et Premiers Contacts avec l'Abstraction (Ann\u00e9es 1920) :<\/h3>\t\t\t\t<\/div>\n\t\t\t\t<div class=\"elementor-element elementor-element-ae12693 elementor-widget elementor-widget-text-editor\" data-id=\"ae12693\" data-element_type=\"widget\" data-e-type=\"widget\" data-widget_type=\"text-editor.default\">\n\t\t\t\t\t\t\t\t\t<ul><li><span style=\"font-weight: 400;\"> Il \u00e9tudie la philosophie et l&rsquo;histoire de l&rsquo;art aux universit\u00e9s de Leipzig et Dresde.\u00a0 <\/span><\/li><li><span style=\"font-weight: 400;\">\u00a0Il fr\u00e9quente les acad\u00e9mies des Beaux-Arts de Leipzig et Dresde.\u00a0\u00a0<\/span><\/li><li><span style=\"font-weight: 400;\"> Il d\u00e9couvre les \u0153uvres de Kandinsky, Kokoschka, Nolde et Rembrandt.\u00a0\u00a0<\/span><\/li><li><span style=\"font-weight: 400;\"> \u00c0 partir de 1922, il commence \u00e0 peindre des toiles enti\u00e8rement abstraites, sans\u00a0 r\u00e9f\u00e9rence \u00e0 la r\u00e9alit\u00e9 visible, anticipant de nombreux d\u00e9veloppements de l&rsquo;art abstrait. Ces \u0153uvres sont caract\u00e9ris\u00e9es par des lignes, des taches et des compositions libres.\u00a0 \u2022 <\/span><b>Installation en France (Ann\u00e9es 1930) :\u00a0<\/b><\/li><li><span style=\"font-weight: 400;\"> D\u00e8s 1932, il s&rsquo;installe \u00e0 Paris, fuyant la mont\u00e9e du nazisme en Allemagne, qui rejette\u00a0 son art comme \u00ab\u00a0d\u00e9g\u00e9n\u00e9r\u00e9\u00a0\u00bb.\u00a0\u00a0<\/span><\/li><li><span style=\"font-weight: 400;\"> Il y rencontre des artistes comme Mondrian, Mir\u00f3, Calder, Kandinsky, et se lie\u00a0 d&rsquo;amiti\u00e9 avec Henri Goetz, qui lui offre un atelier.\u00a0\u00a0<\/span><\/li><li><span style=\"font-weight: 400;\"> Malgr\u00e9 des conditions de vie difficiles et le manque de reconnaissance, il continue \u00e0\u00a0 explorer son langage abstrait, caract\u00e9ris\u00e9 par des formes g\u00e9om\u00e9triques fluides et des\u00a0 compositions dynamiques. <\/span><\/li><\/ul>\t\t\t\t\t\t\t\t<\/div>\n\t\t\t\t<div class=\"elementor-element elementor-element-17e6b98 elementor-widget elementor-widget-heading\" data-id=\"17e6b98\" data-element_type=\"widget\" data-e-type=\"widget\" data-widget_type=\"heading.default\">\n\t\t\t\t\t<h3 class=\"elementor-heading-title elementor-size-default\">Seconde Guerre Mondiale et Blessure (1939-1945) :<\/h3>\t\t\t\t<\/div>\n\t\t\t\t<div class=\"elementor-element elementor-element-856f35c elementor-widget elementor-widget-text-editor\" data-id=\"856f35c\" data-element_type=\"widget\" data-e-type=\"widget\" data-widget_type=\"text-editor.default\">\n\t\t\t\t\t\t\t\t\t<ul><li><span style=\"font-weight: 400;\"> En 1939, il s&rsquo;engage dans la L\u00e9gion \u00c9trang\u00e8re fran\u00e7aise.\u00a0\u00a0<\/span><\/li><li><span style=\"font-weight: 400;\"> Apr\u00e8s la d\u00e9faite de la France, il est intern\u00e9 dans un camp de concentration en 1943\u00a0 pour ses origines allemandes.\u00a0\u00a0<\/span><\/li><li><span style=\"font-weight: 400;\"> Il parvient \u00e0 s&rsquo;\u00e9vader et rejoint la R\u00e9sistance.\u00a0\u00a0<\/span><\/li><li><span style=\"font-weight: 400;\"> En 1944, il est gravement bless\u00e9 lors des combats \u00e0 Belfort, ce qui entra\u00eene\u00a0 l&rsquo;amputation de sa jambe droite. Cette exp\u00e9rience traumatisante aura un impact\u00a0 profond sur sa perception de l&rsquo;existence et de l&rsquo;art. <\/span><\/li><\/ul>\t\t\t\t\t\t\t\t<\/div>\n\t\t\t\t<div class=\"elementor-element elementor-element-df4572a elementor-widget elementor-widget-heading\" data-id=\"df4572a\" data-element_type=\"widget\" data-e-type=\"widget\" data-widget_type=\"heading.default\">\n\t\t\t\t\t<h3 class=\"elementor-heading-title elementor-size-default\">Naturalisation Fran\u00e7aise et Reconnaissance (Apr\u00e8s-Guerre) : <\/h3>\t\t\t\t<\/div>\n\t\t\t\t<div class=\"elementor-element elementor-element-f0b7c25 elementor-widget elementor-widget-text-editor\" data-id=\"f0b7c25\" data-element_type=\"widget\" data-e-type=\"widget\" data-widget_type=\"text-editor.default\">\n\t\t\t\t\t\t\t\t\t<ul><li><span style=\"font-weight: 400;\"> En 1946, il obtient la nationalit\u00e9 fran\u00e7aise.\u00a0\u00a0<\/span><\/li><li><span style=\"font-weight: 400;\"> L&rsquo;apr\u00e8s-guerre marque le d\u00e9but de sa reconnaissance. Il participe \u00e0 de nombreuses\u00a0 expositions en France et \u00e0 l&rsquo;\u00e9tranger.\u00a0\u00a0<\/span><\/li><li><span style=\"font-weight: 400;\"> Son travail est associ\u00e9 \u00e0 l&rsquo;<\/span><b>abstraction lyrique <\/b><span style=\"font-weight: 400;\">et \u00e0 l&rsquo;<\/span><b>art informel<\/b><span style=\"font-weight: 400;\">, des mouvements\u00a0 qui privil\u00e9gient l&rsquo;expression spontan\u00e9e, le geste et la subjectivit\u00e9 de l&rsquo;artiste, en\u00a0 opposition \u00e0 l&rsquo;abstraction g\u00e9om\u00e9trique.\u00a0\u00a0<\/span><\/li><li><span style=\"font-weight: 400;\"> Ses \u0153uvres sont caract\u00e9ris\u00e9es par des signes calligraphiques, des faisceaux de traits\u00a0 \u00e9nergiques, des griffures, des frottements, qui traduisent une grande libert\u00e9 gestuelle\u00a0 et une intensit\u00e9 \u00e9motionnelle.\u00a0 <\/span><\/li><\/ul>\t\t\t\t\t\t\t\t<\/div>\n\t\t\t\t<div class=\"elementor-element elementor-element-858736f elementor-widget elementor-widget-heading\" data-id=\"858736f\" data-element_type=\"widget\" data-e-type=\"widget\" data-widget_type=\"heading.default\">\n\t\t\t\t\t<h3 class=\"elementor-heading-title elementor-size-default\">P\u00e9riodes de Cr\u00e9ation et \u00c9volution du Style :<\/h3>\t\t\t\t<\/div>\n\t\t\t\t<div class=\"elementor-element elementor-element-edffc61 elementor-widget elementor-widget-text-editor\" data-id=\"edffc61\" data-element_type=\"widget\" data-e-type=\"widget\" data-widget_type=\"text-editor.default\">\n\t\t\t\t\t\t\t\t\t<ul><li><b>Ann\u00e9es 1950 : <\/b><span style=\"font-weight: 400;\">P\u00e9riode embl\u00e9matique des \u00ab\u00a0taches et griffures\u00a0\u00bb, o\u00f9 des traits noirs et\u00a0 incisifs se d\u00e9ploient sur des fonds color\u00e9s. Le geste est rapide, direct.\u00a0\u00a0<\/span><\/li><li><b>Ann\u00e9es 1960 : <\/b><span style=\"font-weight: 400;\">Il exp\u00e9rimente de nouveaux outils et techniques (brosses larges,\u00a0 rouleaux, pulv\u00e9risation) pour cr\u00e9er des plages de couleurs vibrantes et des faisceaux\u00a0 de lignes qui semblent jaillir de la toile.\u00a0\u00a0<\/span><\/li><li><b>Ann\u00e9es 1970 et 1980 : <\/b><span style=\"font-weight: 400;\">Malgr\u00e9 des probl\u00e8mes de sant\u00e9 qui le contraignent \u00e0 peindre\u00a0 depuis son fauteuil roulant, il ne cesse d&rsquo;innover. Il utilise des racloirs, des\u00a0\u00a0<\/span><\/li><\/ul><p><span style=\"font-weight: 400;\">vaporisateurs, des soufflettes pour cr\u00e9er des bandes lumineuses, des nuages de\u00a0 couleurs, des tra\u00een\u00e9es de lumi\u00e8re. Le geste reste essentiel, m\u00eame s&rsquo;il est parfois\u00a0 m\u00e9diatis\u00e9 par des outils. Sa palette devient plus claire et lumineuse vers la fin de sa\u00a0 vie. <\/span><\/p>\t\t\t\t\t\t\t\t<\/div>\n\t\t\t\t<div class=\"elementor-element elementor-element-8c6d072 elementor-widget elementor-widget-heading\" data-id=\"8c6d072\" data-element_type=\"widget\" data-e-type=\"widget\" data-widget_type=\"heading.default\">\n\t\t\t\t\t<h3 class=\"elementor-heading-title elementor-size-default\">\u2022 Prix et Distinctions :<\/h3>\t\t\t\t<\/div>\n\t\t\t\t<div class=\"elementor-element elementor-element-07b0ce4 elementor-widget elementor-widget-text-editor\" data-id=\"07b0ce4\" data-element_type=\"widget\" data-e-type=\"widget\" data-widget_type=\"text-editor.default\">\n\t\t\t\t\t\t\t\t\t<ul><li><span style=\"font-weight: 400;\"> En 1960, il re\u00e7oit le Grand Prix international de peinture \u00e0 la Biennale de Venise,\u00a0 confirmant sa stature d&rsquo;artiste majeur.\u00a0\u00a0<\/span><\/li><\/ul>\t\t\t\t\t\t\t\t<\/div>\n\t\t\t\t<div class=\"elementor-element elementor-element-cf8f5b8 elementor-widget elementor-widget-heading\" data-id=\"cf8f5b8\" data-element_type=\"widget\" data-e-type=\"widget\" data-widget_type=\"heading.default\">\n\t\t\t\t\t<h3 class=\"elementor-heading-title elementor-size-default\">1989 : D\u00e9c\u00e8s \u00e0 Antibes, France.<\/h3>\t\t\t\t<\/div>\n\t\t\t\t<div class=\"elementor-element elementor-element-f2a0762 elementor-widget elementor-widget-text-editor\" data-id=\"f2a0762\" data-element_type=\"widget\" data-e-type=\"widget\" data-widget_type=\"text-editor.default\">\n\t\t\t\t\t\t\t\t\t<p><span style=\"font-weight: 400;\">Il laisse derri\u00e8re lui une \u0153uvre monumentale, qui a marqu\u00e9 durablement l&rsquo;histoire de l&rsquo;art abstrait.\u00a0<\/span><\/p><p><span style=\"font-weight: 400;\">L&rsquo;\u0153uvre de Hans Hartung est une exploration constante de la ligne, du geste, de la couleur et de la\u00a0 lumi\u00e8re. Il cherchait \u00e0 rendre visible l&rsquo;invisible, \u00e0 exprimer des \u00e9motions int\u00e9rieures et des\u00a0 mouvements de l&rsquo;\u00e2me \u00e0 travers des compositions d&rsquo;une grande vitalit\u00e9 et d&rsquo;une force expressive\u00a0 ind\u00e9niable. Il reste une figure embl\u00e9matique de la libert\u00e9 cr\u00e9atrice et de la pers\u00e9v\u00e9rance artistique\u00a0 face aux \u00e9preuves de la vie.<\/span><\/p>\t\t\t\t\t\t\t\t<\/div>\n\t\t\t\t<\/div>\n\t\t<div class=\"elementor-element elementor-element-e06ca7f e-con-full col-image-brugier e-flex wpr-particle-no wpr-jarallax-no wpr-parallax-no wpr-sticky-section-no e-con e-child\" data-id=\"e06ca7f\" data-element_type=\"container\" data-e-type=\"container\">\n\t\t\t\t<div class=\"elementor-element elementor-element-7001d2ea animated-slow elementor-invisible elementor-widget elementor-widget-image\" data-id=\"7001d2ea\" data-element_type=\"widget\" data-e-type=\"widget\" data-settings=\"{&quot;_animation&quot;:&quot;fadeIn&quot;}\" data-widget_type=\"image.default\">\n\t\t\t\t\t\t\t\t\t\t\t\t\t\t\t<img fetchpriority=\"high\" decoding=\"async\" width=\"800\" height=\"800\" src=\"https:\/\/ericbrugier.com\/wp-content\/uploads\/2025\/12\/Hans-Hartung.jpg\" class=\"attachment-large size-large wp-image-1060\" alt=\"Hans Hartung _Eric Brugier_Marchand d&#039;art_Gestion de collection\" srcset=\"https:\/\/ericbrugier.com\/wp-content\/uploads\/2025\/12\/Hans-Hartung.jpg 800w, https:\/\/ericbrugier.com\/wp-content\/uploads\/2025\/12\/Hans-Hartung-300x300.jpg 300w, https:\/\/ericbrugier.com\/wp-content\/uploads\/2025\/12\/Hans-Hartung-150x150.jpg 150w, https:\/\/ericbrugier.com\/wp-content\/uploads\/2025\/12\/Hans-Hartung-768x768.jpg 768w, https:\/\/ericbrugier.com\/wp-content\/uploads\/2025\/12\/Hans-Hartung-12x12.jpg 12w, https:\/\/ericbrugier.com\/wp-content\/uploads\/2025\/12\/Hans-Hartung-600x600.jpg 600w\" sizes=\"(max-width: 800px) 100vw, 800px\" \/>\t\t\t\t\t\t\t\t\t\t\t\t\t\t\t<\/div>\n\t\t\t\t<div class=\"elementor-element elementor-element-71af39c mon-bouton-clic elementor-invisible elementor-widget elementor-widget-button\" data-id=\"71af39c\" data-element_type=\"widget\" data-e-type=\"widget\" data-settings=\"{&quot;_animation&quot;:&quot;fadeInUp&quot;}\" data-widget_type=\"button.default\">\n\t\t\t\t\t\t\t\t\t\t<a class=\"elementor-button elementor-button-link elementor-size-sm\" href=\"#\">\n\t\t\t\t\t\t<span class=\"elementor-button-content-wrapper\">\n\t\t\t\t\t\t\t\t\t<span class=\"elementor-button-text\">+ PARTAGER<\/span>\n\t\t\t\t\t<\/span>\n\t\t\t\t\t<\/a>\n\t\t\t\t\t\t\t\t<\/div>\n\t\t\t\t<div class=\"elementor-element elementor-element-d9260e9 ma-liste-partage elementor-icon-list--layout-traditional elementor-list-item-link-full_width elementor-widget elementor-widget-icon-list\" data-id=\"d9260e9\" data-element_type=\"widget\" data-e-type=\"widget\" data-widget_type=\"icon-list.default\">\n\t\t\t\t\t\t\t<ul class=\"elementor-icon-list-items\">\n\t\t\t\t\t\t\t<li class=\"elementor-icon-list-item\">\n\t\t\t\t\t\t\t\t\t\t\t<a href=\"#share-fb\">\n\n\t\t\t\t\t\t\t\t\t\t\t\t<span class=\"elementor-icon-list-icon\">\n\t\t\t\t\t\t\t<svg aria-hidden=\"true\" class=\"e-font-icon-svg e-fab-facebook-f\" viewBox=\"0 0 320 512\" xmlns=\"http:\/\/www.w3.org\/2000\/svg\"><path d=\"M279.14 288l14.22-92.66h-88.91v-60.13c0-25.35 12.42-50.06 52.24-50.06h40.42V6.26S260.43 0 225.36 0c-73.22 0-121.08 44.38-121.08 124.72v70.62H22.89V288h81.39v224h100.17V288z\"><\/path><\/svg>\t\t\t\t\t\t<\/span>\n\t\t\t\t\t\t\t\t\t\t<span class=\"elementor-icon-list-text\">FACEBOOK<\/span>\n\t\t\t\t\t\t\t\t\t\t\t<\/a>\n\t\t\t\t\t\t\t\t\t<\/li>\n\t\t\t\t\t\t\t\t<li class=\"elementor-icon-list-item\">\n\t\t\t\t\t\t\t\t\t\t\t<a href=\"#share-link\">\n\n\t\t\t\t\t\t\t\t\t\t\t\t<span class=\"elementor-icon-list-icon\">\n\t\t\t\t\t\t\t<svg aria-hidden=\"true\" class=\"e-font-icon-svg e-fab-linkedin-in\" viewBox=\"0 0 448 512\" xmlns=\"http:\/\/www.w3.org\/2000\/svg\"><path d=\"M100.28 448H7.4V148.9h92.88zM53.79 108.1C24.09 108.1 0 83.5 0 53.8a53.79 53.79 0 0 1 107.58 0c0 29.7-24.1 54.3-53.79 54.3zM447.9 448h-92.68V302.4c0-34.7-.7-79.2-48.29-79.2-48.29 0-55.69 37.7-55.69 76.7V448h-92.78V148.9h89.08v40.8h1.3c12.4-23.5 42.69-48.3 87.88-48.3 94 0 111.28 61.9 111.28 142.3V448z\"><\/path><\/svg>\t\t\t\t\t\t<\/span>\n\t\t\t\t\t\t\t\t\t\t<span class=\"elementor-icon-list-text\">LINKEDIN<\/span>\n\t\t\t\t\t\t\t\t\t\t\t<\/a>\n\t\t\t\t\t\t\t\t\t<\/li>\n\t\t\t\t\t\t\t\t<li class=\"elementor-icon-list-item\">\n\t\t\t\t\t\t\t\t\t\t\t<a href=\"#share-mail\">\n\n\t\t\t\t\t\t\t\t\t\t\t\t<span class=\"elementor-icon-list-icon\">\n\t\t\t\t\t\t\t<svg aria-hidden=\"true\" class=\"e-font-icon-svg e-fas-at\" viewBox=\"0 0 512 512\" xmlns=\"http:\/\/www.w3.org\/2000\/svg\"><path d=\"M256 8C118.941 8 8 118.919 8 256c0 137.059 110.919 248 248 248 48.154 0 95.342-14.14 135.408-40.223 12.005-7.815 14.625-24.288 5.552-35.372l-10.177-12.433c-7.671-9.371-21.179-11.667-31.373-5.129C325.92 429.757 291.314 440 256 440c-101.458 0-184-82.542-184-184S154.542 72 256 72c100.139 0 184 57.619 184 160 0 38.786-21.093 79.742-58.17 83.693-17.349-.454-16.91-12.857-13.476-30.024l23.433-121.11C394.653 149.75 383.308 136 368.225 136h-44.981a13.518 13.518 0 0 0-13.432 11.993l-.01.092c-14.697-17.901-40.448-21.775-59.971-21.775-74.58 0-137.831 62.234-137.831 151.46 0 65.303 36.785 105.87 96 105.87 26.984 0 57.369-15.637 74.991-38.333 9.522 34.104 40.613 34.103 70.71 34.103C462.609 379.41 504 307.798 504 232 504 95.653 394.023 8 256 8zm-21.68 304.43c-22.249 0-36.07-15.623-36.07-40.771 0-44.993 30.779-72.729 58.63-72.729 22.292 0 35.601 15.241 35.601 40.77 0 45.061-33.875 72.73-58.161 72.73z\"><\/path><\/svg>\t\t\t\t\t\t<\/span>\n\t\t\t\t\t\t\t\t\t\t<span class=\"elementor-icon-list-text\">EMAIL<\/span>\n\t\t\t\t\t\t\t\t\t\t\t<\/a>\n\t\t\t\t\t\t\t\t\t<\/li>\n\t\t\t\t\t\t<\/ul>\n\t\t\t\t\t\t<\/div>\n\t\t\t\t<\/div>\n\t\t\t\t\t<\/div>\n\t\t\t\t<\/div>\n\t\t<div class=\"elementor-element elementor-element-b7b95e2 elementor-hidden-desktop elementor-hidden-tablet clean-mobile e-flex e-con-boxed wpr-particle-no wpr-jarallax-no wpr-parallax-no wpr-sticky-section-no e-con e-parent\" data-id=\"b7b95e2\" data-element_type=\"container\" data-e-type=\"container\">\n\t\t\t\t\t<div class=\"e-con-inner\">\n\t\t<div class=\"elementor-element elementor-element-aad2cc4 e-con-full e-flex wpr-particle-no wpr-jarallax-no wpr-parallax-no wpr-sticky-section-no e-con e-child\" data-id=\"aad2cc4\" data-element_type=\"container\" data-e-type=\"container\">\n\t\t\t\t<div class=\"elementor-element elementor-element-fd4fab0 elementor-widget elementor-widget-image\" data-id=\"fd4fab0\" data-element_type=\"widget\" data-e-type=\"widget\" data-widget_type=\"image.default\">\n\t\t\t\t\t\t\t\t\t\t\t\t\t\t\t<img fetchpriority=\"high\" decoding=\"async\" width=\"800\" height=\"800\" src=\"https:\/\/ericbrugier.com\/wp-content\/uploads\/2025\/12\/Hans-Hartung.jpg\" class=\"attachment-large size-large wp-image-1060\" alt=\"Hans Hartung _Eric Brugier_Marchand d&#039;art_Gestion de collection\" srcset=\"https:\/\/ericbrugier.com\/wp-content\/uploads\/2025\/12\/Hans-Hartung.jpg 800w, https:\/\/ericbrugier.com\/wp-content\/uploads\/2025\/12\/Hans-Hartung-300x300.jpg 300w, https:\/\/ericbrugier.com\/wp-content\/uploads\/2025\/12\/Hans-Hartung-150x150.jpg 150w, https:\/\/ericbrugier.com\/wp-content\/uploads\/2025\/12\/Hans-Hartung-768x768.jpg 768w, https:\/\/ericbrugier.com\/wp-content\/uploads\/2025\/12\/Hans-Hartung-12x12.jpg 12w, https:\/\/ericbrugier.com\/wp-content\/uploads\/2025\/12\/Hans-Hartung-600x600.jpg 600w\" sizes=\"(max-width: 800px) 100vw, 800px\" \/>\t\t\t\t\t\t\t\t\t\t\t\t\t\t\t<\/div>\n\t\t\t\t<div class=\"elementor-element elementor-element-2cff68a mon-bouton-clic-mob elementor-invisible elementor-widget elementor-widget-button\" data-id=\"2cff68a\" data-element_type=\"widget\" data-e-type=\"widget\" data-settings=\"{&quot;_animation&quot;:&quot;fadeInUp&quot;}\" data-widget_type=\"button.default\">\n\t\t\t\t\t\t\t\t\t\t<a class=\"elementor-button elementor-button-link elementor-size-sm\" href=\"#\">\n\t\t\t\t\t\t<span class=\"elementor-button-content-wrapper\">\n\t\t\t\t\t\t\t\t\t<span class=\"elementor-button-text\">+ PARTAGER<\/span>\n\t\t\t\t\t<\/span>\n\t\t\t\t\t<\/a>\n\t\t\t\t\t\t\t\t<\/div>\n\t\t\t\t<div class=\"elementor-element elementor-element-c4c73e6 ma-liste-partage-mob elementor-icon-list--layout-traditional elementor-list-item-link-full_width elementor-widget elementor-widget-icon-list\" data-id=\"c4c73e6\" data-element_type=\"widget\" data-e-type=\"widget\" data-widget_type=\"icon-list.default\">\n\t\t\t\t\t\t\t<ul class=\"elementor-icon-list-items\">\n\t\t\t\t\t\t\t<li class=\"elementor-icon-list-item\">\n\t\t\t\t\t\t\t\t\t\t\t<a href=\"#share-fb\">\n\n\t\t\t\t\t\t\t\t\t\t\t\t<span class=\"elementor-icon-list-icon\">\n\t\t\t\t\t\t\t<svg aria-hidden=\"true\" class=\"e-font-icon-svg e-fab-facebook-f\" viewBox=\"0 0 320 512\" xmlns=\"http:\/\/www.w3.org\/2000\/svg\"><path d=\"M279.14 288l14.22-92.66h-88.91v-60.13c0-25.35 12.42-50.06 52.24-50.06h40.42V6.26S260.43 0 225.36 0c-73.22 0-121.08 44.38-121.08 124.72v70.62H22.89V288h81.39v224h100.17V288z\"><\/path><\/svg>\t\t\t\t\t\t<\/span>\n\t\t\t\t\t\t\t\t\t\t<span class=\"elementor-icon-list-text\">FACEBOOK<\/span>\n\t\t\t\t\t\t\t\t\t\t\t<\/a>\n\t\t\t\t\t\t\t\t\t<\/li>\n\t\t\t\t\t\t\t\t<li class=\"elementor-icon-list-item\">\n\t\t\t\t\t\t\t\t\t\t\t<a href=\"#share-link\">\n\n\t\t\t\t\t\t\t\t\t\t\t\t<span class=\"elementor-icon-list-icon\">\n\t\t\t\t\t\t\t<svg aria-hidden=\"true\" class=\"e-font-icon-svg e-fab-linkedin-in\" viewBox=\"0 0 448 512\" xmlns=\"http:\/\/www.w3.org\/2000\/svg\"><path d=\"M100.28 448H7.4V148.9h92.88zM53.79 108.1C24.09 108.1 0 83.5 0 53.8a53.79 53.79 0 0 1 107.58 0c0 29.7-24.1 54.3-53.79 54.3zM447.9 448h-92.68V302.4c0-34.7-.7-79.2-48.29-79.2-48.29 0-55.69 37.7-55.69 76.7V448h-92.78V148.9h89.08v40.8h1.3c12.4-23.5 42.69-48.3 87.88-48.3 94 0 111.28 61.9 111.28 142.3V448z\"><\/path><\/svg>\t\t\t\t\t\t<\/span>\n\t\t\t\t\t\t\t\t\t\t<span class=\"elementor-icon-list-text\">LINKEDIN<\/span>\n\t\t\t\t\t\t\t\t\t\t\t<\/a>\n\t\t\t\t\t\t\t\t\t<\/li>\n\t\t\t\t\t\t\t\t<li class=\"elementor-icon-list-item\">\n\t\t\t\t\t\t\t\t\t\t\t<a href=\"#share-mail\">\n\n\t\t\t\t\t\t\t\t\t\t\t\t<span class=\"elementor-icon-list-icon\">\n\t\t\t\t\t\t\t<svg aria-hidden=\"true\" class=\"e-font-icon-svg e-fas-at\" viewBox=\"0 0 512 512\" xmlns=\"http:\/\/www.w3.org\/2000\/svg\"><path d=\"M256 8C118.941 8 8 118.919 8 256c0 137.059 110.919 248 248 248 48.154 0 95.342-14.14 135.408-40.223 12.005-7.815 14.625-24.288 5.552-35.372l-10.177-12.433c-7.671-9.371-21.179-11.667-31.373-5.129C325.92 429.757 291.314 440 256 440c-101.458 0-184-82.542-184-184S154.542 72 256 72c100.139 0 184 57.619 184 160 0 38.786-21.093 79.742-58.17 83.693-17.349-.454-16.91-12.857-13.476-30.024l23.433-121.11C394.653 149.75 383.308 136 368.225 136h-44.981a13.518 13.518 0 0 0-13.432 11.993l-.01.092c-14.697-17.901-40.448-21.775-59.971-21.775-74.58 0-137.831 62.234-137.831 151.46 0 65.303 36.785 105.87 96 105.87 26.984 0 57.369-15.637 74.991-38.333 9.522 34.104 40.613 34.103 70.71 34.103C462.609 379.41 504 307.798 504 232 504 95.653 394.023 8 256 8zm-21.68 304.43c-22.249 0-36.07-15.623-36.07-40.771 0-44.993 30.779-72.729 58.63-72.729 22.292 0 35.601 15.241 35.601 40.77 0 45.061-33.875 72.73-58.161 72.73z\"><\/path><\/svg>\t\t\t\t\t\t<\/span>\n\t\t\t\t\t\t\t\t\t\t<span class=\"elementor-icon-list-text\">EMAIL<\/span>\n\t\t\t\t\t\t\t\t\t\t\t<\/a>\n\t\t\t\t\t\t\t\t\t<\/li>\n\t\t\t\t\t\t<\/ul>\n\t\t\t\t\t\t<\/div>\n\t\t\t\t<\/div>\n\t\t<div class=\"elementor-element elementor-element-b9e6919 e-con-full e-flex wpr-particle-no wpr-jarallax-no wpr-parallax-no wpr-sticky-section-no e-con e-child\" data-id=\"b9e6919\" data-element_type=\"container\" data-e-type=\"container\">\n\t\t\t\t<div class=\"elementor-element elementor-element-068f767 elementor-widget elementor-widget-heading\" data-id=\"068f767\" data-element_type=\"widget\" data-e-type=\"widget\" data-widget_type=\"heading.default\">\n\t\t\t\t\t<h2 class=\"elementor-heading-title elementor-size-default\">Hans Hartung : L\u2019\u00e9criture du silence et du mouvement<\/h2>\t\t\t\t<\/div>\n\t\t\t\t<div class=\"elementor-element elementor-element-378d0e6 elementor-widget elementor-widget-text-editor\" data-id=\"378d0e6\" data-element_type=\"widget\" data-e-type=\"widget\" data-widget_type=\"text-editor.default\">\n\t\t\t\t\t\t\t\t\t<p><span style=\"font-weight: 400;\">Hans Hartung est un peintre fran\u00e7ais d&rsquo;origine allemande, figure majeure de l&rsquo;abstraction lyrique et\u00a0 de l&rsquo;art informel. Sa vie et son \u0153uvre sont marqu\u00e9es par les turbulences du 20e si\u00e8cle et une qu\u00eate\u00a0 constante de libert\u00e9 et d&rsquo;expression gestuelle.\u00a0<\/span><\/p><p><span style=\"font-weight: 400;\">Voici les grandes lignes de sa biographie : <\/span><\/p>\t\t\t\t\t\t\t\t<\/div>\n\t\t\t\t<\/div>\n\t\t\t\t<div class=\"elementor-element elementor-element-36faf38 elementor-widget elementor-widget-heading\" data-id=\"36faf38\" data-element_type=\"widget\" data-e-type=\"widget\" data-widget_type=\"heading.default\">\n\t\t\t\t\t<h3 class=\"elementor-heading-title elementor-size-default\">1904 : Naissance \u00e0 Leipzig, Allemagne.<\/h3>\t\t\t\t<\/div>\n\t\t\t\t\t<\/div>\n\t\t\t\t<\/div>\n\t\t<div class=\"elementor-element elementor-element-4a93ea1 elementor-hidden-desktop clean-mobile e-flex e-con-boxed wpr-particle-no wpr-jarallax-no wpr-parallax-no wpr-sticky-section-no e-con e-parent\" data-id=\"4a93ea1\" data-element_type=\"container\" data-e-type=\"container\">\n\t\t\t\t\t<div class=\"e-con-inner\">\n\t\t\t\t<div class=\"elementor-element elementor-element-03fe983 elementor-widget elementor-widget-text-editor\" data-id=\"03fe983\" data-element_type=\"widget\" data-e-type=\"widget\" data-widget_type=\"text-editor.default\">\n\t\t\t\t\t\t\t\t\t<p><b>\u00a0<\/b><span style=\"font-weight: 400;\">D\u00e8s son plus jeune \u00e2ge, Hartung montre un vif\u00a0 int\u00e9r\u00eat pour l&rsquo;art. Il est fascin\u00e9 par les \u00e9clairs, les orages, les ph\u00e9nom\u00e8nes naturels qu&rsquo;il tente\u00a0 de retranscrire dans ses premiers dessins. Il d\u00e9veloppe tr\u00e8s t\u00f4t une sensibilit\u00e9 \u00e0 la spontan\u00e9it\u00e9 du trait.\u00a0<\/span><\/p>\t\t\t\t\t\t\t\t<\/div>\n\t\t\t\t<div class=\"elementor-element elementor-element-b545cac elementor-widget elementor-widget-heading\" data-id=\"b545cac\" data-element_type=\"widget\" data-e-type=\"widget\" data-widget_type=\"heading.default\">\n\t\t\t\t\t<h3 class=\"elementor-heading-title elementor-size-default\">Formation et Premiers Contacts avec l'Abstraction (Ann\u00e9es 1920) : \n<\/h3>\t\t\t\t<\/div>\n\t\t\t\t<div class=\"elementor-element elementor-element-50fe2c0 elementor-widget elementor-widget-text-editor\" data-id=\"50fe2c0\" data-element_type=\"widget\" data-e-type=\"widget\" data-widget_type=\"text-editor.default\">\n\t\t\t\t\t\t\t\t\t<ul><li><span style=\"font-weight: 400;\"> Il \u00e9tudie la philosophie et l&rsquo;histoire de l&rsquo;art aux universit\u00e9s de Leipzig et Dresde.\u00a0 <\/span><\/li><li><span style=\"font-weight: 400;\">Il fr\u00e9quente les acad\u00e9mies des Beaux-Arts de Leipzig et Dresde.\u00a0\u00a0<\/span><\/li><li><span style=\"font-weight: 400;\"> Il d\u00e9couvre les \u0153uvres de Kandinsky, Kokoschka, Nolde et Rembrandt.\u00a0\u00a0<\/span><\/li><li><span style=\"font-weight: 400;\"> \u00c0 partir de 1922, il commence \u00e0 peindre des toiles enti\u00e8rement abstraites, sans\u00a0 r\u00e9f\u00e9rence \u00e0 la r\u00e9alit\u00e9 visible, anticipant de nombreux d\u00e9veloppements de l&rsquo;art abstrait. Ces \u0153uvres sont caract\u00e9ris\u00e9es par des lignes, des taches et des compositions libres.\u00a0 \u2022 <\/span><b>Installation en France (Ann\u00e9es 1930) :\u00a0<\/b><\/li><li><span style=\"font-weight: 400;\"> D\u00e8s 1932, il s&rsquo;installe \u00e0 Paris, fuyant la mont\u00e9e du nazisme en Allemagne, qui rejette\u00a0 son art comme \u00ab\u00a0d\u00e9g\u00e9n\u00e9r\u00e9\u00a0\u00bb.\u00a0\u00a0<\/span><\/li><li><span style=\"font-weight: 400;\"> Il y rencontre des artistes comme Mondrian, Mir\u00f3, Calder, Kandinsky, et se lie\u00a0 d&rsquo;amiti\u00e9 avec Henri Goetz, qui lui offre un atelier.\u00a0\u00a0<\/span><\/li><li><span style=\"font-weight: 400;\"> Malgr\u00e9 des conditions de vie difficiles et le manque de reconnaissance, il continue \u00e0\u00a0 explorer son langage abstrait, caract\u00e9ris\u00e9 par des formes g\u00e9om\u00e9triques fluides et des\u00a0 compositions dynamiques. <\/span><\/li><\/ul>\t\t\t\t\t\t\t\t<\/div>\n\t\t\t\t<div class=\"elementor-element elementor-element-07f8c3e elementor-widget elementor-widget-heading\" data-id=\"07f8c3e\" data-element_type=\"widget\" data-e-type=\"widget\" data-widget_type=\"heading.default\">\n\t\t\t\t\t<h3 class=\"elementor-heading-title elementor-size-default\">Seconde Guerre Mondiale et Blessure (1939-1945) : <\/h3>\t\t\t\t<\/div>\n\t\t\t\t<div class=\"elementor-element elementor-element-b07d233 elementor-widget elementor-widget-text-editor\" data-id=\"b07d233\" data-element_type=\"widget\" data-e-type=\"widget\" data-widget_type=\"text-editor.default\">\n\t\t\t\t\t\t\t\t\t<ul><li><span style=\"font-weight: 400;\"> En 1939, il s&rsquo;engage dans la L\u00e9gion \u00c9trang\u00e8re fran\u00e7aise.\u00a0\u00a0<\/span><\/li><li><span style=\"font-weight: 400;\"> Apr\u00e8s la d\u00e9faite de la France, il est intern\u00e9 dans un camp de concentration en 1943\u00a0 pour ses origines allemandes.\u00a0\u00a0<\/span><\/li><li><span style=\"font-weight: 400;\"> Il parvient \u00e0 s&rsquo;\u00e9vader et rejoint la R\u00e9sistance.\u00a0\u00a0<\/span><\/li><li><span style=\"font-weight: 400;\"> En 1944, il est gravement bless\u00e9 lors des combats \u00e0 Belfort, ce qui entra\u00eene\u00a0 l&rsquo;amputation de sa jambe droite. Cette exp\u00e9rience traumatisante aura un impact\u00a0 profond sur sa perception de l&rsquo;existence et de l&rsquo;art.\u00a0 <\/span><\/li><\/ul>\t\t\t\t\t\t\t\t<\/div>\n\t\t\t\t<div class=\"elementor-element elementor-element-1f5faca elementor-widget elementor-widget-heading\" data-id=\"1f5faca\" data-element_type=\"widget\" data-e-type=\"widget\" data-widget_type=\"heading.default\">\n\t\t\t\t\t<h3 class=\"elementor-heading-title elementor-size-default\">Naturalisation Fran\u00e7aise et Reconnaissance (Apr\u00e8s-Guerre) : \n<\/h3>\t\t\t\t<\/div>\n\t\t\t\t<div class=\"elementor-element elementor-element-e40ac26 elementor-widget elementor-widget-text-editor\" data-id=\"e40ac26\" data-element_type=\"widget\" data-e-type=\"widget\" data-widget_type=\"text-editor.default\">\n\t\t\t\t\t\t\t\t\t<ul><li><span style=\"font-weight: 400;\"> En 1946, il obtient la nationalit\u00e9 fran\u00e7aise.\u00a0\u00a0<\/span><\/li><li><span style=\"font-weight: 400;\"> L&rsquo;apr\u00e8s-guerre marque le d\u00e9but de sa reconnaissance. Il participe \u00e0 de nombreuses\u00a0 expositions en France et \u00e0 l&rsquo;\u00e9tranger.\u00a0\u00a0<\/span><\/li><li><span style=\"font-weight: 400;\"> Son travail est associ\u00e9 \u00e0 l&rsquo;<\/span><b>abstraction lyrique <\/b><span style=\"font-weight: 400;\">et \u00e0 l&rsquo;<\/span><b>art informel<\/b><span style=\"font-weight: 400;\">, des mouvements\u00a0 qui privil\u00e9gient l&rsquo;expression spontan\u00e9e, le geste et la subjectivit\u00e9 de l&rsquo;artiste, en\u00a0 opposition \u00e0 l&rsquo;abstraction g\u00e9om\u00e9trique.\u00a0\u00a0<\/span><\/li><li><span style=\"font-weight: 400;\"> Ses \u0153uvres sont caract\u00e9ris\u00e9es par des signes calligraphiques, des faisceaux de traits\u00a0 \u00e9nergiques, des griffures, des frottements, qui traduisent une grande libert\u00e9 gestuelle\u00a0 et une intensit\u00e9 \u00e9motionnelle. <\/span><\/li><\/ul>\t\t\t\t\t\t\t\t<\/div>\n\t\t\t\t<div class=\"elementor-element elementor-element-4801fd2 elementor-widget elementor-widget-heading\" data-id=\"4801fd2\" data-element_type=\"widget\" data-e-type=\"widget\" data-widget_type=\"heading.default\">\n\t\t\t\t\t<h3 class=\"elementor-heading-title elementor-size-default\">P\u00e9riodes de Cr\u00e9ation et \u00c9volution du Style :\n<\/h3>\t\t\t\t<\/div>\n\t\t\t\t<div class=\"elementor-element elementor-element-b889421 elementor-widget elementor-widget-text-editor\" data-id=\"b889421\" data-element_type=\"widget\" data-e-type=\"widget\" data-widget_type=\"text-editor.default\">\n\t\t\t\t\t\t\t\t\t<ul><li><b>Ann\u00e9es 1950 : <\/b><span style=\"font-weight: 400;\">P\u00e9riode embl\u00e9matique des \u00ab\u00a0taches et griffures\u00a0\u00bb, o\u00f9 des traits noirs et\u00a0 incisifs se d\u00e9ploient sur des fonds color\u00e9s. Le geste est rapide, direct.\u00a0\u00a0<\/span><\/li><li><b>Ann\u00e9es 1960 : <\/b><span style=\"font-weight: 400;\">Il exp\u00e9rimente de nouveaux outils et techniques (brosses larges,\u00a0 rouleaux, pulv\u00e9risation) pour cr\u00e9er des plages de couleurs vibrantes et des faisceaux\u00a0 de lignes qui semblent jaillir de la toile.\u00a0\u00a0<\/span><\/li><li><b>Ann\u00e9es 1970 et 1980 : <\/b><span style=\"font-weight: 400;\">Malgr\u00e9 des probl\u00e8mes de sant\u00e9 qui le contraignent \u00e0 peindre\u00a0 depuis son fauteuil roulant, il ne cesse d&rsquo;innover. Il utilise des racloirs, des\u00a0\u00a0<\/span><\/li><\/ul><p><span style=\"font-weight: 400;\">vaporisateurs, des soufflettes pour cr\u00e9er des bandes lumineuses, des nuages de\u00a0 couleurs, des tra\u00een\u00e9es de lumi\u00e8re. Le geste reste essentiel, m\u00eame s&rsquo;il est parfois\u00a0 m\u00e9diatis\u00e9 par des outils. Sa palette devient plus claire et lumineuse vers la fin de sa\u00a0 vie.\u00a0 <\/span><\/p>\t\t\t\t\t\t\t\t<\/div>\n\t\t\t\t<div class=\"elementor-element elementor-element-731baf8 elementor-widget elementor-widget-heading\" data-id=\"731baf8\" data-element_type=\"widget\" data-e-type=\"widget\" data-widget_type=\"heading.default\">\n\t\t\t\t\t<h3 class=\"elementor-heading-title elementor-size-default\"> Prix et Distinctions :<\/h3>\t\t\t\t<\/div>\n\t\t\t\t<div class=\"elementor-element elementor-element-25f00ca elementor-widget elementor-widget-text-editor\" data-id=\"25f00ca\" data-element_type=\"widget\" data-e-type=\"widget\" data-widget_type=\"text-editor.default\">\n\t\t\t\t\t\t\t\t\t<p><span style=\"font-weight: 400;\">En 1960, il re\u00e7oit le Grand Prix international de peinture \u00e0 la Biennale de Venise,\u00a0 confirmant sa stature d&rsquo;artiste majeur.<\/span><\/p>\t\t\t\t\t\t\t\t<\/div>\n\t\t\t\t<div class=\"elementor-element elementor-element-368e024 elementor-widget elementor-widget-heading\" data-id=\"368e024\" data-element_type=\"widget\" data-e-type=\"widget\" data-widget_type=\"heading.default\">\n\t\t\t\t\t<h3 class=\"elementor-heading-title elementor-size-default\">1989 : D\u00e9c\u00e8s \u00e0 Antibes, France. <\/h3>\t\t\t\t<\/div>\n\t\t\t\t<div class=\"elementor-element elementor-element-7342f82 elementor-widget elementor-widget-text-editor\" data-id=\"7342f82\" data-element_type=\"widget\" data-e-type=\"widget\" data-widget_type=\"text-editor.default\">\n\t\t\t\t\t\t\t\t\t<p><b>\u00a0<\/b><span style=\"font-weight: 400;\">Il laisse derri\u00e8re lui une \u0153uvre monumentale, qui a marqu\u00e9 durablement l&rsquo;histoire de l&rsquo;art abstrait.\u00a0<\/span><\/p><p><span style=\"font-weight: 400;\">L&rsquo;\u0153uvre de Hans Hartung est une exploration constante de la ligne, du geste, de la couleur et de la\u00a0 lumi\u00e8re. Il cherchait \u00e0 rendre visible l&rsquo;invisible, \u00e0 exprimer des \u00e9motions int\u00e9rieures et des\u00a0 mouvements de l&rsquo;\u00e2me \u00e0 travers des compositions d&rsquo;une grande vitalit\u00e9 et d&rsquo;une force expressive\u00a0 ind\u00e9niable. Il reste une figure embl\u00e9matique de la libert\u00e9 cr\u00e9atrice et de la pers\u00e9v\u00e9rance artistique\u00a0 face aux \u00e9preuves de la vie.<\/span><\/p>\t\t\t\t\t\t\t\t<\/div>\n\t\t\t\t\t<\/div>\n\t\t\t\t<\/div>\n\t\t<div class=\"elementor-element elementor-element-d92d831 e-flex e-con-boxed wpr-particle-no wpr-jarallax-no wpr-parallax-no wpr-sticky-section-no e-con e-parent\" data-id=\"d92d831\" data-element_type=\"container\" data-e-type=\"container\">\n\t\t\t\t\t<div class=\"e-con-inner\">\n\t\t\t\t<div class=\"elementor-element elementor-element-73591ce elementor-widget elementor-widget-html\" data-id=\"73591ce\" data-element_type=\"widget\" data-e-type=\"widget\" data-widget_type=\"html.default\">\n\t\t\t\t\t<style>\n\/* 1. R\u00c9F\u00c9RENCE DU BOUTON *\/\n.mon-bouton-clic, \n.mon-bouton-clic-mob {\n    position: relative !important;\n    display: inline-block !important;\n    height: auto !important;\n}\n\n\/* 2. LA LISTE (D\u00e9sormais coll\u00e9e) *\/\n.ma-liste-partage, \n.ma-liste-partage-mob {\n    display: none;\n    background: #ffffff;\n    border: 1px solid #d1d1d1;\n    padding: 0 !important;\n    \n    position: absolute !important;\n    top: 100% !important; \n    left: 0 !important;\n    \n    \/* MODIFICATION ICI : On passe \u00e0 0 pour coller au bouton *\/\n    margin-top: 0px !important; \n    \n    z-index: 999999 !important;\n    width: 140px;\n    box-shadow: 0px 8px 16px rgba(0,0,0,0.1);\n}\n\n.ma-liste-partage.visible, \n.ma-liste-partage-mob.visible {\n    display: block !important;\n}\n\n\/* 3. STYLE DES ITEMS *\/\n.ma-liste-partage .elementor-icon-list-item,\n.ma-liste-partage-mob .elementor-icon-list-item {\n    padding: 10px 12px !important;\n    transition: all 0.2s ease;\n    cursor: pointer;\n    margin: 0 !important;\n    display: flex;\n    align-items: center;\n}\n\n.ma-liste-partage .elementor-icon-list-text, \n.ma-liste-partage-mob .elementor-icon-list-text {\n    font-family: 'Montserrat', sans-serif !important;\n    font-size: 10px !important;\n    text-transform: uppercase !important;\n    color: #888888 !important;\n    letter-spacing: 1px;\n}\n\n.ma-liste-partage .elementor-icon-list-item:hover {\n    background-color: #000000 !important;\n}\n\n.ma-liste-partage .elementor-icon-list-item:hover .elementor-icon-list-text,\n.ma-liste-partage .elementor-icon-list-item:hover svg {\n    color: #ffffff !important;\n    fill: #ffffff !important;\n}\n\n.ma-liste-partage a { \n    text-decoration: none !important; \n    display: flex; \n    width: 100%; \n    align-items: center;\n}\n<\/style>\n\n<script>\ndocument.addEventListener('DOMContentLoaded', function() {\n    \n    \/\/ On d\u00e9place physiquement la liste dans le bouton pour l'ancrage\n    const btnPC = document.querySelector('.mon-bouton-clic');\n    const listPC = document.querySelector('.ma-liste-partage');\n    const btnMob = document.querySelector('.mon-bouton-clic-mob');\n    const listMob = document.querySelector('.ma-liste-partage-mob');\n\n    if(btnPC && listPC) btnPC.appendChild(listPC);\n    if(btnMob && listMob) btnMob.appendChild(listMob);\n\n    function setupShareToggle(btnClass, listClass) {\n        const btn = document.querySelector(btnClass);\n        const list = document.querySelector(listClass);\n        \n        if(btn && list) {\n            btn.addEventListener('click', function(e) {\n                if(e.target.tagName !== 'A' && e.target.parentElement.tagName !== 'A') {\n                   e.preventDefault();\n                }\n                e.stopPropagation();\n                list.classList.toggle('visible');\n            });\n        }\n    }\n\n    setupShareToggle('.mon-bouton-clic', '.ma-liste-partage');\n    setupShareToggle('.mon-bouton-clic-mob', '.ma-liste-partage-mob');\n\n    document.addEventListener('click', function() {\n        if(listPC) listPC.classList.remove('visible');\n        if(listMob) listMob.classList.remove('visible');\n    });\n\n    const urlPage = encodeURIComponent(window.location.href);\n    const config = {\n        '#share-fb': `https:\/\/www.facebook.com\/sharer\/sharer.php?u=${urlPage}`,\n        '#share-link': `https:\/\/www.linkedin.com\/sharing\/share-offsite\/?url=${urlPage}`,\n        '#share-mail': `mailto:?body=${urlPage}`,\n        '#share-insta': `https:\/\/www.instagram.com\/eric_brugier_galerie\/`\n    };\n\n    Object.keys(config).forEach(id => {\n        document.querySelectorAll(`a[href=\"${id}\"]`).forEach(el => {\n            el.href = config[id];\n            el.setAttribute('target', '_blank');\n        });\n    });\n});\n<\/script>\t\t\t\t<\/div>\n\t\t\t\t<div class=\"elementor-element elementor-element-7b81ef0 elementor-widget elementor-widget-html\" data-id=\"7b81ef0\" data-element_type=\"widget\" data-e-type=\"widget\" data-widget_type=\"html.default\">\n\t\t\t\t\t<script>\ndocument.addEventListener(\"DOMContentLoaded\", function() {\n    \/\/ On d\u00e9finit le seuil \u00e0 767px pour isoler uniquement les mobiles\n    var isSmallMobile = window.innerWidth <= 767;\n\n    if (isSmallMobile) {\n        \/\/ \u00c9cran <= 767px : On supprime physiquement la version PC\n        document.querySelectorAll('.clean-pc').forEach(function(el) {\n            el.remove();\n        });\n    } else {\n        \/\/ \u00c9cran > 767px (Tablettes et PC) : On supprime physiquement la version mobile\n        document.querySelectorAll('.clean-mobile').forEach(function(el) {\n            el.remove();\n        });\n    }\n});\n<\/script>\t\t\t\t<\/div>\n\t\t\t\t\t<\/div>\n\t\t\t\t<\/div>\n\t\t\t\t<\/div>\n\t\t","protected":false},"excerpt":{"rendered":"<p>Hans Hartung OEUVRES BIOGRAPHIE &lt;\u00a0\u00a0 ARTISTE SUIVANT\u00a0 \u00a0&gt; OEUVRES BIOGRAPHIE &lt;\u00a0\u00a0 ARTISTE SUIVANT\u00a0 \u00a0&gt; Hans Hartung : L\u2019\u00e9criture du silence et du mouvement Jean Fautrier est une figure majeure de l&rsquo;art du XXe si\u00e8cle, un artiste dont l&rsquo;\u0153uvre est \u00e0 la fois\u00a0 puissante, sombre et d&rsquo;une intensit\u00e9 \u00e9motionnelle rare. Pr\u00e9curseur de l&rsquo;art informel et de l&rsquo;abstraction lyrique, il a explor\u00e9 la mati\u00e8re picturale pour exprimer les profondeurs de la condition humaine,\u00a0 notamment face \u00e0 l&rsquo;horreur des conflits.\u00a0 Voici les grandes lignes de sa biographie : 1904 : Naissance \u00e0 Leipzig, Allemagne. D\u00e8s son plus jeune \u00e2ge, Hartung montre un vif\u00a0 int\u00e9r\u00eat pour l&rsquo;art. Il est fascin\u00e9 par les \u00e9clairs, les orages, les ph\u00e9nom\u00e8nes naturels qu&rsquo;il tente\u00a0 de retranscrire dans ses premiers dessins. Il d\u00e9veloppe tr\u00e8s t\u00f4t une sensibilit\u00e9 \u00e0 la spontan\u00e9it\u00e9 du trait.\u00a0 Formation et Premiers Contacts avec l&rsquo;Abstraction (Ann\u00e9es 1920) : Il \u00e9tudie la philosophie et l&rsquo;histoire de l&rsquo;art aux universit\u00e9s de Leipzig et Dresde.\u00a0 \u00a0Il fr\u00e9quente les acad\u00e9mies des Beaux-Arts de Leipzig et Dresde.\u00a0\u00a0 Il d\u00e9couvre les \u0153uvres de Kandinsky, Kokoschka, Nolde et Rembrandt.\u00a0\u00a0 \u00c0 partir de 1922, il commence \u00e0 peindre des toiles enti\u00e8rement abstraites, sans\u00a0 r\u00e9f\u00e9rence \u00e0 la r\u00e9alit\u00e9 visible, anticipant de nombreux d\u00e9veloppements de l&rsquo;art abstrait. Ces \u0153uvres sont caract\u00e9ris\u00e9es par des lignes, des taches et des compositions libres.\u00a0 \u2022 Installation en France (Ann\u00e9es 1930) :\u00a0 D\u00e8s 1932, il s&rsquo;installe \u00e0 Paris, fuyant la mont\u00e9e du nazisme en Allemagne, qui rejette\u00a0 son art comme \u00ab\u00a0d\u00e9g\u00e9n\u00e9r\u00e9\u00a0\u00bb.\u00a0\u00a0 Il y rencontre des artistes comme Mondrian, Mir\u00f3, Calder, Kandinsky, et se lie\u00a0 d&rsquo;amiti\u00e9 avec Henri Goetz, qui lui offre un atelier.\u00a0\u00a0 Malgr\u00e9 des conditions de vie difficiles et le manque de reconnaissance, il continue \u00e0\u00a0 explorer son langage abstrait, caract\u00e9ris\u00e9 par des formes g\u00e9om\u00e9triques fluides et des\u00a0 compositions dynamiques. Seconde Guerre Mondiale et Blessure (1939-1945) : En 1939, il s&rsquo;engage dans la L\u00e9gion \u00c9trang\u00e8re fran\u00e7aise.\u00a0\u00a0 Apr\u00e8s la d\u00e9faite de la France, il est intern\u00e9 dans un camp de concentration en 1943\u00a0 pour ses origines allemandes.\u00a0\u00a0 Il parvient \u00e0 s&rsquo;\u00e9vader et rejoint la R\u00e9sistance.\u00a0\u00a0 En 1944, il est gravement bless\u00e9 lors des combats \u00e0 Belfort, ce qui entra\u00eene\u00a0 l&rsquo;amputation de sa jambe droite. Cette exp\u00e9rience traumatisante aura un impact\u00a0 profond sur sa perception de l&rsquo;existence et de l&rsquo;art. Naturalisation Fran\u00e7aise et Reconnaissance (Apr\u00e8s-Guerre) : En 1946, il obtient la nationalit\u00e9 fran\u00e7aise.\u00a0\u00a0 L&rsquo;apr\u00e8s-guerre marque le d\u00e9but de sa reconnaissance. Il participe \u00e0 de nombreuses\u00a0 expositions en France et \u00e0 l&rsquo;\u00e9tranger.\u00a0\u00a0 Son travail est associ\u00e9 \u00e0 l&rsquo;abstraction lyrique et \u00e0 l&rsquo;art informel, des mouvements\u00a0 qui privil\u00e9gient l&rsquo;expression spontan\u00e9e, le geste et la subjectivit\u00e9 de l&rsquo;artiste, en\u00a0 opposition \u00e0 l&rsquo;abstraction g\u00e9om\u00e9trique.\u00a0\u00a0 Ses \u0153uvres sont caract\u00e9ris\u00e9es par des signes calligraphiques, des faisceaux de traits\u00a0 \u00e9nergiques, des griffures, des frottements, qui traduisent une grande libert\u00e9 gestuelle\u00a0 et une intensit\u00e9 \u00e9motionnelle.\u00a0 P\u00e9riodes de Cr\u00e9ation et \u00c9volution du Style : Ann\u00e9es 1950 : P\u00e9riode embl\u00e9matique des \u00ab\u00a0taches et griffures\u00a0\u00bb, o\u00f9 des traits noirs et\u00a0 incisifs se d\u00e9ploient sur des fonds color\u00e9s. Le geste est rapide, direct.\u00a0\u00a0 Ann\u00e9es 1960 : Il exp\u00e9rimente de nouveaux outils et techniques (brosses larges,\u00a0 rouleaux, pulv\u00e9risation) pour cr\u00e9er des plages de couleurs vibrantes et des faisceaux\u00a0 de lignes qui semblent jaillir de la toile.\u00a0\u00a0 Ann\u00e9es 1970 et 1980 : Malgr\u00e9 des probl\u00e8mes de sant\u00e9 qui le contraignent \u00e0 peindre\u00a0 depuis son fauteuil roulant, il ne cesse d&rsquo;innover. Il utilise des racloirs, des\u00a0\u00a0 vaporisateurs, des soufflettes pour cr\u00e9er des bandes lumineuses, des nuages de\u00a0 couleurs, des tra\u00een\u00e9es de lumi\u00e8re. Le geste reste essentiel, m\u00eame s&rsquo;il est parfois\u00a0 m\u00e9diatis\u00e9 par des outils. Sa palette devient plus claire et lumineuse vers la fin de sa\u00a0 vie. \u2022 Prix et Distinctions : En 1960, il re\u00e7oit le Grand Prix international de peinture \u00e0 la Biennale de Venise,\u00a0 confirmant sa stature d&rsquo;artiste majeur.\u00a0\u00a0 1989 : D\u00e9c\u00e8s \u00e0 Antibes, France. Il laisse derri\u00e8re lui une \u0153uvre monumentale, qui a marqu\u00e9 durablement l&rsquo;histoire de l&rsquo;art abstrait.\u00a0 L&rsquo;\u0153uvre de Hans Hartung est une exploration constante de la ligne, du geste, de la couleur et de la\u00a0 lumi\u00e8re. Il cherchait \u00e0 rendre visible l&rsquo;invisible, \u00e0 exprimer des \u00e9motions int\u00e9rieures et des\u00a0 mouvements de l&rsquo;\u00e2me \u00e0 travers des compositions d&rsquo;une grande vitalit\u00e9 et d&rsquo;une force expressive\u00a0 ind\u00e9niable. Il reste une figure embl\u00e9matique de la libert\u00e9 cr\u00e9atrice et de la pers\u00e9v\u00e9rance artistique\u00a0 face aux \u00e9preuves de la vie. + PARTAGER FACEBOOK LINKEDIN EMAIL + PARTAGER FACEBOOK LINKEDIN EMAIL Hans Hartung : L\u2019\u00e9criture du silence et du mouvement Hans Hartung est un peintre fran\u00e7ais d&rsquo;origine allemande, figure majeure de l&rsquo;abstraction lyrique et\u00a0 de l&rsquo;art informel. Sa vie et son \u0153uvre sont marqu\u00e9es par les turbulences du 20e si\u00e8cle et une qu\u00eate\u00a0 constante de libert\u00e9 et d&rsquo;expression gestuelle.\u00a0 Voici les grandes lignes de sa biographie : 1904 : Naissance \u00e0 Leipzig, Allemagne. \u00a0D\u00e8s son plus jeune \u00e2ge, Hartung montre un vif\u00a0 int\u00e9r\u00eat pour l&rsquo;art. Il est fascin\u00e9 par les \u00e9clairs, les orages, les ph\u00e9nom\u00e8nes naturels qu&rsquo;il tente\u00a0 de retranscrire dans ses premiers dessins. Il d\u00e9veloppe tr\u00e8s t\u00f4t une sensibilit\u00e9 \u00e0 la spontan\u00e9it\u00e9 du trait.\u00a0 Formation et Premiers Contacts avec l&rsquo;Abstraction (Ann\u00e9es 1920) : Il \u00e9tudie la philosophie et l&rsquo;histoire de l&rsquo;art aux universit\u00e9s de Leipzig et Dresde.\u00a0 Il fr\u00e9quente les acad\u00e9mies des Beaux-Arts de Leipzig et Dresde.\u00a0\u00a0 Il d\u00e9couvre les \u0153uvres de Kandinsky, Kokoschka, Nolde et Rembrandt.\u00a0\u00a0 \u00c0 partir de 1922, il commence \u00e0 peindre des toiles enti\u00e8rement abstraites, sans\u00a0 r\u00e9f\u00e9rence \u00e0 la r\u00e9alit\u00e9 visible, anticipant de nombreux d\u00e9veloppements de l&rsquo;art abstrait. Ces \u0153uvres sont caract\u00e9ris\u00e9es par des lignes, des taches et des compositions libres.\u00a0 \u2022 Installation en France (Ann\u00e9es 1930) :\u00a0 D\u00e8s 1932, il s&rsquo;installe \u00e0 Paris, fuyant la mont\u00e9e du nazisme en Allemagne, qui rejette\u00a0 son art comme \u00ab\u00a0d\u00e9g\u00e9n\u00e9r\u00e9\u00a0\u00bb.\u00a0\u00a0 Il y rencontre des artistes comme Mondrian, Mir\u00f3, Calder, Kandinsky, et se lie\u00a0 d&rsquo;amiti\u00e9 avec Henri Goetz, qui lui offre un atelier.\u00a0\u00a0 Malgr\u00e9 des conditions de vie difficiles et le manque de reconnaissance, il continue \u00e0\u00a0 explorer son langage abstrait, caract\u00e9ris\u00e9 par des formes g\u00e9om\u00e9triques fluides et des\u00a0 compositions dynamiques. Seconde Guerre Mondiale et Blessure (1939-1945) : En 1939, il s&rsquo;engage dans la L\u00e9gion \u00c9trang\u00e8re fran\u00e7aise.\u00a0\u00a0 Apr\u00e8s la d\u00e9faite de la France, il est<\/p>\n","protected":false},"author":2,"featured_media":1060,"parent":1578,"menu_order":0,"comment_status":"closed","ping_status":"closed","template":"","meta":{"inline_featured_image":false,"footnotes":""},"wf_page_folders":[82],"class_list":["post-4320","page","type-page","status-publish","has-post-thumbnail","hentry"],"yoast_head":"<!-- This site is optimized with the Yoast SEO plugin v27.3 - https:\/\/yoast.com\/product\/yoast-seo-wordpress\/ -->\n<title>Hans Hartung : Biographie du ma\u00eetre du geste<\/title>\n<meta name=\"description\" content=\"L&#039;abstraction lyrique de Hans Hartung, son histoire et sa vision : une biographie compl\u00e8te par \u00c9ric Brugier marchand d&#039;art.\" \/>\n<meta name=\"robots\" content=\"index, follow, max-snippet:-1, max-image-preview:large, max-video-preview:-1\" \/>\n<link rel=\"canonical\" href=\"https:\/\/ericbrugier.com\/fr\/artistes\/biographie-hans-hartung\/\" \/>\n<meta property=\"og:locale\" content=\"fr_FR\" \/>\n<meta property=\"og:type\" content=\"article\" \/>\n<meta property=\"og:title\" content=\"Hans Hartung : Biographie du ma\u00eetre du geste\" \/>\n<meta property=\"og:description\" content=\"L&#039;abstraction lyrique de Hans Hartung, son histoire et sa vision : une biographie compl\u00e8te par \u00c9ric Brugier marchand d&#039;art.\" \/>\n<meta property=\"og:url\" content=\"https:\/\/ericbrugier.com\/fr\/artistes\/biographie-hans-hartung\/\" \/>\n<meta property=\"og:site_name\" content=\"\u00c9ric Brugier - Marchand d&#039;art - Gestion de collection\" \/>\n<meta property=\"article:modified_time\" content=\"2026-02-24T11:35:00+00:00\" \/>\n<meta property=\"og:image\" content=\"https:\/\/ericbrugier.com\/wp-content\/uploads\/2025\/12\/Hans-Hartung.jpg\" \/>\n\t<meta property=\"og:image:width\" content=\"800\" \/>\n\t<meta property=\"og:image:height\" content=\"800\" \/>\n\t<meta property=\"og:image:type\" content=\"image\/jpeg\" \/>\n<meta name=\"twitter:card\" content=\"summary_large_image\" \/>\n<meta name=\"twitter:label1\" content=\"Dur\u00e9e de lecture estim\u00e9e\" \/>\n\t<meta name=\"twitter:data1\" content=\"9 minutes\" \/>\n<script type=\"application\/ld+json\" class=\"yoast-schema-graph\">{\"@context\":\"https:\\\/\\\/schema.org\",\"@graph\":[{\"@type\":\"WebPage\",\"@id\":\"https:\\\/\\\/ericbrugier.com\\\/fr\\\/artistes\\\/biographie-hans-hartung\\\/\",\"url\":\"https:\\\/\\\/ericbrugier.com\\\/fr\\\/artistes\\\/biographie-hans-hartung\\\/\",\"name\":\"Hans Hartung : Biographie du ma\u00eetre du geste\",\"isPartOf\":{\"@id\":\"https:\\\/\\\/ericbrugier.com\\\/#website\"},\"primaryImageOfPage\":{\"@id\":\"https:\\\/\\\/ericbrugier.com\\\/fr\\\/artistes\\\/biographie-hans-hartung\\\/#primaryimage\"},\"image\":{\"@id\":\"https:\\\/\\\/ericbrugier.com\\\/fr\\\/artistes\\\/biographie-hans-hartung\\\/#primaryimage\"},\"thumbnailUrl\":\"https:\\\/\\\/ericbrugier.com\\\/wp-content\\\/uploads\\\/2025\\\/12\\\/Hans-Hartung.jpg\",\"datePublished\":\"2026-01-30T16:04:56+00:00\",\"dateModified\":\"2026-02-24T11:35:00+00:00\",\"description\":\"L'abstraction lyrique de Hans Hartung, son histoire et sa vision : une biographie compl\u00e8te par \u00c9ric Brugier marchand d'art.\",\"breadcrumb\":{\"@id\":\"https:\\\/\\\/ericbrugier.com\\\/fr\\\/artistes\\\/biographie-hans-hartung\\\/#breadcrumb\"},\"inLanguage\":\"fr-FR\",\"potentialAction\":[{\"@type\":\"ReadAction\",\"target\":[\"https:\\\/\\\/ericbrugier.com\\\/fr\\\/artistes\\\/biographie-hans-hartung\\\/\"]}]},{\"@type\":\"ImageObject\",\"inLanguage\":\"fr-FR\",\"@id\":\"https:\\\/\\\/ericbrugier.com\\\/fr\\\/artistes\\\/biographie-hans-hartung\\\/#primaryimage\",\"url\":\"https:\\\/\\\/ericbrugier.com\\\/wp-content\\\/uploads\\\/2025\\\/12\\\/Hans-Hartung.jpg\",\"contentUrl\":\"https:\\\/\\\/ericbrugier.com\\\/wp-content\\\/uploads\\\/2025\\\/12\\\/Hans-Hartung.jpg\",\"width\":800,\"height\":800,\"caption\":\"Hans Hartung _Eric Brugier_Marchand d'art_Gestion de collection\"},{\"@type\":\"BreadcrumbList\",\"@id\":\"https:\\\/\\\/ericbrugier.com\\\/fr\\\/artistes\\\/biographie-hans-hartung\\\/#breadcrumb\",\"itemListElement\":[{\"@type\":\"ListItem\",\"position\":1,\"name\":\"Accueil\",\"item\":\"https:\\\/\\\/ericbrugier.com\\\/\"},{\"@type\":\"ListItem\",\"position\":2,\"name\":\"ARTISTES\",\"item\":\"https:\\\/\\\/ericbrugier.com\\\/fr\\\/artistes\\\/\"},{\"@type\":\"ListItem\",\"position\":3,\"name\":\"Biographie Hans Hartung\"}]},{\"@type\":\"WebSite\",\"@id\":\"https:\\\/\\\/ericbrugier.com\\\/#website\",\"url\":\"https:\\\/\\\/ericbrugier.com\\\/\",\"name\":\"Eric Brugier - Galerie d'art\",\"description\":\"Marchand d&#039;art et Gestion de collection\",\"publisher\":{\"@id\":\"https:\\\/\\\/ericbrugier.com\\\/#organization\"},\"potentialAction\":[{\"@type\":\"SearchAction\",\"target\":{\"@type\":\"EntryPoint\",\"urlTemplate\":\"https:\\\/\\\/ericbrugier.com\\\/?s={search_term_string}\"},\"query-input\":{\"@type\":\"PropertyValueSpecification\",\"valueRequired\":true,\"valueName\":\"search_term_string\"}}],\"inLanguage\":\"fr-FR\"},{\"@type\":\"Organization\",\"@id\":\"https:\\\/\\\/ericbrugier.com\\\/#organization\",\"name\":\"Eric Brugier - Marchand d'art - Gestion de collection\",\"url\":\"https:\\\/\\\/ericbrugier.com\\\/\",\"logo\":{\"@type\":\"ImageObject\",\"inLanguage\":\"fr-FR\",\"@id\":\"https:\\\/\\\/ericbrugier.com\\\/#\\\/schema\\\/logo\\\/image\\\/\",\"url\":\"https:\\\/\\\/ericbrugier.com\\\/wp-content\\\/uploads\\\/2025\\\/12\\\/Logo-eric-brugier-1.webp\",\"contentUrl\":\"https:\\\/\\\/ericbrugier.com\\\/wp-content\\\/uploads\\\/2025\\\/12\\\/Logo-eric-brugier-1.webp\",\"width\":1600,\"height\":500,\"caption\":\"Eric Brugier - Marchand d'art - Gestion de collection\"},\"image\":{\"@id\":\"https:\\\/\\\/ericbrugier.com\\\/#\\\/schema\\\/logo\\\/image\\\/\"}}]}<\/script>\n<!-- \/ Yoast SEO plugin. -->","yoast_head_json":{"title":"Hans Hartung : Biographie du ma\u00eetre du geste","description":"L'abstraction lyrique de Hans Hartung, son histoire et sa vision : une biographie compl\u00e8te par \u00c9ric Brugier marchand d'art.","robots":{"index":"index","follow":"follow","max-snippet":"max-snippet:-1","max-image-preview":"max-image-preview:large","max-video-preview":"max-video-preview:-1"},"canonical":"https:\/\/ericbrugier.com\/fr\/artistes\/biographie-hans-hartung\/","og_locale":"fr_FR","og_type":"article","og_title":"Hans Hartung : Biographie du ma\u00eetre du geste","og_description":"L'abstraction lyrique de Hans Hartung, son histoire et sa vision : une biographie compl\u00e8te par \u00c9ric Brugier marchand d'art.","og_url":"https:\/\/ericbrugier.com\/fr\/artistes\/biographie-hans-hartung\/","og_site_name":"\u00c9ric Brugier - Marchand d&#039;art - Gestion de collection","article_modified_time":"2026-02-24T11:35:00+00:00","og_image":[{"width":800,"height":800,"url":"https:\/\/ericbrugier.com\/wp-content\/uploads\/2025\/12\/Hans-Hartung.jpg","type":"image\/jpeg"}],"twitter_card":"summary_large_image","twitter_misc":{"Dur\u00e9e de lecture estim\u00e9e":"9 minutes"},"schema":{"@context":"https:\/\/schema.org","@graph":[{"@type":"WebPage","@id":"https:\/\/ericbrugier.com\/fr\/artistes\/biographie-hans-hartung\/","url":"https:\/\/ericbrugier.com\/fr\/artistes\/biographie-hans-hartung\/","name":"Hans Hartung : Biographie du ma\u00eetre du geste","isPartOf":{"@id":"https:\/\/ericbrugier.com\/#website"},"primaryImageOfPage":{"@id":"https:\/\/ericbrugier.com\/fr\/artistes\/biographie-hans-hartung\/#primaryimage"},"image":{"@id":"https:\/\/ericbrugier.com\/fr\/artistes\/biographie-hans-hartung\/#primaryimage"},"thumbnailUrl":"https:\/\/ericbrugier.com\/wp-content\/uploads\/2025\/12\/Hans-Hartung.jpg","datePublished":"2026-01-30T16:04:56+00:00","dateModified":"2026-02-24T11:35:00+00:00","description":"L'abstraction lyrique de Hans Hartung, son histoire et sa vision : une biographie compl\u00e8te par \u00c9ric Brugier marchand d'art.","breadcrumb":{"@id":"https:\/\/ericbrugier.com\/fr\/artistes\/biographie-hans-hartung\/#breadcrumb"},"inLanguage":"fr-FR","potentialAction":[{"@type":"ReadAction","target":["https:\/\/ericbrugier.com\/fr\/artistes\/biographie-hans-hartung\/"]}]},{"@type":"ImageObject","inLanguage":"fr-FR","@id":"https:\/\/ericbrugier.com\/fr\/artistes\/biographie-hans-hartung\/#primaryimage","url":"https:\/\/ericbrugier.com\/wp-content\/uploads\/2025\/12\/Hans-Hartung.jpg","contentUrl":"https:\/\/ericbrugier.com\/wp-content\/uploads\/2025\/12\/Hans-Hartung.jpg","width":800,"height":800,"caption":"Hans Hartung _Eric Brugier_Marchand d'art_Gestion de collection"},{"@type":"BreadcrumbList","@id":"https:\/\/ericbrugier.com\/fr\/artistes\/biographie-hans-hartung\/#breadcrumb","itemListElement":[{"@type":"ListItem","position":1,"name":"Accueil","item":"https:\/\/ericbrugier.com\/"},{"@type":"ListItem","position":2,"name":"ARTISTES","item":"https:\/\/ericbrugier.com\/fr\/artistes\/"},{"@type":"ListItem","position":3,"name":"Biographie Hans Hartung"}]},{"@type":"WebSite","@id":"https:\/\/ericbrugier.com\/#website","url":"https:\/\/ericbrugier.com\/","name":"Eric Brugier - Galerie d'art","description":"Marchand d&#039;art et Gestion de collection","publisher":{"@id":"https:\/\/ericbrugier.com\/#organization"},"potentialAction":[{"@type":"SearchAction","target":{"@type":"EntryPoint","urlTemplate":"https:\/\/ericbrugier.com\/?s={search_term_string}"},"query-input":{"@type":"PropertyValueSpecification","valueRequired":true,"valueName":"search_term_string"}}],"inLanguage":"fr-FR"},{"@type":"Organization","@id":"https:\/\/ericbrugier.com\/#organization","name":"Eric Brugier - Marchand d'art - Gestion de collection","url":"https:\/\/ericbrugier.com\/","logo":{"@type":"ImageObject","inLanguage":"fr-FR","@id":"https:\/\/ericbrugier.com\/#\/schema\/logo\/image\/","url":"https:\/\/ericbrugier.com\/wp-content\/uploads\/2025\/12\/Logo-eric-brugier-1.webp","contentUrl":"https:\/\/ericbrugier.com\/wp-content\/uploads\/2025\/12\/Logo-eric-brugier-1.webp","width":1600,"height":500,"caption":"Eric Brugier - Marchand d'art - Gestion de collection"},"image":{"@id":"https:\/\/ericbrugier.com\/#\/schema\/logo\/image\/"}}]}},"_links":{"self":[{"href":"https:\/\/ericbrugier.com\/fr\/wp-json\/wp\/v2\/pages\/4320","targetHints":{"allow":["GET"]}}],"collection":[{"href":"https:\/\/ericbrugier.com\/fr\/wp-json\/wp\/v2\/pages"}],"about":[{"href":"https:\/\/ericbrugier.com\/fr\/wp-json\/wp\/v2\/types\/page"}],"author":[{"embeddable":true,"href":"https:\/\/ericbrugier.com\/fr\/wp-json\/wp\/v2\/users\/2"}],"replies":[{"embeddable":true,"href":"https:\/\/ericbrugier.com\/fr\/wp-json\/wp\/v2\/comments?post=4320"}],"version-history":[{"count":28,"href":"https:\/\/ericbrugier.com\/fr\/wp-json\/wp\/v2\/pages\/4320\/revisions"}],"predecessor-version":[{"id":8167,"href":"https:\/\/ericbrugier.com\/fr\/wp-json\/wp\/v2\/pages\/4320\/revisions\/8167"}],"up":[{"embeddable":true,"href":"https:\/\/ericbrugier.com\/fr\/wp-json\/wp\/v2\/pages\/1578"}],"wp:featuredmedia":[{"embeddable":true,"href":"https:\/\/ericbrugier.com\/fr\/wp-json\/wp\/v2\/media\/1060"}],"wp:attachment":[{"href":"https:\/\/ericbrugier.com\/fr\/wp-json\/wp\/v2\/media?parent=4320"}],"wp:term":[{"taxonomy":"wf_page_folders","embeddable":true,"href":"https:\/\/ericbrugier.com\/fr\/wp-json\/wp\/v2\/wf_page_folders?post=4320"}],"curies":[{"name":"wp","href":"https:\/\/api.w.org\/{rel}","templated":true}]}}