{"id":4256,"date":"2026-01-30T15:07:56","date_gmt":"2026-01-30T14:07:56","guid":{"rendered":"https:\/\/ericbrugier.com\/?page_id=4256"},"modified":"2026-02-24T12:30:55","modified_gmt":"2026-02-24T11:30:55","slug":"biographie-olivier-debre","status":"publish","type":"page","link":"https:\/\/ericbrugier.com\/fr\/artistes\/biographie-olivier-debre\/","title":{"rendered":"Biographie Olivier Debr\u00e9"},"content":{"rendered":"\t\t<div data-elementor-type=\"wp-page\" data-elementor-id=\"4256\" class=\"elementor elementor-4256\">\n\t\t\t\t<div class=\"elementor-element elementor-element-f86124a e-flex e-con-boxed wpr-particle-no wpr-jarallax-no wpr-parallax-no wpr-sticky-section-no e-con e-parent\" data-id=\"f86124a\" data-element_type=\"container\" data-e-type=\"container\">\n\t\t\t\t\t<div class=\"e-con-inner\">\n\t\t<div class=\"elementor-element elementor-element-f6b4058 e-con-full e-flex wpr-particle-no wpr-jarallax-no wpr-parallax-no wpr-sticky-section-no e-con e-child\" data-id=\"f6b4058\" data-element_type=\"container\" data-e-type=\"container\">\n\t\t<div class=\"elementor-element elementor-element-619ec0b e-con-full e-flex wpr-particle-no wpr-jarallax-no wpr-parallax-no wpr-sticky-section-no e-con e-child\" data-id=\"619ec0b\" data-element_type=\"container\" data-e-type=\"container\">\n\t\t\t\t<div class=\"elementor-element elementor-element-8a0cd04 elementor-widget elementor-widget-heading\" data-id=\"8a0cd04\" data-element_type=\"widget\" data-e-type=\"widget\" data-widget_type=\"heading.default\">\n\t\t\t\t\t<h1 class=\"elementor-heading-title elementor-size-default\">Olivier Debr\u00e9<\/h1>\t\t\t\t<\/div>\n\t\t\t\t<\/div>\n\t\t<div class=\"elementor-element elementor-element-a8f9e50 e-con-full elementor-hidden-mobile e-flex wpr-particle-no wpr-jarallax-no wpr-parallax-no wpr-sticky-section-no e-con e-child\" data-id=\"a8f9e50\" data-element_type=\"container\" data-e-type=\"container\">\n\t\t\t\t<div class=\"elementor-element elementor-element-7272803 clean-pc elementor-widget__width-initial elementor-widget elementor-widget-heading\" data-id=\"7272803\" data-element_type=\"widget\" data-e-type=\"widget\" data-widget_type=\"heading.default\">\n\t\t\t\t\t<p class=\"elementor-heading-title elementor-size-default\"><a href=\"https:\/\/ericbrugier.com\/fr\/artistes\/oeuvres-olivier-debre\/\">OEUVRES<\/a><\/p>\t\t\t\t<\/div>\n\t\t\t\t<\/div>\n\t\t<div class=\"elementor-element elementor-element-15ae5f5 e-con-full elementor-hidden-mobile e-flex wpr-particle-no wpr-jarallax-no wpr-parallax-no wpr-sticky-section-no e-con e-child\" data-id=\"15ae5f5\" data-element_type=\"container\" data-e-type=\"container\">\n\t\t\t\t<div class=\"elementor-element elementor-element-eb1b0ed elementor-widget__width-initial clean-pc elementor-widget elementor-widget-heading\" data-id=\"eb1b0ed\" data-element_type=\"widget\" data-e-type=\"widget\" data-widget_type=\"heading.default\">\n\t\t\t\t\t<p class=\"elementor-heading-title elementor-size-default\">BIOGRAPHIE<\/p>\t\t\t\t<\/div>\n\t\t\t\t<\/div>\n\t\t<div class=\"elementor-element elementor-element-1906318 e-con-full elementor-hidden-mobile e-flex wpr-particle-no wpr-jarallax-no wpr-parallax-no wpr-sticky-section-no e-con e-child\" data-id=\"1906318\" data-element_type=\"container\" data-e-type=\"container\">\n\t\t\t\t<div class=\"elementor-element elementor-element-ca721f2 clean-pc elementor-widget__width-initial elementor-widget elementor-widget-text-editor\" data-id=\"ca721f2\" data-element_type=\"widget\" data-e-type=\"widget\" data-widget_type=\"text-editor.default\">\n\t\t\t\t\t\t\t\t\t<p><a href=\"https:\/\/ericbrugier.com\/fr\/artistes\/biographie-robert-combas\/\">&lt;\u00a0<\/a> ARTISTE SUIVANT \u00a0<a href=\"https:\/\/ericbrugier.com\/fr\/artistes\/biographie-shepard-fairey\/\">&gt;<\/a><\/p>\t\t\t\t\t\t\t\t<\/div>\n\t\t\t\t<\/div>\n\t\t\t\t<\/div>\n\t\t\t\t\t<\/div>\n\t\t\t\t<\/div>\n\t\t<div class=\"elementor-element elementor-element-e38c4b4 elementor-hidden-desktop elementor-hidden-tablet clean-mobile e-flex e-con-boxed wpr-particle-no wpr-jarallax-no wpr-parallax-no wpr-sticky-section-no e-con e-parent\" data-id=\"e38c4b4\" data-element_type=\"container\" data-e-type=\"container\">\n\t\t\t\t\t<div class=\"e-con-inner\">\n\t\t<div class=\"elementor-element elementor-element-9985a57 e-con-full e-flex wpr-particle-no wpr-jarallax-no wpr-parallax-no wpr-sticky-section-no e-con e-child\" data-id=\"9985a57\" data-element_type=\"container\" data-e-type=\"container\">\n\t\t\t\t<div class=\"elementor-element elementor-element-0a0043e elementor-widget elementor-widget-heading\" data-id=\"0a0043e\" data-element_type=\"widget\" data-e-type=\"widget\" data-widget_type=\"heading.default\">\n\t\t\t\t\t<p class=\"elementor-heading-title elementor-size-default\"><a href=\"https:\/\/ericbrugier.com\/fr\/artistes\/oeuvres-olivier-debre\/\">OEUVRES<\/a><\/p>\t\t\t\t<\/div>\n\t\t\t\t<\/div>\n\t\t<div class=\"elementor-element elementor-element-b8468b9 e-con-full e-flex wpr-particle-no wpr-jarallax-no wpr-parallax-no wpr-sticky-section-no e-con e-child\" data-id=\"b8468b9\" data-element_type=\"container\" data-e-type=\"container\">\n\t\t\t\t<div class=\"elementor-element elementor-element-ce9e93c elementor-widget__width-inherit elementor-widget elementor-widget-heading\" data-id=\"ce9e93c\" data-element_type=\"widget\" data-e-type=\"widget\" data-widget_type=\"heading.default\">\n\t\t\t\t\t<p class=\"elementor-heading-title elementor-size-default\">BIOGRAPHIE<\/p>\t\t\t\t<\/div>\n\t\t\t\t<\/div>\n\t\t<div class=\"elementor-element elementor-element-9a1ee50 e-con-full e-flex wpr-particle-no wpr-jarallax-no wpr-parallax-no wpr-sticky-section-no e-con e-child\" data-id=\"9a1ee50\" data-element_type=\"container\" data-e-type=\"container\">\n\t\t\t\t<div class=\"elementor-element elementor-element-2193973 elementor-widget elementor-widget-text-editor\" data-id=\"2193973\" data-element_type=\"widget\" data-e-type=\"widget\" data-widget_type=\"text-editor.default\">\n\t\t\t\t\t\t\t\t\t<p><a href=\"https:\/\/ericbrugier.com\/fr\/artistes\/biographie-robert-combas\/\">&lt;\u00a0<\/a> ARTISTE SUIVANT \u00a0<a href=\"https:\/\/ericbrugier.com\/fr\/artistes\/biographie-shepard-fairey\/\">&gt;<\/a><\/p>\t\t\t\t\t\t\t\t<\/div>\n\t\t\t\t<\/div>\n\t\t\t\t\t<\/div>\n\t\t\t\t<\/div>\n\t\t<div class=\"elementor-element elementor-element-38ae48b4 elementor-hidden-mobile clean-pc e-flex e-con-boxed wpr-particle-no wpr-jarallax-no wpr-parallax-no wpr-sticky-section-no e-con e-parent\" data-id=\"38ae48b4\" data-element_type=\"container\" data-e-type=\"container\">\n\t\t\t\t\t<div class=\"e-con-inner\">\n\t\t<div class=\"elementor-element elementor-element-2a116b82 e-con-full col-texte-brugier e-flex wpr-particle-no wpr-jarallax-no wpr-parallax-no wpr-sticky-section-no e-con e-child\" data-id=\"2a116b82\" data-element_type=\"container\" data-e-type=\"container\">\n\t\t\t\t<div class=\"elementor-element elementor-element-8086d79 elementor-widget elementor-widget-heading\" data-id=\"8086d79\" data-element_type=\"widget\" data-e-type=\"widget\" data-widget_type=\"heading.default\">\n\t\t\t\t\t<h2 class=\"elementor-heading-title elementor-size-default\">Olivier Debr\u00e9 (1920 \u2013 1999) : Le Peintre de la Nature et du Geste Lyrique \n<\/h2>\t\t\t\t<\/div>\n\t\t\t\t<div class=\"elementor-element elementor-element-8c03f90 elementor-widget elementor-widget-text-editor\" data-id=\"8c03f90\" data-element_type=\"widget\" data-e-type=\"widget\" data-widget_type=\"text-editor.default\">\n\t\t\t\t\t\t\t\t\t<p>Olivier Debr\u00e9 fut l&rsquo;un des peintres fran\u00e7ais les plus significatifs de la seconde moiti\u00e9 du XXe si\u00e8cle, reconnu pour son abstraction lyrique et sa capacit\u00e9 \u00e0 traduire sur la toile les \u00e9motions et les sensations inspir\u00e9es par la nature. Son \u0153uvre est un hymne \u00e0 la lumi\u00e8re, \u00e0 l&rsquo;espace et au mouvement, o\u00f9 la couleur se d\u00e9ploie avec une libert\u00e9 et une puissance \u00e9vocatrices.<\/p>\t\t\t\t\t\t\t\t<\/div>\n\t\t\t\t<div class=\"elementor-element elementor-element-45ff13a elementor-widget elementor-widget-heading\" data-id=\"45ff13a\" data-element_type=\"widget\" data-e-type=\"widget\" data-widget_type=\"heading.default\">\n\t\t\t\t\t<h3 class=\"elementor-heading-title elementor-size-default\">Une Jeunesse au Carrefour de l'Art et de la Politique <\/h3>\t\t\t\t<\/div>\n\t\t\t\t<div class=\"elementor-element elementor-element-827a605 elementor-widget elementor-widget-text-editor\" data-id=\"827a605\" data-element_type=\"widget\" data-e-type=\"widget\" data-widget_type=\"text-editor.default\">\n\t\t\t\t\t\t\t\t\t<p>N\u00e9 en 1920 \u00e0 Paris, Olivier Debr\u00e9 est issu d&rsquo;une famille illustre et engag\u00e9e. Son grand-p\u00e8re, Robert Debr\u00e9, fut un p\u00e9diatre renomm\u00e9, son p\u00e8re, Michel Debr\u00e9, fut Premier Ministre sous la V\u00e8me R\u00e9publique, et son oncle, Bernard Debr\u00e9, un sculpteur. Malgr\u00e9 cet environnement propice aux lettres et \u00e0 la politique, Olivier s&rsquo;oriente tr\u00e8s t\u00f4t vers l&rsquo;art. Il \u00e9tudie l&rsquo;histoire et la philosophie \u00e0 la Sorbonne, et la peinture et l&rsquo;architecture aux Beaux-Arts de Paris. <br \/>Ses d\u00e9buts artistiques, dans les ann\u00e9es 1940, sont influenc\u00e9s par le surr\u00e9alisme et la figuration. Cependant, apr\u00e8s la Seconde Guerre mondiale, il op\u00e8re une transition radicale vers l&rsquo;abstraction. Il est alors en qu\u00eate d&rsquo;un langage pictural qui d\u00e9passe la simple repr\u00e9sentation pour exprimer l&rsquo;\u00e9motion pure. <\/p>\t\t\t\t\t\t\t\t<\/div>\n\t\t\t\t<div class=\"elementor-element elementor-element-b0ba271 elementor-widget elementor-widget-heading\" data-id=\"b0ba271\" data-element_type=\"widget\" data-e-type=\"widget\" data-widget_type=\"heading.default\">\n\t\t\t\t\t<h3 class=\"elementor-heading-title elementor-size-default\">L'Abstraction Lyrique et la Sensibilit\u00e9 au Paysage \n<\/h3>\t\t\t\t<\/div>\n\t\t\t\t<div class=\"elementor-element elementor-element-ae12693 elementor-widget elementor-widget-text-editor\" data-id=\"ae12693\" data-element_type=\"widget\" data-e-type=\"widget\" data-widget_type=\"text-editor.default\">\n\t\t\t\t\t\t\t\t\t<p><span style=\"font-weight: 400;\">Dans les ann\u00e9es 1950, Olivier Debr\u00e9 devient l&rsquo;une des figures majeures de ce que l&rsquo;on appelle\u00a0 l&rsquo;<\/span><b>abstraction lyrique <\/b><span style=\"font-weight: 400;\">ou \u00ab\u00a0Tachisme\u00a0\u00bb. Il rompt avec la g\u00e9om\u00e9trie et la construction formelle pour\u00a0 laisser libre cours au geste, \u00e0 la couleur et \u00e0 la spontan\u00e9it\u00e9. Sa peinture est un dialogue intime avec\u00a0 la mati\u00e8re et la lumi\u00e8re.\u00a0<\/span><\/p><p><span style=\"font-weight: 400;\">Ce qui distingue profond\u00e9ment l&rsquo;abstraction d&rsquo;Olivier Debr\u00e9, c&rsquo;est son lien indissoluble avec la\u00a0 <\/span><b>nature et le paysage<\/b><span style=\"font-weight: 400;\">. Contrairement \u00e0 une abstraction purement c\u00e9r\u00e9brale, la sienne est\u00a0 profond\u00e9ment ancr\u00e9e dans l&rsquo;observation et la sensation. La Loire, avec ses lumi\u00e8res changeantes,\u00a0 ses gr\u00e8ves et ses reflets, devient une source d&rsquo;inspiration in\u00e9puisable. Ses toiles portent des titres\u00a0 \u00e9vocateurs : \u00ab\u00a0Signes-Paysages\u00a0\u00bb, \u00ab\u00a0Taches-Paysages\u00a0\u00bb, \u00ab\u00a0\u00c9clatement d&rsquo;une tache vert et jaune sur fond\u00a0 orange\u00a0\u00bb, qui soulignent cette connexion. Il ne peint pas un paysage, mais la \u00ab\u00a0sensation paysage\u00a0\u00bb\u00a0 qu&rsquo;il ressent face \u00e0 lui.\u00a0<\/span><\/p><p><span style=\"font-weight: 400;\">Ses \u0153uvres se caract\u00e9risent par :\u00a0<\/span><\/p><ul><li><b>De grands formats <\/b><span style=\"font-weight: 400;\">qui enveloppent le spectateur et l&rsquo;invitent \u00e0 plonger dans l&rsquo;immensit\u00e9 de\u00a0 ses compositions.\u00a0\u00a0<\/span><\/li><li><b>Des aplats de couleurs vibrantes<\/b><span style=\"font-weight: 400;\">, souvent translucides, qui se superposent et se m\u00e9langent\u00a0 sur la toile, cr\u00e9ant des effets de profondeur et de transparence.\u00a0\u00a0<\/span><\/li><li><b>Un geste ample et spontan\u00e9<\/b><span style=\"font-weight: 400;\">, o\u00f9 la peinture est parfois appliqu\u00e9e directement au couteau ou\u00a0 \u00e0 la main, lib\u00e9rant une \u00e9nergie palpable.\u00a0\u00a0<\/span><\/li><\/ul><p><span style=\"font-weight: 400;\">\u2022 <\/span><b>Une lumi\u00e8re omnipr\u00e9sente<\/b><span style=\"font-weight: 400;\">, qui irradie des fonds ou \u00e9clate par des touches vives, donnant\u00a0 vie \u00e0 l&rsquo;ensemble. <\/span><\/p>\t\t\t\t\t\t\t\t<\/div>\n\t\t\t\t<div class=\"elementor-element elementor-element-17e6b98 elementor-widget elementor-widget-heading\" data-id=\"17e6b98\" data-element_type=\"widget\" data-e-type=\"widget\" data-widget_type=\"heading.default\">\n\t\t\t\t\t<h3 class=\"elementor-heading-title elementor-size-default\">Une Reconnaissance Internationale et des Projets Monumentaux \n<\/h3>\t\t\t\t<\/div>\n\t\t\t\t<div class=\"elementor-element elementor-element-856f35c elementor-widget elementor-widget-text-editor\" data-id=\"856f35c\" data-element_type=\"widget\" data-e-type=\"widget\" data-widget_type=\"text-editor.default\">\n\t\t\t\t\t\t\t\t\t<p><span style=\"font-weight: 400;\">La reconnaissance d&rsquo;Olivier Debr\u00e9 d\u00e9passe rapidement les fronti\u00e8res fran\u00e7aises. Il expose\u00a0 r\u00e9guli\u00e8rement aux \u00c9tats-Unis d\u00e8s les ann\u00e9es 1960, o\u00f9 il est remarqu\u00e9 par des critiques et\u00a0 collectionneurs importants. Son travail est pr\u00e9sent\u00e9 dans les plus grands mus\u00e9es du monde.<\/span><\/p><p><span style=\"font-weight: 400;\">Tout au long de sa carri\u00e8re, Debr\u00e9 s&rsquo;engage dans des projets d&rsquo;envergure. Il r\u00e9alise des d\u00e9cors et des\u00a0 costumes pour l&rsquo;Op\u00e9ra de Paris (comme pour \u00ab\u00a0L&rsquo;Oiseau de feu\u00a0\u00bb de Stravinsky). Mais c&rsquo;est surtout\u00a0 par ses \u0153uvres monumentales qu&rsquo;il marque les esprits : il cr\u00e9e des peintures murales et des d\u00e9cors\u00a0 pour des b\u00e2timents publics, comme l&rsquo;Ambassade de France \u00e0 Washington D.C. ou le Centre des\u00a0 Congr\u00e8s de Nagoya au Japon. Son \u0153uvre la plus embl\u00e9matique dans ce domaine reste la\u00a0 sc\u00e9nographie du rideau de sc\u00e8ne de la <\/span><b>Com\u00e9die-Fran\u00e7aise <\/b><span style=\"font-weight: 400;\">\u00e0 Paris en 1987, une immense toile de\u00a0 160 m\u00b2 qui r\u00e9sume toute sa force expressive. <\/span><\/p>\t\t\t\t\t\t\t\t<\/div>\n\t\t\t\t<div class=\"elementor-element elementor-element-df4572a elementor-widget elementor-widget-heading\" data-id=\"df4572a\" data-element_type=\"widget\" data-e-type=\"widget\" data-widget_type=\"heading.default\">\n\t\t\t\t\t<h3 class=\"elementor-heading-title elementor-size-default\">H\u00e9ritage <\/h3>\t\t\t\t<\/div>\n\t\t\t\t<div class=\"elementor-element elementor-element-f0b7c25 elementor-widget elementor-widget-text-editor\" data-id=\"f0b7c25\" data-element_type=\"widget\" data-e-type=\"widget\" data-widget_type=\"text-editor.default\">\n\t\t\t\t\t\t\t\t\t<p><span style=\"font-weight: 400;\">Olivier Debr\u00e9 est d\u00e9c\u00e9d\u00e9 en 1999 \u00e0 Paris, laissant derri\u00e8re lui une \u0153uvre consid\u00e9rable et une\u00a0 approche singuli\u00e8re de l&rsquo;abstraction. Il fut un peintre qui, par sa sensibilit\u00e9 \u00e0 la nature et la puissance de son geste, a su cr\u00e9er un langage universel. Ses toiles sont des invitations \u00e0 l&rsquo;\u00e9vasion, \u00e0 la\u00a0 contemplation et \u00e0 la communion avec les \u00e9l\u00e9ments. Elles continuent de vibrer de la lumi\u00e8re et de\u00a0 l&rsquo;\u00e9motion d&rsquo;un artiste qui a su capter l&rsquo;essence m\u00eame du paysage pour en faire une exp\u00e9rience\u00a0 picturale totale.<\/span><\/p>\t\t\t\t\t\t\t\t<\/div>\n\t\t\t\t<\/div>\n\t\t<div class=\"elementor-element elementor-element-e06ca7f e-con-full col-image-brugier e-flex wpr-particle-no wpr-jarallax-no wpr-parallax-no wpr-sticky-section-no e-con e-child\" data-id=\"e06ca7f\" data-element_type=\"container\" data-e-type=\"container\">\n\t\t\t\t<div class=\"elementor-element elementor-element-7001d2ea animated-slow elementor-invisible elementor-widget elementor-widget-image\" data-id=\"7001d2ea\" data-element_type=\"widget\" data-e-type=\"widget\" data-settings=\"{&quot;_animation&quot;:&quot;fadeIn&quot;}\" data-widget_type=\"image.default\">\n\t\t\t\t\t\t\t\t\t\t\t\t\t\t\t<img fetchpriority=\"high\" decoding=\"async\" width=\"800\" height=\"800\" src=\"https:\/\/ericbrugier.com\/wp-content\/uploads\/2026\/01\/Olivier_DEBRE_Eric-Brugier_Marchand-dart_Gestion-de-collection.webp\" class=\"attachment-large size-large wp-image-3334\" alt=\"Olivier DEBRE \u00c9ric Brugier marchant d&#039;art et Gestion de collection\" srcset=\"https:\/\/ericbrugier.com\/wp-content\/uploads\/2026\/01\/Olivier_DEBRE_Eric-Brugier_Marchand-dart_Gestion-de-collection.webp 800w, https:\/\/ericbrugier.com\/wp-content\/uploads\/2026\/01\/Olivier_DEBRE_Eric-Brugier_Marchand-dart_Gestion-de-collection-300x300.webp 300w, https:\/\/ericbrugier.com\/wp-content\/uploads\/2026\/01\/Olivier_DEBRE_Eric-Brugier_Marchand-dart_Gestion-de-collection-150x150.webp 150w, https:\/\/ericbrugier.com\/wp-content\/uploads\/2026\/01\/Olivier_DEBRE_Eric-Brugier_Marchand-dart_Gestion-de-collection-768x768.webp 768w, https:\/\/ericbrugier.com\/wp-content\/uploads\/2026\/01\/Olivier_DEBRE_Eric-Brugier_Marchand-dart_Gestion-de-collection-12x12.webp 12w, https:\/\/ericbrugier.com\/wp-content\/uploads\/2026\/01\/Olivier_DEBRE_Eric-Brugier_Marchand-dart_Gestion-de-collection-600x600.webp 600w\" sizes=\"(max-width: 800px) 100vw, 800px\" \/>\t\t\t\t\t\t\t\t\t\t\t\t\t\t\t<\/div>\n\t\t\t\t<div class=\"elementor-element elementor-element-71af39c mon-bouton-clic elementor-invisible elementor-widget elementor-widget-button\" data-id=\"71af39c\" data-element_type=\"widget\" data-e-type=\"widget\" data-settings=\"{&quot;_animation&quot;:&quot;fadeInUp&quot;}\" data-widget_type=\"button.default\">\n\t\t\t\t\t\t\t\t\t\t<a class=\"elementor-button elementor-button-link elementor-size-sm\" href=\"#\">\n\t\t\t\t\t\t<span class=\"elementor-button-content-wrapper\">\n\t\t\t\t\t\t\t\t\t<span class=\"elementor-button-text\">+ PARTAGER<\/span>\n\t\t\t\t\t<\/span>\n\t\t\t\t\t<\/a>\n\t\t\t\t\t\t\t\t<\/div>\n\t\t\t\t<div class=\"elementor-element elementor-element-d9260e9 ma-liste-partage elementor-icon-list--layout-traditional elementor-list-item-link-full_width elementor-widget elementor-widget-icon-list\" data-id=\"d9260e9\" data-element_type=\"widget\" data-e-type=\"widget\" data-widget_type=\"icon-list.default\">\n\t\t\t\t\t\t\t<ul class=\"elementor-icon-list-items\">\n\t\t\t\t\t\t\t<li class=\"elementor-icon-list-item\">\n\t\t\t\t\t\t\t\t\t\t\t<a href=\"#share-fb\">\n\n\t\t\t\t\t\t\t\t\t\t\t\t<span class=\"elementor-icon-list-icon\">\n\t\t\t\t\t\t\t<svg aria-hidden=\"true\" class=\"e-font-icon-svg e-fab-facebook-f\" viewBox=\"0 0 320 512\" xmlns=\"http:\/\/www.w3.org\/2000\/svg\"><path d=\"M279.14 288l14.22-92.66h-88.91v-60.13c0-25.35 12.42-50.06 52.24-50.06h40.42V6.26S260.43 0 225.36 0c-73.22 0-121.08 44.38-121.08 124.72v70.62H22.89V288h81.39v224h100.17V288z\"><\/path><\/svg>\t\t\t\t\t\t<\/span>\n\t\t\t\t\t\t\t\t\t\t<span class=\"elementor-icon-list-text\">FACEBOOK<\/span>\n\t\t\t\t\t\t\t\t\t\t\t<\/a>\n\t\t\t\t\t\t\t\t\t<\/li>\n\t\t\t\t\t\t\t\t<li class=\"elementor-icon-list-item\">\n\t\t\t\t\t\t\t\t\t\t\t<a href=\"#share-link\">\n\n\t\t\t\t\t\t\t\t\t\t\t\t<span class=\"elementor-icon-list-icon\">\n\t\t\t\t\t\t\t<svg aria-hidden=\"true\" class=\"e-font-icon-svg e-fab-linkedin-in\" viewBox=\"0 0 448 512\" xmlns=\"http:\/\/www.w3.org\/2000\/svg\"><path d=\"M100.28 448H7.4V148.9h92.88zM53.79 108.1C24.09 108.1 0 83.5 0 53.8a53.79 53.79 0 0 1 107.58 0c0 29.7-24.1 54.3-53.79 54.3zM447.9 448h-92.68V302.4c0-34.7-.7-79.2-48.29-79.2-48.29 0-55.69 37.7-55.69 76.7V448h-92.78V148.9h89.08v40.8h1.3c12.4-23.5 42.69-48.3 87.88-48.3 94 0 111.28 61.9 111.28 142.3V448z\"><\/path><\/svg>\t\t\t\t\t\t<\/span>\n\t\t\t\t\t\t\t\t\t\t<span class=\"elementor-icon-list-text\">LINKEDIN<\/span>\n\t\t\t\t\t\t\t\t\t\t\t<\/a>\n\t\t\t\t\t\t\t\t\t<\/li>\n\t\t\t\t\t\t\t\t<li class=\"elementor-icon-list-item\">\n\t\t\t\t\t\t\t\t\t\t\t<a href=\"#share-mail\">\n\n\t\t\t\t\t\t\t\t\t\t\t\t<span class=\"elementor-icon-list-icon\">\n\t\t\t\t\t\t\t<svg aria-hidden=\"true\" class=\"e-font-icon-svg e-fas-at\" viewBox=\"0 0 512 512\" xmlns=\"http:\/\/www.w3.org\/2000\/svg\"><path d=\"M256 8C118.941 8 8 118.919 8 256c0 137.059 110.919 248 248 248 48.154 0 95.342-14.14 135.408-40.223 12.005-7.815 14.625-24.288 5.552-35.372l-10.177-12.433c-7.671-9.371-21.179-11.667-31.373-5.129C325.92 429.757 291.314 440 256 440c-101.458 0-184-82.542-184-184S154.542 72 256 72c100.139 0 184 57.619 184 160 0 38.786-21.093 79.742-58.17 83.693-17.349-.454-16.91-12.857-13.476-30.024l23.433-121.11C394.653 149.75 383.308 136 368.225 136h-44.981a13.518 13.518 0 0 0-13.432 11.993l-.01.092c-14.697-17.901-40.448-21.775-59.971-21.775-74.58 0-137.831 62.234-137.831 151.46 0 65.303 36.785 105.87 96 105.87 26.984 0 57.369-15.637 74.991-38.333 9.522 34.104 40.613 34.103 70.71 34.103C462.609 379.41 504 307.798 504 232 504 95.653 394.023 8 256 8zm-21.68 304.43c-22.249 0-36.07-15.623-36.07-40.771 0-44.993 30.779-72.729 58.63-72.729 22.292 0 35.601 15.241 35.601 40.77 0 45.061-33.875 72.73-58.161 72.73z\"><\/path><\/svg>\t\t\t\t\t\t<\/span>\n\t\t\t\t\t\t\t\t\t\t<span class=\"elementor-icon-list-text\">EMAIL<\/span>\n\t\t\t\t\t\t\t\t\t\t\t<\/a>\n\t\t\t\t\t\t\t\t\t<\/li>\n\t\t\t\t\t\t<\/ul>\n\t\t\t\t\t\t<\/div>\n\t\t\t\t<\/div>\n\t\t\t\t\t<\/div>\n\t\t\t\t<\/div>\n\t\t<div class=\"elementor-element elementor-element-b7b95e2 elementor-hidden-desktop elementor-hidden-tablet clean-mobile e-flex e-con-boxed wpr-particle-no wpr-jarallax-no wpr-parallax-no wpr-sticky-section-no e-con e-parent\" data-id=\"b7b95e2\" data-element_type=\"container\" data-e-type=\"container\">\n\t\t\t\t\t<div class=\"e-con-inner\">\n\t\t<div class=\"elementor-element elementor-element-aad2cc4 e-con-full e-flex wpr-particle-no wpr-jarallax-no wpr-parallax-no wpr-sticky-section-no e-con e-child\" data-id=\"aad2cc4\" data-element_type=\"container\" data-e-type=\"container\">\n\t\t\t\t<div class=\"elementor-element elementor-element-fd4fab0 elementor-widget elementor-widget-image\" data-id=\"fd4fab0\" data-element_type=\"widget\" data-e-type=\"widget\" data-widget_type=\"image.default\">\n\t\t\t\t\t\t\t\t\t\t\t\t\t\t\t<img fetchpriority=\"high\" decoding=\"async\" width=\"800\" height=\"800\" src=\"https:\/\/ericbrugier.com\/wp-content\/uploads\/2026\/01\/Olivier_DEBRE_Eric-Brugier_Marchand-dart_Gestion-de-collection.webp\" class=\"attachment-large size-large wp-image-3334\" alt=\"Olivier DEBRE \u00c9ric Brugier marchant d&#039;art et Gestion de collection\" srcset=\"https:\/\/ericbrugier.com\/wp-content\/uploads\/2026\/01\/Olivier_DEBRE_Eric-Brugier_Marchand-dart_Gestion-de-collection.webp 800w, https:\/\/ericbrugier.com\/wp-content\/uploads\/2026\/01\/Olivier_DEBRE_Eric-Brugier_Marchand-dart_Gestion-de-collection-300x300.webp 300w, https:\/\/ericbrugier.com\/wp-content\/uploads\/2026\/01\/Olivier_DEBRE_Eric-Brugier_Marchand-dart_Gestion-de-collection-150x150.webp 150w, https:\/\/ericbrugier.com\/wp-content\/uploads\/2026\/01\/Olivier_DEBRE_Eric-Brugier_Marchand-dart_Gestion-de-collection-768x768.webp 768w, https:\/\/ericbrugier.com\/wp-content\/uploads\/2026\/01\/Olivier_DEBRE_Eric-Brugier_Marchand-dart_Gestion-de-collection-12x12.webp 12w, https:\/\/ericbrugier.com\/wp-content\/uploads\/2026\/01\/Olivier_DEBRE_Eric-Brugier_Marchand-dart_Gestion-de-collection-600x600.webp 600w\" sizes=\"(max-width: 800px) 100vw, 800px\" \/>\t\t\t\t\t\t\t\t\t\t\t\t\t\t\t<\/div>\n\t\t\t\t<div class=\"elementor-element elementor-element-2cff68a mon-bouton-clic-mob elementor-invisible elementor-widget elementor-widget-button\" data-id=\"2cff68a\" data-element_type=\"widget\" data-e-type=\"widget\" data-settings=\"{&quot;_animation&quot;:&quot;fadeInUp&quot;}\" data-widget_type=\"button.default\">\n\t\t\t\t\t\t\t\t\t\t<a class=\"elementor-button elementor-button-link elementor-size-sm\" href=\"#\">\n\t\t\t\t\t\t<span class=\"elementor-button-content-wrapper\">\n\t\t\t\t\t\t\t\t\t<span class=\"elementor-button-text\">+ PARTAGER<\/span>\n\t\t\t\t\t<\/span>\n\t\t\t\t\t<\/a>\n\t\t\t\t\t\t\t\t<\/div>\n\t\t\t\t<div class=\"elementor-element elementor-element-c4c73e6 ma-liste-partage-mob elementor-icon-list--layout-traditional elementor-list-item-link-full_width elementor-widget elementor-widget-icon-list\" data-id=\"c4c73e6\" data-element_type=\"widget\" data-e-type=\"widget\" data-widget_type=\"icon-list.default\">\n\t\t\t\t\t\t\t<ul class=\"elementor-icon-list-items\">\n\t\t\t\t\t\t\t<li class=\"elementor-icon-list-item\">\n\t\t\t\t\t\t\t\t\t\t\t<a href=\"#share-fb\">\n\n\t\t\t\t\t\t\t\t\t\t\t\t<span class=\"elementor-icon-list-icon\">\n\t\t\t\t\t\t\t<svg aria-hidden=\"true\" class=\"e-font-icon-svg e-fab-facebook-f\" viewBox=\"0 0 320 512\" xmlns=\"http:\/\/www.w3.org\/2000\/svg\"><path d=\"M279.14 288l14.22-92.66h-88.91v-60.13c0-25.35 12.42-50.06 52.24-50.06h40.42V6.26S260.43 0 225.36 0c-73.22 0-121.08 44.38-121.08 124.72v70.62H22.89V288h81.39v224h100.17V288z\"><\/path><\/svg>\t\t\t\t\t\t<\/span>\n\t\t\t\t\t\t\t\t\t\t<span class=\"elementor-icon-list-text\">FACEBOOK<\/span>\n\t\t\t\t\t\t\t\t\t\t\t<\/a>\n\t\t\t\t\t\t\t\t\t<\/li>\n\t\t\t\t\t\t\t\t<li class=\"elementor-icon-list-item\">\n\t\t\t\t\t\t\t\t\t\t\t<a href=\"#share-link\">\n\n\t\t\t\t\t\t\t\t\t\t\t\t<span class=\"elementor-icon-list-icon\">\n\t\t\t\t\t\t\t<svg aria-hidden=\"true\" class=\"e-font-icon-svg e-fab-linkedin-in\" viewBox=\"0 0 448 512\" xmlns=\"http:\/\/www.w3.org\/2000\/svg\"><path d=\"M100.28 448H7.4V148.9h92.88zM53.79 108.1C24.09 108.1 0 83.5 0 53.8a53.79 53.79 0 0 1 107.58 0c0 29.7-24.1 54.3-53.79 54.3zM447.9 448h-92.68V302.4c0-34.7-.7-79.2-48.29-79.2-48.29 0-55.69 37.7-55.69 76.7V448h-92.78V148.9h89.08v40.8h1.3c12.4-23.5 42.69-48.3 87.88-48.3 94 0 111.28 61.9 111.28 142.3V448z\"><\/path><\/svg>\t\t\t\t\t\t<\/span>\n\t\t\t\t\t\t\t\t\t\t<span class=\"elementor-icon-list-text\">LINKEDIN<\/span>\n\t\t\t\t\t\t\t\t\t\t\t<\/a>\n\t\t\t\t\t\t\t\t\t<\/li>\n\t\t\t\t\t\t\t\t<li class=\"elementor-icon-list-item\">\n\t\t\t\t\t\t\t\t\t\t\t<a href=\"#share-mail\">\n\n\t\t\t\t\t\t\t\t\t\t\t\t<span class=\"elementor-icon-list-icon\">\n\t\t\t\t\t\t\t<svg aria-hidden=\"true\" class=\"e-font-icon-svg e-fas-at\" viewBox=\"0 0 512 512\" xmlns=\"http:\/\/www.w3.org\/2000\/svg\"><path d=\"M256 8C118.941 8 8 118.919 8 256c0 137.059 110.919 248 248 248 48.154 0 95.342-14.14 135.408-40.223 12.005-7.815 14.625-24.288 5.552-35.372l-10.177-12.433c-7.671-9.371-21.179-11.667-31.373-5.129C325.92 429.757 291.314 440 256 440c-101.458 0-184-82.542-184-184S154.542 72 256 72c100.139 0 184 57.619 184 160 0 38.786-21.093 79.742-58.17 83.693-17.349-.454-16.91-12.857-13.476-30.024l23.433-121.11C394.653 149.75 383.308 136 368.225 136h-44.981a13.518 13.518 0 0 0-13.432 11.993l-.01.092c-14.697-17.901-40.448-21.775-59.971-21.775-74.58 0-137.831 62.234-137.831 151.46 0 65.303 36.785 105.87 96 105.87 26.984 0 57.369-15.637 74.991-38.333 9.522 34.104 40.613 34.103 70.71 34.103C462.609 379.41 504 307.798 504 232 504 95.653 394.023 8 256 8zm-21.68 304.43c-22.249 0-36.07-15.623-36.07-40.771 0-44.993 30.779-72.729 58.63-72.729 22.292 0 35.601 15.241 35.601 40.77 0 45.061-33.875 72.73-58.161 72.73z\"><\/path><\/svg>\t\t\t\t\t\t<\/span>\n\t\t\t\t\t\t\t\t\t\t<span class=\"elementor-icon-list-text\">EMAIL<\/span>\n\t\t\t\t\t\t\t\t\t\t\t<\/a>\n\t\t\t\t\t\t\t\t\t<\/li>\n\t\t\t\t\t\t<\/ul>\n\t\t\t\t\t\t<\/div>\n\t\t\t\t<\/div>\n\t\t<div class=\"elementor-element elementor-element-b9e6919 e-con-full e-flex wpr-particle-no wpr-jarallax-no wpr-parallax-no wpr-sticky-section-no e-con e-child\" data-id=\"b9e6919\" data-element_type=\"container\" data-e-type=\"container\">\n\t\t\t\t<div class=\"elementor-element elementor-element-0c9e8cc elementor-widget elementor-widget-heading\" data-id=\"0c9e8cc\" data-element_type=\"widget\" data-e-type=\"widget\" data-widget_type=\"heading.default\">\n\t\t\t\t\t<h2 class=\"elementor-heading-title elementor-size-default\">Olivier Debr\u00e9 (1920 \u2013 1999) : Le Peintre de la Nature et du Geste Lyrique \n<\/h2>\t\t\t\t<\/div>\n\t\t\t\t<div class=\"elementor-element elementor-element-378d0e6 elementor-widget elementor-widget-text-editor\" data-id=\"378d0e6\" data-element_type=\"widget\" data-e-type=\"widget\" data-widget_type=\"text-editor.default\">\n\t\t\t\t\t\t\t\t\t<p><span style=\"font-weight: 400;\">Olivier Debr\u00e9 fut l&rsquo;un des peintres fran\u00e7ais les plus significatifs de la seconde moiti\u00e9 du XXe si\u00e8cle,\u00a0 reconnu pour son abstraction lyrique et sa capacit\u00e9 \u00e0 traduire sur la toile les \u00e9motions et les\u00a0 sensations inspir\u00e9es par la nature. Son \u0153uvre est un hymne \u00e0 la lumi\u00e8re, \u00e0 l&rsquo;espace et au\u00a0 mouvement, o\u00f9 la couleur se d\u00e9ploie avec une libert\u00e9 et une puissance \u00e9vocatrices. <\/span><\/p>\t\t\t\t\t\t\t\t<\/div>\n\t\t\t\t<\/div>\n\t\t\t\t<div class=\"elementor-element elementor-element-36faf38 elementor-widget elementor-widget-heading\" data-id=\"36faf38\" data-element_type=\"widget\" data-e-type=\"widget\" data-widget_type=\"heading.default\">\n\t\t\t\t\t<h3 class=\"elementor-heading-title elementor-size-default\">Une Jeunesse au Carrefour de l'Art et de la Politique <\/h3>\t\t\t\t<\/div>\n\t\t\t\t\t<\/div>\n\t\t\t\t<\/div>\n\t\t<div class=\"elementor-element elementor-element-4a93ea1 elementor-hidden-desktop clean-mobile e-flex e-con-boxed wpr-particle-no wpr-jarallax-no wpr-parallax-no wpr-sticky-section-no e-con e-parent\" data-id=\"4a93ea1\" data-element_type=\"container\" data-e-type=\"container\">\n\t\t\t\t\t<div class=\"e-con-inner\">\n\t\t\t\t<div class=\"elementor-element elementor-element-03fe983 elementor-widget elementor-widget-text-editor\" data-id=\"03fe983\" data-element_type=\"widget\" data-e-type=\"widget\" data-widget_type=\"text-editor.default\">\n\t\t\t\t\t\t\t\t\t<p><span style=\"font-weight: 400;\">N\u00e9 en 1920 \u00e0 Paris, Olivier Debr\u00e9 est issu d&rsquo;une famille illustre et engag\u00e9e. Son grand-p\u00e8re, Robert\u00a0 Debr\u00e9, fut un p\u00e9diatre renomm\u00e9, son p\u00e8re, Michel Debr\u00e9, fut Premier Ministre sous la V\u00e8me\u00a0 R\u00e9publique, et son oncle, Bernard Debr\u00e9, un sculpteur. Malgr\u00e9 cet environnement propice aux\u00a0 lettres et \u00e0 la politique, Olivier s&rsquo;oriente tr\u00e8s t\u00f4t vers l&rsquo;art. Il \u00e9tudie l&rsquo;histoire et la philosophie \u00e0 la\u00a0 Sorbonne, et la peinture et l&rsquo;architecture aux Beaux-Arts de Paris.\u00a0<\/span><\/p><p><span style=\"font-weight: 400;\">Ses d\u00e9buts artistiques, dans les ann\u00e9es 1940, sont influenc\u00e9s par le surr\u00e9alisme et la figuration.\u00a0 Cependant, apr\u00e8s la Seconde Guerre mondiale, il op\u00e8re une transition radicale vers l&rsquo;abstraction. Il\u00a0 est alors en qu\u00eate d&rsquo;un langage pictural qui d\u00e9passe la simple repr\u00e9sentation pour exprimer l&rsquo;\u00e9motion pure.<\/span><\/p>\t\t\t\t\t\t\t\t<\/div>\n\t\t\t\t<div class=\"elementor-element elementor-element-b545cac elementor-widget elementor-widget-heading\" data-id=\"b545cac\" data-element_type=\"widget\" data-e-type=\"widget\" data-widget_type=\"heading.default\">\n\t\t\t\t\t<h3 class=\"elementor-heading-title elementor-size-default\">L'Abstraction Lyrique et la Sensibilit\u00e9 au Paysage <\/h3>\t\t\t\t<\/div>\n\t\t\t\t<div class=\"elementor-element elementor-element-50fe2c0 elementor-widget elementor-widget-text-editor\" data-id=\"50fe2c0\" data-element_type=\"widget\" data-e-type=\"widget\" data-widget_type=\"text-editor.default\">\n\t\t\t\t\t\t\t\t\t<p><span style=\"font-weight: 400;\">Dans les ann\u00e9es 1950, Olivier Debr\u00e9 devient l&rsquo;une des figures majeures de ce que l&rsquo;on appelle\u00a0 l&rsquo;<\/span><b>abstraction lyrique <\/b><span style=\"font-weight: 400;\">ou \u00ab\u00a0Tachisme\u00a0\u00bb. Il rompt avec la g\u00e9om\u00e9trie et la construction formelle pour\u00a0 laisser libre cours au geste, \u00e0 la couleur et \u00e0 la spontan\u00e9it\u00e9. Sa peinture est un dialogue intime avec\u00a0 la mati\u00e8re et la lumi\u00e8re.\u00a0<\/span><\/p><p><span style=\"font-weight: 400;\">Ce qui distingue profond\u00e9ment l&rsquo;abstraction d&rsquo;Olivier Debr\u00e9, c&rsquo;est son lien indissoluble avec la\u00a0 <\/span><b>nature et le paysage<\/b><span style=\"font-weight: 400;\">. Contrairement \u00e0 une abstraction purement c\u00e9r\u00e9brale, la sienne est\u00a0 profond\u00e9ment ancr\u00e9e dans l&rsquo;observation et la sensation. La Loire, avec ses lumi\u00e8res changeantes,\u00a0 ses gr\u00e8ves et ses reflets, devient une source d&rsquo;inspiration in\u00e9puisable. Ses toiles portent des titres\u00a0 \u00e9vocateurs : \u00ab\u00a0Signes-Paysages\u00a0\u00bb, \u00ab\u00a0Taches-Paysages\u00a0\u00bb, \u00ab\u00a0\u00c9clatement d&rsquo;une tache vert et jaune sur fond\u00a0 orange\u00a0\u00bb, qui soulignent cette connexion. Il ne peint pas un paysage, mais la \u00ab\u00a0sensation paysage\u00a0\u00bb\u00a0 qu&rsquo;il ressent face \u00e0 lui.\u00a0<\/span><\/p><p><span style=\"font-weight: 400;\">Ses \u0153uvres se caract\u00e9risent par :\u00a0<\/span><\/p><ul><li><b>De grands formats <\/b><span style=\"font-weight: 400;\">qui enveloppent le spectateur et l&rsquo;invitent \u00e0 plonger dans l&rsquo;immensit\u00e9 de\u00a0 ses compositions.\u00a0\u00a0<\/span><\/li><li><b>Des aplats de couleurs vibrantes<\/b><span style=\"font-weight: 400;\">, souvent translucides, qui se superposent et se m\u00e9langent\u00a0 sur la toile, cr\u00e9ant des effets de profondeur et de transparence.\u00a0\u00a0<\/span><\/li><li><b>Un geste ample et spontan\u00e9<\/b><span style=\"font-weight: 400;\">, o\u00f9 la peinture est parfois appliqu\u00e9e directement au couteau ou\u00a0 \u00e0 la main, lib\u00e9rant une \u00e9nergie palpable.\u00a0\u00a0<\/span><\/li><li><b>Une lumi\u00e8re omnipr\u00e9sente<\/b><span style=\"font-weight: 400;\">, qui irradie des fonds ou \u00e9clate par des touches vives, donnant\u00a0 vie \u00e0 l&rsquo;ensemble.\u00a0\u00a0<\/span><\/li><\/ul>\t\t\t\t\t\t\t\t<\/div>\n\t\t\t\t<div class=\"elementor-element elementor-element-07f8c3e elementor-widget elementor-widget-heading\" data-id=\"07f8c3e\" data-element_type=\"widget\" data-e-type=\"widget\" data-widget_type=\"heading.default\">\n\t\t\t\t\t<h3 class=\"elementor-heading-title elementor-size-default\">Une Reconnaissance Internationale et des Projets Monumentaux <\/h3>\t\t\t\t<\/div>\n\t\t\t\t<div class=\"elementor-element elementor-element-b07d233 elementor-widget elementor-widget-text-editor\" data-id=\"b07d233\" data-element_type=\"widget\" data-e-type=\"widget\" data-widget_type=\"text-editor.default\">\n\t\t\t\t\t\t\t\t\t<p><span style=\"font-weight: 400;\">La reconnaissance d&rsquo;Olivier Debr\u00e9 d\u00e9passe rapidement les fronti\u00e8res fran\u00e7aises. Il expose\u00a0 r\u00e9guli\u00e8rement aux \u00c9tats-Unis d\u00e8s les ann\u00e9es 1960, o\u00f9 il est remarqu\u00e9 par des critiques et\u00a0 collectionneurs importants. Son travail est pr\u00e9sent\u00e9 dans les plus grands mus\u00e9es du monde.<\/span><\/p><p><span style=\"font-weight: 400;\">Tout au long de sa carri\u00e8re, Debr\u00e9 s&rsquo;engage dans des projets d&rsquo;envergure. Il r\u00e9alise des d\u00e9cors et des\u00a0 costumes pour l&rsquo;Op\u00e9ra de Paris (comme pour \u00ab\u00a0L&rsquo;Oiseau de feu\u00a0\u00bb de Stravinsky). Mais c&rsquo;est surtout\u00a0 par ses \u0153uvres monumentales qu&rsquo;il marque les esprits : il cr\u00e9e des peintures murales et des d\u00e9cors\u00a0 pour des b\u00e2timents publics, comme l&rsquo;Ambassade de France \u00e0 Washington D.C. ou le Centre des\u00a0 Congr\u00e8s de Nagoya au Japon. Son \u0153uvre la plus embl\u00e9matique dans ce domaine reste la\u00a0 sc\u00e9nographie du rideau de sc\u00e8ne de la <\/span><b>Com\u00e9die-Fran\u00e7aise <\/b><span style=\"font-weight: 400;\">\u00e0 Paris en 1987, une immense toile de\u00a0 160 m\u00b2 qui r\u00e9sume toute sa force expressive.\u00a0<\/span><\/p>\t\t\t\t\t\t\t\t<\/div>\n\t\t\t\t<div class=\"elementor-element elementor-element-1f5faca elementor-widget elementor-widget-heading\" data-id=\"1f5faca\" data-element_type=\"widget\" data-e-type=\"widget\" data-widget_type=\"heading.default\">\n\t\t\t\t\t<h3 class=\"elementor-heading-title elementor-size-default\">H\u00e9ritage  \n<\/h3>\t\t\t\t<\/div>\n\t\t\t\t<div class=\"elementor-element elementor-element-e40ac26 elementor-widget elementor-widget-text-editor\" data-id=\"e40ac26\" data-element_type=\"widget\" data-e-type=\"widget\" data-widget_type=\"text-editor.default\">\n\t\t\t\t\t\t\t\t\t<p><span style=\"font-weight: 400;\">Olivier Debr\u00e9 est d\u00e9c\u00e9d\u00e9 en 1999 \u00e0 Paris, laissant derri\u00e8re lui une \u0153uvre consid\u00e9rable et une\u00a0 approche singuli\u00e8re de l&rsquo;abstraction. Il fut un peintre qui, par sa sensibilit\u00e9 \u00e0 la nature et la puissance de son geste, a su cr\u00e9er un langage universel. Ses toiles sont des invitations \u00e0 l&rsquo;\u00e9vasion, \u00e0 la\u00a0 contemplation et \u00e0 la communion avec les \u00e9l\u00e9ments. Elles continuent de vibrer de la lumi\u00e8re et de\u00a0 l&rsquo;\u00e9motion d&rsquo;un artiste qui a su capter l&rsquo;essence m\u00eame du paysage pour en faire une exp\u00e9rience\u00a0 picturale totale.<\/span><\/p>\t\t\t\t\t\t\t\t<\/div>\n\t\t\t\t\t<\/div>\n\t\t\t\t<\/div>\n\t\t<div class=\"elementor-element elementor-element-d92d831 e-flex e-con-boxed wpr-particle-no wpr-jarallax-no wpr-parallax-no wpr-sticky-section-no e-con e-parent\" data-id=\"d92d831\" data-element_type=\"container\" data-e-type=\"container\">\n\t\t\t\t\t<div class=\"e-con-inner\">\n\t\t\t\t<div class=\"elementor-element elementor-element-73591ce elementor-widget elementor-widget-html\" data-id=\"73591ce\" data-element_type=\"widget\" data-e-type=\"widget\" data-widget_type=\"html.default\">\n\t\t\t\t\t<style>\n\/* 1. R\u00c9F\u00c9RENCE DU BOUTON *\/\n.mon-bouton-clic, \n.mon-bouton-clic-mob {\n    position: relative !important;\n    display: inline-block !important;\n    height: auto !important;\n}\n\n\/* 2. LA LISTE (D\u00e9sormais coll\u00e9e) *\/\n.ma-liste-partage, \n.ma-liste-partage-mob {\n    display: none;\n    background: #ffffff;\n    border: 1px solid #d1d1d1;\n    padding: 0 !important;\n    \n    position: absolute !important;\n    top: 100% !important; \n    left: 0 !important;\n    \n    \/* MODIFICATION ICI : On passe \u00e0 0 pour coller au bouton *\/\n    margin-top: 0px !important; \n    \n    z-index: 999999 !important;\n    width: 140px;\n    box-shadow: 0px 8px 16px rgba(0,0,0,0.1);\n}\n\n.ma-liste-partage.visible, \n.ma-liste-partage-mob.visible {\n    display: block !important;\n}\n\n\/* 3. STYLE DES ITEMS *\/\n.ma-liste-partage .elementor-icon-list-item,\n.ma-liste-partage-mob .elementor-icon-list-item {\n    padding: 10px 12px !important;\n    transition: all 0.2s ease;\n    cursor: pointer;\n    margin: 0 !important;\n    display: flex;\n    align-items: center;\n}\n\n.ma-liste-partage .elementor-icon-list-text, \n.ma-liste-partage-mob .elementor-icon-list-text {\n    font-family: 'Montserrat', sans-serif !important;\n    font-size: 10px !important;\n    text-transform: uppercase !important;\n    color: #888888 !important;\n    letter-spacing: 1px;\n}\n\n.ma-liste-partage .elementor-icon-list-item:hover {\n    background-color: #000000 !important;\n}\n\n.ma-liste-partage .elementor-icon-list-item:hover .elementor-icon-list-text,\n.ma-liste-partage .elementor-icon-list-item:hover svg {\n    color: #ffffff !important;\n    fill: #ffffff !important;\n}\n\n.ma-liste-partage a { \n    text-decoration: none !important; \n    display: flex; \n    width: 100%; \n    align-items: center;\n}\n<\/style>\n\n<script>\ndocument.addEventListener('DOMContentLoaded', function() {\n    \n    \/\/ On d\u00e9place physiquement la liste dans le bouton pour l'ancrage\n    const btnPC = document.querySelector('.mon-bouton-clic');\n    const listPC = document.querySelector('.ma-liste-partage');\n    const btnMob = document.querySelector('.mon-bouton-clic-mob');\n    const listMob = document.querySelector('.ma-liste-partage-mob');\n\n    if(btnPC && listPC) btnPC.appendChild(listPC);\n    if(btnMob && listMob) btnMob.appendChild(listMob);\n\n    function setupShareToggle(btnClass, listClass) {\n        const btn = document.querySelector(btnClass);\n        const list = document.querySelector(listClass);\n        \n        if(btn && list) {\n            btn.addEventListener('click', function(e) {\n                if(e.target.tagName !== 'A' && e.target.parentElement.tagName !== 'A') {\n                   e.preventDefault();\n                }\n                e.stopPropagation();\n                list.classList.toggle('visible');\n            });\n        }\n    }\n\n    setupShareToggle('.mon-bouton-clic', '.ma-liste-partage');\n    setupShareToggle('.mon-bouton-clic-mob', '.ma-liste-partage-mob');\n\n    document.addEventListener('click', function() {\n        if(listPC) listPC.classList.remove('visible');\n        if(listMob) listMob.classList.remove('visible');\n    });\n\n    const urlPage = encodeURIComponent(window.location.href);\n    const config = {\n        '#share-fb': `https:\/\/www.facebook.com\/sharer\/sharer.php?u=${urlPage}`,\n        '#share-link': `https:\/\/www.linkedin.com\/sharing\/share-offsite\/?url=${urlPage}`,\n        '#share-mail': `mailto:?body=${urlPage}`,\n        '#share-insta': `https:\/\/www.instagram.com\/eric_brugier_galerie\/`\n    };\n\n    Object.keys(config).forEach(id => {\n        document.querySelectorAll(`a[href=\"${id}\"]`).forEach(el => {\n            el.href = config[id];\n            el.setAttribute('target', '_blank');\n        });\n    });\n});\n<\/script>\t\t\t\t<\/div>\n\t\t\t\t<div class=\"elementor-element elementor-element-7b81ef0 elementor-widget elementor-widget-html\" data-id=\"7b81ef0\" data-element_type=\"widget\" data-e-type=\"widget\" data-widget_type=\"html.default\">\n\t\t\t\t\t<script>\ndocument.addEventListener(\"DOMContentLoaded\", function() {\n    \/\/ On d\u00e9finit le seuil \u00e0 767px pour isoler uniquement les mobiles\n    var isSmallMobile = window.innerWidth <= 767;\n\n    if (isSmallMobile) {\n        \/\/ \u00c9cran <= 767px : On supprime physiquement la version PC\n        document.querySelectorAll('.clean-pc').forEach(function(el) {\n            el.remove();\n        });\n    } else {\n        \/\/ \u00c9cran > 767px (Tablettes et PC) : On supprime physiquement la version mobile\n        document.querySelectorAll('.clean-mobile').forEach(function(el) {\n            el.remove();\n        });\n    }\n});\n<\/script>\t\t\t\t<\/div>\n\t\t\t\t\t<\/div>\n\t\t\t\t<\/div>\n\t\t\t\t<\/div>\n\t\t","protected":false},"excerpt":{"rendered":"<p>Olivier Debr\u00e9 OEUVRES BIOGRAPHIE &lt;\u00a0 ARTISTE SUIVANT \u00a0&gt; OEUVRES BIOGRAPHIE &lt;\u00a0 ARTISTE SUIVANT \u00a0&gt; Olivier Debr\u00e9 (1920 \u2013 1999) : Le Peintre de la Nature et du Geste Lyrique Olivier Debr\u00e9 fut l&rsquo;un des peintres fran\u00e7ais les plus significatifs de la seconde moiti\u00e9 du XXe si\u00e8cle, reconnu pour son abstraction lyrique et sa capacit\u00e9 \u00e0 traduire sur la toile les \u00e9motions et les sensations inspir\u00e9es par la nature. Son \u0153uvre est un hymne \u00e0 la lumi\u00e8re, \u00e0 l&rsquo;espace et au mouvement, o\u00f9 la couleur se d\u00e9ploie avec une libert\u00e9 et une puissance \u00e9vocatrices. Une Jeunesse au Carrefour de l&rsquo;Art et de la Politique N\u00e9 en 1920 \u00e0 Paris, Olivier Debr\u00e9 est issu d&rsquo;une famille illustre et engag\u00e9e. Son grand-p\u00e8re, Robert Debr\u00e9, fut un p\u00e9diatre renomm\u00e9, son p\u00e8re, Michel Debr\u00e9, fut Premier Ministre sous la V\u00e8me R\u00e9publique, et son oncle, Bernard Debr\u00e9, un sculpteur. Malgr\u00e9 cet environnement propice aux lettres et \u00e0 la politique, Olivier s&rsquo;oriente tr\u00e8s t\u00f4t vers l&rsquo;art. Il \u00e9tudie l&rsquo;histoire et la philosophie \u00e0 la Sorbonne, et la peinture et l&rsquo;architecture aux Beaux-Arts de Paris. Ses d\u00e9buts artistiques, dans les ann\u00e9es 1940, sont influenc\u00e9s par le surr\u00e9alisme et la figuration. Cependant, apr\u00e8s la Seconde Guerre mondiale, il op\u00e8re une transition radicale vers l&rsquo;abstraction. Il est alors en qu\u00eate d&rsquo;un langage pictural qui d\u00e9passe la simple repr\u00e9sentation pour exprimer l&rsquo;\u00e9motion pure. L&rsquo;Abstraction Lyrique et la Sensibilit\u00e9 au Paysage Dans les ann\u00e9es 1950, Olivier Debr\u00e9 devient l&rsquo;une des figures majeures de ce que l&rsquo;on appelle\u00a0 l&rsquo;abstraction lyrique ou \u00ab\u00a0Tachisme\u00a0\u00bb. Il rompt avec la g\u00e9om\u00e9trie et la construction formelle pour\u00a0 laisser libre cours au geste, \u00e0 la couleur et \u00e0 la spontan\u00e9it\u00e9. Sa peinture est un dialogue intime avec\u00a0 la mati\u00e8re et la lumi\u00e8re.\u00a0 Ce qui distingue profond\u00e9ment l&rsquo;abstraction d&rsquo;Olivier Debr\u00e9, c&rsquo;est son lien indissoluble avec la\u00a0 nature et le paysage. Contrairement \u00e0 une abstraction purement c\u00e9r\u00e9brale, la sienne est\u00a0 profond\u00e9ment ancr\u00e9e dans l&rsquo;observation et la sensation. La Loire, avec ses lumi\u00e8res changeantes,\u00a0 ses gr\u00e8ves et ses reflets, devient une source d&rsquo;inspiration in\u00e9puisable. Ses toiles portent des titres\u00a0 \u00e9vocateurs : \u00ab\u00a0Signes-Paysages\u00a0\u00bb, \u00ab\u00a0Taches-Paysages\u00a0\u00bb, \u00ab\u00a0\u00c9clatement d&rsquo;une tache vert et jaune sur fond\u00a0 orange\u00a0\u00bb, qui soulignent cette connexion. Il ne peint pas un paysage, mais la \u00ab\u00a0sensation paysage\u00a0\u00bb\u00a0 qu&rsquo;il ressent face \u00e0 lui.\u00a0 Ses \u0153uvres se caract\u00e9risent par :\u00a0 De grands formats qui enveloppent le spectateur et l&rsquo;invitent \u00e0 plonger dans l&rsquo;immensit\u00e9 de\u00a0 ses compositions.\u00a0\u00a0 Des aplats de couleurs vibrantes, souvent translucides, qui se superposent et se m\u00e9langent\u00a0 sur la toile, cr\u00e9ant des effets de profondeur et de transparence.\u00a0\u00a0 Un geste ample et spontan\u00e9, o\u00f9 la peinture est parfois appliqu\u00e9e directement au couteau ou\u00a0 \u00e0 la main, lib\u00e9rant une \u00e9nergie palpable.\u00a0\u00a0 \u2022 Une lumi\u00e8re omnipr\u00e9sente, qui irradie des fonds ou \u00e9clate par des touches vives, donnant\u00a0 vie \u00e0 l&rsquo;ensemble. Une Reconnaissance Internationale et des Projets Monumentaux La reconnaissance d&rsquo;Olivier Debr\u00e9 d\u00e9passe rapidement les fronti\u00e8res fran\u00e7aises. Il expose\u00a0 r\u00e9guli\u00e8rement aux \u00c9tats-Unis d\u00e8s les ann\u00e9es 1960, o\u00f9 il est remarqu\u00e9 par des critiques et\u00a0 collectionneurs importants. Son travail est pr\u00e9sent\u00e9 dans les plus grands mus\u00e9es du monde. Tout au long de sa carri\u00e8re, Debr\u00e9 s&rsquo;engage dans des projets d&rsquo;envergure. Il r\u00e9alise des d\u00e9cors et des\u00a0 costumes pour l&rsquo;Op\u00e9ra de Paris (comme pour \u00ab\u00a0L&rsquo;Oiseau de feu\u00a0\u00bb de Stravinsky). Mais c&rsquo;est surtout\u00a0 par ses \u0153uvres monumentales qu&rsquo;il marque les esprits : il cr\u00e9e des peintures murales et des d\u00e9cors\u00a0 pour des b\u00e2timents publics, comme l&rsquo;Ambassade de France \u00e0 Washington D.C. ou le Centre des\u00a0 Congr\u00e8s de Nagoya au Japon. Son \u0153uvre la plus embl\u00e9matique dans ce domaine reste la\u00a0 sc\u00e9nographie du rideau de sc\u00e8ne de la Com\u00e9die-Fran\u00e7aise \u00e0 Paris en 1987, une immense toile de\u00a0 160 m\u00b2 qui r\u00e9sume toute sa force expressive. H\u00e9ritage Olivier Debr\u00e9 est d\u00e9c\u00e9d\u00e9 en 1999 \u00e0 Paris, laissant derri\u00e8re lui une \u0153uvre consid\u00e9rable et une\u00a0 approche singuli\u00e8re de l&rsquo;abstraction. Il fut un peintre qui, par sa sensibilit\u00e9 \u00e0 la nature et la puissance de son geste, a su cr\u00e9er un langage universel. Ses toiles sont des invitations \u00e0 l&rsquo;\u00e9vasion, \u00e0 la\u00a0 contemplation et \u00e0 la communion avec les \u00e9l\u00e9ments. Elles continuent de vibrer de la lumi\u00e8re et de\u00a0 l&rsquo;\u00e9motion d&rsquo;un artiste qui a su capter l&rsquo;essence m\u00eame du paysage pour en faire une exp\u00e9rience\u00a0 picturale totale. + PARTAGER FACEBOOK LINKEDIN EMAIL + PARTAGER FACEBOOK LINKEDIN EMAIL Olivier Debr\u00e9 (1920 \u2013 1999) : Le Peintre de la Nature et du Geste Lyrique Olivier Debr\u00e9 fut l&rsquo;un des peintres fran\u00e7ais les plus significatifs de la seconde moiti\u00e9 du XXe si\u00e8cle,\u00a0 reconnu pour son abstraction lyrique et sa capacit\u00e9 \u00e0 traduire sur la toile les \u00e9motions et les\u00a0 sensations inspir\u00e9es par la nature. Son \u0153uvre est un hymne \u00e0 la lumi\u00e8re, \u00e0 l&rsquo;espace et au\u00a0 mouvement, o\u00f9 la couleur se d\u00e9ploie avec une libert\u00e9 et une puissance \u00e9vocatrices. Une Jeunesse au Carrefour de l&rsquo;Art et de la Politique N\u00e9 en 1920 \u00e0 Paris, Olivier Debr\u00e9 est issu d&rsquo;une famille illustre et engag\u00e9e. Son grand-p\u00e8re, Robert\u00a0 Debr\u00e9, fut un p\u00e9diatre renomm\u00e9, son p\u00e8re, Michel Debr\u00e9, fut Premier Ministre sous la V\u00e8me\u00a0 R\u00e9publique, et son oncle, Bernard Debr\u00e9, un sculpteur. Malgr\u00e9 cet environnement propice aux\u00a0 lettres et \u00e0 la politique, Olivier s&rsquo;oriente tr\u00e8s t\u00f4t vers l&rsquo;art. Il \u00e9tudie l&rsquo;histoire et la philosophie \u00e0 la\u00a0 Sorbonne, et la peinture et l&rsquo;architecture aux Beaux-Arts de Paris.\u00a0 Ses d\u00e9buts artistiques, dans les ann\u00e9es 1940, sont influenc\u00e9s par le surr\u00e9alisme et la figuration.\u00a0 Cependant, apr\u00e8s la Seconde Guerre mondiale, il op\u00e8re une transition radicale vers l&rsquo;abstraction. Il\u00a0 est alors en qu\u00eate d&rsquo;un langage pictural qui d\u00e9passe la simple repr\u00e9sentation pour exprimer l&rsquo;\u00e9motion pure. L&rsquo;Abstraction Lyrique et la Sensibilit\u00e9 au Paysage Dans les ann\u00e9es 1950, Olivier Debr\u00e9 devient l&rsquo;une des figures majeures de ce que l&rsquo;on appelle\u00a0 l&rsquo;abstraction lyrique ou \u00ab\u00a0Tachisme\u00a0\u00bb. Il rompt avec la g\u00e9om\u00e9trie et la construction formelle pour\u00a0 laisser libre cours au geste, \u00e0 la couleur et \u00e0 la spontan\u00e9it\u00e9. Sa peinture est un dialogue intime avec\u00a0 la mati\u00e8re et la lumi\u00e8re.\u00a0 Ce qui distingue profond\u00e9ment l&rsquo;abstraction d&rsquo;Olivier Debr\u00e9, c&rsquo;est son lien indissoluble avec la\u00a0 nature et le paysage. Contrairement \u00e0 une abstraction purement c\u00e9r\u00e9brale, la sienne est\u00a0 profond\u00e9ment<\/p>\n","protected":false},"author":2,"featured_media":3334,"parent":1578,"menu_order":0,"comment_status":"closed","ping_status":"closed","template":"","meta":{"inline_featured_image":false,"footnotes":""},"wf_page_folders":[78],"class_list":["post-4256","page","type-page","status-publish","has-post-thumbnail","hentry"],"yoast_head":"<!-- This site is optimized with the Yoast SEO plugin v27.3 - https:\/\/yoast.com\/product\/yoast-seo-wordpress\/ -->\n<title>Olivier Debr\u00e9 : Biographie du ma\u00eetre de l&#039;abstraction<\/title>\n<meta name=\"description\" content=\"Les paysages \u00e9motionnels d&#039;Olivier Debr\u00e9, son histoire et sa vision : une biographie compl\u00e8te par \u00c9ric Brugier marchand d&#039;art.\" \/>\n<meta name=\"robots\" content=\"index, follow, max-snippet:-1, max-image-preview:large, max-video-preview:-1\" \/>\n<link rel=\"canonical\" href=\"https:\/\/ericbrugier.com\/fr\/artistes\/biographie-olivier-debre\/\" \/>\n<meta property=\"og:locale\" content=\"fr_FR\" \/>\n<meta property=\"og:type\" content=\"article\" \/>\n<meta property=\"og:title\" content=\"Olivier Debr\u00e9 : Biographie du ma\u00eetre de l&#039;abstraction\" \/>\n<meta property=\"og:description\" content=\"Les paysages \u00e9motionnels d&#039;Olivier Debr\u00e9, son histoire et sa vision : une biographie compl\u00e8te par \u00c9ric Brugier marchand d&#039;art.\" \/>\n<meta property=\"og:url\" content=\"https:\/\/ericbrugier.com\/fr\/artistes\/biographie-olivier-debre\/\" \/>\n<meta property=\"og:site_name\" content=\"\u00c9ric Brugier - Marchand d&#039;art - Gestion de collection\" \/>\n<meta property=\"article:modified_time\" content=\"2026-02-24T11:30:55+00:00\" \/>\n<meta property=\"og:image\" content=\"https:\/\/ericbrugier.com\/wp-content\/uploads\/2026\/01\/Olivier_DEBRE_Eric-Brugier_Marchand-dart_Gestion-de-collection.webp\" \/>\n\t<meta property=\"og:image:width\" content=\"800\" \/>\n\t<meta property=\"og:image:height\" content=\"800\" \/>\n\t<meta property=\"og:image:type\" content=\"image\/webp\" \/>\n<meta name=\"twitter:card\" content=\"summary_large_image\" \/>\n<meta name=\"twitter:label1\" content=\"Dur\u00e9e de lecture estim\u00e9e\" \/>\n\t<meta name=\"twitter:data1\" content=\"9 minutes\" \/>\n<script type=\"application\/ld+json\" class=\"yoast-schema-graph\">{\"@context\":\"https:\\\/\\\/schema.org\",\"@graph\":[{\"@type\":\"WebPage\",\"@id\":\"https:\\\/\\\/ericbrugier.com\\\/fr\\\/artistes\\\/biographie-olivier-debre\\\/\",\"url\":\"https:\\\/\\\/ericbrugier.com\\\/fr\\\/artistes\\\/biographie-olivier-debre\\\/\",\"name\":\"Olivier Debr\u00e9 : Biographie du ma\u00eetre de l'abstraction\",\"isPartOf\":{\"@id\":\"https:\\\/\\\/ericbrugier.com\\\/#website\"},\"primaryImageOfPage\":{\"@id\":\"https:\\\/\\\/ericbrugier.com\\\/fr\\\/artistes\\\/biographie-olivier-debre\\\/#primaryimage\"},\"image\":{\"@id\":\"https:\\\/\\\/ericbrugier.com\\\/fr\\\/artistes\\\/biographie-olivier-debre\\\/#primaryimage\"},\"thumbnailUrl\":\"https:\\\/\\\/ericbrugier.com\\\/wp-content\\\/uploads\\\/2026\\\/01\\\/Olivier_DEBRE_Eric-Brugier_Marchand-dart_Gestion-de-collection.webp\",\"datePublished\":\"2026-01-30T14:07:56+00:00\",\"dateModified\":\"2026-02-24T11:30:55+00:00\",\"description\":\"Les paysages \u00e9motionnels d'Olivier Debr\u00e9, son histoire et sa vision : une biographie compl\u00e8te par \u00c9ric Brugier marchand d'art.\",\"breadcrumb\":{\"@id\":\"https:\\\/\\\/ericbrugier.com\\\/fr\\\/artistes\\\/biographie-olivier-debre\\\/#breadcrumb\"},\"inLanguage\":\"fr-FR\",\"potentialAction\":[{\"@type\":\"ReadAction\",\"target\":[\"https:\\\/\\\/ericbrugier.com\\\/fr\\\/artistes\\\/biographie-olivier-debre\\\/\"]}]},{\"@type\":\"ImageObject\",\"inLanguage\":\"fr-FR\",\"@id\":\"https:\\\/\\\/ericbrugier.com\\\/fr\\\/artistes\\\/biographie-olivier-debre\\\/#primaryimage\",\"url\":\"https:\\\/\\\/ericbrugier.com\\\/wp-content\\\/uploads\\\/2026\\\/01\\\/Olivier_DEBRE_Eric-Brugier_Marchand-dart_Gestion-de-collection.webp\",\"contentUrl\":\"https:\\\/\\\/ericbrugier.com\\\/wp-content\\\/uploads\\\/2026\\\/01\\\/Olivier_DEBRE_Eric-Brugier_Marchand-dart_Gestion-de-collection.webp\",\"width\":800,\"height\":800,\"caption\":\"Olivier DEBRE \u00c9ric Brugier marchant d'art et Gestion de collection\"},{\"@type\":\"BreadcrumbList\",\"@id\":\"https:\\\/\\\/ericbrugier.com\\\/fr\\\/artistes\\\/biographie-olivier-debre\\\/#breadcrumb\",\"itemListElement\":[{\"@type\":\"ListItem\",\"position\":1,\"name\":\"Accueil\",\"item\":\"https:\\\/\\\/ericbrugier.com\\\/\"},{\"@type\":\"ListItem\",\"position\":2,\"name\":\"ARTISTES\",\"item\":\"https:\\\/\\\/ericbrugier.com\\\/fr\\\/artistes\\\/\"},{\"@type\":\"ListItem\",\"position\":3,\"name\":\"Biographie Olivier Debr\u00e9\"}]},{\"@type\":\"WebSite\",\"@id\":\"https:\\\/\\\/ericbrugier.com\\\/#website\",\"url\":\"https:\\\/\\\/ericbrugier.com\\\/\",\"name\":\"Eric Brugier - Galerie d'art\",\"description\":\"Marchand d&#039;art et Gestion de collection\",\"publisher\":{\"@id\":\"https:\\\/\\\/ericbrugier.com\\\/#organization\"},\"potentialAction\":[{\"@type\":\"SearchAction\",\"target\":{\"@type\":\"EntryPoint\",\"urlTemplate\":\"https:\\\/\\\/ericbrugier.com\\\/?s={search_term_string}\"},\"query-input\":{\"@type\":\"PropertyValueSpecification\",\"valueRequired\":true,\"valueName\":\"search_term_string\"}}],\"inLanguage\":\"fr-FR\"},{\"@type\":\"Organization\",\"@id\":\"https:\\\/\\\/ericbrugier.com\\\/#organization\",\"name\":\"Eric Brugier - Marchand d'art - Gestion de collection\",\"url\":\"https:\\\/\\\/ericbrugier.com\\\/\",\"logo\":{\"@type\":\"ImageObject\",\"inLanguage\":\"fr-FR\",\"@id\":\"https:\\\/\\\/ericbrugier.com\\\/#\\\/schema\\\/logo\\\/image\\\/\",\"url\":\"https:\\\/\\\/ericbrugier.com\\\/wp-content\\\/uploads\\\/2025\\\/12\\\/Logo-eric-brugier-1.webp\",\"contentUrl\":\"https:\\\/\\\/ericbrugier.com\\\/wp-content\\\/uploads\\\/2025\\\/12\\\/Logo-eric-brugier-1.webp\",\"width\":1600,\"height\":500,\"caption\":\"Eric Brugier - Marchand d'art - Gestion de collection\"},\"image\":{\"@id\":\"https:\\\/\\\/ericbrugier.com\\\/#\\\/schema\\\/logo\\\/image\\\/\"}}]}<\/script>\n<!-- \/ Yoast SEO plugin. -->","yoast_head_json":{"title":"Olivier Debr\u00e9 : Biographie du ma\u00eetre de l'abstraction","description":"Les paysages \u00e9motionnels d'Olivier Debr\u00e9, son histoire et sa vision : une biographie compl\u00e8te par \u00c9ric Brugier marchand d'art.","robots":{"index":"index","follow":"follow","max-snippet":"max-snippet:-1","max-image-preview":"max-image-preview:large","max-video-preview":"max-video-preview:-1"},"canonical":"https:\/\/ericbrugier.com\/fr\/artistes\/biographie-olivier-debre\/","og_locale":"fr_FR","og_type":"article","og_title":"Olivier Debr\u00e9 : Biographie du ma\u00eetre de l'abstraction","og_description":"Les paysages \u00e9motionnels d'Olivier Debr\u00e9, son histoire et sa vision : une biographie compl\u00e8te par \u00c9ric Brugier marchand d'art.","og_url":"https:\/\/ericbrugier.com\/fr\/artistes\/biographie-olivier-debre\/","og_site_name":"\u00c9ric Brugier - Marchand d&#039;art - Gestion de collection","article_modified_time":"2026-02-24T11:30:55+00:00","og_image":[{"width":800,"height":800,"url":"https:\/\/ericbrugier.com\/wp-content\/uploads\/2026\/01\/Olivier_DEBRE_Eric-Brugier_Marchand-dart_Gestion-de-collection.webp","type":"image\/webp"}],"twitter_card":"summary_large_image","twitter_misc":{"Dur\u00e9e de lecture estim\u00e9e":"9 minutes"},"schema":{"@context":"https:\/\/schema.org","@graph":[{"@type":"WebPage","@id":"https:\/\/ericbrugier.com\/fr\/artistes\/biographie-olivier-debre\/","url":"https:\/\/ericbrugier.com\/fr\/artistes\/biographie-olivier-debre\/","name":"Olivier Debr\u00e9 : Biographie du ma\u00eetre de l'abstraction","isPartOf":{"@id":"https:\/\/ericbrugier.com\/#website"},"primaryImageOfPage":{"@id":"https:\/\/ericbrugier.com\/fr\/artistes\/biographie-olivier-debre\/#primaryimage"},"image":{"@id":"https:\/\/ericbrugier.com\/fr\/artistes\/biographie-olivier-debre\/#primaryimage"},"thumbnailUrl":"https:\/\/ericbrugier.com\/wp-content\/uploads\/2026\/01\/Olivier_DEBRE_Eric-Brugier_Marchand-dart_Gestion-de-collection.webp","datePublished":"2026-01-30T14:07:56+00:00","dateModified":"2026-02-24T11:30:55+00:00","description":"Les paysages \u00e9motionnels d'Olivier Debr\u00e9, son histoire et sa vision : une biographie compl\u00e8te par \u00c9ric Brugier marchand d'art.","breadcrumb":{"@id":"https:\/\/ericbrugier.com\/fr\/artistes\/biographie-olivier-debre\/#breadcrumb"},"inLanguage":"fr-FR","potentialAction":[{"@type":"ReadAction","target":["https:\/\/ericbrugier.com\/fr\/artistes\/biographie-olivier-debre\/"]}]},{"@type":"ImageObject","inLanguage":"fr-FR","@id":"https:\/\/ericbrugier.com\/fr\/artistes\/biographie-olivier-debre\/#primaryimage","url":"https:\/\/ericbrugier.com\/wp-content\/uploads\/2026\/01\/Olivier_DEBRE_Eric-Brugier_Marchand-dart_Gestion-de-collection.webp","contentUrl":"https:\/\/ericbrugier.com\/wp-content\/uploads\/2026\/01\/Olivier_DEBRE_Eric-Brugier_Marchand-dart_Gestion-de-collection.webp","width":800,"height":800,"caption":"Olivier DEBRE \u00c9ric Brugier marchant d'art et Gestion de collection"},{"@type":"BreadcrumbList","@id":"https:\/\/ericbrugier.com\/fr\/artistes\/biographie-olivier-debre\/#breadcrumb","itemListElement":[{"@type":"ListItem","position":1,"name":"Accueil","item":"https:\/\/ericbrugier.com\/"},{"@type":"ListItem","position":2,"name":"ARTISTES","item":"https:\/\/ericbrugier.com\/fr\/artistes\/"},{"@type":"ListItem","position":3,"name":"Biographie Olivier Debr\u00e9"}]},{"@type":"WebSite","@id":"https:\/\/ericbrugier.com\/#website","url":"https:\/\/ericbrugier.com\/","name":"Eric Brugier - Galerie d'art","description":"Marchand d&#039;art et Gestion de collection","publisher":{"@id":"https:\/\/ericbrugier.com\/#organization"},"potentialAction":[{"@type":"SearchAction","target":{"@type":"EntryPoint","urlTemplate":"https:\/\/ericbrugier.com\/?s={search_term_string}"},"query-input":{"@type":"PropertyValueSpecification","valueRequired":true,"valueName":"search_term_string"}}],"inLanguage":"fr-FR"},{"@type":"Organization","@id":"https:\/\/ericbrugier.com\/#organization","name":"Eric Brugier - Marchand d'art - Gestion de collection","url":"https:\/\/ericbrugier.com\/","logo":{"@type":"ImageObject","inLanguage":"fr-FR","@id":"https:\/\/ericbrugier.com\/#\/schema\/logo\/image\/","url":"https:\/\/ericbrugier.com\/wp-content\/uploads\/2025\/12\/Logo-eric-brugier-1.webp","contentUrl":"https:\/\/ericbrugier.com\/wp-content\/uploads\/2025\/12\/Logo-eric-brugier-1.webp","width":1600,"height":500,"caption":"Eric Brugier - Marchand d'art - Gestion de collection"},"image":{"@id":"https:\/\/ericbrugier.com\/#\/schema\/logo\/image\/"}}]}},"_links":{"self":[{"href":"https:\/\/ericbrugier.com\/fr\/wp-json\/wp\/v2\/pages\/4256","targetHints":{"allow":["GET"]}}],"collection":[{"href":"https:\/\/ericbrugier.com\/fr\/wp-json\/wp\/v2\/pages"}],"about":[{"href":"https:\/\/ericbrugier.com\/fr\/wp-json\/wp\/v2\/types\/page"}],"author":[{"embeddable":true,"href":"https:\/\/ericbrugier.com\/fr\/wp-json\/wp\/v2\/users\/2"}],"replies":[{"embeddable":true,"href":"https:\/\/ericbrugier.com\/fr\/wp-json\/wp\/v2\/comments?post=4256"}],"version-history":[{"count":34,"href":"https:\/\/ericbrugier.com\/fr\/wp-json\/wp\/v2\/pages\/4256\/revisions"}],"predecessor-version":[{"id":8155,"href":"https:\/\/ericbrugier.com\/fr\/wp-json\/wp\/v2\/pages\/4256\/revisions\/8155"}],"up":[{"embeddable":true,"href":"https:\/\/ericbrugier.com\/fr\/wp-json\/wp\/v2\/pages\/1578"}],"wp:featuredmedia":[{"embeddable":true,"href":"https:\/\/ericbrugier.com\/fr\/wp-json\/wp\/v2\/media\/3334"}],"wp:attachment":[{"href":"https:\/\/ericbrugier.com\/fr\/wp-json\/wp\/v2\/media?parent=4256"}],"wp:term":[{"taxonomy":"wf_page_folders","embeddable":true,"href":"https:\/\/ericbrugier.com\/fr\/wp-json\/wp\/v2\/wf_page_folders?post=4256"}],"curies":[{"name":"wp","href":"https:\/\/api.w.org\/{rel}","templated":true}]}}