{"id":3850,"date":"2026-01-29T16:44:59","date_gmt":"2026-01-29T15:44:59","guid":{"rendered":"https:\/\/ericbrugier.com\/?page_id=3850"},"modified":"2026-02-24T12:24:45","modified_gmt":"2026-02-24T11:24:45","slug":"biographie-cesar","status":"publish","type":"page","link":"https:\/\/ericbrugier.com\/fr\/artistes\/biographie-cesar\/","title":{"rendered":"Biographie C\u00e9sar"},"content":{"rendered":"\t\t<div data-elementor-type=\"wp-page\" data-elementor-id=\"3850\" class=\"elementor elementor-3850\">\n\t\t\t\t<div class=\"elementor-element elementor-element-f86124a e-flex e-con-boxed wpr-particle-no wpr-jarallax-no wpr-parallax-no wpr-sticky-section-no e-con e-parent\" data-id=\"f86124a\" data-element_type=\"container\" data-e-type=\"container\">\n\t\t\t\t\t<div class=\"e-con-inner\">\n\t\t<div class=\"elementor-element elementor-element-f6b4058 e-con-full e-flex wpr-particle-no wpr-jarallax-no wpr-parallax-no wpr-sticky-section-no e-con e-child\" data-id=\"f6b4058\" data-element_type=\"container\" data-e-type=\"container\">\n\t\t<div class=\"elementor-element elementor-element-619ec0b e-con-full e-flex wpr-particle-no wpr-jarallax-no wpr-parallax-no wpr-sticky-section-no e-con e-child\" data-id=\"619ec0b\" data-element_type=\"container\" data-e-type=\"container\">\n\t\t\t\t<div class=\"elementor-element elementor-element-8a0cd04 elementor-widget elementor-widget-heading\" data-id=\"8a0cd04\" data-element_type=\"widget\" data-e-type=\"widget\" data-widget_type=\"heading.default\">\n\t\t\t\t\t<h1 class=\"elementor-heading-title elementor-size-default\">C\u00e9sar Baldaccini<\/h1>\t\t\t\t<\/div>\n\t\t\t\t<\/div>\n\t\t<div class=\"elementor-element elementor-element-a8f9e50 e-con-full elementor-hidden-mobile e-flex wpr-particle-no wpr-jarallax-no wpr-parallax-no wpr-sticky-section-no e-con e-child\" data-id=\"a8f9e50\" data-element_type=\"container\" data-e-type=\"container\">\n\t\t\t\t<div class=\"elementor-element elementor-element-7272803 clean-pc elementor-widget__width-initial elementor-widget elementor-widget-heading\" data-id=\"7272803\" data-element_type=\"widget\" data-e-type=\"widget\" data-widget_type=\"heading.default\">\n\t\t\t\t\t<p class=\"elementor-heading-title elementor-size-default\"><a href=\"https:\/\/ericbrugier.com\/fr\/artistes\/oeuvres-cesar\/\">OEUVRES<\/a><\/p>\t\t\t\t<\/div>\n\t\t\t\t<\/div>\n\t\t<div class=\"elementor-element elementor-element-15ae5f5 e-con-full elementor-hidden-mobile e-flex wpr-particle-no wpr-jarallax-no wpr-parallax-no wpr-sticky-section-no e-con e-child\" data-id=\"15ae5f5\" data-element_type=\"container\" data-e-type=\"container\">\n\t\t\t\t<div class=\"elementor-element elementor-element-eb1b0ed elementor-widget__width-initial clean-pc elementor-widget elementor-widget-heading\" data-id=\"eb1b0ed\" data-element_type=\"widget\" data-e-type=\"widget\" data-widget_type=\"heading.default\">\n\t\t\t\t\t<p class=\"elementor-heading-title elementor-size-default\">BIOGRAPHIE<\/p>\t\t\t\t<\/div>\n\t\t\t\t<\/div>\n\t\t<div class=\"elementor-element elementor-element-1906318 e-con-full elementor-hidden-mobile e-flex wpr-particle-no wpr-jarallax-no wpr-parallax-no wpr-sticky-section-no e-con e-child\" data-id=\"1906318\" data-element_type=\"container\" data-e-type=\"container\">\n\t\t\t\t<div class=\"elementor-element elementor-element-ca721f2 clean-pc elementor-widget__width-initial elementor-widget elementor-widget-text-editor\" data-id=\"ca721f2\" data-element_type=\"widget\" data-e-type=\"widget\" data-widget_type=\"text-editor.default\">\n\t\t\t\t\t\t\t\t\t<p><a href=\"https:\/\/ericbrugier.com\/fr\/artistes\/biographie-nobuyashi-araki\/\">&lt;\u00a0<\/a>\u00a0 ARTISTE SUIVANT <a href=\"https:\/\/ericbrugier.com\/fr\/artistes\/biographie-larry-clark\/\">\u00a0 &gt;<\/a><\/p>\t\t\t\t\t\t\t\t<\/div>\n\t\t\t\t<\/div>\n\t\t\t\t<\/div>\n\t\t\t\t\t<\/div>\n\t\t\t\t<\/div>\n\t\t<div class=\"elementor-element elementor-element-e38c4b4 elementor-hidden-desktop elementor-hidden-tablet clean-mobile e-flex e-con-boxed wpr-particle-no wpr-jarallax-no wpr-parallax-no wpr-sticky-section-no e-con e-parent\" data-id=\"e38c4b4\" data-element_type=\"container\" data-e-type=\"container\">\n\t\t\t\t\t<div class=\"e-con-inner\">\n\t\t<div class=\"elementor-element elementor-element-9985a57 e-con-full e-flex wpr-particle-no wpr-jarallax-no wpr-parallax-no wpr-sticky-section-no e-con e-child\" data-id=\"9985a57\" data-element_type=\"container\" data-e-type=\"container\">\n\t\t\t\t<div class=\"elementor-element elementor-element-0a0043e elementor-widget elementor-widget-heading\" data-id=\"0a0043e\" data-element_type=\"widget\" data-e-type=\"widget\" data-widget_type=\"heading.default\">\n\t\t\t\t\t<p class=\"elementor-heading-title elementor-size-default\"><a href=\"https:\/\/ericbrugier.com\/fr\/artistes\/oeuvres-cesar\/\">OEUVRES<\/a><\/p>\t\t\t\t<\/div>\n\t\t\t\t<\/div>\n\t\t<div class=\"elementor-element elementor-element-b8468b9 e-con-full e-flex wpr-particle-no wpr-jarallax-no wpr-parallax-no wpr-sticky-section-no e-con e-child\" data-id=\"b8468b9\" data-element_type=\"container\" data-e-type=\"container\">\n\t\t\t\t<div class=\"elementor-element elementor-element-ce9e93c elementor-widget__width-inherit elementor-widget elementor-widget-heading\" data-id=\"ce9e93c\" data-element_type=\"widget\" data-e-type=\"widget\" data-widget_type=\"heading.default\">\n\t\t\t\t\t<p class=\"elementor-heading-title elementor-size-default\">BIOGRAPHIE<\/p>\t\t\t\t<\/div>\n\t\t\t\t<\/div>\n\t\t<div class=\"elementor-element elementor-element-9a1ee50 e-con-full e-flex wpr-particle-no wpr-jarallax-no wpr-parallax-no wpr-sticky-section-no e-con e-child\" data-id=\"9a1ee50\" data-element_type=\"container\" data-e-type=\"container\">\n\t\t\t\t<div class=\"elementor-element elementor-element-2193973 elementor-widget elementor-widget-text-editor\" data-id=\"2193973\" data-element_type=\"widget\" data-e-type=\"widget\" data-widget_type=\"text-editor.default\">\n\t\t\t\t\t\t\t\t\t<p><a href=\"https:\/\/ericbrugier.com\/fr\/artistes\/biographie-nobuyashi-araki\/\">&lt;\u00a0<\/a>\u00a0 ARTISTE SUIVANT\u00a0 \u00a0<a href=\"https:\/\/ericbrugier.com\/fr\/artistes\/biographie-larry-clark\/\">&gt;<\/a><\/p>\t\t\t\t\t\t\t\t<\/div>\n\t\t\t\t<\/div>\n\t\t\t\t\t<\/div>\n\t\t\t\t<\/div>\n\t\t<div class=\"elementor-element elementor-element-38ae48b4 elementor-hidden-mobile clean-pc e-flex e-con-boxed wpr-particle-no wpr-jarallax-no wpr-parallax-no wpr-sticky-section-no e-con e-parent\" data-id=\"38ae48b4\" data-element_type=\"container\" data-e-type=\"container\">\n\t\t\t\t\t<div class=\"e-con-inner\">\n\t\t<div class=\"elementor-element elementor-element-2a116b82 e-con-full col-texte-brugier e-flex wpr-particle-no wpr-jarallax-no wpr-parallax-no wpr-sticky-section-no e-con e-child\" data-id=\"2a116b82\" data-element_type=\"container\" data-e-type=\"container\">\n\t\t\t\t<div class=\"elementor-element elementor-element-8086d79 elementor-widget elementor-widget-heading\" data-id=\"8086d79\" data-element_type=\"widget\" data-e-type=\"widget\" data-widget_type=\"heading.default\">\n\t\t\t\t\t<h2 class=\"elementor-heading-title elementor-size-default\">C\u00e9sar (Baldaccini) (1921 \u2013 1998) : Le Sculpteur de la Mati\u00e8re et de la\nTransformation<\/h2>\t\t\t\t<\/div>\n\t\t\t\t<div class=\"elementor-element elementor-element-8c03f90 elementor-widget elementor-widget-text-editor\" data-id=\"8c03f90\" data-element_type=\"widget\" data-e-type=\"widget\" data-widget_type=\"text-editor.default\">\n\t\t\t\t\t\t\t\t\t<p>C\u00e9sar Baldaccini, universellement connu sous le pseudonyme de C\u00e9sar, est l&rsquo;un dessculpteurs fran\u00e7ais majeurs du XXe si\u00e8cle. Figure embl\u00e9matique du Nouveau R\u00e9alisme, il a r\u00e9volutionn\u00e9 la sculpture en s&rsquo;appropriant les mat\u00e9riaux industriels et les objets du quotidien, d\u00e9fiant les conventions avec audace et un sens aigu de la provocation. Son\u0153uvre est une exploration constante de la mati\u00e8re, de la transformation et du sens de l&rsquo;objet dans la soci\u00e9t\u00e9 de consommation.<\/p>\t\t\t\t\t\t\t\t<\/div>\n\t\t\t\t<div class=\"elementor-element elementor-element-45ff13a elementor-widget elementor-widget-heading\" data-id=\"45ff13a\" data-element_type=\"widget\" data-e-type=\"widget\" data-widget_type=\"heading.default\">\n\t\t\t\t\t<h3 class=\"elementor-heading-title elementor-size-default\">Des Origines Modestes \u00e0 la D\u00e9couverte du M\u00e9tal<\/h3>\t\t\t\t<\/div>\n\t\t\t\t<div class=\"elementor-element elementor-element-827a605 elementor-widget elementor-widget-text-editor\" data-id=\"827a605\" data-element_type=\"widget\" data-e-type=\"widget\" data-widget_type=\"text-editor.default\">\n\t\t\t\t\t\t\t\t\t<p>N\u00e9 en 1921 \u00e0 Marseille, dans une famille d&rsquo;origine italienne modeste, C\u00e9sar commence sa vie comme ouvrier. C&rsquo;est \u00e0 la fin des ann\u00e9es 1930 qu&rsquo;il d\u00e9couvre la soudure, une technique qui deviendra la pierre angulaire de son travail. Apr\u00e8s des \u00e9tudes \u00e0 l&rsquo;\u00c9cole des Beaux-Arts de Marseille, puis \u00e0 l&rsquo;\u00c9cole Nationale Sup\u00e9rieure des Beaux-Arts de Paris (\u00e0 partir de 1943), il s&rsquo;int\u00e9resse tr\u00e8s vite \u00e0 la sculpture.<br \/>Ses premi\u00e8res \u0153uvres, dans les ann\u00e9es 1940 et d\u00e9but 1950, sont encore classiques, mais il commence \u00e0 exp\u00e9rimenter avec des mat\u00e9riaux de r\u00e9cup\u00e9ration et des techniques de soudure. Il r\u00e9alise des sculptures figuratives, souvent des nus f\u00e9minins, mais d\u00e9j\u00e0 avec un traitement des surfaces qui sugg\u00e8re une recherche de la texture et de la rugosit\u00e9.<\/p>\t\t\t\t\t\t\t\t<\/div>\n\t\t\t\t<div class=\"elementor-element elementor-element-b0ba271 elementor-widget elementor-widget-heading\" data-id=\"b0ba271\" data-element_type=\"widget\" data-e-type=\"widget\" data-widget_type=\"heading.default\">\n\t\t\t\t\t<h3 class=\"elementor-heading-title elementor-size-default\">Les Fers Soud\u00e9s : Naissance d'un Style<\/h3>\t\t\t\t<\/div>\n\t\t\t\t<div class=\"elementor-element elementor-element-ae12693 elementor-widget elementor-widget-text-editor\" data-id=\"ae12693\" data-element_type=\"widget\" data-e-type=\"widget\" data-widget_type=\"text-editor.default\">\n\t\t\t\t\t\t\t\t\t<p>Le tournant majeur intervient au milieu des ann\u00e9es 1950. C\u00e9sar commence \u00e0 souder des morceaux de m\u00e9taux de r\u00e9cup\u00e9ration (ferrailles, tuyaux, boulons, plaques) issus de casses automobiles et de chantiers industriels. Ces premi\u00e8res \u00ab\u00a0soudures\u00a0\u00bb sont des figures animales (coqs, insectes) ou anthropomorphes, souvent d\u00e9charn\u00e9es et agressives, qui r\u00e9v\u00e8lent une force expressive brute. L&rsquo;\u0153uvre \u00ab\u00a0Le Poisson\u00a0\u00bb (1954) est embl\u00e9matique de cette p\u00e9riode et de sa reconnaissance pr\u00e9coce.<br \/>Il expose ces \u00ab\u00a0fers soud\u00e9s\u00a0\u00bb et est rapidement remarqu\u00e9 pour son originalit\u00e9 et sa rupture avec les traditions sculpturales. Il apporte une nouvelle vitalit\u00e9 \u00e0 la sculpture, la connectant directement \u00e0 l&rsquo;\u00e8re industrielle et \u00e0 la soci\u00e9t\u00e9 de consommation \u00e9mergente.<\/p>\t\t\t\t\t\t\t\t<\/div>\n\t\t\t\t<div class=\"elementor-element elementor-element-17e6b98 elementor-widget elementor-widget-heading\" data-id=\"17e6b98\" data-element_type=\"widget\" data-e-type=\"widget\" data-widget_type=\"heading.default\">\n\t\t\t\t\t<h3 class=\"elementor-heading-title elementor-size-default\">Les Compressions : Le Nouveau R\u00e9alisme et la Provocation<\/h3>\t\t\t\t<\/div>\n\t\t\t\t<div class=\"elementor-element elementor-element-856f35c elementor-widget elementor-widget-text-editor\" data-id=\"856f35c\" data-element_type=\"widget\" data-e-type=\"widget\" data-widget_type=\"text-editor.default\">\n\t\t\t\t\t\t\t\t\t<p>En 1960, C\u00e9sar frappe un grand coup et devient une figure majeure du Nouveau R\u00e9alisme, mouvement fond\u00e9 par le critique Pierre Restany. Il pr\u00e9sente ses premi\u00e8res \u00ab\u00a0Compressions\u00a0\u00bb au Salon de Mai : des voitures, des motocyclettes ou d&rsquo;autres objets industriels compact\u00e9s par une presse hydraulique.<br \/>Ces \u0153uvres, qui soul\u00e8vent un toll\u00e9 et la fascination, sont r\u00e9volutionnaires \u00e0 plusieurs titres :<\/p><ul><li>La d\u00e9mat\u00e9rialisation de l&rsquo;objet : L&rsquo;objet perd sa fonction et sa forme originelle pour devenir un bloc de mati\u00e8re densifi\u00e9e, un t\u00e9moignage de la surabondance industrielle.<\/li><li>L&rsquo;intervention m\u00e9canique : L&rsquo;artiste utilise la machine comme un outil cr\u00e9atif, interrogeant le r\u00f4le de l&rsquo;artiste et la d\u00e9finition m\u00eame de l&rsquo;\u0153uvre d&rsquo;art.<\/li><li>Une dimension sociale et \u00e9cologique : Les\u00a0 Compressions interrogent d\u00e9j\u00e0, avant l&rsquo;heure, la notion de d\u00e9chet, de production de masse et de recyclage.<\/li><\/ul>\t\t\t\t\t\t\t\t<\/div>\n\t\t\t\t<div class=\"elementor-element elementor-element-df4572a elementor-widget elementor-widget-heading\" data-id=\"df4572a\" data-element_type=\"widget\" data-e-type=\"widget\" data-widget_type=\"heading.default\">\n\t\t\t\t\t<h3 class=\"elementor-heading-title elementor-size-default\">Les Expansions et les Empreintes Humaines : Une Exploration Continu\u00e9e<\/h3>\t\t\t\t<\/div>\n\t\t\t\t<div class=\"elementor-element elementor-element-f0b7c25 elementor-widget elementor-widget-text-editor\" data-id=\"f0b7c25\" data-element_type=\"widget\" data-e-type=\"widget\" data-widget_type=\"text-editor.default\">\n\t\t\t\t\t\t\t\t\t<p>Apr\u00e8s les Compressions, C\u00e9sar ne cesse d&rsquo;exp\u00e9rimenter. Dans les ann\u00e9es 1960, il cr\u00e9e les \u00ab\u00a0Expansions\u00a0\u00bb, o\u00f9 il laisse la mousse de polyur\u00e9thane en pleine expansion se solidifier librement, cr\u00e9ant des formes organiques et al\u00e9atoires. C&rsquo;est le geste inverse de la compression, une ode \u00e0 la mati\u00e8re qui se d\u00e9ploie.<br \/>Dans les ann\u00e9es 1960 et 1970, il r\u00e9alise \u00e9galement des \u00ab\u00a0Empreintes humaines\u00a0\u00bb, des moulages directs de son propre corps ou de ceux de ses proches (poings, pouces, seins). Le plus c\u00e9l\u00e8bre est \u00ab\u00a0Le Pouce\u00a0\u00bb (1965), une gigantesque reproduction de son propre pouce, devenue une ic\u00f4ne de l&rsquo;art contemporain et un symbole de l&rsquo;individualit\u00e9 et de la monumentalit\u00e9.<\/p>\t\t\t\t\t\t\t\t<\/div>\n\t\t\t\t<div class=\"elementor-element elementor-element-1e4dbda elementor-widget elementor-widget-heading\" data-id=\"1e4dbda\" data-element_type=\"widget\" data-e-type=\"widget\" data-widget_type=\"heading.default\">\n\t\t\t\t\t<h3 class=\"elementor-heading-title elementor-size-default\">Un H\u00e9ritage Monumental et Populaire<\/h3>\t\t\t\t<\/div>\n\t\t\t\t<div class=\"elementor-element elementor-element-62508a3 elementor-widget elementor-widget-text-editor\" data-id=\"62508a3\" data-element_type=\"widget\" data-e-type=\"widget\" data-widget_type=\"text-editor.default\">\n\t\t\t\t\t\t\t\t\t<p>C\u00e9sar a expos\u00e9 dans les plus grandes galeries et mus\u00e9es du monde. Son travail est pr\u00e9sent dans d&rsquo;innombrables collections publiques et priv\u00e9es. Il a re\u00e7u de nombreuses distinctions, dont la L\u00e9gion d&rsquo;honneur. Son art a marqu\u00e9 son \u00e9poque par sa capacit\u00e9 \u00e0 transformer le banal en sublime, le d\u00e9chet en \u0153uvre d&rsquo;art, et \u00e0 questionner avec humour et intelligence notre rapport \u00e0 la mati\u00e8re et \u00e0 la consommation.<br \/>C\u00e9sar est d\u00e9c\u00e9d\u00e9 en 1998 \u00e0 Paris. Son h\u00e9ritage est celui d&rsquo;un artiste audacieux, provocateur et profond\u00e9ment humain, qui a ouvert de nouvelles voies \u00e0 la sculpture, prouvant que l&rsquo;art peut na\u00eetre de n&rsquo;importe quel mat\u00e9riau et s&rsquo;immiscer au c\u0153ur de notre quotidien. Il reste une figure tut\u00e9laire de l&rsquo;art du XXe si\u00e8cle, dont l&rsquo;\u0153uvre continue de susciter la r\u00e9flexion et l&rsquo;admiration.<\/p>\t\t\t\t\t\t\t\t<\/div>\n\t\t\t\t<\/div>\n\t\t<div class=\"elementor-element elementor-element-e06ca7f e-con-full col-image-brugier e-flex wpr-particle-no wpr-jarallax-no wpr-parallax-no wpr-sticky-section-no e-con e-child\" data-id=\"e06ca7f\" data-element_type=\"container\" data-e-type=\"container\">\n\t\t\t\t<div class=\"elementor-element elementor-element-7001d2ea animated-slow elementor-invisible elementor-widget elementor-widget-image\" data-id=\"7001d2ea\" data-element_type=\"widget\" data-e-type=\"widget\" data-settings=\"{&quot;_animation&quot;:&quot;fadeIn&quot;}\" data-widget_type=\"image.default\">\n\t\t\t\t\t\t\t\t\t\t\t\t\t\t\t<img fetchpriority=\"high\" decoding=\"async\" width=\"800\" height=\"800\" src=\"https:\/\/ericbrugier.com\/wp-content\/uploads\/2025\/12\/Cesar-Baldaccini-.jpg\" class=\"attachment-large size-large wp-image-1052\" alt=\"C\u00e9sar Baldaccini Eric Brugier - Marchand d&#039;art - Gestion de collection\" srcset=\"https:\/\/ericbrugier.com\/wp-content\/uploads\/2025\/12\/Cesar-Baldaccini-.jpg 800w, https:\/\/ericbrugier.com\/wp-content\/uploads\/2025\/12\/Cesar-Baldaccini--300x300.jpg 300w, https:\/\/ericbrugier.com\/wp-content\/uploads\/2025\/12\/Cesar-Baldaccini--150x150.jpg 150w, https:\/\/ericbrugier.com\/wp-content\/uploads\/2025\/12\/Cesar-Baldaccini--768x768.jpg 768w, https:\/\/ericbrugier.com\/wp-content\/uploads\/2025\/12\/Cesar-Baldaccini--12x12.jpg 12w, https:\/\/ericbrugier.com\/wp-content\/uploads\/2025\/12\/Cesar-Baldaccini--600x600.jpg 600w\" sizes=\"(max-width: 800px) 100vw, 800px\" \/>\t\t\t\t\t\t\t\t\t\t\t\t\t\t\t<\/div>\n\t\t\t\t<div class=\"elementor-element elementor-element-71af39c mon-bouton-clic elementor-invisible elementor-widget elementor-widget-button\" data-id=\"71af39c\" data-element_type=\"widget\" data-e-type=\"widget\" data-settings=\"{&quot;_animation&quot;:&quot;fadeInUp&quot;}\" data-widget_type=\"button.default\">\n\t\t\t\t\t\t\t\t\t\t<a class=\"elementor-button elementor-button-link elementor-size-sm\" href=\"#\">\n\t\t\t\t\t\t<span class=\"elementor-button-content-wrapper\">\n\t\t\t\t\t\t\t\t\t<span class=\"elementor-button-text\">+ PARTAGER<\/span>\n\t\t\t\t\t<\/span>\n\t\t\t\t\t<\/a>\n\t\t\t\t\t\t\t\t<\/div>\n\t\t\t\t<div class=\"elementor-element elementor-element-d9260e9 ma-liste-partage elementor-icon-list--layout-traditional elementor-list-item-link-full_width elementor-widget elementor-widget-icon-list\" data-id=\"d9260e9\" data-element_type=\"widget\" data-e-type=\"widget\" data-widget_type=\"icon-list.default\">\n\t\t\t\t\t\t\t<ul class=\"elementor-icon-list-items\">\n\t\t\t\t\t\t\t<li class=\"elementor-icon-list-item\">\n\t\t\t\t\t\t\t\t\t\t\t<a href=\"#share-fb\">\n\n\t\t\t\t\t\t\t\t\t\t\t\t<span class=\"elementor-icon-list-icon\">\n\t\t\t\t\t\t\t<svg aria-hidden=\"true\" class=\"e-font-icon-svg e-fab-facebook-f\" viewBox=\"0 0 320 512\" xmlns=\"http:\/\/www.w3.org\/2000\/svg\"><path d=\"M279.14 288l14.22-92.66h-88.91v-60.13c0-25.35 12.42-50.06 52.24-50.06h40.42V6.26S260.43 0 225.36 0c-73.22 0-121.08 44.38-121.08 124.72v70.62H22.89V288h81.39v224h100.17V288z\"><\/path><\/svg>\t\t\t\t\t\t<\/span>\n\t\t\t\t\t\t\t\t\t\t<span class=\"elementor-icon-list-text\">FACEBOOK<\/span>\n\t\t\t\t\t\t\t\t\t\t\t<\/a>\n\t\t\t\t\t\t\t\t\t<\/li>\n\t\t\t\t\t\t\t\t<li class=\"elementor-icon-list-item\">\n\t\t\t\t\t\t\t\t\t\t\t<a href=\"#share-link\">\n\n\t\t\t\t\t\t\t\t\t\t\t\t<span class=\"elementor-icon-list-icon\">\n\t\t\t\t\t\t\t<svg aria-hidden=\"true\" class=\"e-font-icon-svg e-fab-linkedin-in\" viewBox=\"0 0 448 512\" xmlns=\"http:\/\/www.w3.org\/2000\/svg\"><path d=\"M100.28 448H7.4V148.9h92.88zM53.79 108.1C24.09 108.1 0 83.5 0 53.8a53.79 53.79 0 0 1 107.58 0c0 29.7-24.1 54.3-53.79 54.3zM447.9 448h-92.68V302.4c0-34.7-.7-79.2-48.29-79.2-48.29 0-55.69 37.7-55.69 76.7V448h-92.78V148.9h89.08v40.8h1.3c12.4-23.5 42.69-48.3 87.88-48.3 94 0 111.28 61.9 111.28 142.3V448z\"><\/path><\/svg>\t\t\t\t\t\t<\/span>\n\t\t\t\t\t\t\t\t\t\t<span class=\"elementor-icon-list-text\">LINKEDIN<\/span>\n\t\t\t\t\t\t\t\t\t\t\t<\/a>\n\t\t\t\t\t\t\t\t\t<\/li>\n\t\t\t\t\t\t\t\t<li class=\"elementor-icon-list-item\">\n\t\t\t\t\t\t\t\t\t\t\t<a href=\"#share-mail\">\n\n\t\t\t\t\t\t\t\t\t\t\t\t<span class=\"elementor-icon-list-icon\">\n\t\t\t\t\t\t\t<svg aria-hidden=\"true\" class=\"e-font-icon-svg e-fas-at\" viewBox=\"0 0 512 512\" xmlns=\"http:\/\/www.w3.org\/2000\/svg\"><path d=\"M256 8C118.941 8 8 118.919 8 256c0 137.059 110.919 248 248 248 48.154 0 95.342-14.14 135.408-40.223 12.005-7.815 14.625-24.288 5.552-35.372l-10.177-12.433c-7.671-9.371-21.179-11.667-31.373-5.129C325.92 429.757 291.314 440 256 440c-101.458 0-184-82.542-184-184S154.542 72 256 72c100.139 0 184 57.619 184 160 0 38.786-21.093 79.742-58.17 83.693-17.349-.454-16.91-12.857-13.476-30.024l23.433-121.11C394.653 149.75 383.308 136 368.225 136h-44.981a13.518 13.518 0 0 0-13.432 11.993l-.01.092c-14.697-17.901-40.448-21.775-59.971-21.775-74.58 0-137.831 62.234-137.831 151.46 0 65.303 36.785 105.87 96 105.87 26.984 0 57.369-15.637 74.991-38.333 9.522 34.104 40.613 34.103 70.71 34.103C462.609 379.41 504 307.798 504 232 504 95.653 394.023 8 256 8zm-21.68 304.43c-22.249 0-36.07-15.623-36.07-40.771 0-44.993 30.779-72.729 58.63-72.729 22.292 0 35.601 15.241 35.601 40.77 0 45.061-33.875 72.73-58.161 72.73z\"><\/path><\/svg>\t\t\t\t\t\t<\/span>\n\t\t\t\t\t\t\t\t\t\t<span class=\"elementor-icon-list-text\">EMAIL<\/span>\n\t\t\t\t\t\t\t\t\t\t\t<\/a>\n\t\t\t\t\t\t\t\t\t<\/li>\n\t\t\t\t\t\t<\/ul>\n\t\t\t\t\t\t<\/div>\n\t\t\t\t<\/div>\n\t\t\t\t\t<\/div>\n\t\t\t\t<\/div>\n\t\t<div class=\"elementor-element elementor-element-b7b95e2 elementor-hidden-desktop elementor-hidden-tablet clean-mobile e-flex e-con-boxed wpr-particle-no wpr-jarallax-no wpr-parallax-no wpr-sticky-section-no e-con e-parent\" data-id=\"b7b95e2\" data-element_type=\"container\" data-e-type=\"container\">\n\t\t\t\t\t<div class=\"e-con-inner\">\n\t\t<div class=\"elementor-element elementor-element-aad2cc4 e-con-full e-flex wpr-particle-no wpr-jarallax-no wpr-parallax-no wpr-sticky-section-no e-con e-child\" data-id=\"aad2cc4\" data-element_type=\"container\" data-e-type=\"container\">\n\t\t\t\t<div class=\"elementor-element elementor-element-fd4fab0 elementor-widget elementor-widget-image\" data-id=\"fd4fab0\" data-element_type=\"widget\" data-e-type=\"widget\" data-widget_type=\"image.default\">\n\t\t\t\t\t\t\t\t\t\t\t\t\t\t\t<img fetchpriority=\"high\" decoding=\"async\" width=\"800\" height=\"800\" src=\"https:\/\/ericbrugier.com\/wp-content\/uploads\/2025\/12\/Cesar-Baldaccini-.jpg\" class=\"attachment-large size-large wp-image-1052\" alt=\"C\u00e9sar Baldaccini Eric Brugier - Marchand d&#039;art - Gestion de collection\" srcset=\"https:\/\/ericbrugier.com\/wp-content\/uploads\/2025\/12\/Cesar-Baldaccini-.jpg 800w, https:\/\/ericbrugier.com\/wp-content\/uploads\/2025\/12\/Cesar-Baldaccini--300x300.jpg 300w, https:\/\/ericbrugier.com\/wp-content\/uploads\/2025\/12\/Cesar-Baldaccini--150x150.jpg 150w, https:\/\/ericbrugier.com\/wp-content\/uploads\/2025\/12\/Cesar-Baldaccini--768x768.jpg 768w, https:\/\/ericbrugier.com\/wp-content\/uploads\/2025\/12\/Cesar-Baldaccini--12x12.jpg 12w, https:\/\/ericbrugier.com\/wp-content\/uploads\/2025\/12\/Cesar-Baldaccini--600x600.jpg 600w\" sizes=\"(max-width: 800px) 100vw, 800px\" \/>\t\t\t\t\t\t\t\t\t\t\t\t\t\t\t<\/div>\n\t\t\t\t<div class=\"elementor-element elementor-element-2cff68a mon-bouton-clic-mob elementor-invisible elementor-widget elementor-widget-button\" data-id=\"2cff68a\" data-element_type=\"widget\" data-e-type=\"widget\" data-settings=\"{&quot;_animation&quot;:&quot;fadeInUp&quot;}\" data-widget_type=\"button.default\">\n\t\t\t\t\t\t\t\t\t\t<a class=\"elementor-button elementor-button-link elementor-size-sm\" href=\"#\">\n\t\t\t\t\t\t<span class=\"elementor-button-content-wrapper\">\n\t\t\t\t\t\t\t\t\t<span class=\"elementor-button-text\">+ PARTAGER<\/span>\n\t\t\t\t\t<\/span>\n\t\t\t\t\t<\/a>\n\t\t\t\t\t\t\t\t<\/div>\n\t\t\t\t<div class=\"elementor-element elementor-element-c4c73e6 ma-liste-partage-mob elementor-icon-list--layout-traditional elementor-list-item-link-full_width elementor-widget elementor-widget-icon-list\" data-id=\"c4c73e6\" data-element_type=\"widget\" data-e-type=\"widget\" data-widget_type=\"icon-list.default\">\n\t\t\t\t\t\t\t<ul class=\"elementor-icon-list-items\">\n\t\t\t\t\t\t\t<li class=\"elementor-icon-list-item\">\n\t\t\t\t\t\t\t\t\t\t\t<a href=\"#share-fb\">\n\n\t\t\t\t\t\t\t\t\t\t\t\t<span class=\"elementor-icon-list-icon\">\n\t\t\t\t\t\t\t<svg aria-hidden=\"true\" class=\"e-font-icon-svg e-fab-facebook-f\" viewBox=\"0 0 320 512\" xmlns=\"http:\/\/www.w3.org\/2000\/svg\"><path d=\"M279.14 288l14.22-92.66h-88.91v-60.13c0-25.35 12.42-50.06 52.24-50.06h40.42V6.26S260.43 0 225.36 0c-73.22 0-121.08 44.38-121.08 124.72v70.62H22.89V288h81.39v224h100.17V288z\"><\/path><\/svg>\t\t\t\t\t\t<\/span>\n\t\t\t\t\t\t\t\t\t\t<span class=\"elementor-icon-list-text\">FACEBOOK<\/span>\n\t\t\t\t\t\t\t\t\t\t\t<\/a>\n\t\t\t\t\t\t\t\t\t<\/li>\n\t\t\t\t\t\t\t\t<li class=\"elementor-icon-list-item\">\n\t\t\t\t\t\t\t\t\t\t\t<a href=\"#share-link\">\n\n\t\t\t\t\t\t\t\t\t\t\t\t<span class=\"elementor-icon-list-icon\">\n\t\t\t\t\t\t\t<svg aria-hidden=\"true\" class=\"e-font-icon-svg e-fab-linkedin-in\" viewBox=\"0 0 448 512\" xmlns=\"http:\/\/www.w3.org\/2000\/svg\"><path d=\"M100.28 448H7.4V148.9h92.88zM53.79 108.1C24.09 108.1 0 83.5 0 53.8a53.79 53.79 0 0 1 107.58 0c0 29.7-24.1 54.3-53.79 54.3zM447.9 448h-92.68V302.4c0-34.7-.7-79.2-48.29-79.2-48.29 0-55.69 37.7-55.69 76.7V448h-92.78V148.9h89.08v40.8h1.3c12.4-23.5 42.69-48.3 87.88-48.3 94 0 111.28 61.9 111.28 142.3V448z\"><\/path><\/svg>\t\t\t\t\t\t<\/span>\n\t\t\t\t\t\t\t\t\t\t<span class=\"elementor-icon-list-text\">LINKEDIN<\/span>\n\t\t\t\t\t\t\t\t\t\t\t<\/a>\n\t\t\t\t\t\t\t\t\t<\/li>\n\t\t\t\t\t\t\t\t<li class=\"elementor-icon-list-item\">\n\t\t\t\t\t\t\t\t\t\t\t<a href=\"#share-mail\">\n\n\t\t\t\t\t\t\t\t\t\t\t\t<span class=\"elementor-icon-list-icon\">\n\t\t\t\t\t\t\t<svg aria-hidden=\"true\" class=\"e-font-icon-svg e-fas-at\" viewBox=\"0 0 512 512\" xmlns=\"http:\/\/www.w3.org\/2000\/svg\"><path d=\"M256 8C118.941 8 8 118.919 8 256c0 137.059 110.919 248 248 248 48.154 0 95.342-14.14 135.408-40.223 12.005-7.815 14.625-24.288 5.552-35.372l-10.177-12.433c-7.671-9.371-21.179-11.667-31.373-5.129C325.92 429.757 291.314 440 256 440c-101.458 0-184-82.542-184-184S154.542 72 256 72c100.139 0 184 57.619 184 160 0 38.786-21.093 79.742-58.17 83.693-17.349-.454-16.91-12.857-13.476-30.024l23.433-121.11C394.653 149.75 383.308 136 368.225 136h-44.981a13.518 13.518 0 0 0-13.432 11.993l-.01.092c-14.697-17.901-40.448-21.775-59.971-21.775-74.58 0-137.831 62.234-137.831 151.46 0 65.303 36.785 105.87 96 105.87 26.984 0 57.369-15.637 74.991-38.333 9.522 34.104 40.613 34.103 70.71 34.103C462.609 379.41 504 307.798 504 232 504 95.653 394.023 8 256 8zm-21.68 304.43c-22.249 0-36.07-15.623-36.07-40.771 0-44.993 30.779-72.729 58.63-72.729 22.292 0 35.601 15.241 35.601 40.77 0 45.061-33.875 72.73-58.161 72.73z\"><\/path><\/svg>\t\t\t\t\t\t<\/span>\n\t\t\t\t\t\t\t\t\t\t<span class=\"elementor-icon-list-text\">EMAIL<\/span>\n\t\t\t\t\t\t\t\t\t\t\t<\/a>\n\t\t\t\t\t\t\t\t\t<\/li>\n\t\t\t\t\t\t<\/ul>\n\t\t\t\t\t\t<\/div>\n\t\t\t\t<\/div>\n\t\t<div class=\"elementor-element elementor-element-b9e6919 e-con-full e-flex wpr-particle-no wpr-jarallax-no wpr-parallax-no wpr-sticky-section-no e-con e-child\" data-id=\"b9e6919\" data-element_type=\"container\" data-e-type=\"container\">\n\t\t\t\t<div class=\"elementor-element elementor-element-0c9e8cc elementor-widget elementor-widget-heading\" data-id=\"0c9e8cc\" data-element_type=\"widget\" data-e-type=\"widget\" data-widget_type=\"heading.default\">\n\t\t\t\t\t<h2 class=\"elementor-heading-title elementor-size-default\">C\u00e9sar (Baldaccini) (1921 \u2013 1998) : Le G\u00e9nial Sculpteur de la Mati\u00e8re et de la\nTransformation<\/h2>\t\t\t\t<\/div>\n\t\t\t\t<div class=\"elementor-element elementor-element-378d0e6 elementor-widget elementor-widget-text-editor\" data-id=\"378d0e6\" data-element_type=\"widget\" data-e-type=\"widget\" data-widget_type=\"text-editor.default\">\n\t\t\t\t\t\t\t\t\t<p>C\u00e9sar Baldaccini, universellement connu sous le pseudonyme de C\u00e9sar, est l&rsquo;un des sculpteurs fran\u00e7ais majeurs du XXe si\u00e8cle. Figure embl\u00e9matique du Nouveau R\u00e9alisme, il a r\u00e9volutionn\u00e9 la sculpture en s&rsquo;appropriant les mat\u00e9riaux industriels et les objets du quotidien, d\u00e9fiant les conventions avec audace et un sens aigu de la provocation. Son \u0153uvre est une exploration constante de la mati\u00e8re, de la transformation et du sens de<br \/>l&rsquo; objet dans la soci\u00e9t\u00e9 de consommation.<\/p>\t\t\t\t\t\t\t\t<\/div>\n\t\t\t\t<\/div>\n\t\t\t\t<div class=\"elementor-element elementor-element-36faf38 elementor-widget elementor-widget-heading\" data-id=\"36faf38\" data-element_type=\"widget\" data-e-type=\"widget\" data-widget_type=\"heading.default\">\n\t\t\t\t\t<h3 class=\"elementor-heading-title elementor-size-default\">Des Origines Modestes \u00e0 la D\u00e9couverte du M\u00e9tal \n<\/h3>\t\t\t\t<\/div>\n\t\t\t\t\t<\/div>\n\t\t\t\t<\/div>\n\t\t<div class=\"elementor-element elementor-element-4a93ea1 elementor-hidden-desktop clean-mobile e-flex e-con-boxed wpr-particle-no wpr-jarallax-no wpr-parallax-no wpr-sticky-section-no e-con e-parent\" data-id=\"4a93ea1\" data-element_type=\"container\" data-e-type=\"container\">\n\t\t\t\t\t<div class=\"e-con-inner\">\n\t\t\t\t<div class=\"elementor-element elementor-element-03fe983 elementor-widget elementor-widget-text-editor\" data-id=\"03fe983\" data-element_type=\"widget\" data-e-type=\"widget\" data-widget_type=\"text-editor.default\">\n\t\t\t\t\t\t\t\t\t<p><span style=\"font-weight: 400;\">N\u00e9 en 1921 \u00e0 Marseille, dans une famille d&rsquo;origine italienne modeste, C\u00e9sar commence sa vie\u00a0 comme ouvrier. C&rsquo;est \u00e0 la fin des ann\u00e9es 1930 qu&rsquo;il d\u00e9couvre la soudure, une technique qui\u00a0 deviendra la pierre angulaire de son travail. Apr\u00e8s des \u00e9tudes \u00e0 l&rsquo;\u00c9cole des Beaux-Arts de Marseille, puis \u00e0 l&rsquo;\u00c9cole Nationale Sup\u00e9rieure des Beaux-Arts de Paris (\u00e0 partir de 1943), il s&rsquo;int\u00e9resse tr\u00e8s vite \u00e0 la sculpture.\u00a0<\/span><\/p><p><span style=\"font-weight: 400;\">Ses premi\u00e8res \u0153uvres, dans les ann\u00e9es 1940 et d\u00e9but 1950, sont encore classiques, mais il\u00a0 commence \u00e0 exp\u00e9rimenter avec des mat\u00e9riaux de r\u00e9cup\u00e9ration et des techniques de soudure. Il\u00a0 r\u00e9alise des sculptures figuratives, souvent des nus f\u00e9minins, mais d\u00e9j\u00e0 avec un traitement des\u00a0 surfaces qui sugg\u00e8re une recherche de la texture et de la rugosit\u00e9. <\/span><\/p>\t\t\t\t\t\t\t\t<\/div>\n\t\t\t\t<div class=\"elementor-element elementor-element-b545cac elementor-widget elementor-widget-heading\" data-id=\"b545cac\" data-element_type=\"widget\" data-e-type=\"widget\" data-widget_type=\"heading.default\">\n\t\t\t\t\t<h3 class=\"elementor-heading-title elementor-size-default\">Les Fers Soud\u00e9s : Naissance d'un Style \n<\/h3>\t\t\t\t<\/div>\n\t\t\t\t<div class=\"elementor-element elementor-element-50fe2c0 elementor-widget elementor-widget-text-editor\" data-id=\"50fe2c0\" data-element_type=\"widget\" data-e-type=\"widget\" data-widget_type=\"text-editor.default\">\n\t\t\t\t\t\t\t\t\t<p><span style=\"font-weight: 400;\">Le tournant majeur intervient au milieu des ann\u00e9es 1950. C\u00e9sar commence \u00e0 souder des morceaux\u00a0 de m\u00e9taux de r\u00e9cup\u00e9ration (ferrailles, tuyaux, boulons, plaques) issus de casses automobiles et de\u00a0 chantiers industriels. Ces premi\u00e8res \u00ab\u00a0soudures\u00a0\u00bb sont des figures animales (coqs, insectes) ou\u00a0 anthropomorphes, souvent d\u00e9charn\u00e9es et agressives, qui r\u00e9v\u00e8lent une force expressive brute.\u00a0 L&rsquo;\u0153uvre <\/span><b>\u00ab\u00a0Le Poisson\u00a0\u00bb (1954) <\/b><span style=\"font-weight: 400;\">est embl\u00e9matique de cette p\u00e9riode et de sa reconnaissance pr\u00e9coce.\u00a0<\/span><\/p><p><span style=\"font-weight: 400;\">Il expose ces \u00ab\u00a0fers soud\u00e9s\u00a0\u00bb et est rapidement remarqu\u00e9 pour son originalit\u00e9 et sa rupture avec les\u00a0 traditions sculpturales. Il apporte une nouvelle vitalit\u00e9 \u00e0 la sculpture, la connectant directement \u00e0\u00a0 l&rsquo;\u00e8re industrielle et \u00e0 la soci\u00e9t\u00e9 de consommation \u00e9mergente.<\/span><\/p>\t\t\t\t\t\t\t\t<\/div>\n\t\t\t\t<div class=\"elementor-element elementor-element-1f5faca elementor-widget elementor-widget-heading\" data-id=\"1f5faca\" data-element_type=\"widget\" data-e-type=\"widget\" data-widget_type=\"heading.default\">\n\t\t\t\t\t<h3 class=\"elementor-heading-title elementor-size-default\">Les Compressions : Le Nouveau R\u00e9alisme et la Provocation \n<\/h3>\t\t\t\t<\/div>\n\t\t\t\t<div class=\"elementor-element elementor-element-e40ac26 elementor-widget elementor-widget-text-editor\" data-id=\"e40ac26\" data-element_type=\"widget\" data-e-type=\"widget\" data-widget_type=\"text-editor.default\">\n\t\t\t\t\t\t\t\t\t<p><span style=\"font-weight: 400;\">En 1960, C\u00e9sar frappe un grand coup et devient une figure majeure du Nouveau R\u00e9alisme,\u00a0 mouvement fond\u00e9 par le critique Pierre Restany. Il pr\u00e9sente ses premi\u00e8res <\/span><b>\u00ab\u00a0Compressions\u00a0\u00bb <\/b><span style=\"font-weight: 400;\">au\u00a0 Salon de Mai : des voitures, des motocyclettes ou d&rsquo;autres objets industriels compact\u00e9s par une\u00a0 presse hydraulique.\u00a0<\/span><\/p><p><span style=\"font-weight: 400;\">Ces \u0153uvres, qui soul\u00e8vent un toll\u00e9 et la fascination, sont r\u00e9volutionnaires \u00e0 plusieurs titres :\u00a0<\/span><\/p><ul><li><b>La d\u00e9mat\u00e9rialisation de l&rsquo;objet : <\/b><span style=\"font-weight: 400;\">L&rsquo;objet perd sa fonction et sa forme originelle pour\u00a0 devenir un bloc de mati\u00e8re densifi\u00e9e, un t\u00e9moignage de la surabondance industrielle.\u00a0<\/span><\/li><li><b>L&rsquo;intervention m\u00e9canique : <\/b><span style=\"font-weight: 400;\">L&rsquo;artiste utilise la machine comme un outil cr\u00e9atif, interrogeant le r\u00f4le de l&rsquo;artiste et la d\u00e9finition m\u00eame de l&rsquo;\u0153uvre d&rsquo;art.\u00a0\u00a0<\/span><span style=\"font-weight: 400;\">\u00a0<\/span><\/li><li><b>Une dimension sociale et \u00e9cologique : <\/b><span style=\"font-weight: 400;\">Les Compressions interrogent d\u00e9j\u00e0, avant l&rsquo;heure, la\u00a0 notion de d\u00e9chet, de production de masse et de recyclage.\u00a0<\/span><\/li><\/ul>\t\t\t\t\t\t\t\t<\/div>\n\t\t\t\t<div class=\"elementor-element elementor-element-2f01064 elementor-widget elementor-widget-heading\" data-id=\"2f01064\" data-element_type=\"widget\" data-e-type=\"widget\" data-widget_type=\"heading.default\">\n\t\t\t\t\t<h3 class=\"elementor-heading-title elementor-size-default\">Les Expansions et les Empreintes Humaines : Une Exploration Continu\u00e9e \n<\/h3>\t\t\t\t<\/div>\n\t\t\t\t<div class=\"elementor-element elementor-element-75af244 elementor-widget elementor-widget-text-editor\" data-id=\"75af244\" data-element_type=\"widget\" data-e-type=\"widget\" data-widget_type=\"text-editor.default\">\n\t\t\t\t\t\t\t\t\t<p><span style=\"font-weight: 400;\">Apr\u00e8s les Compressions, C\u00e9sar ne cesse d&rsquo;exp\u00e9rimenter. Dans les ann\u00e9es 1960, il cr\u00e9e les\u00a0 <\/span><b>\u00ab\u00a0Expansions\u00a0\u00bb<\/b><span style=\"font-weight: 400;\">, o\u00f9 il laisse la mousse de polyur\u00e9thane en pleine expansion se solidifier librement,\u00a0<\/span><\/p><p><span style=\"font-weight: 400;\">cr\u00e9ant des formes organiques et al\u00e9atoires. C&rsquo;est le geste inverse de la compression, une ode \u00e0 la\u00a0 mati\u00e8re qui se d\u00e9ploie.\u00a0<\/span><\/p><p><span style=\"font-weight: 400;\">Dans les ann\u00e9es 1960 et 1970, il r\u00e9alise \u00e9galement des <\/span><b>\u00ab\u00a0Empreintes humaines\u00a0\u00bb<\/b><span style=\"font-weight: 400;\">, des moulages\u00a0 directs de son propre corps ou de ceux de ses proches (poings, pouces, seins). Le plus c\u00e9l\u00e8bre est\u00a0 <\/span><b>\u00ab\u00a0Le Pouce\u00a0\u00bb (1965)<\/b><span style=\"font-weight: 400;\">, une gigantesque reproduction de son propre pouce, devenue une ic\u00f4ne de l&rsquo;art\u00a0 contemporain et un symbole de l&rsquo;individualit\u00e9 et de la monumentalit\u00e9. <\/span><\/p>\t\t\t\t\t\t\t\t<\/div>\n\t\t\t\t<div class=\"elementor-element elementor-element-80d2959 elementor-widget elementor-widget-heading\" data-id=\"80d2959\" data-element_type=\"widget\" data-e-type=\"widget\" data-widget_type=\"heading.default\">\n\t\t\t\t\t<h3 class=\"elementor-heading-title elementor-size-default\">Un H\u00e9ritage Monumental et Populaire <\/h3>\t\t\t\t<\/div>\n\t\t\t\t<div class=\"elementor-element elementor-element-b3ca1e1 elementor-widget elementor-widget-text-editor\" data-id=\"b3ca1e1\" data-element_type=\"widget\" data-e-type=\"widget\" data-widget_type=\"text-editor.default\">\n\t\t\t\t\t\t\t\t\t<p><span style=\"font-weight: 400;\">C\u00e9sar a expos\u00e9 dans les plus grandes galeries et mus\u00e9es du monde. Son travail est pr\u00e9sent dans\u00a0 d&rsquo;innombrables collections publiques et priv\u00e9es. Il a re\u00e7u de nombreuses distinctions, dont la L\u00e9gion d&rsquo;honneur. Son art a marqu\u00e9 son \u00e9poque par sa capacit\u00e9 \u00e0 transformer le banal en sublime, le d\u00e9chet\u00a0 en \u0153uvre d&rsquo;art, et \u00e0 questionner avec humour et intelligence notre rapport \u00e0 la mati\u00e8re et \u00e0 la\u00a0 consommation.\u00a0<\/span><\/p><p><span style=\"font-weight: 400;\">C\u00e9sar est d\u00e9c\u00e9d\u00e9 en 1998 \u00e0 Paris. Son h\u00e9ritage est celui d&rsquo;un artiste audacieux, provocateur et\u00a0 profond\u00e9ment humain, qui a ouvert de nouvelles voies \u00e0 la sculpture, prouvant que l&rsquo;art peut na\u00eetre\u00a0 de n&rsquo;importe quel mat\u00e9riau et s&rsquo;immiscer au c\u0153ur de notre quotidien. Il reste une figure tut\u00e9laire de\u00a0 l&rsquo;art du XXe si\u00e8cle, dont l&rsquo;\u0153uvre continue de susciter la r\u00e9flexion et l&rsquo;admiration.<\/span><\/p>\t\t\t\t\t\t\t\t<\/div>\n\t\t\t\t\t<\/div>\n\t\t\t\t<\/div>\n\t\t<div class=\"elementor-element elementor-element-d92d831 e-flex e-con-boxed wpr-particle-no wpr-jarallax-no wpr-parallax-no wpr-sticky-section-no e-con e-parent\" data-id=\"d92d831\" data-element_type=\"container\" data-e-type=\"container\">\n\t\t\t\t\t<div class=\"e-con-inner\">\n\t\t\t\t<div class=\"elementor-element elementor-element-73591ce elementor-widget elementor-widget-html\" data-id=\"73591ce\" data-element_type=\"widget\" data-e-type=\"widget\" data-widget_type=\"html.default\">\n\t\t\t\t\t<style>\n\/* 1. R\u00c9F\u00c9RENCE DU BOUTON *\/\n.mon-bouton-clic, \n.mon-bouton-clic-mob {\n    position: relative !important;\n    display: inline-block !important;\n    height: auto !important;\n}\n\n\/* 2. LA LISTE (D\u00e9sormais coll\u00e9e) *\/\n.ma-liste-partage, \n.ma-liste-partage-mob {\n    display: none;\n    background: #ffffff;\n    border: 1px solid #d1d1d1;\n    padding: 0 !important;\n    \n    position: absolute !important;\n    top: 100% !important; \n    left: 0 !important;\n    \n    \/* MODIFICATION ICI : On passe \u00e0 0 pour coller au bouton *\/\n    margin-top: 0px !important; \n    \n    z-index: 999999 !important;\n    width: 140px;\n    box-shadow: 0px 8px 16px rgba(0,0,0,0.1);\n}\n\n.ma-liste-partage.visible, \n.ma-liste-partage-mob.visible {\n    display: block !important;\n}\n\n\/* 3. STYLE DES ITEMS *\/\n.ma-liste-partage .elementor-icon-list-item,\n.ma-liste-partage-mob .elementor-icon-list-item {\n    padding: 10px 12px !important;\n    transition: all 0.2s ease;\n    cursor: pointer;\n    margin: 0 !important;\n    display: flex;\n    align-items: center;\n}\n\n.ma-liste-partage .elementor-icon-list-text, \n.ma-liste-partage-mob .elementor-icon-list-text {\n    font-family: 'Montserrat', sans-serif !important;\n    font-size: 10px !important;\n    text-transform: uppercase !important;\n    color: #888888 !important;\n    letter-spacing: 1px;\n}\n\n.ma-liste-partage .elementor-icon-list-item:hover {\n    background-color: #000000 !important;\n}\n\n.ma-liste-partage .elementor-icon-list-item:hover .elementor-icon-list-text,\n.ma-liste-partage .elementor-icon-list-item:hover svg {\n    color: #ffffff !important;\n    fill: #ffffff !important;\n}\n\n.ma-liste-partage a { \n    text-decoration: none !important; \n    display: flex; \n    width: 100%; \n    align-items: center;\n}\n<\/style>\n\n<script>\ndocument.addEventListener('DOMContentLoaded', function() {\n    \n    \/\/ On d\u00e9place physiquement la liste dans le bouton pour l'ancrage\n    const btnPC = document.querySelector('.mon-bouton-clic');\n    const listPC = document.querySelector('.ma-liste-partage');\n    const btnMob = document.querySelector('.mon-bouton-clic-mob');\n    const listMob = document.querySelector('.ma-liste-partage-mob');\n\n    if(btnPC && listPC) btnPC.appendChild(listPC);\n    if(btnMob && listMob) btnMob.appendChild(listMob);\n\n    function setupShareToggle(btnClass, listClass) {\n        const btn = document.querySelector(btnClass);\n        const list = document.querySelector(listClass);\n        \n        if(btn && list) {\n            btn.addEventListener('click', function(e) {\n                if(e.target.tagName !== 'A' && e.target.parentElement.tagName !== 'A') {\n                   e.preventDefault();\n                }\n                e.stopPropagation();\n                list.classList.toggle('visible');\n            });\n        }\n    }\n\n    setupShareToggle('.mon-bouton-clic', '.ma-liste-partage');\n    setupShareToggle('.mon-bouton-clic-mob', '.ma-liste-partage-mob');\n\n    document.addEventListener('click', function() {\n        if(listPC) listPC.classList.remove('visible');\n        if(listMob) listMob.classList.remove('visible');\n    });\n\n    const urlPage = encodeURIComponent(window.location.href);\n    const config = {\n        '#share-fb': `https:\/\/www.facebook.com\/sharer\/sharer.php?u=${urlPage}`,\n        '#share-link': `https:\/\/www.linkedin.com\/sharing\/share-offsite\/?url=${urlPage}`,\n        '#share-mail': `mailto:?body=${urlPage}`,\n        '#share-insta': `https:\/\/www.instagram.com\/eric_brugier_galerie\/`\n    };\n\n    Object.keys(config).forEach(id => {\n        document.querySelectorAll(`a[href=\"${id}\"]`).forEach(el => {\n            el.href = config[id];\n            el.setAttribute('target', '_blank');\n        });\n    });\n});\n<\/script>\t\t\t\t<\/div>\n\t\t\t\t<div class=\"elementor-element elementor-element-7b81ef0 elementor-widget elementor-widget-html\" data-id=\"7b81ef0\" data-element_type=\"widget\" data-e-type=\"widget\" data-widget_type=\"html.default\">\n\t\t\t\t\t<script>\ndocument.addEventListener(\"DOMContentLoaded\", function() {\n    \/\/ On d\u00e9finit le seuil \u00e0 767px pour isoler uniquement les mobiles\n    var isSmallMobile = window.innerWidth <= 767;\n\n    if (isSmallMobile) {\n        \/\/ \u00c9cran <= 767px : On supprime physiquement la version PC\n        document.querySelectorAll('.clean-pc').forEach(function(el) {\n            el.remove();\n        });\n    } else {\n        \/\/ \u00c9cran > 767px (Tablettes et PC) : On supprime physiquement la version mobile\n        document.querySelectorAll('.clean-mobile').forEach(function(el) {\n            el.remove();\n        });\n    }\n});\n<\/script>\t\t\t\t<\/div>\n\t\t\t\t\t<\/div>\n\t\t\t\t<\/div>\n\t\t\t\t<\/div>\n\t\t","protected":false},"excerpt":{"rendered":"<p>C\u00e9sar Baldaccini OEUVRES BIOGRAPHIE &lt;\u00a0\u00a0 ARTISTE SUIVANT \u00a0 &gt; OEUVRES BIOGRAPHIE &lt;\u00a0\u00a0 ARTISTE SUIVANT\u00a0 \u00a0&gt; C\u00e9sar (Baldaccini) (1921 \u2013 1998) : Le Sculpteur de la Mati\u00e8re et de la Transformation C\u00e9sar Baldaccini, universellement connu sous le pseudonyme de C\u00e9sar, est l&rsquo;un dessculpteurs fran\u00e7ais majeurs du XXe si\u00e8cle. Figure embl\u00e9matique du Nouveau R\u00e9alisme, il a r\u00e9volutionn\u00e9 la sculpture en s&rsquo;appropriant les mat\u00e9riaux industriels et les objets du quotidien, d\u00e9fiant les conventions avec audace et un sens aigu de la provocation. Son\u0153uvre est une exploration constante de la mati\u00e8re, de la transformation et du sens de l&rsquo;objet dans la soci\u00e9t\u00e9 de consommation. Des Origines Modestes \u00e0 la D\u00e9couverte du M\u00e9tal N\u00e9 en 1921 \u00e0 Marseille, dans une famille d&rsquo;origine italienne modeste, C\u00e9sar commence sa vie comme ouvrier. C&rsquo;est \u00e0 la fin des ann\u00e9es 1930 qu&rsquo;il d\u00e9couvre la soudure, une technique qui deviendra la pierre angulaire de son travail. Apr\u00e8s des \u00e9tudes \u00e0 l&rsquo;\u00c9cole des Beaux-Arts de Marseille, puis \u00e0 l&rsquo;\u00c9cole Nationale Sup\u00e9rieure des Beaux-Arts de Paris (\u00e0 partir de 1943), il s&rsquo;int\u00e9resse tr\u00e8s vite \u00e0 la sculpture.Ses premi\u00e8res \u0153uvres, dans les ann\u00e9es 1940 et d\u00e9but 1950, sont encore classiques, mais il commence \u00e0 exp\u00e9rimenter avec des mat\u00e9riaux de r\u00e9cup\u00e9ration et des techniques de soudure. Il r\u00e9alise des sculptures figuratives, souvent des nus f\u00e9minins, mais d\u00e9j\u00e0 avec un traitement des surfaces qui sugg\u00e8re une recherche de la texture et de la rugosit\u00e9. Les Fers Soud\u00e9s : Naissance d&rsquo;un Style Le tournant majeur intervient au milieu des ann\u00e9es 1950. C\u00e9sar commence \u00e0 souder des morceaux de m\u00e9taux de r\u00e9cup\u00e9ration (ferrailles, tuyaux, boulons, plaques) issus de casses automobiles et de chantiers industriels. Ces premi\u00e8res \u00ab\u00a0soudures\u00a0\u00bb sont des figures animales (coqs, insectes) ou anthropomorphes, souvent d\u00e9charn\u00e9es et agressives, qui r\u00e9v\u00e8lent une force expressive brute. L&rsquo;\u0153uvre \u00ab\u00a0Le Poisson\u00a0\u00bb (1954) est embl\u00e9matique de cette p\u00e9riode et de sa reconnaissance pr\u00e9coce.Il expose ces \u00ab\u00a0fers soud\u00e9s\u00a0\u00bb et est rapidement remarqu\u00e9 pour son originalit\u00e9 et sa rupture avec les traditions sculpturales. Il apporte une nouvelle vitalit\u00e9 \u00e0 la sculpture, la connectant directement \u00e0 l&rsquo;\u00e8re industrielle et \u00e0 la soci\u00e9t\u00e9 de consommation \u00e9mergente. Les Compressions : Le Nouveau R\u00e9alisme et la Provocation En 1960, C\u00e9sar frappe un grand coup et devient une figure majeure du Nouveau R\u00e9alisme, mouvement fond\u00e9 par le critique Pierre Restany. Il pr\u00e9sente ses premi\u00e8res \u00ab\u00a0Compressions\u00a0\u00bb au Salon de Mai : des voitures, des motocyclettes ou d&rsquo;autres objets industriels compact\u00e9s par une presse hydraulique.Ces \u0153uvres, qui soul\u00e8vent un toll\u00e9 et la fascination, sont r\u00e9volutionnaires \u00e0 plusieurs titres : La d\u00e9mat\u00e9rialisation de l&rsquo;objet : L&rsquo;objet perd sa fonction et sa forme originelle pour devenir un bloc de mati\u00e8re densifi\u00e9e, un t\u00e9moignage de la surabondance industrielle. L&rsquo;intervention m\u00e9canique : L&rsquo;artiste utilise la machine comme un outil cr\u00e9atif, interrogeant le r\u00f4le de l&rsquo;artiste et la d\u00e9finition m\u00eame de l&rsquo;\u0153uvre d&rsquo;art. Une dimension sociale et \u00e9cologique : Les\u00a0 Compressions interrogent d\u00e9j\u00e0, avant l&rsquo;heure, la notion de d\u00e9chet, de production de masse et de recyclage. Les Expansions et les Empreintes Humaines : Une Exploration Continu\u00e9e Apr\u00e8s les Compressions, C\u00e9sar ne cesse d&rsquo;exp\u00e9rimenter. Dans les ann\u00e9es 1960, il cr\u00e9e les \u00ab\u00a0Expansions\u00a0\u00bb, o\u00f9 il laisse la mousse de polyur\u00e9thane en pleine expansion se solidifier librement, cr\u00e9ant des formes organiques et al\u00e9atoires. C&rsquo;est le geste inverse de la compression, une ode \u00e0 la mati\u00e8re qui se d\u00e9ploie.Dans les ann\u00e9es 1960 et 1970, il r\u00e9alise \u00e9galement des \u00ab\u00a0Empreintes humaines\u00a0\u00bb, des moulages directs de son propre corps ou de ceux de ses proches (poings, pouces, seins). Le plus c\u00e9l\u00e8bre est \u00ab\u00a0Le Pouce\u00a0\u00bb (1965), une gigantesque reproduction de son propre pouce, devenue une ic\u00f4ne de l&rsquo;art contemporain et un symbole de l&rsquo;individualit\u00e9 et de la monumentalit\u00e9. Un H\u00e9ritage Monumental et Populaire C\u00e9sar a expos\u00e9 dans les plus grandes galeries et mus\u00e9es du monde. Son travail est pr\u00e9sent dans d&rsquo;innombrables collections publiques et priv\u00e9es. Il a re\u00e7u de nombreuses distinctions, dont la L\u00e9gion d&rsquo;honneur. Son art a marqu\u00e9 son \u00e9poque par sa capacit\u00e9 \u00e0 transformer le banal en sublime, le d\u00e9chet en \u0153uvre d&rsquo;art, et \u00e0 questionner avec humour et intelligence notre rapport \u00e0 la mati\u00e8re et \u00e0 la consommation.C\u00e9sar est d\u00e9c\u00e9d\u00e9 en 1998 \u00e0 Paris. Son h\u00e9ritage est celui d&rsquo;un artiste audacieux, provocateur et profond\u00e9ment humain, qui a ouvert de nouvelles voies \u00e0 la sculpture, prouvant que l&rsquo;art peut na\u00eetre de n&rsquo;importe quel mat\u00e9riau et s&rsquo;immiscer au c\u0153ur de notre quotidien. Il reste une figure tut\u00e9laire de l&rsquo;art du XXe si\u00e8cle, dont l&rsquo;\u0153uvre continue de susciter la r\u00e9flexion et l&rsquo;admiration. + PARTAGER FACEBOOK LINKEDIN EMAIL + PARTAGER FACEBOOK LINKEDIN EMAIL C\u00e9sar (Baldaccini) (1921 \u2013 1998) : Le G\u00e9nial Sculpteur de la Mati\u00e8re et de la Transformation C\u00e9sar Baldaccini, universellement connu sous le pseudonyme de C\u00e9sar, est l&rsquo;un des sculpteurs fran\u00e7ais majeurs du XXe si\u00e8cle. Figure embl\u00e9matique du Nouveau R\u00e9alisme, il a r\u00e9volutionn\u00e9 la sculpture en s&rsquo;appropriant les mat\u00e9riaux industriels et les objets du quotidien, d\u00e9fiant les conventions avec audace et un sens aigu de la provocation. Son \u0153uvre est une exploration constante de la mati\u00e8re, de la transformation et du sens del&rsquo; objet dans la soci\u00e9t\u00e9 de consommation. Des Origines Modestes \u00e0 la D\u00e9couverte du M\u00e9tal N\u00e9 en 1921 \u00e0 Marseille, dans une famille d&rsquo;origine italienne modeste, C\u00e9sar commence sa vie\u00a0 comme ouvrier. C&rsquo;est \u00e0 la fin des ann\u00e9es 1930 qu&rsquo;il d\u00e9couvre la soudure, une technique qui\u00a0 deviendra la pierre angulaire de son travail. Apr\u00e8s des \u00e9tudes \u00e0 l&rsquo;\u00c9cole des Beaux-Arts de Marseille, puis \u00e0 l&rsquo;\u00c9cole Nationale Sup\u00e9rieure des Beaux-Arts de Paris (\u00e0 partir de 1943), il s&rsquo;int\u00e9resse tr\u00e8s vite \u00e0 la sculpture.\u00a0 Ses premi\u00e8res \u0153uvres, dans les ann\u00e9es 1940 et d\u00e9but 1950, sont encore classiques, mais il\u00a0 commence \u00e0 exp\u00e9rimenter avec des mat\u00e9riaux de r\u00e9cup\u00e9ration et des techniques de soudure. Il\u00a0 r\u00e9alise des sculptures figuratives, souvent des nus f\u00e9minins, mais d\u00e9j\u00e0 avec un traitement des\u00a0 surfaces qui sugg\u00e8re une recherche de la texture et de la rugosit\u00e9. Les Fers Soud\u00e9s : Naissance d&rsquo;un Style Le tournant majeur intervient au milieu des ann\u00e9es 1950. C\u00e9sar commence \u00e0 souder des morceaux\u00a0 de m\u00e9taux de r\u00e9cup\u00e9ration (ferrailles, tuyaux, boulons, plaques) issus de casses automobiles et de\u00a0 chantiers industriels. Ces premi\u00e8res \u00ab\u00a0soudures\u00a0\u00bb<\/p>\n","protected":false},"author":2,"featured_media":1052,"parent":1578,"menu_order":0,"comment_status":"closed","ping_status":"closed","template":"","meta":{"inline_featured_image":false,"footnotes":""},"wf_page_folders":[75],"class_list":["post-3850","page","type-page","status-publish","has-post-thumbnail","hentry"],"yoast_head":"<!-- This site is optimized with the Yoast SEO plugin v27.3 - https:\/\/yoast.com\/product\/yoast-seo-wordpress\/ -->\n<title>C\u00e9sar Baldaccini : Biographie du ma\u00eetre du Nouveau R\u00e9alisme<\/title>\n<meta name=\"description\" content=\"L&#039;\u00e9pop\u00e9e de C\u00e9sar Baldaccini, son histoire et ses compressions : une biographie compl\u00e8te par \u00c9ric Brugier marchand d&#039;art et gestion de collection.\" \/>\n<meta name=\"robots\" content=\"index, follow, max-snippet:-1, max-image-preview:large, max-video-preview:-1\" \/>\n<link rel=\"canonical\" href=\"https:\/\/ericbrugier.com\/fr\/artistes\/biographie-cesar\/\" \/>\n<meta property=\"og:locale\" content=\"fr_FR\" \/>\n<meta property=\"og:type\" content=\"article\" \/>\n<meta property=\"og:title\" content=\"C\u00e9sar Baldaccini : Biographie du ma\u00eetre du Nouveau R\u00e9alisme\" \/>\n<meta property=\"og:description\" content=\"L&#039;\u00e9pop\u00e9e de C\u00e9sar Baldaccini, son histoire et ses compressions : une biographie compl\u00e8te par \u00c9ric Brugier marchand d&#039;art et gestion de collection.\" \/>\n<meta property=\"og:url\" content=\"https:\/\/ericbrugier.com\/fr\/artistes\/biographie-cesar\/\" \/>\n<meta property=\"og:site_name\" content=\"\u00c9ric Brugier - Marchand d&#039;art - Gestion de collection\" \/>\n<meta property=\"article:modified_time\" content=\"2026-02-24T11:24:45+00:00\" \/>\n<meta property=\"og:image\" content=\"https:\/\/ericbrugier.com\/wp-content\/uploads\/2025\/12\/Cesar-Baldaccini-.jpg\" \/>\n\t<meta property=\"og:image:width\" content=\"800\" \/>\n\t<meta property=\"og:image:height\" content=\"800\" \/>\n\t<meta property=\"og:image:type\" content=\"image\/jpeg\" \/>\n<meta name=\"twitter:card\" content=\"summary_large_image\" \/>\n<meta name=\"twitter:label1\" content=\"Dur\u00e9e de lecture estim\u00e9e\" \/>\n\t<meta name=\"twitter:data1\" content=\"9 minutes\" \/>\n<script type=\"application\/ld+json\" class=\"yoast-schema-graph\">{\"@context\":\"https:\\\/\\\/schema.org\",\"@graph\":[{\"@type\":\"WebPage\",\"@id\":\"https:\\\/\\\/ericbrugier.com\\\/fr\\\/artistes\\\/biographie-cesar\\\/\",\"url\":\"https:\\\/\\\/ericbrugier.com\\\/fr\\\/artistes\\\/biographie-cesar\\\/\",\"name\":\"C\u00e9sar Baldaccini : Biographie du ma\u00eetre du Nouveau R\u00e9alisme\",\"isPartOf\":{\"@id\":\"https:\\\/\\\/ericbrugier.com\\\/#website\"},\"primaryImageOfPage\":{\"@id\":\"https:\\\/\\\/ericbrugier.com\\\/fr\\\/artistes\\\/biographie-cesar\\\/#primaryimage\"},\"image\":{\"@id\":\"https:\\\/\\\/ericbrugier.com\\\/fr\\\/artistes\\\/biographie-cesar\\\/#primaryimage\"},\"thumbnailUrl\":\"https:\\\/\\\/ericbrugier.com\\\/wp-content\\\/uploads\\\/2025\\\/12\\\/Cesar-Baldaccini-.jpg\",\"datePublished\":\"2026-01-29T15:44:59+00:00\",\"dateModified\":\"2026-02-24T11:24:45+00:00\",\"description\":\"L'\u00e9pop\u00e9e de C\u00e9sar Baldaccini, son histoire et ses compressions : une biographie compl\u00e8te par \u00c9ric Brugier marchand d'art et gestion de collection.\",\"breadcrumb\":{\"@id\":\"https:\\\/\\\/ericbrugier.com\\\/fr\\\/artistes\\\/biographie-cesar\\\/#breadcrumb\"},\"inLanguage\":\"fr-FR\",\"potentialAction\":[{\"@type\":\"ReadAction\",\"target\":[\"https:\\\/\\\/ericbrugier.com\\\/fr\\\/artistes\\\/biographie-cesar\\\/\"]}]},{\"@type\":\"ImageObject\",\"inLanguage\":\"fr-FR\",\"@id\":\"https:\\\/\\\/ericbrugier.com\\\/fr\\\/artistes\\\/biographie-cesar\\\/#primaryimage\",\"url\":\"https:\\\/\\\/ericbrugier.com\\\/wp-content\\\/uploads\\\/2025\\\/12\\\/Cesar-Baldaccini-.jpg\",\"contentUrl\":\"https:\\\/\\\/ericbrugier.com\\\/wp-content\\\/uploads\\\/2025\\\/12\\\/Cesar-Baldaccini-.jpg\",\"width\":800,\"height\":800,\"caption\":\"C\u00e9sar Baldaccini Eric Brugier - Marchand d'art - Gestion de collection\"},{\"@type\":\"BreadcrumbList\",\"@id\":\"https:\\\/\\\/ericbrugier.com\\\/fr\\\/artistes\\\/biographie-cesar\\\/#breadcrumb\",\"itemListElement\":[{\"@type\":\"ListItem\",\"position\":1,\"name\":\"Accueil\",\"item\":\"https:\\\/\\\/ericbrugier.com\\\/\"},{\"@type\":\"ListItem\",\"position\":2,\"name\":\"ARTISTES\",\"item\":\"https:\\\/\\\/ericbrugier.com\\\/fr\\\/artistes\\\/\"},{\"@type\":\"ListItem\",\"position\":3,\"name\":\"Biographie C\u00e9sar\"}]},{\"@type\":\"WebSite\",\"@id\":\"https:\\\/\\\/ericbrugier.com\\\/#website\",\"url\":\"https:\\\/\\\/ericbrugier.com\\\/\",\"name\":\"Eric Brugier - Galerie d'art\",\"description\":\"Marchand d&#039;art et Gestion de collection\",\"publisher\":{\"@id\":\"https:\\\/\\\/ericbrugier.com\\\/#organization\"},\"potentialAction\":[{\"@type\":\"SearchAction\",\"target\":{\"@type\":\"EntryPoint\",\"urlTemplate\":\"https:\\\/\\\/ericbrugier.com\\\/?s={search_term_string}\"},\"query-input\":{\"@type\":\"PropertyValueSpecification\",\"valueRequired\":true,\"valueName\":\"search_term_string\"}}],\"inLanguage\":\"fr-FR\"},{\"@type\":\"Organization\",\"@id\":\"https:\\\/\\\/ericbrugier.com\\\/#organization\",\"name\":\"Eric Brugier - Marchand d'art - Gestion de collection\",\"url\":\"https:\\\/\\\/ericbrugier.com\\\/\",\"logo\":{\"@type\":\"ImageObject\",\"inLanguage\":\"fr-FR\",\"@id\":\"https:\\\/\\\/ericbrugier.com\\\/#\\\/schema\\\/logo\\\/image\\\/\",\"url\":\"https:\\\/\\\/ericbrugier.com\\\/wp-content\\\/uploads\\\/2025\\\/12\\\/Logo-eric-brugier-1.webp\",\"contentUrl\":\"https:\\\/\\\/ericbrugier.com\\\/wp-content\\\/uploads\\\/2025\\\/12\\\/Logo-eric-brugier-1.webp\",\"width\":1600,\"height\":500,\"caption\":\"Eric Brugier - Marchand d'art - Gestion de collection\"},\"image\":{\"@id\":\"https:\\\/\\\/ericbrugier.com\\\/#\\\/schema\\\/logo\\\/image\\\/\"}}]}<\/script>\n<!-- \/ Yoast SEO plugin. -->","yoast_head_json":{"title":"C\u00e9sar Baldaccini : Biographie du ma\u00eetre du Nouveau R\u00e9alisme","description":"L'\u00e9pop\u00e9e de C\u00e9sar Baldaccini, son histoire et ses compressions : une biographie compl\u00e8te par \u00c9ric Brugier marchand d'art et gestion de collection.","robots":{"index":"index","follow":"follow","max-snippet":"max-snippet:-1","max-image-preview":"max-image-preview:large","max-video-preview":"max-video-preview:-1"},"canonical":"https:\/\/ericbrugier.com\/fr\/artistes\/biographie-cesar\/","og_locale":"fr_FR","og_type":"article","og_title":"C\u00e9sar Baldaccini : Biographie du ma\u00eetre du Nouveau R\u00e9alisme","og_description":"L'\u00e9pop\u00e9e de C\u00e9sar Baldaccini, son histoire et ses compressions : une biographie compl\u00e8te par \u00c9ric Brugier marchand d'art et gestion de collection.","og_url":"https:\/\/ericbrugier.com\/fr\/artistes\/biographie-cesar\/","og_site_name":"\u00c9ric Brugier - Marchand d&#039;art - Gestion de collection","article_modified_time":"2026-02-24T11:24:45+00:00","og_image":[{"width":800,"height":800,"url":"https:\/\/ericbrugier.com\/wp-content\/uploads\/2025\/12\/Cesar-Baldaccini-.jpg","type":"image\/jpeg"}],"twitter_card":"summary_large_image","twitter_misc":{"Dur\u00e9e de lecture estim\u00e9e":"9 minutes"},"schema":{"@context":"https:\/\/schema.org","@graph":[{"@type":"WebPage","@id":"https:\/\/ericbrugier.com\/fr\/artistes\/biographie-cesar\/","url":"https:\/\/ericbrugier.com\/fr\/artistes\/biographie-cesar\/","name":"C\u00e9sar Baldaccini : Biographie du ma\u00eetre du Nouveau R\u00e9alisme","isPartOf":{"@id":"https:\/\/ericbrugier.com\/#website"},"primaryImageOfPage":{"@id":"https:\/\/ericbrugier.com\/fr\/artistes\/biographie-cesar\/#primaryimage"},"image":{"@id":"https:\/\/ericbrugier.com\/fr\/artistes\/biographie-cesar\/#primaryimage"},"thumbnailUrl":"https:\/\/ericbrugier.com\/wp-content\/uploads\/2025\/12\/Cesar-Baldaccini-.jpg","datePublished":"2026-01-29T15:44:59+00:00","dateModified":"2026-02-24T11:24:45+00:00","description":"L'\u00e9pop\u00e9e de C\u00e9sar Baldaccini, son histoire et ses compressions : une biographie compl\u00e8te par \u00c9ric Brugier marchand d'art et gestion de collection.","breadcrumb":{"@id":"https:\/\/ericbrugier.com\/fr\/artistes\/biographie-cesar\/#breadcrumb"},"inLanguage":"fr-FR","potentialAction":[{"@type":"ReadAction","target":["https:\/\/ericbrugier.com\/fr\/artistes\/biographie-cesar\/"]}]},{"@type":"ImageObject","inLanguage":"fr-FR","@id":"https:\/\/ericbrugier.com\/fr\/artistes\/biographie-cesar\/#primaryimage","url":"https:\/\/ericbrugier.com\/wp-content\/uploads\/2025\/12\/Cesar-Baldaccini-.jpg","contentUrl":"https:\/\/ericbrugier.com\/wp-content\/uploads\/2025\/12\/Cesar-Baldaccini-.jpg","width":800,"height":800,"caption":"C\u00e9sar Baldaccini Eric Brugier - Marchand d'art - Gestion de collection"},{"@type":"BreadcrumbList","@id":"https:\/\/ericbrugier.com\/fr\/artistes\/biographie-cesar\/#breadcrumb","itemListElement":[{"@type":"ListItem","position":1,"name":"Accueil","item":"https:\/\/ericbrugier.com\/"},{"@type":"ListItem","position":2,"name":"ARTISTES","item":"https:\/\/ericbrugier.com\/fr\/artistes\/"},{"@type":"ListItem","position":3,"name":"Biographie C\u00e9sar"}]},{"@type":"WebSite","@id":"https:\/\/ericbrugier.com\/#website","url":"https:\/\/ericbrugier.com\/","name":"Eric Brugier - Galerie d'art","description":"Marchand d&#039;art et Gestion de collection","publisher":{"@id":"https:\/\/ericbrugier.com\/#organization"},"potentialAction":[{"@type":"SearchAction","target":{"@type":"EntryPoint","urlTemplate":"https:\/\/ericbrugier.com\/?s={search_term_string}"},"query-input":{"@type":"PropertyValueSpecification","valueRequired":true,"valueName":"search_term_string"}}],"inLanguage":"fr-FR"},{"@type":"Organization","@id":"https:\/\/ericbrugier.com\/#organization","name":"Eric Brugier - Marchand d'art - Gestion de collection","url":"https:\/\/ericbrugier.com\/","logo":{"@type":"ImageObject","inLanguage":"fr-FR","@id":"https:\/\/ericbrugier.com\/#\/schema\/logo\/image\/","url":"https:\/\/ericbrugier.com\/wp-content\/uploads\/2025\/12\/Logo-eric-brugier-1.webp","contentUrl":"https:\/\/ericbrugier.com\/wp-content\/uploads\/2025\/12\/Logo-eric-brugier-1.webp","width":1600,"height":500,"caption":"Eric Brugier - Marchand d'art - Gestion de collection"},"image":{"@id":"https:\/\/ericbrugier.com\/#\/schema\/logo\/image\/"}}]}},"_links":{"self":[{"href":"https:\/\/ericbrugier.com\/fr\/wp-json\/wp\/v2\/pages\/3850","targetHints":{"allow":["GET"]}}],"collection":[{"href":"https:\/\/ericbrugier.com\/fr\/wp-json\/wp\/v2\/pages"}],"about":[{"href":"https:\/\/ericbrugier.com\/fr\/wp-json\/wp\/v2\/types\/page"}],"author":[{"embeddable":true,"href":"https:\/\/ericbrugier.com\/fr\/wp-json\/wp\/v2\/users\/2"}],"replies":[{"embeddable":true,"href":"https:\/\/ericbrugier.com\/fr\/wp-json\/wp\/v2\/comments?post=3850"}],"version-history":[{"count":70,"href":"https:\/\/ericbrugier.com\/fr\/wp-json\/wp\/v2\/pages\/3850\/revisions"}],"predecessor-version":[{"id":8142,"href":"https:\/\/ericbrugier.com\/fr\/wp-json\/wp\/v2\/pages\/3850\/revisions\/8142"}],"up":[{"embeddable":true,"href":"https:\/\/ericbrugier.com\/fr\/wp-json\/wp\/v2\/pages\/1578"}],"wp:featuredmedia":[{"embeddable":true,"href":"https:\/\/ericbrugier.com\/fr\/wp-json\/wp\/v2\/media\/1052"}],"wp:attachment":[{"href":"https:\/\/ericbrugier.com\/fr\/wp-json\/wp\/v2\/media?parent=3850"}],"wp:term":[{"taxonomy":"wf_page_folders","embeddable":true,"href":"https:\/\/ericbrugier.com\/fr\/wp-json\/wp\/v2\/wf_page_folders?post=3850"}],"curies":[{"name":"wp","href":"https:\/\/api.w.org\/{rel}","templated":true}]}}