{"id":4907,"date":"2026-02-03T10:51:02","date_gmt":"2026-02-03T09:51:02","guid":{"rendered":"https:\/\/ericbrugier.com\/?page_id=4907"},"modified":"2026-02-26T17:43:59","modified_gmt":"2026-02-26T16:43:59","slug":"biography-pierre-soulages","status":"publish","type":"page","link":"https:\/\/ericbrugier.com\/en\/artistes\/biographie-pierre-soulages\/","title":{"rendered":"Biography of Pierre Soulages"},"content":{"rendered":"\t\t<div data-elementor-type=\"wp-page\" data-elementor-id=\"4907\" class=\"elementor elementor-4907\">\n\t\t\t\t<div class=\"elementor-element elementor-element-f86124a e-flex e-con-boxed wpr-particle-no wpr-jarallax-no wpr-parallax-no wpr-sticky-section-no e-con e-parent\" data-id=\"f86124a\" data-element_type=\"container\" data-e-type=\"container\">\n\t\t\t\t\t<div class=\"e-con-inner\">\n\t\t<div class=\"elementor-element elementor-element-f6b4058 e-con-full e-flex wpr-particle-no wpr-jarallax-no wpr-parallax-no wpr-sticky-section-no e-con e-child\" data-id=\"f6b4058\" data-element_type=\"container\" data-e-type=\"container\">\n\t\t<div class=\"elementor-element elementor-element-619ec0b e-con-full e-flex wpr-particle-no wpr-jarallax-no wpr-parallax-no wpr-sticky-section-no e-con e-child\" data-id=\"619ec0b\" data-element_type=\"container\" data-e-type=\"container\">\n\t\t\t\t<div class=\"elementor-element elementor-element-8a0cd04 elementor-widget elementor-widget-heading\" data-id=\"8a0cd04\" data-element_type=\"widget\" data-e-type=\"widget\" data-widget_type=\"heading.default\">\n\t\t\t\t\t<h1 class=\"elementor-heading-title elementor-size-default\">Pierre Soulages<\/h1>\t\t\t\t<\/div>\n\t\t\t\t<\/div>\n\t\t<div class=\"elementor-element elementor-element-a8f9e50 e-con-full elementor-hidden-mobile e-flex wpr-particle-no wpr-jarallax-no wpr-parallax-no wpr-sticky-section-no e-con e-child\" data-id=\"a8f9e50\" data-element_type=\"container\" data-e-type=\"container\">\n\t\t\t\t<div class=\"elementor-element elementor-element-7272803 clean-pc elementor-widget__width-initial elementor-widget elementor-widget-heading\" data-id=\"7272803\" data-element_type=\"widget\" data-e-type=\"widget\" data-widget_type=\"heading.default\">\n\t\t\t\t\t<p class=\"elementor-heading-title elementor-size-default\"><a href=\"https:\/\/ericbrugier.com\/fr\/artistes\/oeuvres-pierre-soulages\/\">OEUVRES<\/a><\/p>\t\t\t\t<\/div>\n\t\t\t\t<\/div>\n\t\t<div class=\"elementor-element elementor-element-15ae5f5 e-con-full elementor-hidden-mobile e-flex wpr-particle-no wpr-jarallax-no wpr-parallax-no wpr-sticky-section-no e-con e-child\" data-id=\"15ae5f5\" data-element_type=\"container\" data-e-type=\"container\">\n\t\t\t\t<div class=\"elementor-element elementor-element-eb1b0ed elementor-widget__width-initial clean-pc elementor-widget elementor-widget-heading\" data-id=\"eb1b0ed\" data-element_type=\"widget\" data-e-type=\"widget\" data-widget_type=\"heading.default\">\n\t\t\t\t\t<p class=\"elementor-heading-title elementor-size-default\">BIOGRAPHIE<\/p>\t\t\t\t<\/div>\n\t\t\t\t<\/div>\n\t\t<div class=\"elementor-element elementor-element-1906318 e-con-full elementor-hidden-mobile e-flex wpr-particle-no wpr-jarallax-no wpr-parallax-no wpr-sticky-section-no e-con e-child\" data-id=\"1906318\" data-element_type=\"container\" data-e-type=\"container\">\n\t\t\t\t<div class=\"elementor-element elementor-element-ca721f2 clean-pc elementor-widget__width-initial elementor-widget elementor-widget-text-editor\" data-id=\"ca721f2\" data-element_type=\"widget\" data-e-type=\"widget\" data-widget_type=\"text-editor.default\">\n\t\t\t\t\t\t\t\t\t<p><a href=\"https:\/\/ericbrugier.com\/fr\/artistes\/biographie-gerard-schneider\/\">&lt;\u00a0<\/a>\u00a0 ARTISTE SUIVANT\u00a0 \u00a0<a href=\"https:\/\/ericbrugier.com\/fr\/artistes\/biographie-jacques-villegle\/\">&gt;<\/a><\/p>\t\t\t\t\t\t\t\t<\/div>\n\t\t\t\t<\/div>\n\t\t\t\t<\/div>\n\t\t\t\t\t<\/div>\n\t\t\t\t<\/div>\n\t\t<div class=\"elementor-element elementor-element-e38c4b4 elementor-hidden-desktop elementor-hidden-tablet clean-mobile e-flex e-con-boxed wpr-particle-no wpr-jarallax-no wpr-parallax-no wpr-sticky-section-no e-con e-parent\" data-id=\"e38c4b4\" data-element_type=\"container\" data-e-type=\"container\">\n\t\t\t\t\t<div class=\"e-con-inner\">\n\t\t<div class=\"elementor-element elementor-element-9985a57 e-con-full e-flex wpr-particle-no wpr-jarallax-no wpr-parallax-no wpr-sticky-section-no e-con e-child\" data-id=\"9985a57\" data-element_type=\"container\" data-e-type=\"container\">\n\t\t\t\t<div class=\"elementor-element elementor-element-0a0043e elementor-widget elementor-widget-heading\" data-id=\"0a0043e\" data-element_type=\"widget\" data-e-type=\"widget\" data-widget_type=\"heading.default\">\n\t\t\t\t\t<p class=\"elementor-heading-title elementor-size-default\"><a href=\"https:\/\/ericbrugier.com\/fr\/artistes\/oeuvres-pierre-soulages\/\">OEUVRES<\/a><\/p>\t\t\t\t<\/div>\n\t\t\t\t<\/div>\n\t\t<div class=\"elementor-element elementor-element-b8468b9 e-con-full e-flex wpr-particle-no wpr-jarallax-no wpr-parallax-no wpr-sticky-section-no e-con e-child\" data-id=\"b8468b9\" data-element_type=\"container\" data-e-type=\"container\">\n\t\t\t\t<div class=\"elementor-element elementor-element-ce9e93c elementor-widget__width-inherit elementor-widget elementor-widget-heading\" data-id=\"ce9e93c\" data-element_type=\"widget\" data-e-type=\"widget\" data-widget_type=\"heading.default\">\n\t\t\t\t\t<p class=\"elementor-heading-title elementor-size-default\">BIOGRAPHIE<\/p>\t\t\t\t<\/div>\n\t\t\t\t<\/div>\n\t\t<div class=\"elementor-element elementor-element-9a1ee50 e-con-full e-flex wpr-particle-no wpr-jarallax-no wpr-parallax-no wpr-sticky-section-no e-con e-child\" data-id=\"9a1ee50\" data-element_type=\"container\" data-e-type=\"container\">\n\t\t\t\t<div class=\"elementor-element elementor-element-2193973 elementor-widget elementor-widget-text-editor\" data-id=\"2193973\" data-element_type=\"widget\" data-e-type=\"widget\" data-widget_type=\"text-editor.default\">\n\t\t\t\t\t\t\t\t\t<p><a href=\"https:\/\/ericbrugier.com\/fr\/artistes\/biographie-gerard-schneider\/\">&lt;<\/a>\u00a0 \u00a0ARTISTE SUIVANT\u00a0 \u00a0<a href=\"https:\/\/ericbrugier.com\/fr\/artistes\/biographie-jacques-villegle\/\">&gt;<\/a><\/p>\t\t\t\t\t\t\t\t<\/div>\n\t\t\t\t<\/div>\n\t\t\t\t\t<\/div>\n\t\t\t\t<\/div>\n\t\t<div class=\"elementor-element elementor-element-38ae48b4 elementor-hidden-mobile clean-pc e-flex e-con-boxed wpr-particle-no wpr-jarallax-no wpr-parallax-no wpr-sticky-section-no e-con e-parent\" data-id=\"38ae48b4\" data-element_type=\"container\" data-e-type=\"container\">\n\t\t\t\t\t<div class=\"e-con-inner\">\n\t\t<div class=\"elementor-element elementor-element-2a116b82 e-con-full col-texte-brugier e-flex wpr-particle-no wpr-jarallax-no wpr-parallax-no wpr-sticky-section-no e-con e-child\" data-id=\"2a116b82\" data-element_type=\"container\" data-e-type=\"container\">\n\t\t\t\t<div class=\"elementor-element elementor-element-9cbd5c4 elementor-widget elementor-widget-heading\" data-id=\"9cbd5c4\" data-element_type=\"widget\" data-e-type=\"widget\" data-widget_type=\"heading.default\">\n\t\t\t\t\t<h2 class=\"elementor-heading-title elementor-size-default\">Pierre Soulages (1919 \u2013 2022) : Le Ma\u00eetre de l'Outrenoir <\/h2>\t\t\t\t<\/div>\n\t\t\t\t<div class=\"elementor-element elementor-element-8c03f90 elementor-widget elementor-widget-text-editor\" data-id=\"8c03f90\" data-element_type=\"widget\" data-e-type=\"widget\" data-widget_type=\"text-editor.default\">\n\t\t\t\t\t\t\t\t\t<p><span style=\"font-weight: 400;\">Pierre Soulages fut l&rsquo;un des plus grands artistes fran\u00e7ais du XXe et du d\u00e9but du XXIe si\u00e8cle,\u00a0 universellement reconnu comme le \u00ab\u00a0Peintre du noir\u00a0\u00bb. Son \u0153uvre, caract\u00e9ris\u00e9e par une exploration\u00a0 radicale et obsessionnelle de la couleur noire, a red\u00e9fini notre perception de la lumi\u00e8re et de\u00a0 l&rsquo;espace. <\/span><\/p>\t\t\t\t\t\t\t\t<\/div>\n\t\t\t\t<div class=\"elementor-element elementor-element-45ff13a elementor-widget elementor-widget-heading\" data-id=\"45ff13a\" data-element_type=\"widget\" data-e-type=\"widget\" data-widget_type=\"heading.default\">\n\t\t\t\t\t<h3 class=\"elementor-heading-title elementor-size-default\">Les Premi\u00e8res Ann\u00e9es et la Fascination pour le Noir \n<\/h3>\t\t\t\t<\/div>\n\t\t\t\t<div class=\"elementor-element elementor-element-827a605 elementor-widget elementor-widget-text-editor\" data-id=\"827a605\" data-element_type=\"widget\" data-e-type=\"widget\" data-widget_type=\"text-editor.default\">\n\t\t\t\t\t\t\t\t\t<p><span style=\"font-weight: 400;\">N\u00e9 en 1919 \u00e0 Rodez, dans l&rsquo;Aveyron, Pierre Soulages a tr\u00e8s t\u00f4t manifest\u00e9 un int\u00e9r\u00eat profond pour les arts. D\u00e8s son enfance, la d\u00e9couverte des menhirs et des dolmens, ces pierres brutes et sombres de sa\u00a0 r\u00e9gion natale, ainsi que l&rsquo;art roman des \u00e9glises locales, ont nourri son imaginaire. \u00c0 18 ans, il se\u00a0 rend \u00e0 Paris pour pr\u00e9parer les Beaux-Arts, mais se sent rapidement en d\u00e9calage avec l&rsquo;enseignement acad\u00e9mique. Il retourne dans l&rsquo;Aveyron, pr\u00e9f\u00e9rant une exploration autodidacte et une introspection\u00a0 qui forgeront sa singularit\u00e9.\u00a0<\/span><\/p><p><span style=\"font-weight: 400;\">Apr\u00e8s la guerre, Soulages s&rsquo;installe \u00e0 Paris en 1946. C&rsquo;est \u00e0 cette \u00e9poque qu&rsquo;il commence \u00e0\u00a0 d\u00e9velopper son style distinctif. Ses premi\u00e8res \u0153uvres, des peintures \u00e0 l&rsquo;huile aux couleurs sombres,\u00a0 souvent domin\u00e9es par le noir et le brun, sont caract\u00e9ris\u00e9es par de larges aplats et des emp\u00e2tements.\u00a0 Tr\u00e8s vite, le noir s&rsquo;impose non pas comme une couleur parmi d&rsquo;autres, mais comme le sujet principal de sa recherche.\u00a0<\/span><\/p>\t\t\t\t\t\t\t\t<\/div>\n\t\t\t\t<div class=\"elementor-element elementor-element-b0ba271 elementor-widget elementor-widget-heading\" data-id=\"b0ba271\" data-element_type=\"widget\" data-e-type=\"widget\" data-widget_type=\"heading.default\">\n\t\t\t\t\t<h3 class=\"elementor-heading-title elementor-size-default\">La R\u00e9v\u00e9lation de l'Outrenoir <\/h3>\t\t\t\t<\/div>\n\t\t\t\t<div class=\"elementor-element elementor-element-ae12693 elementor-widget elementor-widget-text-editor\" data-id=\"ae12693\" data-element_type=\"widget\" data-e-type=\"widget\" data-widget_type=\"text-editor.default\">\n\t\t\t\t\t\t\t\t\t<p>En 1979, un moment d\u00e9cisif marque sa carri\u00e8re et l&rsquo;histoire de l&rsquo;art. Alors qu&rsquo;il travaille sur une toile enti\u00e8rement recouverte de noir, il est frapp\u00e9 par la fa\u00e7on dont la lumi\u00e8re se r\u00e9fl\u00e9chit sur les\u00a0 diff\u00e9rentes textures et orientations de la peinture. C&rsquo;est la naissance de l&rsquo;Outrenoir, un terme qu&rsquo;il\u00a0 invente pour d\u00e9crire cette exp\u00e9rience.\u00a0<\/p><p>L&rsquo;Outrenoir n&rsquo;est pas le noir en tant que couleur, mais plut\u00f4t \u00ab\u00a0au-del\u00e0 du noir\u00a0\u00bb. Il s&rsquo;agit d&rsquo;une\u00a0 r\u00e9flexion sur la lumi\u00e8re issue du noir. Soulages utilise des techniques vari\u00e9es (stries, aplats,\u00a0 raclages, r\u00e9serves) pour sculpter la mati\u00e8re picturale du noir, cr\u00e9ant des reliefs, des creux, des\u00a0 surfaces lisses ou rugueuses. La lumi\u00e8re vient se heurter \u00e0 ces diff\u00e9rentes textures et est renvoy\u00e9e de multiples fa\u00e7ons, produisant des brillances, des opacit\u00e9s, des zones d&rsquo;ombre et de lumi\u00e8re qui\u00a0 r\u00e9v\u00e8lent la profondeur et la complexit\u00e9 du noir lui-m\u00eame. Ses \u0153uvres deviennent alors des capteurs\u00a0 et des diffuseurs de lumi\u00e8re.\u00a0<\/p>\t\t\t\t\t\t\t\t<\/div>\n\t\t\t\t<div class=\"elementor-element elementor-element-17e6b98 elementor-widget elementor-widget-heading\" data-id=\"17e6b98\" data-element_type=\"widget\" data-e-type=\"widget\" data-widget_type=\"heading.default\">\n\t\t\t\t\t<h3 class=\"elementor-heading-title elementor-size-default\">Un Langage Universel et Intemporel <\/h3>\t\t\t\t<\/div>\n\t\t\t\t<div class=\"elementor-element elementor-element-856f35c elementor-widget elementor-widget-text-editor\" data-id=\"856f35c\" data-element_type=\"widget\" data-e-type=\"widget\" data-widget_type=\"text-editor.default\">\n\t\t\t\t\t\t\t\t\t<p><span style=\"font-weight: 400;\">L&rsquo;\u0153uvre de Soulages, par sa radicalit\u00e9 et sa puissance, a transcend\u00e9 les fronti\u00e8res culturelles. Elle a\u00a0 \u00e9t\u00e9 expos\u00e9e et collectionn\u00e9e dans le monde entier, de New York \u00e0 Tokyo, en passant par de\u00a0 nombreuses capitales europ\u00e9ennes. Il est l&rsquo;un des rares artistes \u00e0 avoir eu une exposition de son\u00a0 vivant au Mus\u00e9e du Louvre (2019-2020), un hommage exceptionnel pour son centenaire.\u00a0<\/span><\/p><p><span style=\"font-weight: 400;\">Au-del\u00e0 de l&rsquo;Outrenoir, Pierre Soulages a \u00e9galement r\u00e9alis\u00e9 des \u0153uvres dans d&rsquo;autres m\u00e9diums,\u00a0 notamment des eaux-fortes et des lithographies, toujours avec cette m\u00eame recherche de la lumi\u00e8re\u00a0 dans le noir. Il a aussi con\u00e7u les 104 vitraux de l&rsquo;abbatiale de Conques, un travail monumental o\u00f9 il\u00a0 a utilis\u00e9 un verre sp\u00e9cial, l\u00e9g\u00e8rement teint\u00e9, pour filtrer la lumi\u00e8re et cr\u00e9er une atmosph\u00e8re\u00a0 lumineuse unique et spirituelle.\u00a0<\/span><\/p>\t\t\t\t\t\t\t\t<\/div>\n\t\t\t\t<div class=\"elementor-element elementor-element-451f489 elementor-widget elementor-widget-heading\" data-id=\"451f489\" data-element_type=\"widget\" data-e-type=\"widget\" data-widget_type=\"heading.default\">\n\t\t\t\t\t<h3 class=\"elementor-heading-title elementor-size-default\">Un H\u00e9ritage Monumental<\/h3>\t\t\t\t<\/div>\n\t\t\t\t<div class=\"elementor-element elementor-element-57103cf elementor-widget elementor-widget-text-editor\" data-id=\"57103cf\" data-element_type=\"widget\" data-e-type=\"widget\" data-widget_type=\"text-editor.default\">\n\t\t\t\t\t\t\t\t\t<p><span style=\"font-weight: 400;\">Pierre Soulages a poursuivi son travail avec une incroyable \u00e9nergie et une curiosit\u00e9 inlassable\u00a0 jusqu&rsquo;\u00e0 la fin de sa vie, s&rsquo;\u00e9teignant en 2022 \u00e0 l&rsquo;\u00e2ge de 102 ans. Son legs est immense : il a non\u00a0 seulement donn\u00e9 une nouvelle dimension au noir, mais a aussi invit\u00e9 le public \u00e0 une m\u00e9ditation\u00a0 profonde sur la lumi\u00e8re, l&rsquo;espace et le temps.\u00a0<\/span><\/p><p><span style=\"font-weight: 400;\">Le Mus\u00e9e Soulages \u00e0 Rodez, inaugur\u00e9 en 2014, abrite une collection exceptionnelle de ses \u0153uvres\u00a0 et t\u00e9moigne de l&rsquo;attachement de l&rsquo;artiste \u00e0 sa terre natale. Pierre Soulages restera dans l&rsquo;histoire de\u00a0 l&rsquo;art comme le ma\u00eetre incontest\u00e9 de l&rsquo;Outrenoir, celui qui a su r\u00e9v\u00e9ler la lumi\u00e8re cach\u00e9e au c\u0153ur de\u00a0 l&rsquo;obscurit\u00e9.<\/span><\/p>\t\t\t\t\t\t\t\t<\/div>\n\t\t\t\t<\/div>\n\t\t<div class=\"elementor-element elementor-element-e06ca7f e-con-full col-image-brugier e-flex wpr-particle-no wpr-jarallax-no wpr-parallax-no wpr-sticky-section-no e-con e-child\" data-id=\"e06ca7f\" data-element_type=\"container\" data-e-type=\"container\">\n\t\t\t\t<div class=\"elementor-element elementor-element-7001d2ea animated-slow elementor-invisible elementor-widget elementor-widget-image\" data-id=\"7001d2ea\" data-element_type=\"widget\" data-e-type=\"widget\" data-settings=\"{&quot;_animation&quot;:&quot;fadeIn&quot;}\" data-widget_type=\"image.default\">\n\t\t\t\t\t\t\t\t\t\t\t\t\t\t\t<img fetchpriority=\"high\" decoding=\"async\" width=\"800\" height=\"800\" src=\"https:\/\/ericbrugier.com\/wp-content\/uploads\/2025\/12\/Pierre-Soulages.jpg\" class=\"attachment-large size-large wp-image-1082\" alt=\"Pierre Soulages\" srcset=\"https:\/\/ericbrugier.com\/wp-content\/uploads\/2025\/12\/Pierre-Soulages.jpg 800w, https:\/\/ericbrugier.com\/wp-content\/uploads\/2025\/12\/Pierre-Soulages-300x300.jpg 300w, https:\/\/ericbrugier.com\/wp-content\/uploads\/2025\/12\/Pierre-Soulages-150x150.jpg 150w, https:\/\/ericbrugier.com\/wp-content\/uploads\/2025\/12\/Pierre-Soulages-768x768.jpg 768w, https:\/\/ericbrugier.com\/wp-content\/uploads\/2025\/12\/Pierre-Soulages-12x12.jpg 12w, https:\/\/ericbrugier.com\/wp-content\/uploads\/2025\/12\/Pierre-Soulages-600x600.jpg 600w\" sizes=\"(max-width: 800px) 100vw, 800px\" \/>\t\t\t\t\t\t\t\t\t\t\t\t\t\t\t<\/div>\n\t\t\t\t<div class=\"elementor-element elementor-element-71af39c mon-bouton-clic elementor-invisible elementor-widget elementor-widget-button\" data-id=\"71af39c\" data-element_type=\"widget\" data-e-type=\"widget\" data-settings=\"{&quot;_animation&quot;:&quot;fadeInUp&quot;}\" data-widget_type=\"button.default\">\n\t\t\t\t\t\t\t\t\t\t<a class=\"elementor-button elementor-button-link elementor-size-sm\" href=\"#\">\n\t\t\t\t\t\t<span class=\"elementor-button-content-wrapper\">\n\t\t\t\t\t\t\t\t\t<span class=\"elementor-button-text\">+ PARTAGER<\/span>\n\t\t\t\t\t<\/span>\n\t\t\t\t\t<\/a>\n\t\t\t\t\t\t\t\t<\/div>\n\t\t\t\t<div class=\"elementor-element elementor-element-d9260e9 ma-liste-partage elementor-icon-list--layout-traditional elementor-list-item-link-full_width elementor-widget elementor-widget-icon-list\" data-id=\"d9260e9\" data-element_type=\"widget\" data-e-type=\"widget\" data-widget_type=\"icon-list.default\">\n\t\t\t\t\t\t\t<ul class=\"elementor-icon-list-items\">\n\t\t\t\t\t\t\t<li class=\"elementor-icon-list-item\">\n\t\t\t\t\t\t\t\t\t\t\t<a href=\"#share-fb\">\n\n\t\t\t\t\t\t\t\t\t\t\t\t<span class=\"elementor-icon-list-icon\">\n\t\t\t\t\t\t\t<svg aria-hidden=\"true\" class=\"e-font-icon-svg e-fab-facebook-f\" viewBox=\"0 0 320 512\" xmlns=\"http:\/\/www.w3.org\/2000\/svg\"><path d=\"M279.14 288l14.22-92.66h-88.91v-60.13c0-25.35 12.42-50.06 52.24-50.06h40.42V6.26S260.43 0 225.36 0c-73.22 0-121.08 44.38-121.08 124.72v70.62H22.89V288h81.39v224h100.17V288z\"><\/path><\/svg>\t\t\t\t\t\t<\/span>\n\t\t\t\t\t\t\t\t\t\t<span class=\"elementor-icon-list-text\">FACEBOOK<\/span>\n\t\t\t\t\t\t\t\t\t\t\t<\/a>\n\t\t\t\t\t\t\t\t\t<\/li>\n\t\t\t\t\t\t\t\t<li class=\"elementor-icon-list-item\">\n\t\t\t\t\t\t\t\t\t\t\t<a href=\"#share-link\">\n\n\t\t\t\t\t\t\t\t\t\t\t\t<span class=\"elementor-icon-list-icon\">\n\t\t\t\t\t\t\t<svg aria-hidden=\"true\" class=\"e-font-icon-svg e-fab-linkedin-in\" viewBox=\"0 0 448 512\" xmlns=\"http:\/\/www.w3.org\/2000\/svg\"><path d=\"M100.28 448H7.4V148.9h92.88zM53.79 108.1C24.09 108.1 0 83.5 0 53.8a53.79 53.79 0 0 1 107.58 0c0 29.7-24.1 54.3-53.79 54.3zM447.9 448h-92.68V302.4c0-34.7-.7-79.2-48.29-79.2-48.29 0-55.69 37.7-55.69 76.7V448h-92.78V148.9h89.08v40.8h1.3c12.4-23.5 42.69-48.3 87.88-48.3 94 0 111.28 61.9 111.28 142.3V448z\"><\/path><\/svg>\t\t\t\t\t\t<\/span>\n\t\t\t\t\t\t\t\t\t\t<span class=\"elementor-icon-list-text\">LINKEDIN<\/span>\n\t\t\t\t\t\t\t\t\t\t\t<\/a>\n\t\t\t\t\t\t\t\t\t<\/li>\n\t\t\t\t\t\t\t\t<li class=\"elementor-icon-list-item\">\n\t\t\t\t\t\t\t\t\t\t\t<a href=\"#share-mail\">\n\n\t\t\t\t\t\t\t\t\t\t\t\t<span class=\"elementor-icon-list-icon\">\n\t\t\t\t\t\t\t<svg aria-hidden=\"true\" class=\"e-font-icon-svg e-fas-at\" viewBox=\"0 0 512 512\" xmlns=\"http:\/\/www.w3.org\/2000\/svg\"><path d=\"M256 8C118.941 8 8 118.919 8 256c0 137.059 110.919 248 248 248 48.154 0 95.342-14.14 135.408-40.223 12.005-7.815 14.625-24.288 5.552-35.372l-10.177-12.433c-7.671-9.371-21.179-11.667-31.373-5.129C325.92 429.757 291.314 440 256 440c-101.458 0-184-82.542-184-184S154.542 72 256 72c100.139 0 184 57.619 184 160 0 38.786-21.093 79.742-58.17 83.693-17.349-.454-16.91-12.857-13.476-30.024l23.433-121.11C394.653 149.75 383.308 136 368.225 136h-44.981a13.518 13.518 0 0 0-13.432 11.993l-.01.092c-14.697-17.901-40.448-21.775-59.971-21.775-74.58 0-137.831 62.234-137.831 151.46 0 65.303 36.785 105.87 96 105.87 26.984 0 57.369-15.637 74.991-38.333 9.522 34.104 40.613 34.103 70.71 34.103C462.609 379.41 504 307.798 504 232 504 95.653 394.023 8 256 8zm-21.68 304.43c-22.249 0-36.07-15.623-36.07-40.771 0-44.993 30.779-72.729 58.63-72.729 22.292 0 35.601 15.241 35.601 40.77 0 45.061-33.875 72.73-58.161 72.73z\"><\/path><\/svg>\t\t\t\t\t\t<\/span>\n\t\t\t\t\t\t\t\t\t\t<span class=\"elementor-icon-list-text\">EMAIL<\/span>\n\t\t\t\t\t\t\t\t\t\t\t<\/a>\n\t\t\t\t\t\t\t\t\t<\/li>\n\t\t\t\t\t\t<\/ul>\n\t\t\t\t\t\t<\/div>\n\t\t\t\t<\/div>\n\t\t\t\t\t<\/div>\n\t\t\t\t<\/div>\n\t\t<div class=\"elementor-element elementor-element-b7b95e2 elementor-hidden-desktop elementor-hidden-tablet clean-mobile e-flex e-con-boxed wpr-particle-no wpr-jarallax-no wpr-parallax-no wpr-sticky-section-no e-con e-parent\" data-id=\"b7b95e2\" data-element_type=\"container\" data-e-type=\"container\">\n\t\t\t\t\t<div class=\"e-con-inner\">\n\t\t<div class=\"elementor-element elementor-element-aad2cc4 e-con-full e-flex wpr-particle-no wpr-jarallax-no wpr-parallax-no wpr-sticky-section-no e-con e-child\" data-id=\"aad2cc4\" data-element_type=\"container\" data-e-type=\"container\">\n\t\t\t\t<div class=\"elementor-element elementor-element-fd4fab0 elementor-widget elementor-widget-image\" data-id=\"fd4fab0\" data-element_type=\"widget\" data-e-type=\"widget\" data-widget_type=\"image.default\">\n\t\t\t\t\t\t\t\t\t\t\t\t\t\t\t<img fetchpriority=\"high\" decoding=\"async\" width=\"800\" height=\"800\" src=\"https:\/\/ericbrugier.com\/wp-content\/uploads\/2025\/12\/Pierre-Soulages.jpg\" class=\"attachment-large size-large wp-image-1082\" alt=\"Pierre Soulages\" srcset=\"https:\/\/ericbrugier.com\/wp-content\/uploads\/2025\/12\/Pierre-Soulages.jpg 800w, https:\/\/ericbrugier.com\/wp-content\/uploads\/2025\/12\/Pierre-Soulages-300x300.jpg 300w, https:\/\/ericbrugier.com\/wp-content\/uploads\/2025\/12\/Pierre-Soulages-150x150.jpg 150w, https:\/\/ericbrugier.com\/wp-content\/uploads\/2025\/12\/Pierre-Soulages-768x768.jpg 768w, https:\/\/ericbrugier.com\/wp-content\/uploads\/2025\/12\/Pierre-Soulages-12x12.jpg 12w, https:\/\/ericbrugier.com\/wp-content\/uploads\/2025\/12\/Pierre-Soulages-600x600.jpg 600w\" sizes=\"(max-width: 800px) 100vw, 800px\" \/>\t\t\t\t\t\t\t\t\t\t\t\t\t\t\t<\/div>\n\t\t\t\t<div class=\"elementor-element elementor-element-2cff68a mon-bouton-clic-mob elementor-invisible elementor-widget elementor-widget-button\" data-id=\"2cff68a\" data-element_type=\"widget\" data-e-type=\"widget\" data-settings=\"{&quot;_animation&quot;:&quot;fadeInUp&quot;}\" data-widget_type=\"button.default\">\n\t\t\t\t\t\t\t\t\t\t<a class=\"elementor-button elementor-button-link elementor-size-sm\" href=\"#\">\n\t\t\t\t\t\t<span class=\"elementor-button-content-wrapper\">\n\t\t\t\t\t\t\t\t\t<span class=\"elementor-button-text\">+ PARTAGER<\/span>\n\t\t\t\t\t<\/span>\n\t\t\t\t\t<\/a>\n\t\t\t\t\t\t\t\t<\/div>\n\t\t\t\t<div class=\"elementor-element elementor-element-c4c73e6 ma-liste-partage-mob elementor-icon-list--layout-traditional elementor-list-item-link-full_width elementor-widget elementor-widget-icon-list\" data-id=\"c4c73e6\" data-element_type=\"widget\" data-e-type=\"widget\" data-widget_type=\"icon-list.default\">\n\t\t\t\t\t\t\t<ul class=\"elementor-icon-list-items\">\n\t\t\t\t\t\t\t<li class=\"elementor-icon-list-item\">\n\t\t\t\t\t\t\t\t\t\t\t<a href=\"#share-fb\">\n\n\t\t\t\t\t\t\t\t\t\t\t\t<span class=\"elementor-icon-list-icon\">\n\t\t\t\t\t\t\t<svg aria-hidden=\"true\" class=\"e-font-icon-svg e-fab-facebook-f\" viewBox=\"0 0 320 512\" xmlns=\"http:\/\/www.w3.org\/2000\/svg\"><path d=\"M279.14 288l14.22-92.66h-88.91v-60.13c0-25.35 12.42-50.06 52.24-50.06h40.42V6.26S260.43 0 225.36 0c-73.22 0-121.08 44.38-121.08 124.72v70.62H22.89V288h81.39v224h100.17V288z\"><\/path><\/svg>\t\t\t\t\t\t<\/span>\n\t\t\t\t\t\t\t\t\t\t<span class=\"elementor-icon-list-text\">FACEBOOK<\/span>\n\t\t\t\t\t\t\t\t\t\t\t<\/a>\n\t\t\t\t\t\t\t\t\t<\/li>\n\t\t\t\t\t\t\t\t<li class=\"elementor-icon-list-item\">\n\t\t\t\t\t\t\t\t\t\t\t<a href=\"#share-link\">\n\n\t\t\t\t\t\t\t\t\t\t\t\t<span class=\"elementor-icon-list-icon\">\n\t\t\t\t\t\t\t<svg aria-hidden=\"true\" class=\"e-font-icon-svg e-fab-linkedin-in\" viewBox=\"0 0 448 512\" xmlns=\"http:\/\/www.w3.org\/2000\/svg\"><path d=\"M100.28 448H7.4V148.9h92.88zM53.79 108.1C24.09 108.1 0 83.5 0 53.8a53.79 53.79 0 0 1 107.58 0c0 29.7-24.1 54.3-53.79 54.3zM447.9 448h-92.68V302.4c0-34.7-.7-79.2-48.29-79.2-48.29 0-55.69 37.7-55.69 76.7V448h-92.78V148.9h89.08v40.8h1.3c12.4-23.5 42.69-48.3 87.88-48.3 94 0 111.28 61.9 111.28 142.3V448z\"><\/path><\/svg>\t\t\t\t\t\t<\/span>\n\t\t\t\t\t\t\t\t\t\t<span class=\"elementor-icon-list-text\">LINKEDIN<\/span>\n\t\t\t\t\t\t\t\t\t\t\t<\/a>\n\t\t\t\t\t\t\t\t\t<\/li>\n\t\t\t\t\t\t\t\t<li class=\"elementor-icon-list-item\">\n\t\t\t\t\t\t\t\t\t\t\t<a href=\"#share-mail\">\n\n\t\t\t\t\t\t\t\t\t\t\t\t<span class=\"elementor-icon-list-icon\">\n\t\t\t\t\t\t\t<svg aria-hidden=\"true\" class=\"e-font-icon-svg e-fas-at\" viewBox=\"0 0 512 512\" xmlns=\"http:\/\/www.w3.org\/2000\/svg\"><path d=\"M256 8C118.941 8 8 118.919 8 256c0 137.059 110.919 248 248 248 48.154 0 95.342-14.14 135.408-40.223 12.005-7.815 14.625-24.288 5.552-35.372l-10.177-12.433c-7.671-9.371-21.179-11.667-31.373-5.129C325.92 429.757 291.314 440 256 440c-101.458 0-184-82.542-184-184S154.542 72 256 72c100.139 0 184 57.619 184 160 0 38.786-21.093 79.742-58.17 83.693-17.349-.454-16.91-12.857-13.476-30.024l23.433-121.11C394.653 149.75 383.308 136 368.225 136h-44.981a13.518 13.518 0 0 0-13.432 11.993l-.01.092c-14.697-17.901-40.448-21.775-59.971-21.775-74.58 0-137.831 62.234-137.831 151.46 0 65.303 36.785 105.87 96 105.87 26.984 0 57.369-15.637 74.991-38.333 9.522 34.104 40.613 34.103 70.71 34.103C462.609 379.41 504 307.798 504 232 504 95.653 394.023 8 256 8zm-21.68 304.43c-22.249 0-36.07-15.623-36.07-40.771 0-44.993 30.779-72.729 58.63-72.729 22.292 0 35.601 15.241 35.601 40.77 0 45.061-33.875 72.73-58.161 72.73z\"><\/path><\/svg>\t\t\t\t\t\t<\/span>\n\t\t\t\t\t\t\t\t\t\t<span class=\"elementor-icon-list-text\">EMAIL<\/span>\n\t\t\t\t\t\t\t\t\t\t\t<\/a>\n\t\t\t\t\t\t\t\t\t<\/li>\n\t\t\t\t\t\t<\/ul>\n\t\t\t\t\t\t<\/div>\n\t\t\t\t<\/div>\n\t\t<div class=\"elementor-element elementor-element-3c388a4 e-con-full col-texte-brugier e-flex wpr-particle-no wpr-jarallax-no wpr-parallax-no wpr-sticky-section-no e-con e-child\" data-id=\"3c388a4\" data-element_type=\"container\" data-e-type=\"container\">\n\t\t\t\t<div class=\"elementor-element elementor-element-541f479 elementor-widget elementor-widget-heading\" data-id=\"541f479\" data-element_type=\"widget\" data-e-type=\"widget\" data-widget_type=\"heading.default\">\n\t\t\t\t\t<h2 class=\"elementor-heading-title elementor-size-default\">Pierre Soulages (1919 \u2013 2022) : Le Ma\u00eetre de l'Outrenoir <\/h2>\t\t\t\t<\/div>\n\t\t\t\t<div class=\"elementor-element elementor-element-0685add elementor-widget elementor-widget-text-editor\" data-id=\"0685add\" data-element_type=\"widget\" data-e-type=\"widget\" data-widget_type=\"text-editor.default\">\n\t\t\t\t\t\t\t\t\t<p><span style=\"font-weight: 400;\">Pierre Soulages fut l&rsquo;un des plus grands artistes fran\u00e7ais du XXe et du d\u00e9but du XXIe si\u00e8cle,\u00a0 universellement reconnu comme le \u00ab\u00a0Peintre du noir\u00a0\u00bb. Son \u0153uvre, caract\u00e9ris\u00e9e par une exploration\u00a0 radicale et obsessionnelle de la couleur noire, a red\u00e9fini notre perception de la lumi\u00e8re et de\u00a0 l&rsquo;espace. <\/span><\/p>\t\t\t\t\t\t\t\t<\/div>\n\t\t\t\t<div class=\"elementor-element elementor-element-431a14a elementor-widget elementor-widget-heading\" data-id=\"431a14a\" data-element_type=\"widget\" data-e-type=\"widget\" data-widget_type=\"heading.default\">\n\t\t\t\t\t<h3 class=\"elementor-heading-title elementor-size-default\">Les Premi\u00e8res Ann\u00e9es et la Fascination pour le Noir \n<\/h3>\t\t\t\t<\/div>\n\t\t\t\t<div class=\"elementor-element elementor-element-569e24d elementor-widget elementor-widget-text-editor\" data-id=\"569e24d\" data-element_type=\"widget\" data-e-type=\"widget\" data-widget_type=\"text-editor.default\">\n\t\t\t\t\t\t\t\t\t<p><span style=\"font-weight: 400;\">N\u00e9 en 1919 \u00e0 Rodez, dans l&rsquo;Aveyron, Pierre Soulages a tr\u00e8s t\u00f4t manifest\u00e9 un int\u00e9r\u00eat profond pour les arts. D\u00e8s son enfance, la d\u00e9couverte des menhirs et des dolmens, ces pierres brutes et sombres de sa\u00a0 r\u00e9gion natale, ainsi que l&rsquo;art roman des \u00e9glises locales, ont nourri son imaginaire. \u00c0 18 ans, il se\u00a0 rend \u00e0 Paris pour pr\u00e9parer les Beaux-Arts, mais se sent rapidement en d\u00e9calage avec l&rsquo;enseignement acad\u00e9mique. Il retourne dans l&rsquo;Aveyron, pr\u00e9f\u00e9rant une exploration autodidacte et une introspection\u00a0 qui forgeront sa singularit\u00e9.\u00a0<\/span><\/p><p><span style=\"font-weight: 400;\">Apr\u00e8s la guerre, Soulages s&rsquo;installe \u00e0 Paris en 1946. C&rsquo;est \u00e0 cette \u00e9poque qu&rsquo;il commence \u00e0\u00a0 d\u00e9velopper son style distinctif. Ses premi\u00e8res \u0153uvres, des peintures \u00e0 l&rsquo;huile aux couleurs sombres,\u00a0 souvent domin\u00e9es par le noir et le brun, sont caract\u00e9ris\u00e9es par de larges aplats et des emp\u00e2tements.\u00a0 Tr\u00e8s vite, le noir s&rsquo;impose non pas comme une couleur parmi d&rsquo;autres, mais comme le sujet principal de sa recherche.\u00a0<\/span><\/p>\t\t\t\t\t\t\t\t<\/div>\n\t\t\t\t<div class=\"elementor-element elementor-element-6e978bd elementor-widget elementor-widget-heading\" data-id=\"6e978bd\" data-element_type=\"widget\" data-e-type=\"widget\" data-widget_type=\"heading.default\">\n\t\t\t\t\t<h3 class=\"elementor-heading-title elementor-size-default\">La R\u00e9v\u00e9lation de l'Outrenoir <\/h3>\t\t\t\t<\/div>\n\t\t\t\t<div class=\"elementor-element elementor-element-68845b2 elementor-widget elementor-widget-text-editor\" data-id=\"68845b2\" data-element_type=\"widget\" data-e-type=\"widget\" data-widget_type=\"text-editor.default\">\n\t\t\t\t\t\t\t\t\t<p>En 1979, un moment d\u00e9cisif marque sa carri\u00e8re et l&rsquo;histoire de l&rsquo;art. Alors qu&rsquo;il travaille sur une toile enti\u00e8rement recouverte de noir, il est frapp\u00e9 par la fa\u00e7on dont la lumi\u00e8re se r\u00e9fl\u00e9chit sur les\u00a0 diff\u00e9rentes textures et orientations de la peinture. C&rsquo;est la naissance de l&rsquo;Outrenoir, un terme qu&rsquo;il\u00a0 invente pour d\u00e9crire cette exp\u00e9rience.\u00a0<\/p><p>L&rsquo;Outrenoir n&rsquo;est pas le noir en tant que couleur, mais plut\u00f4t \u00ab\u00a0au-del\u00e0 du noir\u00a0\u00bb. Il s&rsquo;agit d&rsquo;une\u00a0 r\u00e9flexion sur la lumi\u00e8re issue du noir. Soulages utilise des techniques vari\u00e9es (stries, aplats,\u00a0 raclages, r\u00e9serves) pour sculpter la mati\u00e8re picturale du noir, cr\u00e9ant des reliefs, des creux, des\u00a0 surfaces lisses ou rugueuses. La lumi\u00e8re vient se heurter \u00e0 ces diff\u00e9rentes textures et est renvoy\u00e9e de multiples fa\u00e7ons, produisant des brillances, des opacit\u00e9s, des zones d&rsquo;ombre et de lumi\u00e8re qui\u00a0 r\u00e9v\u00e8lent la profondeur et la complexit\u00e9 du noir lui-m\u00eame. Ses \u0153uvres deviennent alors des capteurs\u00a0 et des diffuseurs de lumi\u00e8re.\u00a0<\/p>\t\t\t\t\t\t\t\t<\/div>\n\t\t\t\t<div class=\"elementor-element elementor-element-b6566e6 elementor-widget elementor-widget-heading\" data-id=\"b6566e6\" data-element_type=\"widget\" data-e-type=\"widget\" data-widget_type=\"heading.default\">\n\t\t\t\t\t<h3 class=\"elementor-heading-title elementor-size-default\">Un Langage Universel et Intemporel <\/h3>\t\t\t\t<\/div>\n\t\t\t\t<div class=\"elementor-element elementor-element-29b5cd3 elementor-widget elementor-widget-text-editor\" data-id=\"29b5cd3\" data-element_type=\"widget\" data-e-type=\"widget\" data-widget_type=\"text-editor.default\">\n\t\t\t\t\t\t\t\t\t<p><span style=\"font-weight: 400;\">L&rsquo;\u0153uvre de Soulages, par sa radicalit\u00e9 et sa puissance, a transcend\u00e9 les fronti\u00e8res culturelles. Elle a\u00a0 \u00e9t\u00e9 expos\u00e9e et collectionn\u00e9e dans le monde entier, de New York \u00e0 Tokyo, en passant par de\u00a0 nombreuses capitales europ\u00e9ennes. Il est l&rsquo;un des rares artistes \u00e0 avoir eu une exposition de son\u00a0 vivant au Mus\u00e9e du Louvre (2019-2020), un hommage exceptionnel pour son centenaire.\u00a0<\/span><\/p><p><span style=\"font-weight: 400;\">Au-del\u00e0 de l&rsquo;Outrenoir, Pierre Soulages a \u00e9galement r\u00e9alis\u00e9 des \u0153uvres dans d&rsquo;autres m\u00e9diums,\u00a0 notamment des eaux-fortes et des lithographies, toujours avec cette m\u00eame recherche de la lumi\u00e8re\u00a0 dans le noir. Il a aussi con\u00e7u les 104 vitraux de l&rsquo;abbatiale de Conques, un travail monumental o\u00f9 il\u00a0 a utilis\u00e9 un verre sp\u00e9cial, l\u00e9g\u00e8rement teint\u00e9, pour filtrer la lumi\u00e8re et cr\u00e9er une atmosph\u00e8re\u00a0 lumineuse unique et spirituelle.\u00a0<\/span><\/p>\t\t\t\t\t\t\t\t<\/div>\n\t\t\t\t<div class=\"elementor-element elementor-element-acc5c78 elementor-widget elementor-widget-heading\" data-id=\"acc5c78\" data-element_type=\"widget\" data-e-type=\"widget\" data-widget_type=\"heading.default\">\n\t\t\t\t\t<h3 class=\"elementor-heading-title elementor-size-default\">Un H\u00e9ritage Monumental<\/h3>\t\t\t\t<\/div>\n\t\t\t\t<div class=\"elementor-element elementor-element-2c2d8f6 elementor-widget elementor-widget-text-editor\" data-id=\"2c2d8f6\" data-element_type=\"widget\" data-e-type=\"widget\" data-widget_type=\"text-editor.default\">\n\t\t\t\t\t\t\t\t\t<p><span style=\"font-weight: 400;\">Pierre Soulages a poursuivi son travail avec une incroyable \u00e9nergie et une curiosit\u00e9 inlassable\u00a0 jusqu&rsquo;\u00e0 la fin de sa vie, s&rsquo;\u00e9teignant en 2022 \u00e0 l&rsquo;\u00e2ge de 102 ans. Son legs est immense : il a non\u00a0 seulement donn\u00e9 une nouvelle dimension au noir, mais a aussi invit\u00e9 le public \u00e0 une m\u00e9ditation\u00a0 profonde sur la lumi\u00e8re, l&rsquo;espace et le temps.\u00a0<\/span><\/p><p><span style=\"font-weight: 400;\">Le Mus\u00e9e Soulages \u00e0 Rodez, inaugur\u00e9 en 2014, abrite une collection exceptionnelle de ses \u0153uvres\u00a0 et t\u00e9moigne de l&rsquo;attachement de l&rsquo;artiste \u00e0 sa terre natale. Pierre Soulages restera dans l&rsquo;histoire de\u00a0 l&rsquo;art comme le ma\u00eetre incontest\u00e9 de l&rsquo;Outrenoir, celui qui a su r\u00e9v\u00e9ler la lumi\u00e8re cach\u00e9e au c\u0153ur de\u00a0 l&rsquo;obscurit\u00e9.<\/span><\/p>\t\t\t\t\t\t\t\t<\/div>\n\t\t\t\t<\/div>\n\t\t\t\t\t<\/div>\n\t\t\t\t<\/div>\n\t\t<div class=\"elementor-element elementor-element-d92d831 e-flex e-con-boxed wpr-particle-no wpr-jarallax-no wpr-parallax-no wpr-sticky-section-no e-con e-parent\" data-id=\"d92d831\" data-element_type=\"container\" data-e-type=\"container\">\n\t\t\t\t\t<div class=\"e-con-inner\">\n\t\t\t\t<div class=\"elementor-element elementor-element-73591ce elementor-widget elementor-widget-html\" data-id=\"73591ce\" data-element_type=\"widget\" data-e-type=\"widget\" data-widget_type=\"html.default\">\n\t\t\t\t\t<style>\n\/* 1. R\u00c9F\u00c9RENCE DU BOUTON *\/\n.mon-bouton-clic, \n.mon-bouton-clic-mob {\n    position: relative !important;\n    display: inline-block !important;\n    height: auto !important;\n}\n\n\/* 2. LA LISTE (D\u00e9sormais coll\u00e9e) *\/\n.ma-liste-partage, \n.ma-liste-partage-mob {\n    display: none;\n    background: #ffffff;\n    border: 1px solid #d1d1d1;\n    padding: 0 !important;\n    \n    position: absolute !important;\n    top: 100% !important; \n    left: 0 !important;\n    \n    \/* MODIFICATION ICI : On passe \u00e0 0 pour coller au bouton *\/\n    margin-top: 0px !important; \n    \n    z-index: 999999 !important;\n    width: 140px;\n    box-shadow: 0px 8px 16px rgba(0,0,0,0.1);\n}\n\n.ma-liste-partage.visible, \n.ma-liste-partage-mob.visible {\n    display: block !important;\n}\n\n\/* 3. STYLE DES ITEMS *\/\n.ma-liste-partage .elementor-icon-list-item,\n.ma-liste-partage-mob .elementor-icon-list-item {\n    padding: 10px 12px !important;\n    transition: all 0.2s ease;\n    cursor: pointer;\n    margin: 0 !important;\n    display: flex;\n    align-items: center;\n}\n\n.ma-liste-partage .elementor-icon-list-text, \n.ma-liste-partage-mob .elementor-icon-list-text {\n    font-family: 'Montserrat', sans-serif !important;\n    font-size: 10px !important;\n    text-transform: uppercase !important;\n    color: #888888 !important;\n    letter-spacing: 1px;\n}\n\n.ma-liste-partage .elementor-icon-list-item:hover {\n    background-color: #000000 !important;\n}\n\n.ma-liste-partage .elementor-icon-list-item:hover .elementor-icon-list-text,\n.ma-liste-partage .elementor-icon-list-item:hover svg {\n    color: #ffffff !important;\n    fill: #ffffff !important;\n}\n\n.ma-liste-partage a { \n    text-decoration: none !important; \n    display: flex; \n    width: 100%; \n    align-items: center;\n}\n<\/style>\n\n<script>\ndocument.addEventListener('DOMContentLoaded', function() {\n    \n    \/\/ On d\u00e9place physiquement la liste dans le bouton pour l'ancrage\n    const btnPC = document.querySelector('.mon-bouton-clic');\n    const listPC = document.querySelector('.ma-liste-partage');\n    const btnMob = document.querySelector('.mon-bouton-clic-mob');\n    const listMob = document.querySelector('.ma-liste-partage-mob');\n\n    if(btnPC && listPC) btnPC.appendChild(listPC);\n    if(btnMob && listMob) btnMob.appendChild(listMob);\n\n    function setupShareToggle(btnClass, listClass) {\n        const btn = document.querySelector(btnClass);\n        const list = document.querySelector(listClass);\n        \n        if(btn && list) {\n            btn.addEventListener('click', function(e) {\n                if(e.target.tagName !== 'A' && e.target.parentElement.tagName !== 'A') {\n                   e.preventDefault();\n                }\n                e.stopPropagation();\n                list.classList.toggle('visible');\n            });\n        }\n    }\n\n    setupShareToggle('.mon-bouton-clic', '.ma-liste-partage');\n    setupShareToggle('.mon-bouton-clic-mob', '.ma-liste-partage-mob');\n\n    document.addEventListener('click', function() {\n        if(listPC) listPC.classList.remove('visible');\n        if(listMob) listMob.classList.remove('visible');\n    });\n\n    const urlPage = encodeURIComponent(window.location.href);\n    const config = {\n        '#share-fb': `https:\/\/www.facebook.com\/sharer\/sharer.php?u=${urlPage}`,\n        '#share-link': `https:\/\/www.linkedin.com\/sharing\/share-offsite\/?url=${urlPage}`,\n        '#share-mail': `mailto:?body=${urlPage}`,\n        '#share-insta': `https:\/\/www.instagram.com\/eric_brugier_galerie\/`\n    };\n\n    Object.keys(config).forEach(id => {\n        document.querySelectorAll(`a[href=\"${id}\"]`).forEach(el => {\n            el.href = config[id];\n            el.setAttribute('target', '_blank');\n        });\n    });\n});\n<\/script>\t\t\t\t<\/div>\n\t\t\t\t<div class=\"elementor-element elementor-element-7b81ef0 elementor-widget elementor-widget-html\" data-id=\"7b81ef0\" data-element_type=\"widget\" data-e-type=\"widget\" data-widget_type=\"html.default\">\n\t\t\t\t\t<script>\ndocument.addEventListener(\"DOMContentLoaded\", function() {\n    \/\/ On d\u00e9finit le seuil \u00e0 767px pour isoler uniquement les mobiles\n    var isSmallMobile = window.innerWidth <= 767;\n\n    if (isSmallMobile) {\n        \/\/ \u00c9cran <= 767px : On supprime physiquement la version PC\n        document.querySelectorAll('.clean-pc').forEach(function(el) {\n            el.remove();\n        });\n    } else {\n        \/\/ \u00c9cran > 767px (Tablettes et PC) : On supprime physiquement la version mobile\n        document.querySelectorAll('.clean-mobile').forEach(function(el) {\n            el.remove();\n        });\n    }\n});\n<\/script>\t\t\t\t<\/div>\n\t\t\t\t\t<\/div>\n\t\t\t\t<\/div>\n\t\t\t\t<\/div>\n\t\t","protected":false},"excerpt":{"rendered":"<p>Pierre Soulages OEUVRES BIOGRAPHIE &lt;\u00a0\u00a0 ARTISTE SUIVANT\u00a0 \u00a0&gt; OEUVRES BIOGRAPHIE &lt;\u00a0 \u00a0ARTISTE SUIVANT\u00a0 \u00a0&gt; Pierre Soulages (1919 \u2013 2022) : Le Ma\u00eetre de l&rsquo;Outrenoir Pierre Soulages fut l&rsquo;un des plus grands artistes fran\u00e7ais du XXe et du d\u00e9but du XXIe si\u00e8cle,\u00a0 universellement reconnu comme le \u00ab\u00a0Peintre du noir\u00a0\u00bb. Son \u0153uvre, caract\u00e9ris\u00e9e par une exploration\u00a0 radicale et obsessionnelle de la couleur noire, a red\u00e9fini notre perception de la lumi\u00e8re et de\u00a0 l&rsquo;espace. Les Premi\u00e8res Ann\u00e9es et la Fascination pour le Noir N\u00e9 en 1919 \u00e0 Rodez, dans l&rsquo;Aveyron, Pierre Soulages a tr\u00e8s t\u00f4t manifest\u00e9 un int\u00e9r\u00eat profond pour les arts. D\u00e8s son enfance, la d\u00e9couverte des menhirs et des dolmens, ces pierres brutes et sombres de sa\u00a0 r\u00e9gion natale, ainsi que l&rsquo;art roman des \u00e9glises locales, ont nourri son imaginaire. \u00c0 18 ans, il se\u00a0 rend \u00e0 Paris pour pr\u00e9parer les Beaux-Arts, mais se sent rapidement en d\u00e9calage avec l&rsquo;enseignement acad\u00e9mique. Il retourne dans l&rsquo;Aveyron, pr\u00e9f\u00e9rant une exploration autodidacte et une introspection\u00a0 qui forgeront sa singularit\u00e9.\u00a0 Apr\u00e8s la guerre, Soulages s&rsquo;installe \u00e0 Paris en 1946. C&rsquo;est \u00e0 cette \u00e9poque qu&rsquo;il commence \u00e0\u00a0 d\u00e9velopper son style distinctif. Ses premi\u00e8res \u0153uvres, des peintures \u00e0 l&rsquo;huile aux couleurs sombres,\u00a0 souvent domin\u00e9es par le noir et le brun, sont caract\u00e9ris\u00e9es par de larges aplats et des emp\u00e2tements.\u00a0 Tr\u00e8s vite, le noir s&rsquo;impose non pas comme une couleur parmi d&rsquo;autres, mais comme le sujet principal de sa recherche.\u00a0 La R\u00e9v\u00e9lation de l&rsquo;Outrenoir En 1979, un moment d\u00e9cisif marque sa carri\u00e8re et l&rsquo;histoire de l&rsquo;art. Alors qu&rsquo;il travaille sur une toile enti\u00e8rement recouverte de noir, il est frapp\u00e9 par la fa\u00e7on dont la lumi\u00e8re se r\u00e9fl\u00e9chit sur les\u00a0 diff\u00e9rentes textures et orientations de la peinture. C&rsquo;est la naissance de l&rsquo;Outrenoir, un terme qu&rsquo;il\u00a0 invente pour d\u00e9crire cette exp\u00e9rience.\u00a0 L&rsquo;Outrenoir n&rsquo;est pas le noir en tant que couleur, mais plut\u00f4t \u00ab\u00a0au-del\u00e0 du noir\u00a0\u00bb. Il s&rsquo;agit d&rsquo;une\u00a0 r\u00e9flexion sur la lumi\u00e8re issue du noir. Soulages utilise des techniques vari\u00e9es (stries, aplats,\u00a0 raclages, r\u00e9serves) pour sculpter la mati\u00e8re picturale du noir, cr\u00e9ant des reliefs, des creux, des\u00a0 surfaces lisses ou rugueuses. La lumi\u00e8re vient se heurter \u00e0 ces diff\u00e9rentes textures et est renvoy\u00e9e de multiples fa\u00e7ons, produisant des brillances, des opacit\u00e9s, des zones d&rsquo;ombre et de lumi\u00e8re qui\u00a0 r\u00e9v\u00e8lent la profondeur et la complexit\u00e9 du noir lui-m\u00eame. Ses \u0153uvres deviennent alors des capteurs\u00a0 et des diffuseurs de lumi\u00e8re.\u00a0 Un Langage Universel et Intemporel L&rsquo;\u0153uvre de Soulages, par sa radicalit\u00e9 et sa puissance, a transcend\u00e9 les fronti\u00e8res culturelles. Elle a\u00a0 \u00e9t\u00e9 expos\u00e9e et collectionn\u00e9e dans le monde entier, de New York \u00e0 Tokyo, en passant par de\u00a0 nombreuses capitales europ\u00e9ennes. Il est l&rsquo;un des rares artistes \u00e0 avoir eu une exposition de son\u00a0 vivant au Mus\u00e9e du Louvre (2019-2020), un hommage exceptionnel pour son centenaire.\u00a0 Au-del\u00e0 de l&rsquo;Outrenoir, Pierre Soulages a \u00e9galement r\u00e9alis\u00e9 des \u0153uvres dans d&rsquo;autres m\u00e9diums,\u00a0 notamment des eaux-fortes et des lithographies, toujours avec cette m\u00eame recherche de la lumi\u00e8re\u00a0 dans le noir. Il a aussi con\u00e7u les 104 vitraux de l&rsquo;abbatiale de Conques, un travail monumental o\u00f9 il\u00a0 a utilis\u00e9 un verre sp\u00e9cial, l\u00e9g\u00e8rement teint\u00e9, pour filtrer la lumi\u00e8re et cr\u00e9er une atmosph\u00e8re\u00a0 lumineuse unique et spirituelle.\u00a0 Un H\u00e9ritage Monumental Pierre Soulages a poursuivi son travail avec une incroyable \u00e9nergie et une curiosit\u00e9 inlassable\u00a0 jusqu&rsquo;\u00e0 la fin de sa vie, s&rsquo;\u00e9teignant en 2022 \u00e0 l&rsquo;\u00e2ge de 102 ans. Son legs est immense : il a non\u00a0 seulement donn\u00e9 une nouvelle dimension au noir, mais a aussi invit\u00e9 le public \u00e0 une m\u00e9ditation\u00a0 profonde sur la lumi\u00e8re, l&rsquo;espace et le temps.\u00a0 Le Mus\u00e9e Soulages \u00e0 Rodez, inaugur\u00e9 en 2014, abrite une collection exceptionnelle de ses \u0153uvres\u00a0 et t\u00e9moigne de l&rsquo;attachement de l&rsquo;artiste \u00e0 sa terre natale. Pierre Soulages restera dans l&rsquo;histoire de\u00a0 l&rsquo;art comme le ma\u00eetre incontest\u00e9 de l&rsquo;Outrenoir, celui qui a su r\u00e9v\u00e9ler la lumi\u00e8re cach\u00e9e au c\u0153ur de\u00a0 l&rsquo;obscurit\u00e9. + PARTAGER FACEBOOK LINKEDIN EMAIL + PARTAGER FACEBOOK LINKEDIN EMAIL Pierre Soulages (1919 \u2013 2022) : Le Ma\u00eetre de l&rsquo;Outrenoir Pierre Soulages fut l&rsquo;un des plus grands artistes fran\u00e7ais du XXe et du d\u00e9but du XXIe si\u00e8cle,\u00a0 universellement reconnu comme le \u00ab\u00a0Peintre du noir\u00a0\u00bb. Son \u0153uvre, caract\u00e9ris\u00e9e par une exploration\u00a0 radicale et obsessionnelle de la couleur noire, a red\u00e9fini notre perception de la lumi\u00e8re et de\u00a0 l&rsquo;espace. Les Premi\u00e8res Ann\u00e9es et la Fascination pour le Noir N\u00e9 en 1919 \u00e0 Rodez, dans l&rsquo;Aveyron, Pierre Soulages a tr\u00e8s t\u00f4t manifest\u00e9 un int\u00e9r\u00eat profond pour les arts. D\u00e8s son enfance, la d\u00e9couverte des menhirs et des dolmens, ces pierres brutes et sombres de sa\u00a0 r\u00e9gion natale, ainsi que l&rsquo;art roman des \u00e9glises locales, ont nourri son imaginaire. \u00c0 18 ans, il se\u00a0 rend \u00e0 Paris pour pr\u00e9parer les Beaux-Arts, mais se sent rapidement en d\u00e9calage avec l&rsquo;enseignement acad\u00e9mique. Il retourne dans l&rsquo;Aveyron, pr\u00e9f\u00e9rant une exploration autodidacte et une introspection\u00a0 qui forgeront sa singularit\u00e9.\u00a0 Apr\u00e8s la guerre, Soulages s&rsquo;installe \u00e0 Paris en 1946. C&rsquo;est \u00e0 cette \u00e9poque qu&rsquo;il commence \u00e0\u00a0 d\u00e9velopper son style distinctif. Ses premi\u00e8res \u0153uvres, des peintures \u00e0 l&rsquo;huile aux couleurs sombres,\u00a0 souvent domin\u00e9es par le noir et le brun, sont caract\u00e9ris\u00e9es par de larges aplats et des emp\u00e2tements.\u00a0 Tr\u00e8s vite, le noir s&rsquo;impose non pas comme une couleur parmi d&rsquo;autres, mais comme le sujet principal de sa recherche.\u00a0 La R\u00e9v\u00e9lation de l&rsquo;Outrenoir En 1979, un moment d\u00e9cisif marque sa carri\u00e8re et l&rsquo;histoire de l&rsquo;art. Alors qu&rsquo;il travaille sur une toile enti\u00e8rement recouverte de noir, il est frapp\u00e9 par la fa\u00e7on dont la lumi\u00e8re se r\u00e9fl\u00e9chit sur les\u00a0 diff\u00e9rentes textures et orientations de la peinture. C&rsquo;est la naissance de l&rsquo;Outrenoir, un terme qu&rsquo;il\u00a0 invente pour d\u00e9crire cette exp\u00e9rience.\u00a0 L&rsquo;Outrenoir n&rsquo;est pas le noir en tant que couleur, mais plut\u00f4t \u00ab\u00a0au-del\u00e0 du noir\u00a0\u00bb. Il s&rsquo;agit d&rsquo;une\u00a0 r\u00e9flexion sur la lumi\u00e8re issue du noir. Soulages utilise des techniques vari\u00e9es (stries, aplats,\u00a0 raclages, r\u00e9serves) pour sculpter la mati\u00e8re picturale du noir, cr\u00e9ant des reliefs, des creux, des\u00a0 surfaces lisses ou rugueuses. La lumi\u00e8re vient se heurter \u00e0 ces diff\u00e9rentes textures et est renvoy\u00e9e de multiples fa\u00e7ons, produisant des brillances, des opacit\u00e9s, des zones d&rsquo;ombre et de lumi\u00e8re qui\u00a0 r\u00e9v\u00e8lent la profondeur<\/p>","protected":false},"author":3,"featured_media":1082,"parent":1578,"menu_order":0,"comment_status":"closed","ping_status":"closed","template":"","meta":{"inline_featured_image":false,"footnotes":""},"wf_page_folders":[92],"class_list":["post-4907","page","type-page","status-publish","has-post-thumbnail","hentry"],"yoast_head":"<!-- This site is optimized with the Yoast SEO plugin v27.3 - https:\/\/yoast.com\/product\/yoast-seo-wordpress\/ -->\n<title>Pierre Soulages : Biographie du ma\u00eetre de l&#039;Outrenoir<\/title>\n<meta name=\"description\" content=\"Le parcours exceptionnel de Soulages, son histoire et sa lumi\u00e8re : une biographie compl\u00e8te par \u00c9ric Brugier marchand d&#039;art.\" \/>\n<meta name=\"robots\" content=\"index, follow, max-snippet:-1, max-image-preview:large, max-video-preview:-1\" \/>\n<link rel=\"canonical\" href=\"https:\/\/ericbrugier.com\/en\/artists\/biography-pierre-soulages\/\" \/>\n<meta property=\"og:locale\" content=\"en_GB\" \/>\n<meta property=\"og:type\" content=\"article\" \/>\n<meta property=\"og:title\" content=\"Pierre Soulages : Biographie du ma\u00eetre de l&#039;Outrenoir\" \/>\n<meta property=\"og:description\" content=\"Le parcours exceptionnel de Soulages, son histoire et sa lumi\u00e8re : une biographie compl\u00e8te par \u00c9ric Brugier marchand d&#039;art.\" \/>\n<meta property=\"og:url\" content=\"https:\/\/ericbrugier.com\/en\/artists\/biography-pierre-soulages\/\" \/>\n<meta property=\"og:site_name\" content=\"\u00c9ric Brugier - Marchand d&#039;art - Gestion de collection\" \/>\n<meta property=\"article:modified_time\" content=\"2026-02-26T16:43:59+00:00\" \/>\n<meta property=\"og:image\" content=\"https:\/\/ericbrugier.com\/wp-content\/uploads\/2025\/12\/Pierre-Soulages.jpg\" \/>\n\t<meta property=\"og:image:width\" content=\"800\" \/>\n\t<meta property=\"og:image:height\" content=\"800\" \/>\n\t<meta property=\"og:image:type\" content=\"image\/jpeg\" \/>\n<meta name=\"twitter:card\" content=\"summary_large_image\" \/>\n<meta name=\"twitter:label1\" content=\"Estimated reading time\" \/>\n\t<meta name=\"twitter:data1\" content=\"8 minutes\" \/>\n<script type=\"application\/ld+json\" class=\"yoast-schema-graph\">{\"@context\":\"https:\\\/\\\/schema.org\",\"@graph\":[{\"@type\":\"WebPage\",\"@id\":\"https:\\\/\\\/ericbrugier.com\\\/fr\\\/artistes\\\/biographie-pierre-soulages\\\/\",\"url\":\"https:\\\/\\\/ericbrugier.com\\\/fr\\\/artistes\\\/biographie-pierre-soulages\\\/\",\"name\":\"Pierre Soulages : Biographie du ma\u00eetre de l'Outrenoir\",\"isPartOf\":{\"@id\":\"https:\\\/\\\/ericbrugier.com\\\/#website\"},\"primaryImageOfPage\":{\"@id\":\"https:\\\/\\\/ericbrugier.com\\\/fr\\\/artistes\\\/biographie-pierre-soulages\\\/#primaryimage\"},\"image\":{\"@id\":\"https:\\\/\\\/ericbrugier.com\\\/fr\\\/artistes\\\/biographie-pierre-soulages\\\/#primaryimage\"},\"thumbnailUrl\":\"https:\\\/\\\/ericbrugier.com\\\/wp-content\\\/uploads\\\/2025\\\/12\\\/Pierre-Soulages.jpg\",\"datePublished\":\"2026-02-03T09:51:02+00:00\",\"dateModified\":\"2026-02-26T16:43:59+00:00\",\"description\":\"Le parcours exceptionnel de Soulages, son histoire et sa lumi\u00e8re : une biographie compl\u00e8te par \u00c9ric Brugier marchand d'art.\",\"breadcrumb\":{\"@id\":\"https:\\\/\\\/ericbrugier.com\\\/fr\\\/artistes\\\/biographie-pierre-soulages\\\/#breadcrumb\"},\"inLanguage\":\"en-GB\",\"potentialAction\":[{\"@type\":\"ReadAction\",\"target\":[\"https:\\\/\\\/ericbrugier.com\\\/fr\\\/artistes\\\/biographie-pierre-soulages\\\/\"]}]},{\"@type\":\"ImageObject\",\"inLanguage\":\"en-GB\",\"@id\":\"https:\\\/\\\/ericbrugier.com\\\/fr\\\/artistes\\\/biographie-pierre-soulages\\\/#primaryimage\",\"url\":\"https:\\\/\\\/ericbrugier.com\\\/wp-content\\\/uploads\\\/2025\\\/12\\\/Pierre-Soulages.jpg\",\"contentUrl\":\"https:\\\/\\\/ericbrugier.com\\\/wp-content\\\/uploads\\\/2025\\\/12\\\/Pierre-Soulages.jpg\",\"width\":800,\"height\":800,\"caption\":\"Pierre Soulages\"},{\"@type\":\"BreadcrumbList\",\"@id\":\"https:\\\/\\\/ericbrugier.com\\\/fr\\\/artistes\\\/biographie-pierre-soulages\\\/#breadcrumb\",\"itemListElement\":[{\"@type\":\"ListItem\",\"position\":1,\"name\":\"Accueil\",\"item\":\"https:\\\/\\\/ericbrugier.com\\\/\"},{\"@type\":\"ListItem\",\"position\":2,\"name\":\"ARTISTES\",\"item\":\"https:\\\/\\\/ericbrugier.com\\\/fr\\\/artistes\\\/\"},{\"@type\":\"ListItem\",\"position\":3,\"name\":\"Biographie Pierre Soulages\"}]},{\"@type\":\"WebSite\",\"@id\":\"https:\\\/\\\/ericbrugier.com\\\/#website\",\"url\":\"https:\\\/\\\/ericbrugier.com\\\/\",\"name\":\"Eric Brugier - Galerie d'art\",\"description\":\"Marchand d&#039;art et Gestion de collection\",\"publisher\":{\"@id\":\"https:\\\/\\\/ericbrugier.com\\\/#organization\"},\"potentialAction\":[{\"@type\":\"SearchAction\",\"target\":{\"@type\":\"EntryPoint\",\"urlTemplate\":\"https:\\\/\\\/ericbrugier.com\\\/?s={search_term_string}\"},\"query-input\":{\"@type\":\"PropertyValueSpecification\",\"valueRequired\":true,\"valueName\":\"search_term_string\"}}],\"inLanguage\":\"en-GB\"},{\"@type\":\"Organization\",\"@id\":\"https:\\\/\\\/ericbrugier.com\\\/#organization\",\"name\":\"Eric Brugier - Marchand d'art - Gestion de collection\",\"url\":\"https:\\\/\\\/ericbrugier.com\\\/\",\"logo\":{\"@type\":\"ImageObject\",\"inLanguage\":\"en-GB\",\"@id\":\"https:\\\/\\\/ericbrugier.com\\\/#\\\/schema\\\/logo\\\/image\\\/\",\"url\":\"https:\\\/\\\/ericbrugier.com\\\/wp-content\\\/uploads\\\/2025\\\/12\\\/Logo-eric-brugier-1.webp\",\"contentUrl\":\"https:\\\/\\\/ericbrugier.com\\\/wp-content\\\/uploads\\\/2025\\\/12\\\/Logo-eric-brugier-1.webp\",\"width\":1600,\"height\":500,\"caption\":\"Eric Brugier - Marchand d'art - Gestion de collection\"},\"image\":{\"@id\":\"https:\\\/\\\/ericbrugier.com\\\/#\\\/schema\\\/logo\\\/image\\\/\"}}]}<\/script>\n<!-- \/ Yoast SEO plugin. -->","yoast_head_json":{"title":"Pierre Soulages: Biography of the master of the Outrenoir","description":"Soulages' exceptional career, his history and his light: a complete biography by art dealer \u00c9ric Brugier.","robots":{"index":"index","follow":"follow","max-snippet":"max-snippet:-1","max-image-preview":"max-image-preview:large","max-video-preview":"max-video-preview:-1"},"canonical":"https:\/\/ericbrugier.com\/en\/artists\/biography-pierre-soulages\/","og_locale":"en_GB","og_type":"article","og_title":"Pierre Soulages : Biographie du ma\u00eetre de l'Outrenoir","og_description":"Le parcours exceptionnel de Soulages, son histoire et sa lumi\u00e8re : une biographie compl\u00e8te par \u00c9ric Brugier marchand d'art.","og_url":"https:\/\/ericbrugier.com\/en\/artists\/biography-pierre-soulages\/","og_site_name":"\u00c9ric Brugier - Marchand d&#039;art - Gestion de collection","article_modified_time":"2026-02-26T16:43:59+00:00","og_image":[{"width":800,"height":800,"url":"https:\/\/ericbrugier.com\/wp-content\/uploads\/2025\/12\/Pierre-Soulages.jpg","type":"image\/jpeg"}],"twitter_card":"summary_large_image","twitter_misc":{"Estimated reading time":"8 minutes"},"schema":{"@context":"https:\/\/schema.org","@graph":[{"@type":"WebPage","@id":"https:\/\/ericbrugier.com\/fr\/artistes\/biographie-pierre-soulages\/","url":"https:\/\/ericbrugier.com\/fr\/artistes\/biographie-pierre-soulages\/","name":"Pierre Soulages: Biography of the master of the Outrenoir","isPartOf":{"@id":"https:\/\/ericbrugier.com\/#website"},"primaryImageOfPage":{"@id":"https:\/\/ericbrugier.com\/fr\/artistes\/biographie-pierre-soulages\/#primaryimage"},"image":{"@id":"https:\/\/ericbrugier.com\/fr\/artistes\/biographie-pierre-soulages\/#primaryimage"},"thumbnailUrl":"https:\/\/ericbrugier.com\/wp-content\/uploads\/2025\/12\/Pierre-Soulages.jpg","datePublished":"2026-02-03T09:51:02+00:00","dateModified":"2026-02-26T16:43:59+00:00","description":"Soulages' exceptional career, his history and his light: a complete biography by art dealer \u00c9ric Brugier.","breadcrumb":{"@id":"https:\/\/ericbrugier.com\/fr\/artistes\/biographie-pierre-soulages\/#breadcrumb"},"inLanguage":"en-GB","potentialAction":[{"@type":"ReadAction","target":["https:\/\/ericbrugier.com\/fr\/artistes\/biographie-pierre-soulages\/"]}]},{"@type":"ImageObject","inLanguage":"en-GB","@id":"https:\/\/ericbrugier.com\/fr\/artistes\/biographie-pierre-soulages\/#primaryimage","url":"https:\/\/ericbrugier.com\/wp-content\/uploads\/2025\/12\/Pierre-Soulages.jpg","contentUrl":"https:\/\/ericbrugier.com\/wp-content\/uploads\/2025\/12\/Pierre-Soulages.jpg","width":800,"height":800,"caption":"Pierre Soulages"},{"@type":"BreadcrumbList","@id":"https:\/\/ericbrugier.com\/fr\/artistes\/biographie-pierre-soulages\/#breadcrumb","itemListElement":[{"@type":"ListItem","position":1,"name":"Accueil","item":"https:\/\/ericbrugier.com\/"},{"@type":"ListItem","position":2,"name":"ARTISTES","item":"https:\/\/ericbrugier.com\/fr\/artistes\/"},{"@type":"ListItem","position":3,"name":"Biographie Pierre Soulages"}]},{"@type":"WebSite","@id":"https:\/\/ericbrugier.com\/#website","url":"https:\/\/ericbrugier.com\/","name":"Eric Brugier - Art gallery","description":"Art dealer and collection management","publisher":{"@id":"https:\/\/ericbrugier.com\/#organization"},"potentialAction":[{"@type":"SearchAction","target":{"@type":"EntryPoint","urlTemplate":"https:\/\/ericbrugier.com\/?s={search_term_string}"},"query-input":{"@type":"PropertyValueSpecification","valueRequired":true,"valueName":"search_term_string"}}],"inLanguage":"en-GB"},{"@type":"Organization","@id":"https:\/\/ericbrugier.com\/#organization","name":"Eric Brugier - Art dealer - Collection management","url":"https:\/\/ericbrugier.com\/","logo":{"@type":"ImageObject","inLanguage":"en-GB","@id":"https:\/\/ericbrugier.com\/#\/schema\/logo\/image\/","url":"https:\/\/ericbrugier.com\/wp-content\/uploads\/2025\/12\/Logo-eric-brugier-1.webp","contentUrl":"https:\/\/ericbrugier.com\/wp-content\/uploads\/2025\/12\/Logo-eric-brugier-1.webp","width":1600,"height":500,"caption":"Eric Brugier - Marchand d'art - Gestion de collection"},"image":{"@id":"https:\/\/ericbrugier.com\/#\/schema\/logo\/image\/"}}]}},"_links":{"self":[{"href":"https:\/\/ericbrugier.com\/en\/wp-json\/wp\/v2\/pages\/4907","targetHints":{"allow":["GET"]}}],"collection":[{"href":"https:\/\/ericbrugier.com\/en\/wp-json\/wp\/v2\/pages"}],"about":[{"href":"https:\/\/ericbrugier.com\/en\/wp-json\/wp\/v2\/types\/page"}],"author":[{"embeddable":true,"href":"https:\/\/ericbrugier.com\/en\/wp-json\/wp\/v2\/users\/3"}],"replies":[{"embeddable":true,"href":"https:\/\/ericbrugier.com\/en\/wp-json\/wp\/v2\/comments?post=4907"}],"version-history":[{"count":37,"href":"https:\/\/ericbrugier.com\/en\/wp-json\/wp\/v2\/pages\/4907\/revisions"}],"predecessor-version":[{"id":8716,"href":"https:\/\/ericbrugier.com\/en\/wp-json\/wp\/v2\/pages\/4907\/revisions\/8716"}],"up":[{"embeddable":true,"href":"https:\/\/ericbrugier.com\/en\/wp-json\/wp\/v2\/pages\/1578"}],"wp:featuredmedia":[{"embeddable":true,"href":"https:\/\/ericbrugier.com\/en\/wp-json\/wp\/v2\/media\/1082"}],"wp:attachment":[{"href":"https:\/\/ericbrugier.com\/en\/wp-json\/wp\/v2\/media?parent=4907"}],"wp:term":[{"taxonomy":"wf_page_folders","embeddable":true,"href":"https:\/\/ericbrugier.com\/en\/wp-json\/wp\/v2\/wf_page_folders?post=4907"}],"curies":[{"name":"wp","href":"https:\/\/api.w.org\/{rel}","templated":true}]}}