{"id":4890,"date":"2026-02-03T10:24:22","date_gmt":"2026-02-03T09:24:22","guid":{"rendered":"https:\/\/ericbrugier.com\/?page_id=4890"},"modified":"2026-02-26T17:44:30","modified_gmt":"2026-02-26T16:44:30","slug":"biography-a-r-penck","status":"publish","type":"page","link":"https:\/\/ericbrugier.com\/en\/artistes\/biographie-a-r-penck\/","title":{"rendered":"Biography of A.R. Penck"},"content":{"rendered":"\t\t<div data-elementor-type=\"wp-page\" data-elementor-id=\"4890\" class=\"elementor elementor-4890\">\n\t\t\t\t<div class=\"elementor-element elementor-element-f86124a e-flex e-con-boxed wpr-particle-no wpr-jarallax-no wpr-parallax-no wpr-sticky-section-no e-con e-parent\" data-id=\"f86124a\" data-element_type=\"container\" data-e-type=\"container\">\n\t\t\t\t\t<div class=\"e-con-inner\">\n\t\t<div class=\"elementor-element elementor-element-f6b4058 e-con-full e-flex wpr-particle-no wpr-jarallax-no wpr-parallax-no wpr-sticky-section-no e-con e-child\" data-id=\"f6b4058\" data-element_type=\"container\" data-e-type=\"container\">\n\t\t<div class=\"elementor-element elementor-element-619ec0b e-con-full e-flex wpr-particle-no wpr-jarallax-no wpr-parallax-no wpr-sticky-section-no e-con e-child\" data-id=\"619ec0b\" data-element_type=\"container\" data-e-type=\"container\">\n\t\t\t\t<div class=\"elementor-element elementor-element-8a0cd04 elementor-widget elementor-widget-heading\" data-id=\"8a0cd04\" data-element_type=\"widget\" data-e-type=\"widget\" data-widget_type=\"heading.default\">\n\t\t\t\t\t<h1 class=\"elementor-heading-title elementor-size-default\">A.R. PENCK<\/h1>\t\t\t\t<\/div>\n\t\t\t\t<\/div>\n\t\t<div class=\"elementor-element elementor-element-a8f9e50 e-con-full elementor-hidden-mobile e-flex wpr-particle-no wpr-jarallax-no wpr-parallax-no wpr-sticky-section-no e-con e-child\" data-id=\"a8f9e50\" data-element_type=\"container\" data-e-type=\"container\">\n\t\t\t\t<div class=\"elementor-element elementor-element-7272803 clean-pc elementor-widget__width-initial elementor-widget elementor-widget-heading\" data-id=\"7272803\" data-element_type=\"widget\" data-e-type=\"widget\" data-widget_type=\"heading.default\">\n\t\t\t\t\t<p class=\"elementor-heading-title elementor-size-default\"><a href=\"https:\/\/ericbrugier.com\/fr\/artistes\/oeuvres-a-r-penck\/\">OEUVRES<\/a><\/p>\t\t\t\t<\/div>\n\t\t\t\t<\/div>\n\t\t<div class=\"elementor-element elementor-element-15ae5f5 e-con-full elementor-hidden-mobile e-flex wpr-particle-no wpr-jarallax-no wpr-parallax-no wpr-sticky-section-no e-con e-child\" data-id=\"15ae5f5\" data-element_type=\"container\" data-e-type=\"container\">\n\t\t\t\t<div class=\"elementor-element elementor-element-eb1b0ed elementor-widget__width-initial clean-pc elementor-widget elementor-widget-heading\" data-id=\"eb1b0ed\" data-element_type=\"widget\" data-e-type=\"widget\" data-widget_type=\"heading.default\">\n\t\t\t\t\t<p class=\"elementor-heading-title elementor-size-default\">BIOGRAPHIE<\/p>\t\t\t\t<\/div>\n\t\t\t\t<\/div>\n\t\t<div class=\"elementor-element elementor-element-1906318 e-con-full elementor-hidden-mobile e-flex wpr-particle-no wpr-jarallax-no wpr-parallax-no wpr-sticky-section-no e-con e-child\" data-id=\"1906318\" data-element_type=\"container\" data-e-type=\"container\">\n\t\t\t\t<div class=\"elementor-element elementor-element-ca721f2 clean-pc elementor-widget__width-initial elementor-widget elementor-widget-text-editor\" data-id=\"ca721f2\" data-element_type=\"widget\" data-e-type=\"widget\" data-widget_type=\"text-editor.default\">\n\t\t\t\t\t\t\t\t\t<p><a href=\"https:\/\/ericbrugier.com\/fr\/artistes\/biographie-miss-tic\/\">&lt; <\/a>\u00a0 ARTISTE SUIVANT\u00a0 \u00a0<a href=\"https:\/\/ericbrugier.com\/fr\/artistes\/biographie-gerard-schneider\/\">&gt;<\/a><\/p>\t\t\t\t\t\t\t\t<\/div>\n\t\t\t\t<\/div>\n\t\t\t\t<\/div>\n\t\t\t\t\t<\/div>\n\t\t\t\t<\/div>\n\t\t<div class=\"elementor-element elementor-element-e38c4b4 elementor-hidden-desktop elementor-hidden-tablet clean-mobile e-flex e-con-boxed wpr-particle-no wpr-jarallax-no wpr-parallax-no wpr-sticky-section-no e-con e-parent\" data-id=\"e38c4b4\" data-element_type=\"container\" data-e-type=\"container\">\n\t\t\t\t\t<div class=\"e-con-inner\">\n\t\t<div class=\"elementor-element elementor-element-9985a57 e-con-full e-flex wpr-particle-no wpr-jarallax-no wpr-parallax-no wpr-sticky-section-no e-con e-child\" data-id=\"9985a57\" data-element_type=\"container\" data-e-type=\"container\">\n\t\t\t\t<div class=\"elementor-element elementor-element-0a0043e elementor-widget elementor-widget-heading\" data-id=\"0a0043e\" data-element_type=\"widget\" data-e-type=\"widget\" data-widget_type=\"heading.default\">\n\t\t\t\t\t<p class=\"elementor-heading-title elementor-size-default\"><a href=\"https:\/\/ericbrugier.com\/fr\/artistes\/oeuvres-a-r-penck\/\">OEUVRES<\/a><\/p>\t\t\t\t<\/div>\n\t\t\t\t<\/div>\n\t\t<div class=\"elementor-element elementor-element-b8468b9 e-con-full e-flex wpr-particle-no wpr-jarallax-no wpr-parallax-no wpr-sticky-section-no e-con e-child\" data-id=\"b8468b9\" data-element_type=\"container\" data-e-type=\"container\">\n\t\t\t\t<div class=\"elementor-element elementor-element-ce9e93c elementor-widget__width-inherit elementor-widget elementor-widget-heading\" data-id=\"ce9e93c\" data-element_type=\"widget\" data-e-type=\"widget\" data-widget_type=\"heading.default\">\n\t\t\t\t\t<p class=\"elementor-heading-title elementor-size-default\">BIOGRAPHIE<\/p>\t\t\t\t<\/div>\n\t\t\t\t<\/div>\n\t\t<div class=\"elementor-element elementor-element-9a1ee50 e-con-full e-flex wpr-particle-no wpr-jarallax-no wpr-parallax-no wpr-sticky-section-no e-con e-child\" data-id=\"9a1ee50\" data-element_type=\"container\" data-e-type=\"container\">\n\t\t\t\t<div class=\"elementor-element elementor-element-2193973 elementor-widget elementor-widget-text-editor\" data-id=\"2193973\" data-element_type=\"widget\" data-e-type=\"widget\" data-widget_type=\"text-editor.default\">\n\t\t\t\t\t\t\t\t\t<p><a href=\"https:\/\/ericbrugier.com\/fr\/artistes\/biographie-miss-tic\/\">&lt;<\/a>\u00a0 \u00a0ARTISTE SUIVANT\u00a0 \u00a0<a href=\"https:\/\/ericbrugier.com\/fr\/artistes\/biographie-gerard-schneider\/\">&gt;<\/a><\/p>\t\t\t\t\t\t\t\t<\/div>\n\t\t\t\t<\/div>\n\t\t\t\t\t<\/div>\n\t\t\t\t<\/div>\n\t\t<div class=\"elementor-element elementor-element-38ae48b4 elementor-hidden-mobile e-flex e-con-boxed wpr-particle-no wpr-jarallax-no wpr-parallax-no wpr-sticky-section-no e-con e-parent\" data-id=\"38ae48b4\" data-element_type=\"container\" data-e-type=\"container\">\n\t\t\t\t\t<div class=\"e-con-inner\">\n\t\t<div class=\"elementor-element elementor-element-2a116b82 e-con-full col-texte-brugier e-flex wpr-particle-no wpr-jarallax-no wpr-parallax-no wpr-sticky-section-no e-con e-child\" data-id=\"2a116b82\" data-element_type=\"container\" data-e-type=\"container\">\n\t\t\t\t<div class=\"elementor-element elementor-element-9cbd5c4 elementor-widget elementor-widget-heading\" data-id=\"9cbd5c4\" data-element_type=\"widget\" data-e-type=\"widget\" data-widget_type=\"heading.default\">\n\t\t\t\t\t<h2 class=\"elementor-heading-title elementor-size-default\">A.R. Penck : L\u2019Arch\u00e9ologue du Signe Moderne, Figure Majeure du N\u00e9o-Expressionnisme Allemand.<\/h2>\t\t\t\t<\/div>\n\t\t\t\t<div class=\"elementor-element elementor-element-8c03f90 elementor-widget elementor-widget-text-editor\" data-id=\"8c03f90\" data-element_type=\"widget\" data-e-type=\"widget\" data-widget_type=\"text-editor.default\">\n\t\t\t\t\t\t\t\t\t<p>Ralf Winkler est n\u00e9 en 1939 \u00e0 Dresden. C\u2019est en 1968 qu\u2019il adopte le pseudonyme A.R. Penck apr\u00e8s avoir lu le travail du g\u00e9ologue Albrecht Penck. Il est refus\u00e9 \u00e0 l\u2019une des \u00e9coles d\u2019art de l\u2019ex-R\u00e9publique D\u00e9mocratique allemande et se r\u00e9sout \u00e0 poursuivre l\u2019art en autodidacte dans les ann\u00e9es 1950. Jusqu\u2019en 1980, il vit en Allemagne de l\u2019Est o\u00f9 il ne peut exposer publiquement. Ainsi, il<br \/>exporte clandestinement ses travaux \u00e0 Berlin Ouest et en Suisse o\u00f9 il participe r\u00e9guli\u00e8rement \u00e0 des<br \/>expositions. Avant d\u2019\u00e9migrer \u00e0 l\u2019ouest, A.R Penck a habit\u00e9 \u00e0 Londres, \u00e0 Dublin et \u00e0 D\u00fcsseldorf. Il meurt \u00e0 Zurich, en Suisse, en 2017.<\/p><p>Consid\u00e9r\u00e9 comme un neo-expressionist, A.R Penck est connu pour ses peintures et sculptures caract\u00e9ris\u00e9s par des formes et des figures simplifi\u00e9es ainsi que par des symboles et des motifs n\u00e9o- primitifs. Il souhaite d\u00e9velopper un langage pictural bas\u00e9 sur un syst\u00e8me de signes que tout le monde pourrait d\u00e9coder. Cela l\u2019a amen\u00e9 vers une r\u00e9duction radicale de la forme vers une s\u00e9rie de bonhommes b\u00e2tons aux lignes \u00e9paisses qu\u2019il appelle \u00ab Standart \u00bb en r\u00e9f\u00e9rences aux signaux associ\u00e9s au symboles standard connus. Il atteint une abstraction de situations socio-\u00e9conomiques complexes gr\u00e2ce \u00e0 une composition picturale plate, remplie de symbolisme. Son travail n\u2019est pas r\u00e9git par un syst\u00e8me ou un narratif rationnel mais par un chaos et une \u00e9motion apparente. Dans chaque dessin, chaque peinture, il cr\u00e9e un espace purement visuel o\u00f9 l\u2019imagination peut se d\u00e9velopper et dans lequel les spectateurs peuvent se perdre.<\/p><p>En 1984, A.R. Penck participe \u00e0 la Biennale de Venise, ainsi qu\u2019aux Documenta 5, 6 ,7 et 9. Beaucoup d\u2019expositions personnelles sont organis\u00e9es dans le monde notamment \u00e0 la Kunsthalle de Berne, au Van Abbemuseum \u00e0 Eindhoven, au Museum Ludwig de Cologne, au Gemeentemuseum de la Hague, \u00e0 l\u2019Irish Museum of Modern Art de Dublin, au Museo Rufino Tamayo de Mexico City, au Schirn Kunsthalle de Francfort, au Mus\u00e9e d&rsquo;Art Moderne de la Ville de Paris, \u00e0 la Fondation Maeght \u00e0 St. Paule en France ou \u00e0 la Fosun Foundation \u00e0 Shanghai, entre autre. Ses \u0153uvres sont inclues dans les collections permanentes d\u2019institutions internationales comme le Museum of Modern Art de New York, le Tate Gallery de Londres, le Museum of Contemporary Art de Chicago, la Neue Nationalgalerie SMPK \u00e0 Berlin et au Centre Pompidou, Paris.<\/p>\t\t\t\t\t\t\t\t<\/div>\n\t\t\t\t<\/div>\n\t\t<div class=\"elementor-element elementor-element-e06ca7f e-con-full col-image-brugier e-flex wpr-particle-no wpr-jarallax-no wpr-parallax-no wpr-sticky-section-no e-con e-child\" data-id=\"e06ca7f\" data-element_type=\"container\" data-e-type=\"container\">\n\t\t\t\t<div class=\"elementor-element elementor-element-7001d2ea animated-slow elementor-invisible elementor-widget elementor-widget-image\" data-id=\"7001d2ea\" data-element_type=\"widget\" data-e-type=\"widget\" data-settings=\"{&quot;_animation&quot;:&quot;fadeIn&quot;}\" data-widget_type=\"image.default\">\n\t\t\t\t\t\t\t\t\t\t\t\t\t\t\t<img fetchpriority=\"high\" decoding=\"async\" width=\"800\" height=\"800\" src=\"https:\/\/ericbrugier.com\/wp-content\/uploads\/2025\/12\/A.R-Penck.png\" class=\"attachment-large size-large wp-image-1586\" alt=\"A.R Penck\" srcset=\"https:\/\/ericbrugier.com\/wp-content\/uploads\/2025\/12\/A.R-Penck.png 800w, https:\/\/ericbrugier.com\/wp-content\/uploads\/2025\/12\/A.R-Penck-300x300.png 300w, https:\/\/ericbrugier.com\/wp-content\/uploads\/2025\/12\/A.R-Penck-150x150.png 150w, https:\/\/ericbrugier.com\/wp-content\/uploads\/2025\/12\/A.R-Penck-768x768.png 768w, https:\/\/ericbrugier.com\/wp-content\/uploads\/2025\/12\/A.R-Penck-12x12.png 12w, https:\/\/ericbrugier.com\/wp-content\/uploads\/2025\/12\/A.R-Penck-600x600.png 600w\" sizes=\"(max-width: 800px) 100vw, 800px\" \/>\t\t\t\t\t\t\t\t\t\t\t\t\t\t\t<\/div>\n\t\t\t\t<div class=\"elementor-element elementor-element-71af39c mon-bouton-clic elementor-invisible elementor-widget elementor-widget-button\" data-id=\"71af39c\" data-element_type=\"widget\" data-e-type=\"widget\" data-settings=\"{&quot;_animation&quot;:&quot;fadeInUp&quot;}\" data-widget_type=\"button.default\">\n\t\t\t\t\t\t\t\t\t\t<a class=\"elementor-button elementor-button-link elementor-size-sm\" href=\"#\">\n\t\t\t\t\t\t<span class=\"elementor-button-content-wrapper\">\n\t\t\t\t\t\t\t\t\t<span class=\"elementor-button-text\">+ PARTAGER<\/span>\n\t\t\t\t\t<\/span>\n\t\t\t\t\t<\/a>\n\t\t\t\t\t\t\t\t<\/div>\n\t\t\t\t<div class=\"elementor-element elementor-element-d9260e9 ma-liste-partage elementor-icon-list--layout-traditional elementor-list-item-link-full_width elementor-widget elementor-widget-icon-list\" data-id=\"d9260e9\" data-element_type=\"widget\" data-e-type=\"widget\" data-widget_type=\"icon-list.default\">\n\t\t\t\t\t\t\t<ul class=\"elementor-icon-list-items\">\n\t\t\t\t\t\t\t<li class=\"elementor-icon-list-item\">\n\t\t\t\t\t\t\t\t\t\t\t<a href=\"#share-fb\">\n\n\t\t\t\t\t\t\t\t\t\t\t\t<span class=\"elementor-icon-list-icon\">\n\t\t\t\t\t\t\t<svg aria-hidden=\"true\" class=\"e-font-icon-svg e-fab-facebook-f\" viewBox=\"0 0 320 512\" xmlns=\"http:\/\/www.w3.org\/2000\/svg\"><path d=\"M279.14 288l14.22-92.66h-88.91v-60.13c0-25.35 12.42-50.06 52.24-50.06h40.42V6.26S260.43 0 225.36 0c-73.22 0-121.08 44.38-121.08 124.72v70.62H22.89V288h81.39v224h100.17V288z\"><\/path><\/svg>\t\t\t\t\t\t<\/span>\n\t\t\t\t\t\t\t\t\t\t<span class=\"elementor-icon-list-text\">FACEBOOK<\/span>\n\t\t\t\t\t\t\t\t\t\t\t<\/a>\n\t\t\t\t\t\t\t\t\t<\/li>\n\t\t\t\t\t\t\t\t<li class=\"elementor-icon-list-item\">\n\t\t\t\t\t\t\t\t\t\t\t<a href=\"#share-link\">\n\n\t\t\t\t\t\t\t\t\t\t\t\t<span class=\"elementor-icon-list-icon\">\n\t\t\t\t\t\t\t<svg aria-hidden=\"true\" class=\"e-font-icon-svg e-fab-linkedin-in\" viewBox=\"0 0 448 512\" xmlns=\"http:\/\/www.w3.org\/2000\/svg\"><path d=\"M100.28 448H7.4V148.9h92.88zM53.79 108.1C24.09 108.1 0 83.5 0 53.8a53.79 53.79 0 0 1 107.58 0c0 29.7-24.1 54.3-53.79 54.3zM447.9 448h-92.68V302.4c0-34.7-.7-79.2-48.29-79.2-48.29 0-55.69 37.7-55.69 76.7V448h-92.78V148.9h89.08v40.8h1.3c12.4-23.5 42.69-48.3 87.88-48.3 94 0 111.28 61.9 111.28 142.3V448z\"><\/path><\/svg>\t\t\t\t\t\t<\/span>\n\t\t\t\t\t\t\t\t\t\t<span class=\"elementor-icon-list-text\">LINKEDIN<\/span>\n\t\t\t\t\t\t\t\t\t\t\t<\/a>\n\t\t\t\t\t\t\t\t\t<\/li>\n\t\t\t\t\t\t\t\t<li class=\"elementor-icon-list-item\">\n\t\t\t\t\t\t\t\t\t\t\t<a href=\"#share-mail\">\n\n\t\t\t\t\t\t\t\t\t\t\t\t<span class=\"elementor-icon-list-icon\">\n\t\t\t\t\t\t\t<svg aria-hidden=\"true\" class=\"e-font-icon-svg e-fas-at\" viewBox=\"0 0 512 512\" xmlns=\"http:\/\/www.w3.org\/2000\/svg\"><path d=\"M256 8C118.941 8 8 118.919 8 256c0 137.059 110.919 248 248 248 48.154 0 95.342-14.14 135.408-40.223 12.005-7.815 14.625-24.288 5.552-35.372l-10.177-12.433c-7.671-9.371-21.179-11.667-31.373-5.129C325.92 429.757 291.314 440 256 440c-101.458 0-184-82.542-184-184S154.542 72 256 72c100.139 0 184 57.619 184 160 0 38.786-21.093 79.742-58.17 83.693-17.349-.454-16.91-12.857-13.476-30.024l23.433-121.11C394.653 149.75 383.308 136 368.225 136h-44.981a13.518 13.518 0 0 0-13.432 11.993l-.01.092c-14.697-17.901-40.448-21.775-59.971-21.775-74.58 0-137.831 62.234-137.831 151.46 0 65.303 36.785 105.87 96 105.87 26.984 0 57.369-15.637 74.991-38.333 9.522 34.104 40.613 34.103 70.71 34.103C462.609 379.41 504 307.798 504 232 504 95.653 394.023 8 256 8zm-21.68 304.43c-22.249 0-36.07-15.623-36.07-40.771 0-44.993 30.779-72.729 58.63-72.729 22.292 0 35.601 15.241 35.601 40.77 0 45.061-33.875 72.73-58.161 72.73z\"><\/path><\/svg>\t\t\t\t\t\t<\/span>\n\t\t\t\t\t\t\t\t\t\t<span class=\"elementor-icon-list-text\">EMAIL<\/span>\n\t\t\t\t\t\t\t\t\t\t\t<\/a>\n\t\t\t\t\t\t\t\t\t<\/li>\n\t\t\t\t\t\t<\/ul>\n\t\t\t\t\t\t<\/div>\n\t\t\t\t<\/div>\n\t\t\t\t\t<\/div>\n\t\t\t\t<\/div>\n\t\t<div class=\"elementor-element elementor-element-b7b95e2 elementor-hidden-desktop elementor-hidden-tablet clean-mobile e-flex e-con-boxed wpr-particle-no wpr-jarallax-no wpr-parallax-no wpr-sticky-section-no e-con e-parent\" data-id=\"b7b95e2\" data-element_type=\"container\" data-e-type=\"container\">\n\t\t\t\t\t<div class=\"e-con-inner\">\n\t\t<div class=\"elementor-element elementor-element-aad2cc4 e-con-full e-flex wpr-particle-no wpr-jarallax-no wpr-parallax-no wpr-sticky-section-no e-con e-child\" data-id=\"aad2cc4\" data-element_type=\"container\" data-e-type=\"container\">\n\t\t\t\t<div class=\"elementor-element elementor-element-fd4fab0 elementor-widget elementor-widget-image\" data-id=\"fd4fab0\" data-element_type=\"widget\" data-e-type=\"widget\" data-widget_type=\"image.default\">\n\t\t\t\t\t\t\t\t\t\t\t\t\t\t\t<img fetchpriority=\"high\" decoding=\"async\" width=\"800\" height=\"800\" src=\"https:\/\/ericbrugier.com\/wp-content\/uploads\/2025\/12\/A.R-Penck.png\" class=\"attachment-large size-large wp-image-1586\" alt=\"A.R Penck\" srcset=\"https:\/\/ericbrugier.com\/wp-content\/uploads\/2025\/12\/A.R-Penck.png 800w, https:\/\/ericbrugier.com\/wp-content\/uploads\/2025\/12\/A.R-Penck-300x300.png 300w, https:\/\/ericbrugier.com\/wp-content\/uploads\/2025\/12\/A.R-Penck-150x150.png 150w, https:\/\/ericbrugier.com\/wp-content\/uploads\/2025\/12\/A.R-Penck-768x768.png 768w, https:\/\/ericbrugier.com\/wp-content\/uploads\/2025\/12\/A.R-Penck-12x12.png 12w, https:\/\/ericbrugier.com\/wp-content\/uploads\/2025\/12\/A.R-Penck-600x600.png 600w\" sizes=\"(max-width: 800px) 100vw, 800px\" \/>\t\t\t\t\t\t\t\t\t\t\t\t\t\t\t<\/div>\n\t\t\t\t<div class=\"elementor-element elementor-element-2cff68a mon-bouton-clic-mob elementor-invisible elementor-widget elementor-widget-button\" data-id=\"2cff68a\" data-element_type=\"widget\" data-e-type=\"widget\" data-settings=\"{&quot;_animation&quot;:&quot;fadeInUp&quot;}\" data-widget_type=\"button.default\">\n\t\t\t\t\t\t\t\t\t\t<a class=\"elementor-button elementor-button-link elementor-size-sm\" href=\"#\">\n\t\t\t\t\t\t<span class=\"elementor-button-content-wrapper\">\n\t\t\t\t\t\t\t\t\t<span class=\"elementor-button-text\">+ PARTAGER<\/span>\n\t\t\t\t\t<\/span>\n\t\t\t\t\t<\/a>\n\t\t\t\t\t\t\t\t<\/div>\n\t\t\t\t<div class=\"elementor-element elementor-element-c4c73e6 ma-liste-partage-mob elementor-icon-list--layout-traditional elementor-list-item-link-full_width elementor-widget elementor-widget-icon-list\" data-id=\"c4c73e6\" data-element_type=\"widget\" data-e-type=\"widget\" data-widget_type=\"icon-list.default\">\n\t\t\t\t\t\t\t<ul class=\"elementor-icon-list-items\">\n\t\t\t\t\t\t\t<li class=\"elementor-icon-list-item\">\n\t\t\t\t\t\t\t\t\t\t\t<a href=\"#share-fb\">\n\n\t\t\t\t\t\t\t\t\t\t\t\t<span class=\"elementor-icon-list-icon\">\n\t\t\t\t\t\t\t<svg aria-hidden=\"true\" class=\"e-font-icon-svg e-fab-facebook-f\" viewBox=\"0 0 320 512\" xmlns=\"http:\/\/www.w3.org\/2000\/svg\"><path d=\"M279.14 288l14.22-92.66h-88.91v-60.13c0-25.35 12.42-50.06 52.24-50.06h40.42V6.26S260.43 0 225.36 0c-73.22 0-121.08 44.38-121.08 124.72v70.62H22.89V288h81.39v224h100.17V288z\"><\/path><\/svg>\t\t\t\t\t\t<\/span>\n\t\t\t\t\t\t\t\t\t\t<span class=\"elementor-icon-list-text\">FACEBOOK<\/span>\n\t\t\t\t\t\t\t\t\t\t\t<\/a>\n\t\t\t\t\t\t\t\t\t<\/li>\n\t\t\t\t\t\t\t\t<li class=\"elementor-icon-list-item\">\n\t\t\t\t\t\t\t\t\t\t\t<a href=\"#share-link\">\n\n\t\t\t\t\t\t\t\t\t\t\t\t<span class=\"elementor-icon-list-icon\">\n\t\t\t\t\t\t\t<svg aria-hidden=\"true\" class=\"e-font-icon-svg e-fab-linkedin-in\" viewBox=\"0 0 448 512\" xmlns=\"http:\/\/www.w3.org\/2000\/svg\"><path d=\"M100.28 448H7.4V148.9h92.88zM53.79 108.1C24.09 108.1 0 83.5 0 53.8a53.79 53.79 0 0 1 107.58 0c0 29.7-24.1 54.3-53.79 54.3zM447.9 448h-92.68V302.4c0-34.7-.7-79.2-48.29-79.2-48.29 0-55.69 37.7-55.69 76.7V448h-92.78V148.9h89.08v40.8h1.3c12.4-23.5 42.69-48.3 87.88-48.3 94 0 111.28 61.9 111.28 142.3V448z\"><\/path><\/svg>\t\t\t\t\t\t<\/span>\n\t\t\t\t\t\t\t\t\t\t<span class=\"elementor-icon-list-text\">LINKEDIN<\/span>\n\t\t\t\t\t\t\t\t\t\t\t<\/a>\n\t\t\t\t\t\t\t\t\t<\/li>\n\t\t\t\t\t\t\t\t<li class=\"elementor-icon-list-item\">\n\t\t\t\t\t\t\t\t\t\t\t<a href=\"#share-mail\">\n\n\t\t\t\t\t\t\t\t\t\t\t\t<span class=\"elementor-icon-list-icon\">\n\t\t\t\t\t\t\t<svg aria-hidden=\"true\" class=\"e-font-icon-svg e-fas-at\" viewBox=\"0 0 512 512\" xmlns=\"http:\/\/www.w3.org\/2000\/svg\"><path d=\"M256 8C118.941 8 8 118.919 8 256c0 137.059 110.919 248 248 248 48.154 0 95.342-14.14 135.408-40.223 12.005-7.815 14.625-24.288 5.552-35.372l-10.177-12.433c-7.671-9.371-21.179-11.667-31.373-5.129C325.92 429.757 291.314 440 256 440c-101.458 0-184-82.542-184-184S154.542 72 256 72c100.139 0 184 57.619 184 160 0 38.786-21.093 79.742-58.17 83.693-17.349-.454-16.91-12.857-13.476-30.024l23.433-121.11C394.653 149.75 383.308 136 368.225 136h-44.981a13.518 13.518 0 0 0-13.432 11.993l-.01.092c-14.697-17.901-40.448-21.775-59.971-21.775-74.58 0-137.831 62.234-137.831 151.46 0 65.303 36.785 105.87 96 105.87 26.984 0 57.369-15.637 74.991-38.333 9.522 34.104 40.613 34.103 70.71 34.103C462.609 379.41 504 307.798 504 232 504 95.653 394.023 8 256 8zm-21.68 304.43c-22.249 0-36.07-15.623-36.07-40.771 0-44.993 30.779-72.729 58.63-72.729 22.292 0 35.601 15.241 35.601 40.77 0 45.061-33.875 72.73-58.161 72.73z\"><\/path><\/svg>\t\t\t\t\t\t<\/span>\n\t\t\t\t\t\t\t\t\t\t<span class=\"elementor-icon-list-text\">EMAIL<\/span>\n\t\t\t\t\t\t\t\t\t\t\t<\/a>\n\t\t\t\t\t\t\t\t\t<\/li>\n\t\t\t\t\t\t<\/ul>\n\t\t\t\t\t\t<\/div>\n\t\t\t\t<\/div>\n\t\t<div class=\"elementor-element elementor-element-b2ae0aa e-con-full col-texte-brugier e-flex wpr-particle-no wpr-jarallax-no wpr-parallax-no wpr-sticky-section-no e-con e-child\" data-id=\"b2ae0aa\" data-element_type=\"container\" data-e-type=\"container\">\n\t\t\t\t<div class=\"elementor-element elementor-element-85efd07 elementor-widget elementor-widget-heading\" data-id=\"85efd07\" data-element_type=\"widget\" data-e-type=\"widget\" data-widget_type=\"heading.default\">\n\t\t\t\t\t<h2 class=\"elementor-heading-title elementor-size-default\">A.R. Penck : L\u2019Arch\u00e9ologue du Signe Moderne, Figure Majeure du N\u00e9o-Expressionnisme Allemand.<\/h2>\t\t\t\t<\/div>\n\t\t\t\t<div class=\"elementor-element elementor-element-cbd0aa9 elementor-widget elementor-widget-text-editor\" data-id=\"cbd0aa9\" data-element_type=\"widget\" data-e-type=\"widget\" data-widget_type=\"text-editor.default\">\n\t\t\t\t\t\t\t\t\t<p>Ralf Winkler est n\u00e9 en 1939 \u00e0 Dresden. C\u2019est en 1968 qu\u2019il adopte le pseudonyme A.R. Penck apr\u00e8s avoir lu le travail du g\u00e9ologue Albrecht Penck. Il est refus\u00e9 \u00e0 l\u2019une des \u00e9coles d\u2019art de l\u2019ex-R\u00e9publique D\u00e9mocratique allemande et se r\u00e9sout \u00e0 poursuivre l\u2019art en autodidacte dans les ann\u00e9es 1950. Jusqu\u2019en 1980, il vit en Allemagne de l\u2019Est o\u00f9 il ne peut exposer publiquement. Ainsi, il<br \/>exporte clandestinement ses travaux \u00e0 Berlin Ouest et en Suisse o\u00f9 il participe r\u00e9guli\u00e8rement \u00e0 des<br \/>expositions. Avant d\u2019\u00e9migrer \u00e0 l\u2019ouest, A.R Penck a habit\u00e9 \u00e0 Londres, \u00e0 Dublin et \u00e0 D\u00fcsseldorf. Il meurt \u00e0 Zurich, en Suisse, en 2017.<\/p><p>Consid\u00e9r\u00e9 comme un neo-expressionist, A.R Penck est connu pour ses peintures et sculptures caract\u00e9ris\u00e9s par des formes et des figures simplifi\u00e9es ainsi que par des symboles et des motifs n\u00e9o- primitifs. Il souhaite d\u00e9velopper un langage pictural bas\u00e9 sur un syst\u00e8me de signes que tout le monde pourrait d\u00e9coder. Cela l\u2019a amen\u00e9 vers une r\u00e9duction radicale de la forme vers une s\u00e9rie de bonhommes b\u00e2tons aux lignes \u00e9paisses qu\u2019il appelle \u00ab Standart \u00bb en r\u00e9f\u00e9rences aux signaux associ\u00e9s au symboles standard connus. Il atteint une abstraction de situations socio-\u00e9conomiques complexes gr\u00e2ce \u00e0 une composition picturale plate, remplie de symbolisme. Son travail n\u2019est pas r\u00e9git par un syst\u00e8me ou un narratif rationnel mais par un chaos et une \u00e9motion apparente. Dans chaque dessin, chaque peinture, il cr\u00e9e un espace purement visuel o\u00f9 l\u2019imagination peut se d\u00e9velopper et dans lequel les spectateurs peuvent se perdre.<\/p><p>En 1984, A.R. Penck participe \u00e0 la Biennale de Venise, ainsi qu\u2019aux Documenta 5, 6 ,7 et 9. Beaucoup d\u2019expositions personnelles sont organis\u00e9es dans le monde notamment \u00e0 la Kunsthalle de Berne, au Van Abbemuseum \u00e0 Eindhoven, au Museum Ludwig de Cologne, au Gemeentemuseum de la Hague, \u00e0 l\u2019Irish Museum of Modern Art de Dublin, au Museo Rufino Tamayo de Mexico City, au Schirn Kunsthalle de Francfort, au Mus\u00e9e d&rsquo;Art Moderne de la Ville de Paris, \u00e0 la Fondation Maeght \u00e0 St. Paule en France ou \u00e0 la Fosun Foundation \u00e0 Shanghai, entre autre. Ses \u0153uvres sont inclues dans les collections permanentes d\u2019institutions internationales comme le Museum of Modern Art de New York, le Tate Gallery de Londres, le Museum of Contemporary Art de Chicago, la Neue Nationalgalerie SMPK \u00e0 Berlin et au Centre Pompidou, Paris.<\/p>\t\t\t\t\t\t\t\t<\/div>\n\t\t\t\t<\/div>\n\t\t\t\t\t<\/div>\n\t\t\t\t<\/div>\n\t\t<div class=\"elementor-element elementor-element-d92d831 e-flex e-con-boxed wpr-particle-no wpr-jarallax-no wpr-parallax-no wpr-sticky-section-no e-con e-parent\" data-id=\"d92d831\" data-element_type=\"container\" data-e-type=\"container\">\n\t\t\t\t\t<div class=\"e-con-inner\">\n\t\t\t\t<div class=\"elementor-element elementor-element-73591ce elementor-widget elementor-widget-html\" data-id=\"73591ce\" data-element_type=\"widget\" data-e-type=\"widget\" data-widget_type=\"html.default\">\n\t\t\t\t\t<style>\n\/* 1. R\u00c9F\u00c9RENCE DU BOUTON *\/\n.mon-bouton-clic, \n.mon-bouton-clic-mob {\n    position: relative !important;\n    display: inline-block !important;\n    height: auto !important;\n}\n\n\/* 2. LA LISTE (D\u00e9sormais coll\u00e9e) *\/\n.ma-liste-partage, \n.ma-liste-partage-mob {\n    display: none;\n    background: #ffffff;\n    border: 1px solid #d1d1d1;\n    padding: 0 !important;\n    \n    position: absolute !important;\n    top: 100% !important; \n    left: 0 !important;\n    \n    \/* MODIFICATION ICI : On passe \u00e0 0 pour coller au bouton *\/\n    margin-top: 0px !important; \n    \n    z-index: 999999 !important;\n    width: 140px;\n    box-shadow: 0px 8px 16px rgba(0,0,0,0.1);\n}\n\n.ma-liste-partage.visible, \n.ma-liste-partage-mob.visible {\n    display: block !important;\n}\n\n\/* 3. STYLE DES ITEMS *\/\n.ma-liste-partage .elementor-icon-list-item,\n.ma-liste-partage-mob .elementor-icon-list-item {\n    padding: 10px 12px !important;\n    transition: all 0.2s ease;\n    cursor: pointer;\n    margin: 0 !important;\n    display: flex;\n    align-items: center;\n}\n\n.ma-liste-partage .elementor-icon-list-text, \n.ma-liste-partage-mob .elementor-icon-list-text {\n    font-family: 'Montserrat', sans-serif !important;\n    font-size: 10px !important;\n    text-transform: uppercase !important;\n    color: #888888 !important;\n    letter-spacing: 1px;\n}\n\n.ma-liste-partage .elementor-icon-list-item:hover {\n    background-color: #000000 !important;\n}\n\n.ma-liste-partage .elementor-icon-list-item:hover .elementor-icon-list-text,\n.ma-liste-partage .elementor-icon-list-item:hover svg {\n    color: #ffffff !important;\n    fill: #ffffff !important;\n}\n\n.ma-liste-partage a { \n    text-decoration: none !important; \n    display: flex; \n    width: 100%; \n    align-items: center;\n}\n<\/style>\n\n<script>\ndocument.addEventListener('DOMContentLoaded', function() {\n    \n    \/\/ On d\u00e9place physiquement la liste dans le bouton pour l'ancrage\n    const btnPC = document.querySelector('.mon-bouton-clic');\n    const listPC = document.querySelector('.ma-liste-partage');\n    const btnMob = document.querySelector('.mon-bouton-clic-mob');\n    const listMob = document.querySelector('.ma-liste-partage-mob');\n\n    if(btnPC && listPC) btnPC.appendChild(listPC);\n    if(btnMob && listMob) btnMob.appendChild(listMob);\n\n    function setupShareToggle(btnClass, listClass) {\n        const btn = document.querySelector(btnClass);\n        const list = document.querySelector(listClass);\n        \n        if(btn && list) {\n            btn.addEventListener('click', function(e) {\n                if(e.target.tagName !== 'A' && e.target.parentElement.tagName !== 'A') {\n                   e.preventDefault();\n                }\n                e.stopPropagation();\n                list.classList.toggle('visible');\n            });\n        }\n    }\n\n    setupShareToggle('.mon-bouton-clic', '.ma-liste-partage');\n    setupShareToggle('.mon-bouton-clic-mob', '.ma-liste-partage-mob');\n\n    document.addEventListener('click', function() {\n        if(listPC) listPC.classList.remove('visible');\n        if(listMob) listMob.classList.remove('visible');\n    });\n\n    const urlPage = encodeURIComponent(window.location.href);\n    const config = {\n        '#share-fb': `https:\/\/www.facebook.com\/sharer\/sharer.php?u=${urlPage}`,\n        '#share-link': `https:\/\/www.linkedin.com\/sharing\/share-offsite\/?url=${urlPage}`,\n        '#share-mail': `mailto:?body=${urlPage}`,\n        '#share-insta': `https:\/\/www.instagram.com\/eric_brugier_galerie\/`\n    };\n\n    Object.keys(config).forEach(id => {\n        document.querySelectorAll(`a[href=\"${id}\"]`).forEach(el => {\n            el.href = config[id];\n            el.setAttribute('target', '_blank');\n        });\n    });\n});\n<\/script>\t\t\t\t<\/div>\n\t\t\t\t<div class=\"elementor-element elementor-element-7b81ef0 elementor-widget elementor-widget-html\" data-id=\"7b81ef0\" data-element_type=\"widget\" data-e-type=\"widget\" data-widget_type=\"html.default\">\n\t\t\t\t\t<script>\ndocument.addEventListener(\"DOMContentLoaded\", function() {\n    \/\/ On d\u00e9finit le seuil \u00e0 767px pour isoler uniquement les mobiles\n    var isSmallMobile = window.innerWidth <= 767;\n\n    if (isSmallMobile) {\n        \/\/ \u00c9cran <= 767px : On supprime physiquement la version PC\n        document.querySelectorAll('.clean-pc').forEach(function(el) {\n            el.remove();\n        });\n    } else {\n        \/\/ \u00c9cran > 767px (Tablettes et PC) : On supprime physiquement la version mobile\n        document.querySelectorAll('.clean-mobile').forEach(function(el) {\n            el.remove();\n        });\n    }\n});\n<\/script>\t\t\t\t<\/div>\n\t\t\t\t\t<\/div>\n\t\t\t\t<\/div>\n\t\t\t\t<\/div>\n\t\t","protected":false},"excerpt":{"rendered":"<p>A.R. PENCK OEUVRES BIOGRAPHIE &lt; \u00a0 ARTISTE SUIVANT\u00a0 \u00a0&gt; OEUVRES BIOGRAPHIE &lt;\u00a0 \u00a0ARTISTE SUIVANT\u00a0 \u00a0&gt; A.R. Penck : L\u2019Arch\u00e9ologue du Signe Moderne, Figure Majeure du N\u00e9o-Expressionnisme Allemand. Ralf Winkler est n\u00e9 en 1939 \u00e0 Dresden. C\u2019est en 1968 qu\u2019il adopte le pseudonyme A.R. Penck apr\u00e8s avoir lu le travail du g\u00e9ologue Albrecht Penck. Il est refus\u00e9 \u00e0 l\u2019une des \u00e9coles d\u2019art de l\u2019ex-R\u00e9publique D\u00e9mocratique allemande et se r\u00e9sout \u00e0 poursuivre l\u2019art en autodidacte dans les ann\u00e9es 1950. Jusqu\u2019en 1980, il vit en Allemagne de l\u2019Est o\u00f9 il ne peut exposer publiquement. Ainsi, ilexporte clandestinement ses travaux \u00e0 Berlin Ouest et en Suisse o\u00f9 il participe r\u00e9guli\u00e8rement \u00e0 desexpositions. Avant d\u2019\u00e9migrer \u00e0 l\u2019ouest, A.R Penck a habit\u00e9 \u00e0 Londres, \u00e0 Dublin et \u00e0 D\u00fcsseldorf. Il meurt \u00e0 Zurich, en Suisse, en 2017. Consid\u00e9r\u00e9 comme un neo-expressionist, A.R Penck est connu pour ses peintures et sculptures caract\u00e9ris\u00e9s par des formes et des figures simplifi\u00e9es ainsi que par des symboles et des motifs n\u00e9o- primitifs. Il souhaite d\u00e9velopper un langage pictural bas\u00e9 sur un syst\u00e8me de signes que tout le monde pourrait d\u00e9coder. Cela l\u2019a amen\u00e9 vers une r\u00e9duction radicale de la forme vers une s\u00e9rie de bonhommes b\u00e2tons aux lignes \u00e9paisses qu\u2019il appelle \u00ab Standart \u00bb en r\u00e9f\u00e9rences aux signaux associ\u00e9s au symboles standard connus. Il atteint une abstraction de situations socio-\u00e9conomiques complexes gr\u00e2ce \u00e0 une composition picturale plate, remplie de symbolisme. Son travail n\u2019est pas r\u00e9git par un syst\u00e8me ou un narratif rationnel mais par un chaos et une \u00e9motion apparente. Dans chaque dessin, chaque peinture, il cr\u00e9e un espace purement visuel o\u00f9 l\u2019imagination peut se d\u00e9velopper et dans lequel les spectateurs peuvent se perdre. En 1984, A.R. Penck participe \u00e0 la Biennale de Venise, ainsi qu\u2019aux Documenta 5, 6 ,7 et 9. Beaucoup d\u2019expositions personnelles sont organis\u00e9es dans le monde notamment \u00e0 la Kunsthalle de Berne, au Van Abbemuseum \u00e0 Eindhoven, au Museum Ludwig de Cologne, au Gemeentemuseum de la Hague, \u00e0 l\u2019Irish Museum of Modern Art de Dublin, au Museo Rufino Tamayo de Mexico City, au Schirn Kunsthalle de Francfort, au Mus\u00e9e d&rsquo;Art Moderne de la Ville de Paris, \u00e0 la Fondation Maeght \u00e0 St. Paule en France ou \u00e0 la Fosun Foundation \u00e0 Shanghai, entre autre. Ses \u0153uvres sont inclues dans les collections permanentes d\u2019institutions internationales comme le Museum of Modern Art de New York, le Tate Gallery de Londres, le Museum of Contemporary Art de Chicago, la Neue Nationalgalerie SMPK \u00e0 Berlin et au Centre Pompidou, Paris. + PARTAGER FACEBOOK LINKEDIN EMAIL + PARTAGER FACEBOOK LINKEDIN EMAIL A.R. Penck : L\u2019Arch\u00e9ologue du Signe Moderne, Figure Majeure du N\u00e9o-Expressionnisme Allemand. Ralf Winkler est n\u00e9 en 1939 \u00e0 Dresden. C\u2019est en 1968 qu\u2019il adopte le pseudonyme A.R. Penck apr\u00e8s avoir lu le travail du g\u00e9ologue Albrecht Penck. Il est refus\u00e9 \u00e0 l\u2019une des \u00e9coles d\u2019art de l\u2019ex-R\u00e9publique D\u00e9mocratique allemande et se r\u00e9sout \u00e0 poursuivre l\u2019art en autodidacte dans les ann\u00e9es 1950. Jusqu\u2019en 1980, il vit en Allemagne de l\u2019Est o\u00f9 il ne peut exposer publiquement. Ainsi, ilexporte clandestinement ses travaux \u00e0 Berlin Ouest et en Suisse o\u00f9 il participe r\u00e9guli\u00e8rement \u00e0 desexpositions. Avant d\u2019\u00e9migrer \u00e0 l\u2019ouest, A.R Penck a habit\u00e9 \u00e0 Londres, \u00e0 Dublin et \u00e0 D\u00fcsseldorf. Il meurt \u00e0 Zurich, en Suisse, en 2017. Consid\u00e9r\u00e9 comme un neo-expressionist, A.R Penck est connu pour ses peintures et sculptures caract\u00e9ris\u00e9s par des formes et des figures simplifi\u00e9es ainsi que par des symboles et des motifs n\u00e9o- primitifs. Il souhaite d\u00e9velopper un langage pictural bas\u00e9 sur un syst\u00e8me de signes que tout le monde pourrait d\u00e9coder. Cela l\u2019a amen\u00e9 vers une r\u00e9duction radicale de la forme vers une s\u00e9rie de bonhommes b\u00e2tons aux lignes \u00e9paisses qu\u2019il appelle \u00ab Standart \u00bb en r\u00e9f\u00e9rences aux signaux associ\u00e9s au symboles standard connus. Il atteint une abstraction de situations socio-\u00e9conomiques complexes gr\u00e2ce \u00e0 une composition picturale plate, remplie de symbolisme. Son travail n\u2019est pas r\u00e9git par un syst\u00e8me ou un narratif rationnel mais par un chaos et une \u00e9motion apparente. Dans chaque dessin, chaque peinture, il cr\u00e9e un espace purement visuel o\u00f9 l\u2019imagination peut se d\u00e9velopper et dans lequel les spectateurs peuvent se perdre. En 1984, A.R. Penck participe \u00e0 la Biennale de Venise, ainsi qu\u2019aux Documenta 5, 6 ,7 et 9. Beaucoup d\u2019expositions personnelles sont organis\u00e9es dans le monde notamment \u00e0 la Kunsthalle de Berne, au Van Abbemuseum \u00e0 Eindhoven, au Museum Ludwig de Cologne, au Gemeentemuseum de la Hague, \u00e0 l\u2019Irish Museum of Modern Art de Dublin, au Museo Rufino Tamayo de Mexico City, au Schirn Kunsthalle de Francfort, au Mus\u00e9e d&rsquo;Art Moderne de la Ville de Paris, \u00e0 la Fondation Maeght \u00e0 St. Paule en France ou \u00e0 la Fosun Foundation \u00e0 Shanghai, entre autre. Ses \u0153uvres sont inclues dans les collections permanentes d\u2019institutions internationales comme le Museum of Modern Art de New York, le Tate Gallery de Londres, le Museum of Contemporary Art de Chicago, la Neue Nationalgalerie SMPK \u00e0 Berlin et au Centre Pompidou, Paris.<\/p>","protected":false},"author":3,"featured_media":1586,"parent":1578,"menu_order":0,"comment_status":"closed","ping_status":"closed","template":"","meta":{"inline_featured_image":false,"footnotes":""},"wf_page_folders":[90],"class_list":["post-4890","page","type-page","status-publish","has-post-thumbnail","hentry"],"yoast_head":"<!-- This site is optimized with the Yoast SEO plugin v27.3 - https:\/\/yoast.com\/product\/yoast-seo-wordpress\/ -->\n<title>A.R. Penck : Biographie du ma\u00eetre des signes<\/title>\n<meta name=\"description\" content=\"Le langage symbolique de Penck, son histoire et sa vision : une biographie compl\u00e8te par \u00c9ric Brugier marchand d&#039;art.\" \/>\n<meta name=\"robots\" content=\"index, follow, max-snippet:-1, max-image-preview:large, max-video-preview:-1\" \/>\n<link rel=\"canonical\" href=\"https:\/\/ericbrugier.com\/en\/artists\/biography-a-r-penck\/\" \/>\n<meta property=\"og:locale\" content=\"en_GB\" \/>\n<meta property=\"og:type\" content=\"article\" \/>\n<meta property=\"og:title\" content=\"A.R. Penck : Biographie du ma\u00eetre des signes\" \/>\n<meta property=\"og:description\" content=\"Le langage symbolique de Penck, son histoire et sa vision : une biographie compl\u00e8te par \u00c9ric Brugier marchand d&#039;art.\" \/>\n<meta property=\"og:url\" content=\"https:\/\/ericbrugier.com\/en\/artists\/biography-a-r-penck\/\" \/>\n<meta property=\"og:site_name\" content=\"\u00c9ric Brugier - Marchand d&#039;art - Gestion de collection\" \/>\n<meta property=\"article:modified_time\" content=\"2026-02-26T16:44:30+00:00\" \/>\n<meta property=\"og:image\" content=\"https:\/\/ericbrugier.com\/wp-content\/uploads\/2025\/12\/A.R-Penck.png\" \/>\n\t<meta property=\"og:image:width\" content=\"800\" \/>\n\t<meta property=\"og:image:height\" content=\"800\" \/>\n\t<meta property=\"og:image:type\" content=\"image\/png\" \/>\n<meta name=\"twitter:card\" content=\"summary_large_image\" \/>\n<meta name=\"twitter:label1\" content=\"Estimated reading time\" \/>\n\t<meta name=\"twitter:data1\" content=\"6 minutes\" \/>\n<script type=\"application\/ld+json\" class=\"yoast-schema-graph\">{\"@context\":\"https:\\\/\\\/schema.org\",\"@graph\":[{\"@type\":\"WebPage\",\"@id\":\"https:\\\/\\\/ericbrugier.com\\\/fr\\\/artistes\\\/biographie-a-r-penck\\\/\",\"url\":\"https:\\\/\\\/ericbrugier.com\\\/fr\\\/artistes\\\/biographie-a-r-penck\\\/\",\"name\":\"A.R. Penck : Biographie du ma\u00eetre des signes\",\"isPartOf\":{\"@id\":\"https:\\\/\\\/ericbrugier.com\\\/#website\"},\"primaryImageOfPage\":{\"@id\":\"https:\\\/\\\/ericbrugier.com\\\/fr\\\/artistes\\\/biographie-a-r-penck\\\/#primaryimage\"},\"image\":{\"@id\":\"https:\\\/\\\/ericbrugier.com\\\/fr\\\/artistes\\\/biographie-a-r-penck\\\/#primaryimage\"},\"thumbnailUrl\":\"https:\\\/\\\/ericbrugier.com\\\/wp-content\\\/uploads\\\/2025\\\/12\\\/A.R-Penck.png\",\"datePublished\":\"2026-02-03T09:24:22+00:00\",\"dateModified\":\"2026-02-26T16:44:30+00:00\",\"description\":\"Le langage symbolique de Penck, son histoire et sa vision : une biographie compl\u00e8te par \u00c9ric Brugier marchand d'art.\",\"breadcrumb\":{\"@id\":\"https:\\\/\\\/ericbrugier.com\\\/fr\\\/artistes\\\/biographie-a-r-penck\\\/#breadcrumb\"},\"inLanguage\":\"en-GB\",\"potentialAction\":[{\"@type\":\"ReadAction\",\"target\":[\"https:\\\/\\\/ericbrugier.com\\\/fr\\\/artistes\\\/biographie-a-r-penck\\\/\"]}]},{\"@type\":\"ImageObject\",\"inLanguage\":\"en-GB\",\"@id\":\"https:\\\/\\\/ericbrugier.com\\\/fr\\\/artistes\\\/biographie-a-r-penck\\\/#primaryimage\",\"url\":\"https:\\\/\\\/ericbrugier.com\\\/wp-content\\\/uploads\\\/2025\\\/12\\\/A.R-Penck.png\",\"contentUrl\":\"https:\\\/\\\/ericbrugier.com\\\/wp-content\\\/uploads\\\/2025\\\/12\\\/A.R-Penck.png\",\"width\":800,\"height\":800,\"caption\":\"A.R Penck\"},{\"@type\":\"BreadcrumbList\",\"@id\":\"https:\\\/\\\/ericbrugier.com\\\/fr\\\/artistes\\\/biographie-a-r-penck\\\/#breadcrumb\",\"itemListElement\":[{\"@type\":\"ListItem\",\"position\":1,\"name\":\"Accueil\",\"item\":\"https:\\\/\\\/ericbrugier.com\\\/\"},{\"@type\":\"ListItem\",\"position\":2,\"name\":\"ARTISTES\",\"item\":\"https:\\\/\\\/ericbrugier.com\\\/fr\\\/artistes\\\/\"},{\"@type\":\"ListItem\",\"position\":3,\"name\":\"Biographie A.R. Penck\"}]},{\"@type\":\"WebSite\",\"@id\":\"https:\\\/\\\/ericbrugier.com\\\/#website\",\"url\":\"https:\\\/\\\/ericbrugier.com\\\/\",\"name\":\"Eric Brugier - Galerie d'art\",\"description\":\"Marchand d&#039;art et Gestion de collection\",\"publisher\":{\"@id\":\"https:\\\/\\\/ericbrugier.com\\\/#organization\"},\"potentialAction\":[{\"@type\":\"SearchAction\",\"target\":{\"@type\":\"EntryPoint\",\"urlTemplate\":\"https:\\\/\\\/ericbrugier.com\\\/?s={search_term_string}\"},\"query-input\":{\"@type\":\"PropertyValueSpecification\",\"valueRequired\":true,\"valueName\":\"search_term_string\"}}],\"inLanguage\":\"en-GB\"},{\"@type\":\"Organization\",\"@id\":\"https:\\\/\\\/ericbrugier.com\\\/#organization\",\"name\":\"Eric Brugier - Marchand d'art - Gestion de collection\",\"url\":\"https:\\\/\\\/ericbrugier.com\\\/\",\"logo\":{\"@type\":\"ImageObject\",\"inLanguage\":\"en-GB\",\"@id\":\"https:\\\/\\\/ericbrugier.com\\\/#\\\/schema\\\/logo\\\/image\\\/\",\"url\":\"https:\\\/\\\/ericbrugier.com\\\/wp-content\\\/uploads\\\/2025\\\/12\\\/Logo-eric-brugier-1.webp\",\"contentUrl\":\"https:\\\/\\\/ericbrugier.com\\\/wp-content\\\/uploads\\\/2025\\\/12\\\/Logo-eric-brugier-1.webp\",\"width\":1600,\"height\":500,\"caption\":\"Eric Brugier - Marchand d'art - Gestion de collection\"},\"image\":{\"@id\":\"https:\\\/\\\/ericbrugier.com\\\/#\\\/schema\\\/logo\\\/image\\\/\"}}]}<\/script>\n<!-- \/ Yoast SEO plugin. -->","yoast_head_json":{"title":"A.R. Penck: Biography of the master of signs","description":"Penck's symbolic language, history and vision: a complete biography by art dealer \u00c9ric Brugier.","robots":{"index":"index","follow":"follow","max-snippet":"max-snippet:-1","max-image-preview":"max-image-preview:large","max-video-preview":"max-video-preview:-1"},"canonical":"https:\/\/ericbrugier.com\/en\/artists\/biography-a-r-penck\/","og_locale":"en_GB","og_type":"article","og_title":"A.R. Penck : Biographie du ma\u00eetre des signes","og_description":"Le langage symbolique de Penck, son histoire et sa vision : une biographie compl\u00e8te par \u00c9ric Brugier marchand d'art.","og_url":"https:\/\/ericbrugier.com\/en\/artists\/biography-a-r-penck\/","og_site_name":"\u00c9ric Brugier - Marchand d&#039;art - Gestion de collection","article_modified_time":"2026-02-26T16:44:30+00:00","og_image":[{"width":800,"height":800,"url":"https:\/\/ericbrugier.com\/wp-content\/uploads\/2025\/12\/A.R-Penck.png","type":"image\/png"}],"twitter_card":"summary_large_image","twitter_misc":{"Estimated reading time":"6 minutes"},"schema":{"@context":"https:\/\/schema.org","@graph":[{"@type":"WebPage","@id":"https:\/\/ericbrugier.com\/fr\/artistes\/biographie-a-r-penck\/","url":"https:\/\/ericbrugier.com\/fr\/artistes\/biographie-a-r-penck\/","name":"A.R. Penck: Biography of the master of signs","isPartOf":{"@id":"https:\/\/ericbrugier.com\/#website"},"primaryImageOfPage":{"@id":"https:\/\/ericbrugier.com\/fr\/artistes\/biographie-a-r-penck\/#primaryimage"},"image":{"@id":"https:\/\/ericbrugier.com\/fr\/artistes\/biographie-a-r-penck\/#primaryimage"},"thumbnailUrl":"https:\/\/ericbrugier.com\/wp-content\/uploads\/2025\/12\/A.R-Penck.png","datePublished":"2026-02-03T09:24:22+00:00","dateModified":"2026-02-26T16:44:30+00:00","description":"Penck's symbolic language, history and vision: a complete biography by art dealer \u00c9ric Brugier.","breadcrumb":{"@id":"https:\/\/ericbrugier.com\/fr\/artistes\/biographie-a-r-penck\/#breadcrumb"},"inLanguage":"en-GB","potentialAction":[{"@type":"ReadAction","target":["https:\/\/ericbrugier.com\/fr\/artistes\/biographie-a-r-penck\/"]}]},{"@type":"ImageObject","inLanguage":"en-GB","@id":"https:\/\/ericbrugier.com\/fr\/artistes\/biographie-a-r-penck\/#primaryimage","url":"https:\/\/ericbrugier.com\/wp-content\/uploads\/2025\/12\/A.R-Penck.png","contentUrl":"https:\/\/ericbrugier.com\/wp-content\/uploads\/2025\/12\/A.R-Penck.png","width":800,"height":800,"caption":"A.R Penck"},{"@type":"BreadcrumbList","@id":"https:\/\/ericbrugier.com\/fr\/artistes\/biographie-a-r-penck\/#breadcrumb","itemListElement":[{"@type":"ListItem","position":1,"name":"Accueil","item":"https:\/\/ericbrugier.com\/"},{"@type":"ListItem","position":2,"name":"ARTISTES","item":"https:\/\/ericbrugier.com\/fr\/artistes\/"},{"@type":"ListItem","position":3,"name":"Biographie A.R. Penck"}]},{"@type":"WebSite","@id":"https:\/\/ericbrugier.com\/#website","url":"https:\/\/ericbrugier.com\/","name":"Eric Brugier - Art gallery","description":"Art dealer and collection management","publisher":{"@id":"https:\/\/ericbrugier.com\/#organization"},"potentialAction":[{"@type":"SearchAction","target":{"@type":"EntryPoint","urlTemplate":"https:\/\/ericbrugier.com\/?s={search_term_string}"},"query-input":{"@type":"PropertyValueSpecification","valueRequired":true,"valueName":"search_term_string"}}],"inLanguage":"en-GB"},{"@type":"Organization","@id":"https:\/\/ericbrugier.com\/#organization","name":"Eric Brugier - Art dealer - Collection management","url":"https:\/\/ericbrugier.com\/","logo":{"@type":"ImageObject","inLanguage":"en-GB","@id":"https:\/\/ericbrugier.com\/#\/schema\/logo\/image\/","url":"https:\/\/ericbrugier.com\/wp-content\/uploads\/2025\/12\/Logo-eric-brugier-1.webp","contentUrl":"https:\/\/ericbrugier.com\/wp-content\/uploads\/2025\/12\/Logo-eric-brugier-1.webp","width":1600,"height":500,"caption":"Eric Brugier - Marchand d'art - Gestion de collection"},"image":{"@id":"https:\/\/ericbrugier.com\/#\/schema\/logo\/image\/"}}]}},"_links":{"self":[{"href":"https:\/\/ericbrugier.com\/en\/wp-json\/wp\/v2\/pages\/4890","targetHints":{"allow":["GET"]}}],"collection":[{"href":"https:\/\/ericbrugier.com\/en\/wp-json\/wp\/v2\/pages"}],"about":[{"href":"https:\/\/ericbrugier.com\/en\/wp-json\/wp\/v2\/types\/page"}],"author":[{"embeddable":true,"href":"https:\/\/ericbrugier.com\/en\/wp-json\/wp\/v2\/users\/3"}],"replies":[{"embeddable":true,"href":"https:\/\/ericbrugier.com\/en\/wp-json\/wp\/v2\/comments?post=4890"}],"version-history":[{"count":43,"href":"https:\/\/ericbrugier.com\/en\/wp-json\/wp\/v2\/pages\/4890\/revisions"}],"predecessor-version":[{"id":8721,"href":"https:\/\/ericbrugier.com\/en\/wp-json\/wp\/v2\/pages\/4890\/revisions\/8721"}],"up":[{"embeddable":true,"href":"https:\/\/ericbrugier.com\/en\/wp-json\/wp\/v2\/pages\/1578"}],"wp:featuredmedia":[{"embeddable":true,"href":"https:\/\/ericbrugier.com\/en\/wp-json\/wp\/v2\/media\/1586"}],"wp:attachment":[{"href":"https:\/\/ericbrugier.com\/en\/wp-json\/wp\/v2\/media?parent=4890"}],"wp:term":[{"taxonomy":"wf_page_folders","embeddable":true,"href":"https:\/\/ericbrugier.com\/en\/wp-json\/wp\/v2\/wf_page_folders?post=4890"}],"curies":[{"name":"wp","href":"https:\/\/api.w.org\/{rel}","templated":true}]}}