{"id":4302,"date":"2026-01-30T16:42:32","date_gmt":"2026-01-30T15:42:32","guid":{"rendered":"https:\/\/ericbrugier.com\/?page_id=4302"},"modified":"2026-02-24T12:34:23","modified_gmt":"2026-02-24T11:34:23","slug":"biography-erro-gudmundur-gudmundsson","status":"publish","type":"page","link":"https:\/\/ericbrugier.com\/en\/artistes\/biographie-erro-gudmundur-gudmundsson\/","title":{"rendered":"Biography Err\u00f3 - Gu\u00f0mundur Gu\u00f0mundsson"},"content":{"rendered":"\t\t<div data-elementor-type=\"wp-page\" data-elementor-id=\"4302\" class=\"elementor elementor-4302\">\n\t\t\t\t<div class=\"elementor-element elementor-element-f86124a e-flex e-con-boxed wpr-particle-no wpr-jarallax-no wpr-parallax-no wpr-sticky-section-no e-con e-parent\" data-id=\"f86124a\" data-element_type=\"container\" data-e-type=\"container\">\n\t\t\t\t\t<div class=\"e-con-inner\">\n\t\t<div class=\"elementor-element elementor-element-f6b4058 e-con-full e-flex wpr-particle-no wpr-jarallax-no wpr-parallax-no wpr-sticky-section-no e-con e-child\" data-id=\"f6b4058\" data-element_type=\"container\" data-e-type=\"container\">\n\t\t<div class=\"elementor-element elementor-element-619ec0b e-con-full e-flex wpr-particle-no wpr-jarallax-no wpr-parallax-no wpr-sticky-section-no e-con e-child\" data-id=\"619ec0b\" data-element_type=\"container\" data-e-type=\"container\">\n\t\t\t\t<div class=\"elementor-element elementor-element-8a0cd04 elementor-widget elementor-widget-heading\" data-id=\"8a0cd04\" data-element_type=\"widget\" data-e-type=\"widget\" data-widget_type=\"heading.default\">\n\t\t\t\t\t<h1 class=\"elementor-heading-title elementor-size-default\">Err\u00f3 - Gu\u00f0mundur Gu\u00f0mundsson<\/h1>\t\t\t\t<\/div>\n\t\t\t\t<\/div>\n\t\t<div class=\"elementor-element elementor-element-a8f9e50 e-con-full elementor-hidden-mobile e-flex wpr-particle-no wpr-jarallax-no wpr-parallax-no wpr-sticky-section-no e-con e-child\" data-id=\"a8f9e50\" data-element_type=\"container\" data-e-type=\"container\">\n\t\t\t\t<div class=\"elementor-element elementor-element-7272803 clean-pc elementor-widget__width-initial elementor-widget elementor-widget-heading\" data-id=\"7272803\" data-element_type=\"widget\" data-e-type=\"widget\" data-widget_type=\"heading.default\">\n\t\t\t\t\t<p class=\"elementor-heading-title elementor-size-default\"><a href=\"https:\/\/ericbrugier.com\/fr\/artistes\/oeuvres-erro-gudmundur-gudmundsson\/\">OEUVRES<\/a><\/p>\t\t\t\t<\/div>\n\t\t\t\t<\/div>\n\t\t<div class=\"elementor-element elementor-element-15ae5f5 e-con-full elementor-hidden-mobile e-flex wpr-particle-no wpr-jarallax-no wpr-parallax-no wpr-sticky-section-no e-con e-child\" data-id=\"15ae5f5\" data-element_type=\"container\" data-e-type=\"container\">\n\t\t\t\t<div class=\"elementor-element elementor-element-eb1b0ed elementor-widget__width-initial clean-pc elementor-widget elementor-widget-heading\" data-id=\"eb1b0ed\" data-element_type=\"widget\" data-e-type=\"widget\" data-widget_type=\"heading.default\">\n\t\t\t\t\t<p class=\"elementor-heading-title elementor-size-default\">BIOGRAPHIE<\/p>\t\t\t\t<\/div>\n\t\t\t\t<\/div>\n\t\t<div class=\"elementor-element elementor-element-1906318 e-con-full elementor-hidden-mobile e-flex wpr-particle-no wpr-jarallax-no wpr-parallax-no wpr-sticky-section-no e-con e-child\" data-id=\"1906318\" data-element_type=\"container\" data-e-type=\"container\">\n\t\t\t\t<div class=\"elementor-element elementor-element-ca721f2 clean-pc elementor-widget__width-initial elementor-widget elementor-widget-text-editor\" data-id=\"ca721f2\" data-element_type=\"widget\" data-e-type=\"widget\" data-widget_type=\"text-editor.default\">\n\t\t\t\t\t\t\t\t\t<p><a href=\"https:\/\/ericbrugier.com\/fr\/artistes\/biographie-jean-fautrier\/\">&lt;\u00a0<\/a>\u00a0 ARTISTE SUIVANT\u00a0 \u00a0<a href=\"https:\/\/ericbrugier.com\/fr\/artistes\/biographie-hans-hartung\/\">&gt;<\/a><\/p>\t\t\t\t\t\t\t\t<\/div>\n\t\t\t\t<\/div>\n\t\t\t\t<\/div>\n\t\t\t\t\t<\/div>\n\t\t\t\t<\/div>\n\t\t<div class=\"elementor-element elementor-element-e38c4b4 elementor-hidden-desktop elementor-hidden-tablet clean-mobile e-flex e-con-boxed wpr-particle-no wpr-jarallax-no wpr-parallax-no wpr-sticky-section-no e-con e-parent\" data-id=\"e38c4b4\" data-element_type=\"container\" data-e-type=\"container\">\n\t\t\t\t\t<div class=\"e-con-inner\">\n\t\t<div class=\"elementor-element elementor-element-9985a57 e-con-full e-flex wpr-particle-no wpr-jarallax-no wpr-parallax-no wpr-sticky-section-no e-con e-child\" data-id=\"9985a57\" data-element_type=\"container\" data-e-type=\"container\">\n\t\t\t\t<div class=\"elementor-element elementor-element-0a0043e elementor-widget elementor-widget-heading\" data-id=\"0a0043e\" data-element_type=\"widget\" data-e-type=\"widget\" data-widget_type=\"heading.default\">\n\t\t\t\t\t<p class=\"elementor-heading-title elementor-size-default\"><a href=\"https:\/\/ericbrugier.com\/fr\/artistes\/oeuvres-erro-gudmundur-gudmundsson\/\">OEUVRES<\/a><\/p>\t\t\t\t<\/div>\n\t\t\t\t<\/div>\n\t\t<div class=\"elementor-element elementor-element-b8468b9 e-con-full e-flex wpr-particle-no wpr-jarallax-no wpr-parallax-no wpr-sticky-section-no e-con e-child\" data-id=\"b8468b9\" data-element_type=\"container\" data-e-type=\"container\">\n\t\t\t\t<div class=\"elementor-element elementor-element-ce9e93c elementor-widget__width-inherit elementor-widget elementor-widget-heading\" data-id=\"ce9e93c\" data-element_type=\"widget\" data-e-type=\"widget\" data-widget_type=\"heading.default\">\n\t\t\t\t\t<p class=\"elementor-heading-title elementor-size-default\">BIOGRAPHIE<\/p>\t\t\t\t<\/div>\n\t\t\t\t<\/div>\n\t\t<div class=\"elementor-element elementor-element-9a1ee50 e-con-full e-flex wpr-particle-no wpr-jarallax-no wpr-parallax-no wpr-sticky-section-no e-con e-child\" data-id=\"9a1ee50\" data-element_type=\"container\" data-e-type=\"container\">\n\t\t\t\t<div class=\"elementor-element elementor-element-2193973 elementor-widget elementor-widget-text-editor\" data-id=\"2193973\" data-element_type=\"widget\" data-e-type=\"widget\" data-widget_type=\"text-editor.default\">\n\t\t\t\t\t\t\t\t\t<p><a href=\"https:\/\/ericbrugier.com\/fr\/artistes\/biographie-jean-fautrier\/\">&lt;\u00a0<\/a>\u00a0 ARTISTE SUIVANT\u00a0 \u00a0<a href=\"https:\/\/ericbrugier.com\/fr\/artistes\/biographie-hans-hartung\/\">&gt;<\/a><\/p>\t\t\t\t\t\t\t\t<\/div>\n\t\t\t\t<\/div>\n\t\t\t\t\t<\/div>\n\t\t\t\t<\/div>\n\t\t<div class=\"elementor-element elementor-element-38ae48b4 elementor-hidden-mobile clean-pc e-flex e-con-boxed wpr-particle-no wpr-jarallax-no wpr-parallax-no wpr-sticky-section-no e-con e-parent\" data-id=\"38ae48b4\" data-element_type=\"container\" data-e-type=\"container\">\n\t\t\t\t\t<div class=\"e-con-inner\">\n\t\t<div class=\"elementor-element elementor-element-2a116b82 e-con-full col-texte-brugier e-flex wpr-particle-no wpr-jarallax-no wpr-parallax-no wpr-sticky-section-no e-con e-child\" data-id=\"2a116b82\" data-element_type=\"container\" data-e-type=\"container\">\n\t\t\t\t<div class=\"elementor-element elementor-element-8086d79 elementor-widget elementor-widget-heading\" data-id=\"8086d79\" data-element_type=\"widget\" data-e-type=\"widget\" data-widget_type=\"heading.default\">\n\t\t\t\t\t<h2 class=\"elementor-heading-title elementor-size-default\">Err\u00f3 (n\u00e9 Gu\u00f0mundur Gu\u00f0mundsson en 1932) : Le Maestro du Collage Mondial et de la  Peinture Narrative \n<\/h2>\t\t\t\t<\/div>\n\t\t\t\t<div class=\"elementor-element elementor-element-8c03f90 elementor-widget elementor-widget-text-editor\" data-id=\"8c03f90\" data-element_type=\"widget\" data-e-type=\"widget\" data-widget_type=\"text-editor.default\">\n\t\t\t\t\t\t\t\t\t<p><span style=\"font-weight: 400;\">Err\u00f3 est un artiste islandais de renomm\u00e9e internationale, figure majeure du Pop Art et de la\u00a0 Figuration Narrative. Son \u0153uvre foisonnante est un kal\u00e9idoscope visuel o\u00f9 se m\u00ealent images de\u00a0 bandes dessin\u00e9es, photographies d&rsquo;actualit\u00e9, publicit\u00e9s, ic\u00f4nes de la culture populaire et r\u00e9f\u00e9rences\u00a0 historiques, le tout agenc\u00e9 dans des compositions complexes et souvent surr\u00e9alistes. Il est un\u00a0 v\u00e9ritable \u00ab\u00a0pilleur d&rsquo;images\u00a0\u00bb qui a su cr\u00e9er un langage pictural unique et reconnaissable.\u00a0<\/span><\/p>\t\t\t\t\t\t\t\t<\/div>\n\t\t\t\t<div class=\"elementor-element elementor-element-45ff13a elementor-widget elementor-widget-heading\" data-id=\"45ff13a\" data-element_type=\"widget\" data-e-type=\"widget\" data-widget_type=\"heading.default\">\n\t\t\t\t\t<h3 class=\"elementor-heading-title elementor-size-default\">Une Formation Internationale et les Premiers Pas dans l'Art \n<\/h3>\t\t\t\t<\/div>\n\t\t\t\t<div class=\"elementor-element elementor-element-827a605 elementor-widget elementor-widget-text-editor\" data-id=\"827a605\" data-element_type=\"widget\" data-e-type=\"widget\" data-widget_type=\"text-editor.default\">\n\t\t\t\t\t\t\t\t\t<p><span style=\"font-weight: 400;\">N\u00e9 en 1932 \u00e0 \u00d3lafsv\u00edk, en Islande, Gu\u00f0mundur Gu\u00f0mundsson se montre tr\u00e8s t\u00f4t attir\u00e9 par l&rsquo;art. Il\u00a0 \u00e9tudie \u00e0 l&rsquo;Acad\u00e9mie des Beaux-Arts de Reykjavik, puis poursuit sa formation en Norv\u00e8ge et en\u00a0 Italie, notamment \u00e0 l&rsquo;Acad\u00e9mie des Beaux-Arts de Florence. Ces ann\u00e9es de voyage et d&rsquo;\u00e9tudes\u00a0 diverses (il s&rsquo;int\u00e9resse aussi \u00e0 la mosa\u00efque, \u00e0 la c\u00e9ramique et \u00e0 l&rsquo;architecture) \u00e9largissent\u00a0 consid\u00e9rablement son horizon artistique et nourrissent sa curiosit\u00e9 insatiable pour les images.\u00a0<\/span><\/p><p><span style=\"font-weight: 400;\">Dans les ann\u00e9es 1950, il s&rsquo;installe \u00e0 Paris, qui devient son principal lieu de r\u00e9sidence et de travail.\u00a0 C&rsquo;est l\u00e0 qu&rsquo;il adopte le pseudonyme d&rsquo;Err\u00f3, qui signifie \u00ab\u00a0erreur\u00a0\u00bb ou \u00ab\u00a0errant\u00a0\u00bb en latin, un nom qui\u00a0 refl\u00e8te son esprit libre et sa d\u00e9marche iconoclaste. <\/span><\/p>\t\t\t\t\t\t\t\t<\/div>\n\t\t\t\t<div class=\"elementor-element elementor-element-b0ba271 elementor-widget elementor-widget-heading\" data-id=\"b0ba271\" data-element_type=\"widget\" data-e-type=\"widget\" data-widget_type=\"heading.default\">\n\t\t\t\t\t<h3 class=\"elementor-heading-title elementor-size-default\">Le D\u00e9clic du Collage et la Naissance de son Style \n<\/h3>\t\t\t\t<\/div>\n\t\t\t\t<div class=\"elementor-element elementor-element-ae12693 elementor-widget elementor-widget-text-editor\" data-id=\"ae12693\" data-element_type=\"widget\" data-e-type=\"widget\" data-widget_type=\"text-editor.default\">\n\t\t\t\t\t\t\t\t\t<p><span style=\"font-weight: 400;\">D\u00e8s la fin des ann\u00e9es 1950 et le d\u00e9but des ann\u00e9es 1960, Err\u00f3 d\u00e9veloppe une m\u00e9thode de travail\u00a0 singuli\u00e8re, inspir\u00e9e par le Dada\u00efsme et le Surr\u00e9alisme, mais renouvel\u00e9e par l&rsquo;av\u00e8nement des m\u00e9dias\u00a0 de masse. Il constitue un immense \u00ab\u00a0r\u00e9servoir\u00a0\u00bb d&rsquo;images glan\u00e9es dans les journaux, les magazines,\u00a0 les bandes dessin\u00e9es, les catalogues, les affiches publicitaires. Il d\u00e9coupe, collectionne et classe ces\u00a0 images qu&rsquo;il utilise ensuite pour cr\u00e9er des collages pr\u00e9paratoires \u00e0 ses peintures.\u00a0<\/span><\/p><p><span style=\"font-weight: 400;\">Sa peinture n&rsquo;est donc pas une cr\u00e9ation spontan\u00e9e, mais une reproduction m\u00e9ticuleuse et agrandie de ces collages. Cette technique lui permet de juxtaposer des \u00e9l\u00e9ments disparates, de cr\u00e9er des chocs\u00a0 visuels et narratifs, et de commenter, souvent avec humour et ironie, le monde contemporain.\u00a0<\/span><\/p>\t\t\t\t\t\t\t\t<\/div>\n\t\t\t\t<div class=\"elementor-element elementor-element-17e6b98 elementor-widget elementor-widget-heading\" data-id=\"17e6b98\" data-element_type=\"widget\" data-e-type=\"widget\" data-widget_type=\"heading.default\">\n\t\t\t\t\t<h3 class=\"elementor-heading-title elementor-size-default\">Th\u00e8mes Majeurs et S\u00e9ries Emblematiques \n<\/h3>\t\t\t\t<\/div>\n\t\t\t\t<div class=\"elementor-element elementor-element-856f35c elementor-widget elementor-widget-text-editor\" data-id=\"856f35c\" data-element_type=\"widget\" data-e-type=\"widget\" data-widget_type=\"text-editor.default\">\n\t\t\t\t\t\t\t\t\t<p><span style=\"font-weight: 400;\">L&rsquo;\u0153uvre d&rsquo;Err\u00f3 est organis\u00e9e en grandes s\u00e9ries th\u00e9matiques, qui lui permettent d&rsquo;explorer diff\u00e9rentes facettes de la soci\u00e9t\u00e9 et de l&rsquo;histoire :\u00a0<\/span><\/p><ul><li><b>S\u00e9ries \u00ab\u00a0Mecanismo\u00a0\u00bb ou \u00ab\u00a0Sc\u00e8nes Chinoises\u00a0\u00bb <\/b><span style=\"font-weight: 400;\">(ann\u00e9es 1960) : Err\u00f3 int\u00e8gre des personnages\u00a0 de bandes dessin\u00e9es am\u00e9ricaines dans des paysages chinois ou des sc\u00e8nes de propagande\u00a0 mao\u00efste, cr\u00e9ant un dialogue absurde et percutant entre l&rsquo;Est et l&rsquo;Ouest.\u00a0\u00a0<\/span><\/li><li><b>S\u00e9ries \u00ab\u00a0Foodscapes\u00a0\u00bb (Paysages de Nourriture) <\/b><span style=\"font-weight: 400;\">: Des personnages c\u00e9l\u00e8bres (souvent des\u00a0 figures de l&rsquo;histoire de l&rsquo;art) sont engloutis ou transform\u00e9s par des montagnes de nourriture,\u00a0 une critique color\u00e9e de la soci\u00e9t\u00e9 de consommation.\u00a0\u00a0<\/span><\/li><li><b>S\u00e9ries \u00ab\u00a0Cosmos\u00a0\u00bb et \u00ab\u00a0Space\u00a0\u00bb <\/b><span style=\"font-weight: 400;\">: Il explore les th\u00e8mes de la science-fiction et de la conqu\u00eate\u00a0 spatiale, souvent avec une touche d&rsquo;humour noir.\u00a0\u00a0<\/span><\/li><li><b>S\u00e9ries \u00ab\u00a0Tableaux Textes\u00a0\u00bb <\/b><span style=\"font-weight: 400;\">: Des toiles o\u00f9 le texte et l&rsquo;image se r\u00e9pondent, brouillant les\u00a0 pistes entre lecture et vision.\u00a0\u00a0<\/span><\/li><li><b>S\u00e9ries \u00ab\u00a0Paysages\u00a0\u00bb <\/b><span style=\"font-weight: 400;\">: Toujours des collages d&rsquo;images de la nature ou de l&rsquo;architecture pour\u00a0 cr\u00e9er des panoramas fantastiques.\u00a0<\/span><\/li><\/ul><p><span style=\"font-weight: 400;\">\u2022 <\/span><b>S\u00e9ries \u00ab\u00a0Autoportraits\u00a0\u00bb <\/b><span style=\"font-weight: 400;\">: Err\u00f3 se met en sc\u00e8ne, parfois transform\u00e9 ou entour\u00e9 de ses propres images. <\/span><\/p>\t\t\t\t\t\t\t\t<\/div>\n\t\t\t\t<div class=\"elementor-element elementor-element-df4572a elementor-widget elementor-widget-heading\" data-id=\"df4572a\" data-element_type=\"widget\" data-e-type=\"widget\" data-widget_type=\"heading.default\">\n\t\t\t\t\t<h3 class=\"elementor-heading-title elementor-size-default\">Un Style Caract\u00e9ristique \n<\/h3>\t\t\t\t<\/div>\n\t\t\t\t<div class=\"elementor-element elementor-element-f0b7c25 elementor-widget elementor-widget-text-editor\" data-id=\"f0b7c25\" data-element_type=\"widget\" data-e-type=\"widget\" data-widget_type=\"text-editor.default\">\n\t\t\t\t\t\t\t\t\t<p><span style=\"font-weight: 400;\">Le style d&rsquo;Err\u00f3 est imm\u00e9diatement reconnaissable par :\u00a0<\/span><\/p><ul><li><b>Sa palette de couleurs vives et \u00e9clatantes<\/b><span style=\"font-weight: 400;\">, typiques du Pop Art.\u00a0\u00a0<\/span><\/li><li><b>La pr\u00e9cision de son trait<\/b><span style=\"font-weight: 400;\">, malgr\u00e9 la complexit\u00e9 des compositions, chaque d\u00e9tail \u00e9tant\u00a0 reproduit avec une nettet\u00e9 quasi photographique.\u00a0\u00a0<\/span><\/li><li><b>La densit\u00e9 de ses tableaux<\/b><span style=\"font-weight: 400;\">, o\u00f9 chaque centim\u00e8tre carr\u00e9 est satur\u00e9 d&rsquo;images, cr\u00e9ant un\u00a0 foisonnement visuel.\u00a0\u00a0<\/span><\/li><li><b>Son sens de l&rsquo;humour et de la d\u00e9rision<\/b><span style=\"font-weight: 400;\">, qui transpara\u00eet souvent dans les juxtapositions\u00a0 inattendues et les d\u00e9tournements.\u00a0\u00a0<\/span><\/li><\/ul>\t\t\t\t\t\t\t\t<\/div>\n\t\t\t\t<div class=\"elementor-element elementor-element-b87cc07 elementor-widget elementor-widget-heading\" data-id=\"b87cc07\" data-element_type=\"widget\" data-e-type=\"widget\" data-widget_type=\"heading.default\">\n\t\t\t\t\t<h3 class=\"elementor-heading-title elementor-size-default\">Reconnaissance et H\u00e9ritage \n<\/h3>\t\t\t\t<\/div>\n\t\t\t\t<div class=\"elementor-element elementor-element-7f901d9 elementor-widget elementor-widget-text-editor\" data-id=\"7f901d9\" data-element_type=\"widget\" data-e-type=\"widget\" data-widget_type=\"text-editor.default\">\n\t\t\t\t\t\t\t\t\t<p><span style=\"font-weight: 400;\">Err\u00f3 a expos\u00e9 dans le monde entier et son \u0153uvre est pr\u00e9sente dans les collections des plus grands\u00a0 mus\u00e9es internationaux. Il est un infatigable voyageur et un collectionneur compulsif d&rsquo;images, ce\u00a0 qui nourrit sans cesse sa cr\u00e9ativit\u00e9. Son travail est une r\u00e9flexion sur la prolif\u00e9ration des images dans\u00a0 nos soci\u00e9t\u00e9s, leur pouvoir de manipulation, mais aussi leur capacit\u00e9 \u00e0 construire de nouvelles\u00a0 r\u00e9alit\u00e9s.\u00a0<\/span><\/p><p><span style=\"font-weight: 400;\">\u00c0 travers son art, Err\u00f3 nous invite \u00e0 d\u00e9coder le flot incessant d&rsquo;informations visuelles qui nous\u00a0 entoure, \u00e0 interroger les mythes de notre temps et \u00e0 savourer l&rsquo;absurdit\u00e9 parfois po\u00e9tique du monde.\u00a0 Il reste une figure majeure de l&rsquo;art contemporain, dont la pertinence ne cesse de se confirmer.<\/span><\/p>\t\t\t\t\t\t\t\t<\/div>\n\t\t\t\t<\/div>\n\t\t<div class=\"elementor-element elementor-element-e06ca7f e-con-full col-image-brugier e-flex wpr-particle-no wpr-jarallax-no wpr-parallax-no wpr-sticky-section-no e-con e-child\" data-id=\"e06ca7f\" data-element_type=\"container\" data-e-type=\"container\">\n\t\t\t\t<div class=\"elementor-element elementor-element-7001d2ea animated-slow elementor-invisible elementor-widget elementor-widget-image\" data-id=\"7001d2ea\" data-element_type=\"widget\" data-e-type=\"widget\" data-settings=\"{&quot;_animation&quot;:&quot;fadeIn&quot;}\" data-widget_type=\"image.default\">\n\t\t\t\t\t\t\t\t\t\t\t\t\t\t\t<img fetchpriority=\"high\" decoding=\"async\" width=\"800\" height=\"800\" src=\"https:\/\/ericbrugier.com\/wp-content\/uploads\/2025\/12\/Erro-Gudmundur-Gudmundsson-.png\" class=\"attachment-large size-large wp-image-1587\" alt=\"Err\u00f3 - Gu\u00f0mundur Gu\u00f0mundsson \u00c9ric Brugier marchant d&#039;art et Gestion de collection\" srcset=\"https:\/\/ericbrugier.com\/wp-content\/uploads\/2025\/12\/Erro-Gudmundur-Gudmundsson-.png 800w, https:\/\/ericbrugier.com\/wp-content\/uploads\/2025\/12\/Erro-Gudmundur-Gudmundsson--300x300.png 300w, https:\/\/ericbrugier.com\/wp-content\/uploads\/2025\/12\/Erro-Gudmundur-Gudmundsson--150x150.png 150w, https:\/\/ericbrugier.com\/wp-content\/uploads\/2025\/12\/Erro-Gudmundur-Gudmundsson--768x768.png 768w, https:\/\/ericbrugier.com\/wp-content\/uploads\/2025\/12\/Erro-Gudmundur-Gudmundsson--12x12.png 12w, https:\/\/ericbrugier.com\/wp-content\/uploads\/2025\/12\/Erro-Gudmundur-Gudmundsson--600x600.png 600w\" sizes=\"(max-width: 800px) 100vw, 800px\" \/>\t\t\t\t\t\t\t\t\t\t\t\t\t\t\t<\/div>\n\t\t\t\t<div class=\"elementor-element elementor-element-71af39c mon-bouton-clic elementor-invisible elementor-widget elementor-widget-button\" data-id=\"71af39c\" data-element_type=\"widget\" data-e-type=\"widget\" data-settings=\"{&quot;_animation&quot;:&quot;fadeInUp&quot;}\" data-widget_type=\"button.default\">\n\t\t\t\t\t\t\t\t\t\t<a class=\"elementor-button elementor-button-link elementor-size-sm\" href=\"#\">\n\t\t\t\t\t\t<span class=\"elementor-button-content-wrapper\">\n\t\t\t\t\t\t\t\t\t<span class=\"elementor-button-text\">+ PARTAGER<\/span>\n\t\t\t\t\t<\/span>\n\t\t\t\t\t<\/a>\n\t\t\t\t\t\t\t\t<\/div>\n\t\t\t\t<div class=\"elementor-element elementor-element-d9260e9 ma-liste-partage elementor-icon-list--layout-traditional elementor-list-item-link-full_width elementor-widget elementor-widget-icon-list\" data-id=\"d9260e9\" data-element_type=\"widget\" data-e-type=\"widget\" data-widget_type=\"icon-list.default\">\n\t\t\t\t\t\t\t<ul class=\"elementor-icon-list-items\">\n\t\t\t\t\t\t\t<li class=\"elementor-icon-list-item\">\n\t\t\t\t\t\t\t\t\t\t\t<a href=\"#share-fb\">\n\n\t\t\t\t\t\t\t\t\t\t\t\t<span class=\"elementor-icon-list-icon\">\n\t\t\t\t\t\t\t<svg aria-hidden=\"true\" class=\"e-font-icon-svg e-fab-facebook-f\" viewBox=\"0 0 320 512\" xmlns=\"http:\/\/www.w3.org\/2000\/svg\"><path d=\"M279.14 288l14.22-92.66h-88.91v-60.13c0-25.35 12.42-50.06 52.24-50.06h40.42V6.26S260.43 0 225.36 0c-73.22 0-121.08 44.38-121.08 124.72v70.62H22.89V288h81.39v224h100.17V288z\"><\/path><\/svg>\t\t\t\t\t\t<\/span>\n\t\t\t\t\t\t\t\t\t\t<span class=\"elementor-icon-list-text\">FACEBOOK<\/span>\n\t\t\t\t\t\t\t\t\t\t\t<\/a>\n\t\t\t\t\t\t\t\t\t<\/li>\n\t\t\t\t\t\t\t\t<li class=\"elementor-icon-list-item\">\n\t\t\t\t\t\t\t\t\t\t\t<a href=\"#share-link\">\n\n\t\t\t\t\t\t\t\t\t\t\t\t<span class=\"elementor-icon-list-icon\">\n\t\t\t\t\t\t\t<svg aria-hidden=\"true\" class=\"e-font-icon-svg e-fab-linkedin-in\" viewBox=\"0 0 448 512\" xmlns=\"http:\/\/www.w3.org\/2000\/svg\"><path d=\"M100.28 448H7.4V148.9h92.88zM53.79 108.1C24.09 108.1 0 83.5 0 53.8a53.79 53.79 0 0 1 107.58 0c0 29.7-24.1 54.3-53.79 54.3zM447.9 448h-92.68V302.4c0-34.7-.7-79.2-48.29-79.2-48.29 0-55.69 37.7-55.69 76.7V448h-92.78V148.9h89.08v40.8h1.3c12.4-23.5 42.69-48.3 87.88-48.3 94 0 111.28 61.9 111.28 142.3V448z\"><\/path><\/svg>\t\t\t\t\t\t<\/span>\n\t\t\t\t\t\t\t\t\t\t<span class=\"elementor-icon-list-text\">LINKEDIN<\/span>\n\t\t\t\t\t\t\t\t\t\t\t<\/a>\n\t\t\t\t\t\t\t\t\t<\/li>\n\t\t\t\t\t\t\t\t<li class=\"elementor-icon-list-item\">\n\t\t\t\t\t\t\t\t\t\t\t<a href=\"#share-mail\">\n\n\t\t\t\t\t\t\t\t\t\t\t\t<span class=\"elementor-icon-list-icon\">\n\t\t\t\t\t\t\t<svg aria-hidden=\"true\" class=\"e-font-icon-svg e-fas-at\" viewBox=\"0 0 512 512\" xmlns=\"http:\/\/www.w3.org\/2000\/svg\"><path d=\"M256 8C118.941 8 8 118.919 8 256c0 137.059 110.919 248 248 248 48.154 0 95.342-14.14 135.408-40.223 12.005-7.815 14.625-24.288 5.552-35.372l-10.177-12.433c-7.671-9.371-21.179-11.667-31.373-5.129C325.92 429.757 291.314 440 256 440c-101.458 0-184-82.542-184-184S154.542 72 256 72c100.139 0 184 57.619 184 160 0 38.786-21.093 79.742-58.17 83.693-17.349-.454-16.91-12.857-13.476-30.024l23.433-121.11C394.653 149.75 383.308 136 368.225 136h-44.981a13.518 13.518 0 0 0-13.432 11.993l-.01.092c-14.697-17.901-40.448-21.775-59.971-21.775-74.58 0-137.831 62.234-137.831 151.46 0 65.303 36.785 105.87 96 105.87 26.984 0 57.369-15.637 74.991-38.333 9.522 34.104 40.613 34.103 70.71 34.103C462.609 379.41 504 307.798 504 232 504 95.653 394.023 8 256 8zm-21.68 304.43c-22.249 0-36.07-15.623-36.07-40.771 0-44.993 30.779-72.729 58.63-72.729 22.292 0 35.601 15.241 35.601 40.77 0 45.061-33.875 72.73-58.161 72.73z\"><\/path><\/svg>\t\t\t\t\t\t<\/span>\n\t\t\t\t\t\t\t\t\t\t<span class=\"elementor-icon-list-text\">EMAIL<\/span>\n\t\t\t\t\t\t\t\t\t\t\t<\/a>\n\t\t\t\t\t\t\t\t\t<\/li>\n\t\t\t\t\t\t<\/ul>\n\t\t\t\t\t\t<\/div>\n\t\t\t\t<\/div>\n\t\t\t\t\t<\/div>\n\t\t\t\t<\/div>\n\t\t<div class=\"elementor-element elementor-element-b7b95e2 elementor-hidden-desktop elementor-hidden-tablet clean-mobile e-flex e-con-boxed wpr-particle-no wpr-jarallax-no wpr-parallax-no wpr-sticky-section-no e-con e-parent\" data-id=\"b7b95e2\" data-element_type=\"container\" data-e-type=\"container\">\n\t\t\t\t\t<div class=\"e-con-inner\">\n\t\t<div class=\"elementor-element elementor-element-aad2cc4 e-con-full e-flex wpr-particle-no wpr-jarallax-no wpr-parallax-no wpr-sticky-section-no e-con e-child\" data-id=\"aad2cc4\" data-element_type=\"container\" data-e-type=\"container\">\n\t\t\t\t<div class=\"elementor-element elementor-element-fd4fab0 elementor-widget elementor-widget-image\" data-id=\"fd4fab0\" data-element_type=\"widget\" data-e-type=\"widget\" data-widget_type=\"image.default\">\n\t\t\t\t\t\t\t\t\t\t\t\t\t\t\t<img fetchpriority=\"high\" decoding=\"async\" width=\"800\" height=\"800\" src=\"https:\/\/ericbrugier.com\/wp-content\/uploads\/2025\/12\/Erro-Gudmundur-Gudmundsson-.png\" class=\"attachment-large size-large wp-image-1587\" alt=\"Err\u00f3 - Gu\u00f0mundur Gu\u00f0mundsson \u00c9ric Brugier marchant d&#039;art et Gestion de collection\" srcset=\"https:\/\/ericbrugier.com\/wp-content\/uploads\/2025\/12\/Erro-Gudmundur-Gudmundsson-.png 800w, https:\/\/ericbrugier.com\/wp-content\/uploads\/2025\/12\/Erro-Gudmundur-Gudmundsson--300x300.png 300w, https:\/\/ericbrugier.com\/wp-content\/uploads\/2025\/12\/Erro-Gudmundur-Gudmundsson--150x150.png 150w, https:\/\/ericbrugier.com\/wp-content\/uploads\/2025\/12\/Erro-Gudmundur-Gudmundsson--768x768.png 768w, https:\/\/ericbrugier.com\/wp-content\/uploads\/2025\/12\/Erro-Gudmundur-Gudmundsson--12x12.png 12w, https:\/\/ericbrugier.com\/wp-content\/uploads\/2025\/12\/Erro-Gudmundur-Gudmundsson--600x600.png 600w\" sizes=\"(max-width: 800px) 100vw, 800px\" \/>\t\t\t\t\t\t\t\t\t\t\t\t\t\t\t<\/div>\n\t\t\t\t<div class=\"elementor-element elementor-element-2cff68a mon-bouton-clic-mob elementor-invisible elementor-widget elementor-widget-button\" data-id=\"2cff68a\" data-element_type=\"widget\" data-e-type=\"widget\" data-settings=\"{&quot;_animation&quot;:&quot;fadeInUp&quot;}\" data-widget_type=\"button.default\">\n\t\t\t\t\t\t\t\t\t\t<a class=\"elementor-button elementor-button-link elementor-size-sm\" href=\"#\">\n\t\t\t\t\t\t<span class=\"elementor-button-content-wrapper\">\n\t\t\t\t\t\t\t\t\t<span class=\"elementor-button-text\">+ PARTAGER<\/span>\n\t\t\t\t\t<\/span>\n\t\t\t\t\t<\/a>\n\t\t\t\t\t\t\t\t<\/div>\n\t\t\t\t<div class=\"elementor-element elementor-element-c4c73e6 ma-liste-partage-mob elementor-icon-list--layout-traditional elementor-list-item-link-full_width elementor-widget elementor-widget-icon-list\" data-id=\"c4c73e6\" data-element_type=\"widget\" data-e-type=\"widget\" data-widget_type=\"icon-list.default\">\n\t\t\t\t\t\t\t<ul class=\"elementor-icon-list-items\">\n\t\t\t\t\t\t\t<li class=\"elementor-icon-list-item\">\n\t\t\t\t\t\t\t\t\t\t\t<a href=\"#share-fb\">\n\n\t\t\t\t\t\t\t\t\t\t\t\t<span class=\"elementor-icon-list-icon\">\n\t\t\t\t\t\t\t<svg aria-hidden=\"true\" class=\"e-font-icon-svg e-fab-facebook-f\" viewBox=\"0 0 320 512\" xmlns=\"http:\/\/www.w3.org\/2000\/svg\"><path d=\"M279.14 288l14.22-92.66h-88.91v-60.13c0-25.35 12.42-50.06 52.24-50.06h40.42V6.26S260.43 0 225.36 0c-73.22 0-121.08 44.38-121.08 124.72v70.62H22.89V288h81.39v224h100.17V288z\"><\/path><\/svg>\t\t\t\t\t\t<\/span>\n\t\t\t\t\t\t\t\t\t\t<span class=\"elementor-icon-list-text\">FACEBOOK<\/span>\n\t\t\t\t\t\t\t\t\t\t\t<\/a>\n\t\t\t\t\t\t\t\t\t<\/li>\n\t\t\t\t\t\t\t\t<li class=\"elementor-icon-list-item\">\n\t\t\t\t\t\t\t\t\t\t\t<a href=\"#share-link\">\n\n\t\t\t\t\t\t\t\t\t\t\t\t<span class=\"elementor-icon-list-icon\">\n\t\t\t\t\t\t\t<svg aria-hidden=\"true\" class=\"e-font-icon-svg e-fab-linkedin-in\" viewBox=\"0 0 448 512\" xmlns=\"http:\/\/www.w3.org\/2000\/svg\"><path d=\"M100.28 448H7.4V148.9h92.88zM53.79 108.1C24.09 108.1 0 83.5 0 53.8a53.79 53.79 0 0 1 107.58 0c0 29.7-24.1 54.3-53.79 54.3zM447.9 448h-92.68V302.4c0-34.7-.7-79.2-48.29-79.2-48.29 0-55.69 37.7-55.69 76.7V448h-92.78V148.9h89.08v40.8h1.3c12.4-23.5 42.69-48.3 87.88-48.3 94 0 111.28 61.9 111.28 142.3V448z\"><\/path><\/svg>\t\t\t\t\t\t<\/span>\n\t\t\t\t\t\t\t\t\t\t<span class=\"elementor-icon-list-text\">LINKEDIN<\/span>\n\t\t\t\t\t\t\t\t\t\t\t<\/a>\n\t\t\t\t\t\t\t\t\t<\/li>\n\t\t\t\t\t\t\t\t<li class=\"elementor-icon-list-item\">\n\t\t\t\t\t\t\t\t\t\t\t<a href=\"#share-mail\">\n\n\t\t\t\t\t\t\t\t\t\t\t\t<span class=\"elementor-icon-list-icon\">\n\t\t\t\t\t\t\t<svg aria-hidden=\"true\" class=\"e-font-icon-svg e-fas-at\" viewBox=\"0 0 512 512\" xmlns=\"http:\/\/www.w3.org\/2000\/svg\"><path d=\"M256 8C118.941 8 8 118.919 8 256c0 137.059 110.919 248 248 248 48.154 0 95.342-14.14 135.408-40.223 12.005-7.815 14.625-24.288 5.552-35.372l-10.177-12.433c-7.671-9.371-21.179-11.667-31.373-5.129C325.92 429.757 291.314 440 256 440c-101.458 0-184-82.542-184-184S154.542 72 256 72c100.139 0 184 57.619 184 160 0 38.786-21.093 79.742-58.17 83.693-17.349-.454-16.91-12.857-13.476-30.024l23.433-121.11C394.653 149.75 383.308 136 368.225 136h-44.981a13.518 13.518 0 0 0-13.432 11.993l-.01.092c-14.697-17.901-40.448-21.775-59.971-21.775-74.58 0-137.831 62.234-137.831 151.46 0 65.303 36.785 105.87 96 105.87 26.984 0 57.369-15.637 74.991-38.333 9.522 34.104 40.613 34.103 70.71 34.103C462.609 379.41 504 307.798 504 232 504 95.653 394.023 8 256 8zm-21.68 304.43c-22.249 0-36.07-15.623-36.07-40.771 0-44.993 30.779-72.729 58.63-72.729 22.292 0 35.601 15.241 35.601 40.77 0 45.061-33.875 72.73-58.161 72.73z\"><\/path><\/svg>\t\t\t\t\t\t<\/span>\n\t\t\t\t\t\t\t\t\t\t<span class=\"elementor-icon-list-text\">EMAIL<\/span>\n\t\t\t\t\t\t\t\t\t\t\t<\/a>\n\t\t\t\t\t\t\t\t\t<\/li>\n\t\t\t\t\t\t<\/ul>\n\t\t\t\t\t\t<\/div>\n\t\t\t\t<\/div>\n\t\t<div class=\"elementor-element elementor-element-b9e6919 e-con-full e-flex wpr-particle-no wpr-jarallax-no wpr-parallax-no wpr-sticky-section-no e-con e-child\" data-id=\"b9e6919\" data-element_type=\"container\" data-e-type=\"container\">\n\t\t\t\t<div class=\"elementor-element elementor-element-e4477c2 elementor-widget elementor-widget-heading\" data-id=\"e4477c2\" data-element_type=\"widget\" data-e-type=\"widget\" data-widget_type=\"heading.default\">\n\t\t\t\t\t<h2 class=\"elementor-heading-title elementor-size-default\">BIOGRAPHIE  de Jean Fautrier<\/h2>\t\t\t\t<\/div>\n\t\t\t\t<div class=\"elementor-element elementor-element-0c9e8cc elementor-widget elementor-widget-heading\" data-id=\"0c9e8cc\" data-element_type=\"widget\" data-e-type=\"widget\" data-widget_type=\"heading.default\">\n\t\t\t\t\t<h3 class=\"elementor-heading-title elementor-size-default\">Jean Fautrier (1898 \u2013 1964) : Le Pionnier de l'Informel et le Peintre du Tragique Humain \n<\/h3>\t\t\t\t<\/div>\n\t\t\t\t<div class=\"elementor-element elementor-element-378d0e6 elementor-widget elementor-widget-text-editor\" data-id=\"378d0e6\" data-element_type=\"widget\" data-e-type=\"widget\" data-widget_type=\"text-editor.default\">\n\t\t\t\t\t\t\t\t\t<p><span style=\"font-weight: 400;\">Jean Fautrier est une figure majeure de l&rsquo;art du XXe si\u00e8cle, un artiste dont l&rsquo;\u0153uvre est \u00e0 la fois\u00a0 puissante, sombre et d&rsquo;une intensit\u00e9 \u00e9motionnelle rare. Pr\u00e9curseur de l&rsquo;art informel et de l&rsquo;abstraction lyrique, il a explor\u00e9 la mati\u00e8re picturale pour exprimer les profondeurs de la condition humaine,\u00a0 notamment face \u00e0 l&rsquo;horreur des conflits.\u00a0<\/span><\/p>\t\t\t\t\t\t\t\t<\/div>\n\t\t\t\t<\/div>\n\t\t\t\t<div class=\"elementor-element elementor-element-36faf38 elementor-widget elementor-widget-heading\" data-id=\"36faf38\" data-element_type=\"widget\" data-e-type=\"widget\" data-widget_type=\"heading.default\">\n\t\t\t\t\t<h3 class=\"elementor-heading-title elementor-size-default\">Une Jeunesse Marqu\u00e9e par le Drame et l'Ind\u00e9pendance \n<\/h3>\t\t\t\t<\/div>\n\t\t\t\t\t<\/div>\n\t\t\t\t<\/div>\n\t\t<div class=\"elementor-element elementor-element-4a93ea1 elementor-hidden-desktop clean-mobile e-flex e-con-boxed wpr-particle-no wpr-jarallax-no wpr-parallax-no wpr-sticky-section-no e-con e-parent\" data-id=\"4a93ea1\" data-element_type=\"container\" data-e-type=\"container\">\n\t\t\t\t\t<div class=\"e-con-inner\">\n\t\t\t\t<div class=\"elementor-element elementor-element-03fe983 elementor-widget elementor-widget-text-editor\" data-id=\"03fe983\" data-element_type=\"widget\" data-e-type=\"widget\" data-widget_type=\"text-editor.default\">\n\t\t\t\t\t\t\t\t\t<p><span style=\"font-weight: 400;\">N\u00e9 en 1898 \u00e0 Paris, Jean Fautrier conna\u00eet une enfance difficile. Orphelin de p\u00e8re tr\u00e8s jeune, il est\u00a0 \u00e9lev\u00e9 par sa m\u00e8re et sa grand-m\u00e8re. \u00c0 l&rsquo;\u00e2ge de 15 ans, il part s&rsquo;installer \u00e0 Londres o\u00f9 il fr\u00e9quente la\u00a0 Royal Academy of Arts et la Slade School of Fine Art, mais quitte rapidement ces institutions,\u00a0 pr\u00e9f\u00e9rant une formation autodidacte. Son ind\u00e9pendance d&rsquo;esprit et sa volont\u00e9 de ne pas se soumettre\u00a0 aux \u00e9coles ou aux courants marqueront toute sa carri\u00e8re.\u00a0<\/span><\/p><p><span style=\"font-weight: 400;\">De retour en France apr\u00e8s la Premi\u00e8re Guerre mondiale, il s&rsquo;installe \u00e0 Paris et commence \u00e0 exposer\u00a0 d\u00e8s les ann\u00e9es 1920. Ses \u0153uvres de cette p\u00e9riode sont souvent figuratives, repr\u00e9sentant des paysages sombres, des corps tortur\u00e9s, des natures mortes m\u00e9lancoliques, avec d\u00e9j\u00e0 une forte pr\u00e9occupation\u00a0 pour la mati\u00e8re et la texture. Il d\u00e9veloppe une technique o\u00f9 la p\u00e2te est g\u00e9n\u00e9reuse, travaill\u00e9e au\u00a0 couteau, cr\u00e9ant des reliefs et des effets lumineux saisissants. <\/span><\/p>\t\t\t\t\t\t\t\t<\/div>\n\t\t\t\t<div class=\"elementor-element elementor-element-b545cac elementor-widget elementor-widget-heading\" data-id=\"b545cac\" data-element_type=\"widget\" data-e-type=\"widget\" data-widget_type=\"heading.default\">\n\t\t\t\t\t<h3 class=\"elementor-heading-title elementor-size-default\">L'Artface et les Otages : Le T\u00e9moignage de l'Horreur \n<\/h3>\t\t\t\t<\/div>\n\t\t\t\t<div class=\"elementor-element elementor-element-50fe2c0 elementor-widget elementor-widget-text-editor\" data-id=\"50fe2c0\" data-element_type=\"widget\" data-e-type=\"widget\" data-widget_type=\"text-editor.default\">\n\t\t\t\t\t\t\t\t\t<p><span style=\"font-weight: 400;\">La p\u00e9riode de la Seconde Guerre mondiale marque un tournant d\u00e9cisif et tragique dans l&rsquo;\u0153uvre de\u00a0 Fautrier. R\u00e9fugi\u00e9 dans la Vall\u00e9e de la Chevreuse, pr\u00e8s de Ch\u00e2tenay-Malabry, il est t\u00e9moin des\u00a0 atrocit\u00e9s commises par l&rsquo;occupant allemand, notamment des ex\u00e9cutions d&rsquo;otages dans la for\u00eat\u00a0 voisine. Profond\u00e9ment boulevers\u00e9 par ces \u00e9v\u00e9nements, il r\u00e9alise entre 1943 et 1945 sa s\u00e9rie la plus\u00a0 c\u00e9l\u00e8bre et la plus poignante : <\/span><b>\u00ab\u00a0Les Otages\u00a0\u00bb<\/b><span style=\"font-weight: 400;\">.\u00a0<\/span><\/p><p><span style=\"font-weight: 400;\">Dans cette s\u00e9rie, Fautrier s&rsquo;\u00e9loigne de la figuration reconnaissable pour atteindre une forme\u00a0 d&rsquo;abstraction expressive et tragique. Les \u00ab\u00a0Otages\u00a0\u00bb sont des t\u00eates anonymes, d\u00e9figur\u00e9es par la\u00a0 souffrance, fa\u00e7onn\u00e9es dans une p\u00e2te \u00e9paisse, presque charnelle, avec des reliefs qui \u00e9voquent la\u00a0 chair lac\u00e9r\u00e9e, les yeux \u00e9carquill\u00e9s par l&rsquo;horreur. Les couleurs sont blafardes, gris\u00e2tres, parfois\u00a0 rehauss\u00e9es de touches de rouge sang ou de jaune maladif. Ces \u0153uvres, bien que non directement\u00a0 repr\u00e9sentatives, parviennent \u00e0 communiquer une angoisse existentielle et une douleur universelle.\u00a0 Elles sont un t\u00e9moignage puissant de l&rsquo;indicible et sont consid\u00e9r\u00e9es comme des pr\u00e9curseurs\u00a0 essentiels de l&rsquo;art informel et du tachisme.\u00a0<\/span><\/p>\t\t\t\t\t\t\t\t<\/div>\n\t\t\t\t<div class=\"elementor-element elementor-element-07f8c3e elementor-widget elementor-widget-heading\" data-id=\"07f8c3e\" data-element_type=\"widget\" data-e-type=\"widget\" data-widget_type=\"heading.default\">\n\t\t\t\t\t<h3 class=\"elementor-heading-title elementor-size-default\">Un Pionnier de l'Art Informel \n<\/h3>\t\t\t\t<\/div>\n\t\t\t\t<div class=\"elementor-element elementor-element-b07d233 elementor-widget elementor-widget-text-editor\" data-id=\"b07d233\" data-element_type=\"widget\" data-e-type=\"widget\" data-widget_type=\"text-editor.default\">\n\t\t\t\t\t\t\t\t\t<p><span style=\"font-weight: 400;\">Apr\u00e8s la guerre, Fautrier continue d&rsquo;explorer les possibilit\u00e9s de la mati\u00e8re picturale. Il est reconnu\u00a0 comme l&rsquo;un des pionniers de l&rsquo;art informel, un mouvement qui rejette la g\u00e9om\u00e9trie et les formes\u00a0 d\u00e9finies au profit de la spontan\u00e9it\u00e9 du geste et de l&rsquo;expressivit\u00e9 de la mati\u00e8re. Il d\u00e9veloppe des\u00a0 techniques mixtes, utilisant des emp\u00e2tements de pl\u00e2tre, de colle, de poudres et de pigments pour\u00a0 cr\u00e9er des textures riches et vibrantes. Ses \u0153uvres, souvent compos\u00e9es en s\u00e9ries (\u00ab\u00a0Hauts reliefs\u00a0\u00bb,\u00a0 \u00ab\u00a0Objets\u00a0\u00bb, \u00ab\u00a0Partis pris\u00a0\u00bb, \u00ab\u00a0Nus\u00a0\u00bb, \u00ab\u00a0Portes\u00a0\u00bb), abordent des th\u00e8mes vari\u00e9s avec la m\u00eame profondeur\u00a0 \u00e9motionnelle.<\/span><\/p>\t\t\t\t\t\t\t\t<\/div>\n\t\t\t\t<div class=\"elementor-element elementor-element-1f5faca elementor-widget elementor-widget-heading\" data-id=\"1f5faca\" data-element_type=\"widget\" data-e-type=\"widget\" data-widget_type=\"heading.default\">\n\t\t\t\t\t<h3 class=\"elementor-heading-title elementor-size-default\">Reconnaissance et H\u00e9ritage \n<\/h3>\t\t\t\t<\/div>\n\t\t\t\t<div class=\"elementor-element elementor-element-e40ac26 elementor-widget elementor-widget-text-editor\" data-id=\"e40ac26\" data-element_type=\"widget\" data-e-type=\"widget\" data-widget_type=\"text-editor.default\">\n\t\t\t\t\t\t\t\t\t<p><span style=\"font-weight: 400;\">Bien que parfois controvers\u00e9 et longtemps solitaire dans sa d\u00e9marche, Jean Fautrier a\u00a0 progressivement acquis une reconnaissance internationale. Il est repr\u00e9sent\u00e9 dans les plus grandes\u00a0<\/span><\/p><p><span style=\"font-weight: 400;\">collections et mus\u00e9es du monde. En 1960, il re\u00e7oit le Grand Prix International de Peinture \u00e0 la\u00a0 Biennale de Venise, confirmant son statut d&rsquo;artiste majeur.\u00a0<\/span><\/p><p><span style=\"font-weight: 400;\">Jean Fautrier est d\u00e9c\u00e9d\u00e9 en 1964 \u00e0 Ch\u00e2tenay-Malabry. Son \u0153uvre demeure une exploration radicale\u00a0 de la mati\u00e8re et de l&rsquo;\u00e9motion. Il nous invite \u00e0 regarder au-del\u00e0 des apparences, \u00e0 sonder les\u00a0 profondeurs de l&rsquo;\u00e2me humaine et \u00e0 confronter la beaut\u00e9 et la terreur du monde avec une rare\u00a0 authenticit\u00e9. Son influence sur les g\u00e9n\u00e9rations d&rsquo;artistes qui l&rsquo;ont suivi est ind\u00e9niable, faisant de lui\u00a0 une figure essentielle de l&rsquo;histoire de l&rsquo;art moderne.<\/span><\/p>\t\t\t\t\t\t\t\t<\/div>\n\t\t\t\t\t<\/div>\n\t\t\t\t<\/div>\n\t\t<div class=\"elementor-element elementor-element-d92d831 e-flex e-con-boxed wpr-particle-no wpr-jarallax-no wpr-parallax-no wpr-sticky-section-no e-con e-parent\" data-id=\"d92d831\" data-element_type=\"container\" data-e-type=\"container\">\n\t\t\t\t\t<div class=\"e-con-inner\">\n\t\t\t\t<div class=\"elementor-element elementor-element-7b81ef0 elementor-widget elementor-widget-html\" data-id=\"7b81ef0\" data-element_type=\"widget\" data-e-type=\"widget\" data-widget_type=\"html.default\">\n\t\t\t\t\t<script>\ndocument.addEventListener(\"DOMContentLoaded\", function() {\n    \/\/ On d\u00e9finit le seuil \u00e0 767px pour isoler uniquement les mobiles\n    var isSmallMobile = window.innerWidth <= 767;\n\n    if (isSmallMobile) {\n        \/\/ \u00c9cran <= 767px : On supprime physiquement la version PC\n        document.querySelectorAll('.clean-pc').forEach(function(el) {\n            el.remove();\n        });\n    } else {\n        \/\/ \u00c9cran > 767px (Tablettes et PC) : On supprime physiquement la version mobile\n        document.querySelectorAll('.clean-mobile').forEach(function(el) {\n            el.remove();\n        });\n    }\n});\n<\/script>\t\t\t\t<\/div>\n\t\t\t\t<div class=\"elementor-element elementor-element-18e6d4a elementor-widget elementor-widget-html\" data-id=\"18e6d4a\" data-element_type=\"widget\" data-e-type=\"widget\" data-widget_type=\"html.default\">\n\t\t\t\t\t<style>\n\/* 1. R\u00c9F\u00c9RENCE DU BOUTON *\/\n.mon-bouton-clic, \n.mon-bouton-clic-mob {\n    position: relative !important;\n    display: inline-block !important;\n    height: auto !important;\n}\n\n\/* 2. LA LISTE (D\u00e9sormais coll\u00e9e) *\/\n.ma-liste-partage, \n.ma-liste-partage-mob {\n    display: none;\n    background: #ffffff;\n    border: 1px solid #d1d1d1;\n    padding: 0 !important;\n    \n    position: absolute !important;\n    top: 100% !important; \n    left: 0 !important;\n    \n    \/* MODIFICATION ICI : On passe \u00e0 0 pour coller au bouton *\/\n    margin-top: 0px !important; \n    \n    z-index: 999999 !important;\n    width: 140px;\n    box-shadow: 0px 8px 16px rgba(0,0,0,0.1);\n}\n\n.ma-liste-partage.visible, \n.ma-liste-partage-mob.visible {\n    display: block !important;\n}\n\n\/* 3. STYLE DES ITEMS *\/\n.ma-liste-partage .elementor-icon-list-item,\n.ma-liste-partage-mob .elementor-icon-list-item {\n    padding: 10px 12px !important;\n    transition: all 0.2s ease;\n    cursor: pointer;\n    margin: 0 !important;\n    display: flex;\n    align-items: center;\n}\n\n.ma-liste-partage .elementor-icon-list-text, \n.ma-liste-partage-mob .elementor-icon-list-text {\n    font-family: 'Montserrat', sans-serif !important;\n    font-size: 10px !important;\n    text-transform: uppercase !important;\n    color: #888888 !important;\n    letter-spacing: 1px;\n}\n\n.ma-liste-partage .elementor-icon-list-item:hover {\n    background-color: #000000 !important;\n}\n\n.ma-liste-partage .elementor-icon-list-item:hover .elementor-icon-list-text,\n.ma-liste-partage .elementor-icon-list-item:hover svg {\n    color: #ffffff !important;\n    fill: #ffffff !important;\n}\n\n.ma-liste-partage a { \n    text-decoration: none !important; \n    display: flex; \n    width: 100%; \n    align-items: center;\n}\n<\/style>\n\n<script>\ndocument.addEventListener('DOMContentLoaded', function() {\n    \n    \/\/ On d\u00e9place physiquement la liste dans le bouton pour l'ancrage\n    const btnPC = document.querySelector('.mon-bouton-clic');\n    const listPC = document.querySelector('.ma-liste-partage');\n    const btnMob = document.querySelector('.mon-bouton-clic-mob');\n    const listMob = document.querySelector('.ma-liste-partage-mob');\n\n    if(btnPC && listPC) btnPC.appendChild(listPC);\n    if(btnMob && listMob) btnMob.appendChild(listMob);\n\n    function setupShareToggle(btnClass, listClass) {\n        const btn = document.querySelector(btnClass);\n        const list = document.querySelector(listClass);\n        \n        if(btn && list) {\n            btn.addEventListener('click', function(e) {\n                if(e.target.tagName !== 'A' && e.target.parentElement.tagName !== 'A') {\n                   e.preventDefault();\n                }\n                e.stopPropagation();\n                list.classList.toggle('visible');\n            });\n        }\n    }\n\n    setupShareToggle('.mon-bouton-clic', '.ma-liste-partage');\n    setupShareToggle('.mon-bouton-clic-mob', '.ma-liste-partage-mob');\n\n    document.addEventListener('click', function() {\n        if(listPC) listPC.classList.remove('visible');\n        if(listMob) listMob.classList.remove('visible');\n    });\n\n    const urlPage = encodeURIComponent(window.location.href);\n    const config = {\n        '#share-fb': `https:\/\/www.facebook.com\/sharer\/sharer.php?u=${urlPage}`,\n        '#share-link': `https:\/\/www.linkedin.com\/sharing\/share-offsite\/?url=${urlPage}`,\n        '#share-mail': `mailto:?body=${urlPage}`,\n        '#share-insta': `https:\/\/www.instagram.com\/eric_brugier_galerie\/`\n    };\n\n    Object.keys(config).forEach(id => {\n        document.querySelectorAll(`a[href=\"${id}\"]`).forEach(el => {\n            el.href = config[id];\n            el.setAttribute('target', '_blank');\n        });\n    });\n});\n<\/script>\t\t\t\t<\/div>\n\t\t\t\t\t<\/div>\n\t\t\t\t<\/div>\n\t\t\t\t<\/div>\n\t\t","protected":false},"excerpt":{"rendered":"<p>Err\u00f3 &#8211; Gu\u00f0mundur Gu\u00f0mundsson OEUVRES BIOGRAPHIE &lt;\u00a0\u00a0 ARTISTE SUIVANT\u00a0 \u00a0&gt; OEUVRES BIOGRAPHIE &lt;\u00a0\u00a0 ARTISTE SUIVANT\u00a0 \u00a0&gt; Err\u00f3 (n\u00e9 Gu\u00f0mundur Gu\u00f0mundsson en 1932) : Le Maestro du Collage Mondial et de la Peinture Narrative Err\u00f3 est un artiste islandais de renomm\u00e9e internationale, figure majeure du Pop Art et de la\u00a0 Figuration Narrative. Son \u0153uvre foisonnante est un kal\u00e9idoscope visuel o\u00f9 se m\u00ealent images de\u00a0 bandes dessin\u00e9es, photographies d&rsquo;actualit\u00e9, publicit\u00e9s, ic\u00f4nes de la culture populaire et r\u00e9f\u00e9rences\u00a0 historiques, le tout agenc\u00e9 dans des compositions complexes et souvent surr\u00e9alistes. Il est un\u00a0 v\u00e9ritable \u00ab\u00a0pilleur d&rsquo;images\u00a0\u00bb qui a su cr\u00e9er un langage pictural unique et reconnaissable.\u00a0 Une Formation Internationale et les Premiers Pas dans l&rsquo;Art N\u00e9 en 1932 \u00e0 \u00d3lafsv\u00edk, en Islande, Gu\u00f0mundur Gu\u00f0mundsson se montre tr\u00e8s t\u00f4t attir\u00e9 par l&rsquo;art. Il\u00a0 \u00e9tudie \u00e0 l&rsquo;Acad\u00e9mie des Beaux-Arts de Reykjavik, puis poursuit sa formation en Norv\u00e8ge et en\u00a0 Italie, notamment \u00e0 l&rsquo;Acad\u00e9mie des Beaux-Arts de Florence. Ces ann\u00e9es de voyage et d&rsquo;\u00e9tudes\u00a0 diverses (il s&rsquo;int\u00e9resse aussi \u00e0 la mosa\u00efque, \u00e0 la c\u00e9ramique et \u00e0 l&rsquo;architecture) \u00e9largissent\u00a0 consid\u00e9rablement son horizon artistique et nourrissent sa curiosit\u00e9 insatiable pour les images.\u00a0 Dans les ann\u00e9es 1950, il s&rsquo;installe \u00e0 Paris, qui devient son principal lieu de r\u00e9sidence et de travail.\u00a0 C&rsquo;est l\u00e0 qu&rsquo;il adopte le pseudonyme d&rsquo;Err\u00f3, qui signifie \u00ab\u00a0erreur\u00a0\u00bb ou \u00ab\u00a0errant\u00a0\u00bb en latin, un nom qui\u00a0 refl\u00e8te son esprit libre et sa d\u00e9marche iconoclaste. Le D\u00e9clic du Collage et la Naissance de son Style D\u00e8s la fin des ann\u00e9es 1950 et le d\u00e9but des ann\u00e9es 1960, Err\u00f3 d\u00e9veloppe une m\u00e9thode de travail\u00a0 singuli\u00e8re, inspir\u00e9e par le Dada\u00efsme et le Surr\u00e9alisme, mais renouvel\u00e9e par l&rsquo;av\u00e8nement des m\u00e9dias\u00a0 de masse. Il constitue un immense \u00ab\u00a0r\u00e9servoir\u00a0\u00bb d&rsquo;images glan\u00e9es dans les journaux, les magazines,\u00a0 les bandes dessin\u00e9es, les catalogues, les affiches publicitaires. Il d\u00e9coupe, collectionne et classe ces\u00a0 images qu&rsquo;il utilise ensuite pour cr\u00e9er des collages pr\u00e9paratoires \u00e0 ses peintures.\u00a0 Sa peinture n&rsquo;est donc pas une cr\u00e9ation spontan\u00e9e, mais une reproduction m\u00e9ticuleuse et agrandie de ces collages. Cette technique lui permet de juxtaposer des \u00e9l\u00e9ments disparates, de cr\u00e9er des chocs\u00a0 visuels et narratifs, et de commenter, souvent avec humour et ironie, le monde contemporain.\u00a0 Th\u00e8mes Majeurs et S\u00e9ries Emblematiques L&rsquo;\u0153uvre d&rsquo;Err\u00f3 est organis\u00e9e en grandes s\u00e9ries th\u00e9matiques, qui lui permettent d&rsquo;explorer diff\u00e9rentes facettes de la soci\u00e9t\u00e9 et de l&rsquo;histoire :\u00a0 S\u00e9ries \u00ab\u00a0Mecanismo\u00a0\u00bb ou \u00ab\u00a0Sc\u00e8nes Chinoises\u00a0\u00bb (ann\u00e9es 1960) : Err\u00f3 int\u00e8gre des personnages\u00a0 de bandes dessin\u00e9es am\u00e9ricaines dans des paysages chinois ou des sc\u00e8nes de propagande\u00a0 mao\u00efste, cr\u00e9ant un dialogue absurde et percutant entre l&rsquo;Est et l&rsquo;Ouest.\u00a0\u00a0 S\u00e9ries \u00ab\u00a0Foodscapes\u00a0\u00bb (Paysages de Nourriture) : Des personnages c\u00e9l\u00e8bres (souvent des\u00a0 figures de l&rsquo;histoire de l&rsquo;art) sont engloutis ou transform\u00e9s par des montagnes de nourriture,\u00a0 une critique color\u00e9e de la soci\u00e9t\u00e9 de consommation.\u00a0\u00a0 S\u00e9ries \u00ab\u00a0Cosmos\u00a0\u00bb et \u00ab\u00a0Space\u00a0\u00bb : Il explore les th\u00e8mes de la science-fiction et de la conqu\u00eate\u00a0 spatiale, souvent avec une touche d&rsquo;humour noir.\u00a0\u00a0 S\u00e9ries \u00ab\u00a0Tableaux Textes\u00a0\u00bb : Des toiles o\u00f9 le texte et l&rsquo;image se r\u00e9pondent, brouillant les\u00a0 pistes entre lecture et vision.\u00a0\u00a0 S\u00e9ries \u00ab\u00a0Paysages\u00a0\u00bb : Toujours des collages d&rsquo;images de la nature ou de l&rsquo;architecture pour\u00a0 cr\u00e9er des panoramas fantastiques.\u00a0 \u2022 S\u00e9ries \u00ab\u00a0Autoportraits\u00a0\u00bb : Err\u00f3 se met en sc\u00e8ne, parfois transform\u00e9 ou entour\u00e9 de ses propres images. Un Style Caract\u00e9ristique Le style d&rsquo;Err\u00f3 est imm\u00e9diatement reconnaissable par :\u00a0 Sa palette de couleurs vives et \u00e9clatantes, typiques du Pop Art.\u00a0\u00a0 La pr\u00e9cision de son trait, malgr\u00e9 la complexit\u00e9 des compositions, chaque d\u00e9tail \u00e9tant\u00a0 reproduit avec une nettet\u00e9 quasi photographique.\u00a0\u00a0 La densit\u00e9 de ses tableaux, o\u00f9 chaque centim\u00e8tre carr\u00e9 est satur\u00e9 d&rsquo;images, cr\u00e9ant un\u00a0 foisonnement visuel.\u00a0\u00a0 Son sens de l&rsquo;humour et de la d\u00e9rision, qui transpara\u00eet souvent dans les juxtapositions\u00a0 inattendues et les d\u00e9tournements.\u00a0\u00a0 Reconnaissance et H\u00e9ritage Err\u00f3 a expos\u00e9 dans le monde entier et son \u0153uvre est pr\u00e9sente dans les collections des plus grands\u00a0 mus\u00e9es internationaux. Il est un infatigable voyageur et un collectionneur compulsif d&rsquo;images, ce\u00a0 qui nourrit sans cesse sa cr\u00e9ativit\u00e9. Son travail est une r\u00e9flexion sur la prolif\u00e9ration des images dans\u00a0 nos soci\u00e9t\u00e9s, leur pouvoir de manipulation, mais aussi leur capacit\u00e9 \u00e0 construire de nouvelles\u00a0 r\u00e9alit\u00e9s.\u00a0 \u00c0 travers son art, Err\u00f3 nous invite \u00e0 d\u00e9coder le flot incessant d&rsquo;informations visuelles qui nous\u00a0 entoure, \u00e0 interroger les mythes de notre temps et \u00e0 savourer l&rsquo;absurdit\u00e9 parfois po\u00e9tique du monde.\u00a0 Il reste une figure majeure de l&rsquo;art contemporain, dont la pertinence ne cesse de se confirmer. + PARTAGER FACEBOOK LINKEDIN EMAIL + PARTAGER FACEBOOK LINKEDIN EMAIL BIOGRAPHIE de Jean Fautrier Jean Fautrier (1898 \u2013 1964) : Le Pionnier de l&rsquo;Informel et le Peintre du Tragique Humain Jean Fautrier est une figure majeure de l&rsquo;art du XXe si\u00e8cle, un artiste dont l&rsquo;\u0153uvre est \u00e0 la fois\u00a0 puissante, sombre et d&rsquo;une intensit\u00e9 \u00e9motionnelle rare. Pr\u00e9curseur de l&rsquo;art informel et de l&rsquo;abstraction lyrique, il a explor\u00e9 la mati\u00e8re picturale pour exprimer les profondeurs de la condition humaine,\u00a0 notamment face \u00e0 l&rsquo;horreur des conflits.\u00a0 Une Jeunesse Marqu\u00e9e par le Drame et l&rsquo;Ind\u00e9pendance N\u00e9 en 1898 \u00e0 Paris, Jean Fautrier conna\u00eet une enfance difficile. Orphelin de p\u00e8re tr\u00e8s jeune, il est\u00a0 \u00e9lev\u00e9 par sa m\u00e8re et sa grand-m\u00e8re. \u00c0 l&rsquo;\u00e2ge de 15 ans, il part s&rsquo;installer \u00e0 Londres o\u00f9 il fr\u00e9quente la\u00a0 Royal Academy of Arts et la Slade School of Fine Art, mais quitte rapidement ces institutions,\u00a0 pr\u00e9f\u00e9rant une formation autodidacte. Son ind\u00e9pendance d&rsquo;esprit et sa volont\u00e9 de ne pas se soumettre\u00a0 aux \u00e9coles ou aux courants marqueront toute sa carri\u00e8re.\u00a0 De retour en France apr\u00e8s la Premi\u00e8re Guerre mondiale, il s&rsquo;installe \u00e0 Paris et commence \u00e0 exposer\u00a0 d\u00e8s les ann\u00e9es 1920. Ses \u0153uvres de cette p\u00e9riode sont souvent figuratives, repr\u00e9sentant des paysages sombres, des corps tortur\u00e9s, des natures mortes m\u00e9lancoliques, avec d\u00e9j\u00e0 une forte pr\u00e9occupation\u00a0 pour la mati\u00e8re et la texture. Il d\u00e9veloppe une technique o\u00f9 la p\u00e2te est g\u00e9n\u00e9reuse, travaill\u00e9e au\u00a0 couteau, cr\u00e9ant des reliefs et des effets lumineux saisissants. L&rsquo;Artface et les Otages : Le T\u00e9moignage de l&rsquo;Horreur La p\u00e9riode de la Seconde Guerre mondiale marque un tournant d\u00e9cisif et tragique dans l&rsquo;\u0153uvre de\u00a0 Fautrier. R\u00e9fugi\u00e9 dans la Vall\u00e9e de la Chevreuse, pr\u00e8s de Ch\u00e2tenay-Malabry, il est t\u00e9moin des\u00a0 atrocit\u00e9s commises par<\/p>","protected":false},"author":2,"featured_media":1587,"parent":1578,"menu_order":0,"comment_status":"closed","ping_status":"closed","template":"","meta":{"inline_featured_image":false,"footnotes":""},"wf_page_folders":[81],"class_list":["post-4302","page","type-page","status-publish","has-post-thumbnail","hentry"],"yoast_head":"<!-- This site is optimized with the Yoast SEO plugin v27.3 - https:\/\/yoast.com\/product\/yoast-seo-wordpress\/ -->\n<title>Err\u00f3 : Biographie du ma\u00eetre de la Figuration Narrative<\/title>\n<meta name=\"description\" content=\"L&#039;univers complexe d&#039;Err\u00f3, son histoire et ses collages : une biographie compl\u00e8te par \u00c9ric Brugier marchand d&#039;art et gestion de collection.\" \/>\n<meta name=\"robots\" content=\"index, follow, max-snippet:-1, max-image-preview:large, max-video-preview:-1\" \/>\n<link rel=\"canonical\" href=\"https:\/\/ericbrugier.com\/en\/artists\/biography-erro-gudmundur-gudmundsson\/\" \/>\n<meta property=\"og:locale\" content=\"en_GB\" \/>\n<meta property=\"og:type\" content=\"article\" \/>\n<meta property=\"og:title\" content=\"Err\u00f3 : Biographie du ma\u00eetre de la Figuration Narrative\" \/>\n<meta property=\"og:description\" content=\"L&#039;univers complexe d&#039;Err\u00f3, son histoire et ses collages : une biographie compl\u00e8te par \u00c9ric Brugier marchand d&#039;art et gestion de collection.\" \/>\n<meta property=\"og:url\" content=\"https:\/\/ericbrugier.com\/en\/artists\/biography-erro-gudmundur-gudmundsson\/\" \/>\n<meta property=\"og:site_name\" content=\"\u00c9ric Brugier - Marchand d&#039;art - Gestion de collection\" \/>\n<meta property=\"article:modified_time\" content=\"2026-02-24T11:34:23+00:00\" \/>\n<meta property=\"og:image\" content=\"https:\/\/ericbrugier.com\/wp-content\/uploads\/2025\/12\/Erro-Gudmundur-Gudmundsson-.png\" \/>\n\t<meta property=\"og:image:width\" content=\"800\" \/>\n\t<meta property=\"og:image:height\" content=\"800\" \/>\n\t<meta property=\"og:image:type\" content=\"image\/png\" \/>\n<meta name=\"twitter:card\" content=\"summary_large_image\" \/>\n<meta name=\"twitter:label1\" content=\"Estimated reading time\" \/>\n\t<meta name=\"twitter:data1\" content=\"9 minutes\" \/>\n<script type=\"application\/ld+json\" class=\"yoast-schema-graph\">{\"@context\":\"https:\\\/\\\/schema.org\",\"@graph\":[{\"@type\":\"WebPage\",\"@id\":\"https:\\\/\\\/ericbrugier.com\\\/fr\\\/artistes\\\/biographie-erro-gudmundur-gudmundsson\\\/\",\"url\":\"https:\\\/\\\/ericbrugier.com\\\/fr\\\/artistes\\\/biographie-erro-gudmundur-gudmundsson\\\/\",\"name\":\"Err\u00f3 : Biographie du ma\u00eetre de la Figuration Narrative\",\"isPartOf\":{\"@id\":\"https:\\\/\\\/ericbrugier.com\\\/#website\"},\"primaryImageOfPage\":{\"@id\":\"https:\\\/\\\/ericbrugier.com\\\/fr\\\/artistes\\\/biographie-erro-gudmundur-gudmundsson\\\/#primaryimage\"},\"image\":{\"@id\":\"https:\\\/\\\/ericbrugier.com\\\/fr\\\/artistes\\\/biographie-erro-gudmundur-gudmundsson\\\/#primaryimage\"},\"thumbnailUrl\":\"https:\\\/\\\/ericbrugier.com\\\/wp-content\\\/uploads\\\/2025\\\/12\\\/Erro-Gudmundur-Gudmundsson-.png\",\"datePublished\":\"2026-01-30T15:42:32+00:00\",\"dateModified\":\"2026-02-24T11:34:23+00:00\",\"description\":\"L'univers complexe d'Err\u00f3, son histoire et ses collages : une biographie compl\u00e8te par \u00c9ric Brugier marchand d'art et gestion de collection.\",\"breadcrumb\":{\"@id\":\"https:\\\/\\\/ericbrugier.com\\\/fr\\\/artistes\\\/biographie-erro-gudmundur-gudmundsson\\\/#breadcrumb\"},\"inLanguage\":\"en-GB\",\"potentialAction\":[{\"@type\":\"ReadAction\",\"target\":[\"https:\\\/\\\/ericbrugier.com\\\/fr\\\/artistes\\\/biographie-erro-gudmundur-gudmundsson\\\/\"]}]},{\"@type\":\"ImageObject\",\"inLanguage\":\"en-GB\",\"@id\":\"https:\\\/\\\/ericbrugier.com\\\/fr\\\/artistes\\\/biographie-erro-gudmundur-gudmundsson\\\/#primaryimage\",\"url\":\"https:\\\/\\\/ericbrugier.com\\\/wp-content\\\/uploads\\\/2025\\\/12\\\/Erro-Gudmundur-Gudmundsson-.png\",\"contentUrl\":\"https:\\\/\\\/ericbrugier.com\\\/wp-content\\\/uploads\\\/2025\\\/12\\\/Erro-Gudmundur-Gudmundsson-.png\",\"width\":800,\"height\":800,\"caption\":\"Err\u00f3 - Gu\u00f0mundur Gu\u00f0mundsson \u00c9ric Brugier marchant d'art et Gestion de collection\"},{\"@type\":\"BreadcrumbList\",\"@id\":\"https:\\\/\\\/ericbrugier.com\\\/fr\\\/artistes\\\/biographie-erro-gudmundur-gudmundsson\\\/#breadcrumb\",\"itemListElement\":[{\"@type\":\"ListItem\",\"position\":1,\"name\":\"Accueil\",\"item\":\"https:\\\/\\\/ericbrugier.com\\\/\"},{\"@type\":\"ListItem\",\"position\":2,\"name\":\"ARTISTES\",\"item\":\"https:\\\/\\\/ericbrugier.com\\\/fr\\\/artistes\\\/\"},{\"@type\":\"ListItem\",\"position\":3,\"name\":\"Biographie Err\u00f3 &#8211; Gu\u00f0mundur Gu\u00f0mundsson\"}]},{\"@type\":\"WebSite\",\"@id\":\"https:\\\/\\\/ericbrugier.com\\\/#website\",\"url\":\"https:\\\/\\\/ericbrugier.com\\\/\",\"name\":\"Eric Brugier - Galerie d'art\",\"description\":\"Marchand d&#039;art et Gestion de collection\",\"publisher\":{\"@id\":\"https:\\\/\\\/ericbrugier.com\\\/#organization\"},\"potentialAction\":[{\"@type\":\"SearchAction\",\"target\":{\"@type\":\"EntryPoint\",\"urlTemplate\":\"https:\\\/\\\/ericbrugier.com\\\/?s={search_term_string}\"},\"query-input\":{\"@type\":\"PropertyValueSpecification\",\"valueRequired\":true,\"valueName\":\"search_term_string\"}}],\"inLanguage\":\"en-GB\"},{\"@type\":\"Organization\",\"@id\":\"https:\\\/\\\/ericbrugier.com\\\/#organization\",\"name\":\"Eric Brugier - Marchand d'art - Gestion de collection\",\"url\":\"https:\\\/\\\/ericbrugier.com\\\/\",\"logo\":{\"@type\":\"ImageObject\",\"inLanguage\":\"en-GB\",\"@id\":\"https:\\\/\\\/ericbrugier.com\\\/#\\\/schema\\\/logo\\\/image\\\/\",\"url\":\"https:\\\/\\\/ericbrugier.com\\\/wp-content\\\/uploads\\\/2025\\\/12\\\/Logo-eric-brugier-1.webp\",\"contentUrl\":\"https:\\\/\\\/ericbrugier.com\\\/wp-content\\\/uploads\\\/2025\\\/12\\\/Logo-eric-brugier-1.webp\",\"width\":1600,\"height\":500,\"caption\":\"Eric Brugier - Marchand d'art - Gestion de collection\"},\"image\":{\"@id\":\"https:\\\/\\\/ericbrugier.com\\\/#\\\/schema\\\/logo\\\/image\\\/\"}}]}<\/script>\n<!-- \/ Yoast SEO plugin. -->","yoast_head_json":{"title":"Err\u00f3: Biography of the master of Figuration Narrative","description":"The complex world of Err\u00f3, his history and his collages: a complete biography by \u00c9ric Brugier, art dealer and collection manager.","robots":{"index":"index","follow":"follow","max-snippet":"max-snippet:-1","max-image-preview":"max-image-preview:large","max-video-preview":"max-video-preview:-1"},"canonical":"https:\/\/ericbrugier.com\/en\/artists\/biography-erro-gudmundur-gudmundsson\/","og_locale":"en_GB","og_type":"article","og_title":"Err\u00f3 : Biographie du ma\u00eetre de la Figuration Narrative","og_description":"L'univers complexe d'Err\u00f3, son histoire et ses collages : une biographie compl\u00e8te par \u00c9ric Brugier marchand d'art et gestion de collection.","og_url":"https:\/\/ericbrugier.com\/en\/artists\/biography-erro-gudmundur-gudmundsson\/","og_site_name":"\u00c9ric Brugier - Marchand d&#039;art - Gestion de collection","article_modified_time":"2026-02-24T11:34:23+00:00","og_image":[{"width":800,"height":800,"url":"https:\/\/ericbrugier.com\/wp-content\/uploads\/2025\/12\/Erro-Gudmundur-Gudmundsson-.png","type":"image\/png"}],"twitter_card":"summary_large_image","twitter_misc":{"Estimated reading time":"9 minutes"},"schema":{"@context":"https:\/\/schema.org","@graph":[{"@type":"WebPage","@id":"https:\/\/ericbrugier.com\/fr\/artistes\/biographie-erro-gudmundur-gudmundsson\/","url":"https:\/\/ericbrugier.com\/fr\/artistes\/biographie-erro-gudmundur-gudmundsson\/","name":"Err\u00f3: Biography of the master of Figuration Narrative","isPartOf":{"@id":"https:\/\/ericbrugier.com\/#website"},"primaryImageOfPage":{"@id":"https:\/\/ericbrugier.com\/fr\/artistes\/biographie-erro-gudmundur-gudmundsson\/#primaryimage"},"image":{"@id":"https:\/\/ericbrugier.com\/fr\/artistes\/biographie-erro-gudmundur-gudmundsson\/#primaryimage"},"thumbnailUrl":"https:\/\/ericbrugier.com\/wp-content\/uploads\/2025\/12\/Erro-Gudmundur-Gudmundsson-.png","datePublished":"2026-01-30T15:42:32+00:00","dateModified":"2026-02-24T11:34:23+00:00","description":"The complex world of Err\u00f3, his history and his collages: a complete biography by \u00c9ric Brugier, art dealer and collection manager.","breadcrumb":{"@id":"https:\/\/ericbrugier.com\/fr\/artistes\/biographie-erro-gudmundur-gudmundsson\/#breadcrumb"},"inLanguage":"en-GB","potentialAction":[{"@type":"ReadAction","target":["https:\/\/ericbrugier.com\/fr\/artistes\/biographie-erro-gudmundur-gudmundsson\/"]}]},{"@type":"ImageObject","inLanguage":"en-GB","@id":"https:\/\/ericbrugier.com\/fr\/artistes\/biographie-erro-gudmundur-gudmundsson\/#primaryimage","url":"https:\/\/ericbrugier.com\/wp-content\/uploads\/2025\/12\/Erro-Gudmundur-Gudmundsson-.png","contentUrl":"https:\/\/ericbrugier.com\/wp-content\/uploads\/2025\/12\/Erro-Gudmundur-Gudmundsson-.png","width":800,"height":800,"caption":"Err\u00f3 - Gu\u00f0mundur Gu\u00f0mundsson \u00c9ric Brugier marchant d'art et Gestion de collection"},{"@type":"BreadcrumbList","@id":"https:\/\/ericbrugier.com\/fr\/artistes\/biographie-erro-gudmundur-gudmundsson\/#breadcrumb","itemListElement":[{"@type":"ListItem","position":1,"name":"Accueil","item":"https:\/\/ericbrugier.com\/"},{"@type":"ListItem","position":2,"name":"ARTISTES","item":"https:\/\/ericbrugier.com\/fr\/artistes\/"},{"@type":"ListItem","position":3,"name":"Biographie Err\u00f3 &#8211; Gu\u00f0mundur Gu\u00f0mundsson"}]},{"@type":"WebSite","@id":"https:\/\/ericbrugier.com\/#website","url":"https:\/\/ericbrugier.com\/","name":"Eric Brugier - Art gallery","description":"Art dealer and collection management","publisher":{"@id":"https:\/\/ericbrugier.com\/#organization"},"potentialAction":[{"@type":"SearchAction","target":{"@type":"EntryPoint","urlTemplate":"https:\/\/ericbrugier.com\/?s={search_term_string}"},"query-input":{"@type":"PropertyValueSpecification","valueRequired":true,"valueName":"search_term_string"}}],"inLanguage":"en-GB"},{"@type":"Organization","@id":"https:\/\/ericbrugier.com\/#organization","name":"Eric Brugier - Art dealer - Collection management","url":"https:\/\/ericbrugier.com\/","logo":{"@type":"ImageObject","inLanguage":"en-GB","@id":"https:\/\/ericbrugier.com\/#\/schema\/logo\/image\/","url":"https:\/\/ericbrugier.com\/wp-content\/uploads\/2025\/12\/Logo-eric-brugier-1.webp","contentUrl":"https:\/\/ericbrugier.com\/wp-content\/uploads\/2025\/12\/Logo-eric-brugier-1.webp","width":1600,"height":500,"caption":"Eric Brugier - Marchand d'art - Gestion de collection"},"image":{"@id":"https:\/\/ericbrugier.com\/#\/schema\/logo\/image\/"}}]}},"_links":{"self":[{"href":"https:\/\/ericbrugier.com\/en\/wp-json\/wp\/v2\/pages\/4302","targetHints":{"allow":["GET"]}}],"collection":[{"href":"https:\/\/ericbrugier.com\/en\/wp-json\/wp\/v2\/pages"}],"about":[{"href":"https:\/\/ericbrugier.com\/en\/wp-json\/wp\/v2\/types\/page"}],"author":[{"embeddable":true,"href":"https:\/\/ericbrugier.com\/en\/wp-json\/wp\/v2\/users\/2"}],"replies":[{"embeddable":true,"href":"https:\/\/ericbrugier.com\/en\/wp-json\/wp\/v2\/comments?post=4302"}],"version-history":[{"count":37,"href":"https:\/\/ericbrugier.com\/en\/wp-json\/wp\/v2\/pages\/4302\/revisions"}],"predecessor-version":[{"id":8164,"href":"https:\/\/ericbrugier.com\/en\/wp-json\/wp\/v2\/pages\/4302\/revisions\/8164"}],"up":[{"embeddable":true,"href":"https:\/\/ericbrugier.com\/en\/wp-json\/wp\/v2\/pages\/1578"}],"wp:featuredmedia":[{"embeddable":true,"href":"https:\/\/ericbrugier.com\/en\/wp-json\/wp\/v2\/media\/1587"}],"wp:attachment":[{"href":"https:\/\/ericbrugier.com\/en\/wp-json\/wp\/v2\/media?parent=4302"}],"wp:term":[{"taxonomy":"wf_page_folders","embeddable":true,"href":"https:\/\/ericbrugier.com\/en\/wp-json\/wp\/v2\/wf_page_folders?post=4302"}],"curies":[{"name":"wp","href":"https:\/\/api.w.org\/{rel}","templated":true}]}}