{"id":4136,"date":"2026-01-30T11:38:40","date_gmt":"2026-01-30T10:38:40","guid":{"rendered":"https:\/\/ericbrugier.com\/?page_id=4136"},"modified":"2026-02-24T12:30:07","modified_gmt":"2026-02-24T11:30:07","slug":"biography-robert-combas","status":"publish","type":"page","link":"https:\/\/ericbrugier.com\/en\/artistes\/biographie-robert-combas\/","title":{"rendered":"Biography of Robert Combas"},"content":{"rendered":"\t\t<div data-elementor-type=\"wp-page\" data-elementor-id=\"4136\" class=\"elementor elementor-4136\">\n\t\t\t\t<div class=\"elementor-element elementor-element-f86124a e-flex e-con-boxed wpr-particle-no wpr-jarallax-no wpr-parallax-no wpr-sticky-section-no e-con e-parent\" data-id=\"f86124a\" data-element_type=\"container\" data-e-type=\"container\">\n\t\t\t\t\t<div class=\"e-con-inner\">\n\t\t<div class=\"elementor-element elementor-element-f6b4058 e-con-full e-flex wpr-particle-no wpr-jarallax-no wpr-parallax-no wpr-sticky-section-no e-con e-child\" data-id=\"f6b4058\" data-element_type=\"container\" data-e-type=\"container\">\n\t\t<div class=\"elementor-element elementor-element-619ec0b e-con-full e-flex wpr-particle-no wpr-jarallax-no wpr-parallax-no wpr-sticky-section-no e-con e-child\" data-id=\"619ec0b\" data-element_type=\"container\" data-e-type=\"container\">\n\t\t\t\t<div class=\"elementor-element elementor-element-8a0cd04 elementor-widget elementor-widget-heading\" data-id=\"8a0cd04\" data-element_type=\"widget\" data-e-type=\"widget\" data-widget_type=\"heading.default\">\n\t\t\t\t\t<h1 class=\"elementor-heading-title elementor-size-default\">Robert Combas<\/h1>\t\t\t\t<\/div>\n\t\t\t\t<\/div>\n\t\t<div class=\"elementor-element elementor-element-a8f9e50 e-con-full elementor-hidden-mobile e-flex wpr-particle-no wpr-jarallax-no wpr-parallax-no wpr-sticky-section-no e-con e-child\" data-id=\"a8f9e50\" data-element_type=\"container\" data-e-type=\"container\">\n\t\t\t\t<div class=\"elementor-element elementor-element-7272803 clean-pc elementor-widget__width-initial elementor-widget elementor-widget-heading\" data-id=\"7272803\" data-element_type=\"widget\" data-e-type=\"widget\" data-widget_type=\"heading.default\">\n\t\t\t\t\t<p class=\"elementor-heading-title elementor-size-default\"><a href=\"https:\/\/ericbrugier.com\/fr\/artistes\/oeuvres-robert-combas\/\">OEUVRES<\/a><\/p>\t\t\t\t<\/div>\n\t\t\t\t<\/div>\n\t\t<div class=\"elementor-element elementor-element-15ae5f5 e-con-full elementor-hidden-mobile e-flex wpr-particle-no wpr-jarallax-no wpr-parallax-no wpr-sticky-section-no e-con e-child\" data-id=\"15ae5f5\" data-element_type=\"container\" data-e-type=\"container\">\n\t\t\t\t<div class=\"elementor-element elementor-element-eb1b0ed elementor-widget__width-initial clean-pc elementor-widget elementor-widget-heading\" data-id=\"eb1b0ed\" data-element_type=\"widget\" data-e-type=\"widget\" data-widget_type=\"heading.default\">\n\t\t\t\t\t<p class=\"elementor-heading-title elementor-size-default\">BIOGRAPHIE<\/p>\t\t\t\t<\/div>\n\t\t\t\t<\/div>\n\t\t<div class=\"elementor-element elementor-element-1906318 e-con-full elementor-hidden-mobile e-flex wpr-particle-no wpr-jarallax-no wpr-parallax-no wpr-sticky-section-no e-con e-child\" data-id=\"1906318\" data-element_type=\"container\" data-e-type=\"container\">\n\t\t\t\t<div class=\"elementor-element elementor-element-ca721f2 clean-pc elementor-widget__width-initial elementor-widget elementor-widget-text-editor\" data-id=\"ca721f2\" data-element_type=\"widget\" data-e-type=\"widget\" data-widget_type=\"text-editor.default\">\n\t\t\t\t\t\t\t\t\t<p><a href=\"https:\/\/ericbrugier.com\/fr\/artistes\/biographie-larry-clark\/\">&lt;\u00a0<\/a> ARTISTE SUIVANT \u00a0<a href=\"https:\/\/ericbrugier.com\/fr\/artistes\/biographie-olivier-debre\/\">&gt;<\/a><\/p>\t\t\t\t\t\t\t\t<\/div>\n\t\t\t\t<\/div>\n\t\t\t\t<\/div>\n\t\t\t\t\t<\/div>\n\t\t\t\t<\/div>\n\t\t<div class=\"elementor-element elementor-element-e38c4b4 elementor-hidden-desktop elementor-hidden-tablet clean-mobile e-flex e-con-boxed wpr-particle-no wpr-jarallax-no wpr-parallax-no wpr-sticky-section-no e-con e-parent\" data-id=\"e38c4b4\" data-element_type=\"container\" data-e-type=\"container\">\n\t\t\t\t\t<div class=\"e-con-inner\">\n\t\t<div class=\"elementor-element elementor-element-9985a57 e-con-full e-flex wpr-particle-no wpr-jarallax-no wpr-parallax-no wpr-sticky-section-no e-con e-child\" data-id=\"9985a57\" data-element_type=\"container\" data-e-type=\"container\">\n\t\t\t\t<div class=\"elementor-element elementor-element-0a0043e elementor-widget elementor-widget-heading\" data-id=\"0a0043e\" data-element_type=\"widget\" data-e-type=\"widget\" data-widget_type=\"heading.default\">\n\t\t\t\t\t<p class=\"elementor-heading-title elementor-size-default\"><a href=\"https:\/\/ericbrugier.com\/fr\/artistes\/oeuvres-robert-combas\/\">OEUVRES<\/a><\/p>\t\t\t\t<\/div>\n\t\t\t\t<\/div>\n\t\t<div class=\"elementor-element elementor-element-b8468b9 e-con-full e-flex wpr-particle-no wpr-jarallax-no wpr-parallax-no wpr-sticky-section-no e-con e-child\" data-id=\"b8468b9\" data-element_type=\"container\" data-e-type=\"container\">\n\t\t\t\t<div class=\"elementor-element elementor-element-ce9e93c elementor-widget__width-inherit elementor-widget elementor-widget-heading\" data-id=\"ce9e93c\" data-element_type=\"widget\" data-e-type=\"widget\" data-widget_type=\"heading.default\">\n\t\t\t\t\t<p class=\"elementor-heading-title elementor-size-default\">BIOGRAPHIE<\/p>\t\t\t\t<\/div>\n\t\t\t\t<\/div>\n\t\t<div class=\"elementor-element elementor-element-9a1ee50 e-con-full e-flex wpr-particle-no wpr-jarallax-no wpr-parallax-no wpr-sticky-section-no e-con e-child\" data-id=\"9a1ee50\" data-element_type=\"container\" data-e-type=\"container\">\n\t\t\t\t<div class=\"elementor-element elementor-element-2193973 elementor-widget elementor-widget-text-editor\" data-id=\"2193973\" data-element_type=\"widget\" data-e-type=\"widget\" data-widget_type=\"text-editor.default\">\n\t\t\t\t\t\t\t\t\t<p><a href=\"https:\/\/ericbrugier.com\/fr\/artistes\/biographie-larry-clark\/\">&lt;\u00a0<\/a> ARTISTE SUIVANT \u00a0<a href=\"https:\/\/ericbrugier.com\/fr\/artistes\/biographie-olivier-debre\/\">&gt;<\/a><\/p>\t\t\t\t\t\t\t\t<\/div>\n\t\t\t\t<\/div>\n\t\t\t\t\t<\/div>\n\t\t\t\t<\/div>\n\t\t<div class=\"elementor-element elementor-element-38ae48b4 elementor-hidden-mobile clean-pc e-flex e-con-boxed wpr-particle-no wpr-jarallax-no wpr-parallax-no wpr-sticky-section-no e-con e-parent\" data-id=\"38ae48b4\" data-element_type=\"container\" data-e-type=\"container\">\n\t\t\t\t\t<div class=\"e-con-inner\">\n\t\t<div class=\"elementor-element elementor-element-2a116b82 e-con-full col-texte-brugier e-flex wpr-particle-no wpr-jarallax-no wpr-parallax-no wpr-sticky-section-no e-con e-child\" data-id=\"2a116b82\" data-element_type=\"container\" data-e-type=\"container\">\n\t\t\t\t<div class=\"elementor-element elementor-element-8086d79 elementor-widget elementor-widget-heading\" data-id=\"8086d79\" data-element_type=\"widget\" data-e-type=\"widget\" data-widget_type=\"heading.default\">\n\t\t\t\t\t<h2 class=\"elementor-heading-title elementor-size-default\">Robert Combas (n\u00e9 en 1957) : L'\u00c9nergie Brute et Irr\u00e9v\u00e9rencieuse de la Figuration Libre \n<\/h2>\t\t\t\t<\/div>\n\t\t\t\t<div class=\"elementor-element elementor-element-8c03f90 elementor-widget elementor-widget-text-editor\" data-id=\"8c03f90\" data-element_type=\"widget\" data-e-type=\"widget\" data-widget_type=\"text-editor.default\">\n\t\t\t\t\t\t\t\t\t<p>Robert Combas est une figure majeure et embl\u00e9matique de l&rsquo;art contemporain fran\u00e7ais, chef de file du mouvement de la Figuration Libre qu&rsquo;il a contribu\u00e9 \u00e0 fonder au d\u00e9but des ann\u00e9es 1980. Son \u0153uvre, reconnaissable entre mille, est une explosion de couleurs, de formes et de narrations, impr\u00e9gn\u00e9e d&rsquo;une \u00e9nergie d\u00e9bordante et d&rsquo;une irr\u00e9v\u00e9rence jubilatoire.<\/p>\t\t\t\t\t\t\t\t<\/div>\n\t\t\t\t<div class=\"elementor-element elementor-element-45ff13a elementor-widget elementor-widget-heading\" data-id=\"45ff13a\" data-element_type=\"widget\" data-e-type=\"widget\" data-widget_type=\"heading.default\">\n\t\t\t\t\t<h3 class=\"elementor-heading-title elementor-size-default\">Les Origines et la Naissance de la Figuration Libre \n<\/h3>\t\t\t\t<\/div>\n\t\t\t\t<div class=\"elementor-element elementor-element-827a605 elementor-widget elementor-widget-text-editor\" data-id=\"827a605\" data-element_type=\"widget\" data-e-type=\"widget\" data-widget_type=\"text-editor.default\">\n\t\t\t\t\t\t\t\t\t<p>N\u00e9 en 1957 \u00e0 Lyon, Robert Combas passe son enfance et son adolescence \u00e0 S\u00e8te, une ville portuaire qui marquera profond\u00e9ment son imaginaire et son iconographie. Il \u00e9tudie aux Beaux-Arts de Montpellier de 1975 \u00e0 1980. C&rsquo;est \u00e0 cette p\u00e9riode qu&rsquo;il d\u00e9veloppe son style singulier, en rupture avec les courants conceptuels et minimalistes dominants de l&rsquo;\u00e9poque. <br \/>Au d\u00e9but des ann\u00e9es 1980, avec des artistes comme Herv\u00e9 Di Rosa, Fran\u00e7ois Boisrond et R\u00e9mi Blanchard, il fonde le mouvement de la Figuration Libre. Ce mouvement est une r\u00e9action joyeuse et provocatrice, pr\u00f4nant un retour \u00e0 la narration, \u00e0 la spontan\u00e9it\u00e9, \u00e0 une figuration d\u00e9complex\u00e9e, souvent inspir\u00e9e par la bande dessin\u00e9e, la publicit\u00e9, les cultures populaires (rock&rsquo;n&rsquo;roll, science fiction), et l&rsquo;art brut. Ils d\u00e9fendent une peinture instinctive, color\u00e9e, humoristique, parfois grotesque, en opposition \u00e0 l&rsquo;\u00e9litisme de l&rsquo;art institutionnel. <\/p>\t\t\t\t\t\t\t\t<\/div>\n\t\t\t\t<div class=\"elementor-element elementor-element-b0ba271 elementor-widget elementor-widget-heading\" data-id=\"b0ba271\" data-element_type=\"widget\" data-e-type=\"widget\" data-widget_type=\"heading.default\">\n\t\t\t\t\t<h3 class=\"elementor-heading-title elementor-size-default\">Un Style Exub\u00e9rant et Narratif \n<\/h3>\t\t\t\t<\/div>\n\t\t\t\t<div class=\"elementor-element elementor-element-ae12693 elementor-widget elementor-widget-text-editor\" data-id=\"ae12693\" data-element_type=\"widget\" data-e-type=\"widget\" data-widget_type=\"text-editor.default\">\n\t\t\t\t\t\t\t\t\t<p>La peinture de Combas se caract\u00e9rise par :<\/p><ul><li>\u00a0Une profusion de couleurs vives et franches, appliqu\u00e9es souvent \u00e0 plat, cr\u00e9ant des compositions satur\u00e9es et dynamiques.<\/li><li>Un trait puissant et caricatural, qui d\u00e9forme les corps et les visages, leur conf\u00e9rant une expressivit\u00e9 brute. <\/li><li>Une richesse narrative, o\u00f9 se m\u00ealent des sc\u00e8nes de la vie quotidienne, des personnages fantasmagoriques, des mythes revisit\u00e9s, des sc\u00e8nes de bataille, des allusions sexuelles, des r\u00e9f\u00e9rences historiques ou musicales. <\/li><li>L&rsquo;int\u00e9gration de textes manuscrits, de graffiti, de slogans ou de onomatop\u00e9es directement sur la toile, ajoutant une dimension narrative et une sonorit\u00e9 visuelle \u00e0 ses \u0153uvres.<\/li><li>L&rsquo;utilisation de m\u00e9diums vari\u00e9s : il peint sur toile, mais aussi sur des supports d\u00e9tourn\u00e9s comme des draps, des cartons, des objets r\u00e9cup\u00e9r\u00e9s, des instruments de musique.<\/li><\/ul>\t\t\t\t\t\t\t\t<\/div>\n\t\t\t\t<div class=\"elementor-element elementor-element-17e6b98 elementor-widget elementor-widget-heading\" data-id=\"17e6b98\" data-element_type=\"widget\" data-e-type=\"widget\" data-widget_type=\"heading.default\">\n\t\t\t\t\t<h3 class=\"elementor-heading-title elementor-size-default\">Th\u00e8mes et Inspirations \n<\/h3>\t\t\t\t<\/div>\n\t\t\t\t<div class=\"elementor-element elementor-element-856f35c elementor-widget elementor-widget-text-editor\" data-id=\"856f35c\" data-element_type=\"widget\" data-e-type=\"widget\" data-widget_type=\"text-editor.default\">\n\t\t\t\t\t\t\t\t\t<p><span style=\"font-weight: 400;\">L&rsquo;univers de Combas est foisonnant et \u00e9clectique. Il s&rsquo;approprie et subvertit une multitude de\u00a0 sources :\u00a0<\/span><\/p><ul><li><b>La culture populaire <\/b><span style=\"font-weight: 400;\">: le rock (il est lui-m\u00eame musicien), les comics, les dessins anim\u00e9s,\u00a0 les contes et l\u00e9gendes.\u00a0\u00a0<\/span><\/li><li><b>L&rsquo;histoire de l&rsquo;art <\/b><span style=\"font-weight: 400;\">: il dialogue avec les grands ma\u00eetres en les revisitant \u00e0 sa mani\u00e8re.\u00a0 <\/span><\/li><li><b>Les th\u00e8mes sociaux et politiques <\/b><span style=\"font-weight: 400;\">: la violence, le sexe, la consommation, la religion, la\u00a0 guerre, toujours trait\u00e9s avec un humour noir et une ironie mordante.\u00a0\u00a0<\/span><\/li><li><b>Son propre v\u00e9cu <\/b><span style=\"font-weight: 400;\">: ses fantasmes, ses peurs, ses joies, ses souvenirs de S\u00e8te, sont autant de\u00a0 carburants pour sa cr\u00e9ativit\u00e9.\u00a0\u00a0<\/span><\/li><\/ul>\t\t\t\t\t\t\t\t<\/div>\n\t\t\t\t<div class=\"elementor-element elementor-element-df4572a elementor-widget elementor-widget-heading\" data-id=\"df4572a\" data-element_type=\"widget\" data-e-type=\"widget\" data-widget_type=\"heading.default\">\n\t\t\t\t\t<h3 class=\"elementor-heading-title elementor-size-default\">Un Artiste Prolifique et Reconnu\n<\/h3>\t\t\t\t<\/div>\n\t\t\t\t<div class=\"elementor-element elementor-element-f0b7c25 elementor-widget elementor-widget-text-editor\" data-id=\"f0b7c25\" data-element_type=\"widget\" data-e-type=\"widget\" data-widget_type=\"text-editor.default\">\n\t\t\t\t\t\t\t\t\t<p><span style=\"font-weight: 400;\">Depuis les ann\u00e9es 1980, Robert Combas a expos\u00e9 dans les galeries et mus\u00e9es du monde entier,\u00a0 consolidant sa place parmi les artistes majeurs de sa g\u00e9n\u00e9ration. Son \u0153uvre est pr\u00e9sente dans de\u00a0 nombreuses collections publiques et priv\u00e9es. Il continue de produire avec une \u00e9nergie in\u00e9puisable,\u00a0 diversifiant ses m\u00e9diums et ses supports, sans jamais trahir l&rsquo;esprit de libert\u00e9 et de spontan\u00e9it\u00e9 qui\u00a0 l&rsquo;anime depuis ses d\u00e9buts.\u00a0<\/span><\/p><p><span style=\"font-weight: 400;\">Robert Combas est un artiste qui bouscule, interpelle et amuse. Son art est un cri de vie, une\u00a0 c\u00e9l\u00e9bration de l&rsquo;imagination et une invitation \u00e0 voir le monde avec un regard neuf, d\u00e9complex\u00e9 et\u00a0 profond\u00e9ment humain.<\/span><\/p>\t\t\t\t\t\t\t\t<\/div>\n\t\t\t\t<\/div>\n\t\t<div class=\"elementor-element elementor-element-e06ca7f e-con-full col-image-brugier e-flex wpr-particle-no wpr-jarallax-no wpr-parallax-no wpr-sticky-section-no e-con e-child\" data-id=\"e06ca7f\" data-element_type=\"container\" data-e-type=\"container\">\n\t\t\t\t<div class=\"elementor-element elementor-element-7001d2ea animated-slow elementor-invisible elementor-widget elementor-widget-image\" data-id=\"7001d2ea\" data-element_type=\"widget\" data-e-type=\"widget\" data-settings=\"{&quot;_animation&quot;:&quot;fadeIn&quot;}\" data-widget_type=\"image.default\">\n\t\t\t\t\t\t\t\t\t\t\t\t\t\t\t<img fetchpriority=\"high\" decoding=\"async\" width=\"800\" height=\"800\" src=\"https:\/\/ericbrugier.com\/wp-content\/uploads\/2025\/12\/Robert-Combas.png\" class=\"attachment-large size-large wp-image-1591\" alt=\"Robert Combas - Eric Brugier - Marchand d&#039;art - Gestion de collection\" srcset=\"https:\/\/ericbrugier.com\/wp-content\/uploads\/2025\/12\/Robert-Combas.png 800w, https:\/\/ericbrugier.com\/wp-content\/uploads\/2025\/12\/Robert-Combas-300x300.png 300w, https:\/\/ericbrugier.com\/wp-content\/uploads\/2025\/12\/Robert-Combas-150x150.png 150w, https:\/\/ericbrugier.com\/wp-content\/uploads\/2025\/12\/Robert-Combas-768x768.png 768w, https:\/\/ericbrugier.com\/wp-content\/uploads\/2025\/12\/Robert-Combas-12x12.png 12w, https:\/\/ericbrugier.com\/wp-content\/uploads\/2025\/12\/Robert-Combas-600x600.png 600w\" sizes=\"(max-width: 800px) 100vw, 800px\" \/>\t\t\t\t\t\t\t\t\t\t\t\t\t\t\t<\/div>\n\t\t\t\t<div class=\"elementor-element elementor-element-71af39c mon-bouton-clic elementor-invisible elementor-widget elementor-widget-button\" data-id=\"71af39c\" data-element_type=\"widget\" data-e-type=\"widget\" data-settings=\"{&quot;_animation&quot;:&quot;fadeInUp&quot;}\" data-widget_type=\"button.default\">\n\t\t\t\t\t\t\t\t\t\t<a class=\"elementor-button elementor-button-link elementor-size-sm\" href=\"#\">\n\t\t\t\t\t\t<span class=\"elementor-button-content-wrapper\">\n\t\t\t\t\t\t\t\t\t<span class=\"elementor-button-text\">+ PARTAGER<\/span>\n\t\t\t\t\t<\/span>\n\t\t\t\t\t<\/a>\n\t\t\t\t\t\t\t\t<\/div>\n\t\t\t\t<div class=\"elementor-element elementor-element-d9260e9 ma-liste-partage elementor-icon-list--layout-traditional elementor-list-item-link-full_width elementor-widget elementor-widget-icon-list\" data-id=\"d9260e9\" data-element_type=\"widget\" data-e-type=\"widget\" data-widget_type=\"icon-list.default\">\n\t\t\t\t\t\t\t<ul class=\"elementor-icon-list-items\">\n\t\t\t\t\t\t\t<li class=\"elementor-icon-list-item\">\n\t\t\t\t\t\t\t\t\t\t\t<a href=\"#share-fb\">\n\n\t\t\t\t\t\t\t\t\t\t\t\t<span class=\"elementor-icon-list-icon\">\n\t\t\t\t\t\t\t<svg aria-hidden=\"true\" class=\"e-font-icon-svg e-fab-facebook-f\" viewBox=\"0 0 320 512\" xmlns=\"http:\/\/www.w3.org\/2000\/svg\"><path d=\"M279.14 288l14.22-92.66h-88.91v-60.13c0-25.35 12.42-50.06 52.24-50.06h40.42V6.26S260.43 0 225.36 0c-73.22 0-121.08 44.38-121.08 124.72v70.62H22.89V288h81.39v224h100.17V288z\"><\/path><\/svg>\t\t\t\t\t\t<\/span>\n\t\t\t\t\t\t\t\t\t\t<span class=\"elementor-icon-list-text\">FACEBOOK<\/span>\n\t\t\t\t\t\t\t\t\t\t\t<\/a>\n\t\t\t\t\t\t\t\t\t<\/li>\n\t\t\t\t\t\t\t\t<li class=\"elementor-icon-list-item\">\n\t\t\t\t\t\t\t\t\t\t\t<a href=\"#share-link\">\n\n\t\t\t\t\t\t\t\t\t\t\t\t<span class=\"elementor-icon-list-icon\">\n\t\t\t\t\t\t\t<svg aria-hidden=\"true\" class=\"e-font-icon-svg e-fab-linkedin-in\" viewBox=\"0 0 448 512\" xmlns=\"http:\/\/www.w3.org\/2000\/svg\"><path d=\"M100.28 448H7.4V148.9h92.88zM53.79 108.1C24.09 108.1 0 83.5 0 53.8a53.79 53.79 0 0 1 107.58 0c0 29.7-24.1 54.3-53.79 54.3zM447.9 448h-92.68V302.4c0-34.7-.7-79.2-48.29-79.2-48.29 0-55.69 37.7-55.69 76.7V448h-92.78V148.9h89.08v40.8h1.3c12.4-23.5 42.69-48.3 87.88-48.3 94 0 111.28 61.9 111.28 142.3V448z\"><\/path><\/svg>\t\t\t\t\t\t<\/span>\n\t\t\t\t\t\t\t\t\t\t<span class=\"elementor-icon-list-text\">LINKEDIN<\/span>\n\t\t\t\t\t\t\t\t\t\t\t<\/a>\n\t\t\t\t\t\t\t\t\t<\/li>\n\t\t\t\t\t\t\t\t<li class=\"elementor-icon-list-item\">\n\t\t\t\t\t\t\t\t\t\t\t<a href=\"#share-mail\">\n\n\t\t\t\t\t\t\t\t\t\t\t\t<span class=\"elementor-icon-list-icon\">\n\t\t\t\t\t\t\t<svg aria-hidden=\"true\" class=\"e-font-icon-svg e-fas-at\" viewBox=\"0 0 512 512\" xmlns=\"http:\/\/www.w3.org\/2000\/svg\"><path d=\"M256 8C118.941 8 8 118.919 8 256c0 137.059 110.919 248 248 248 48.154 0 95.342-14.14 135.408-40.223 12.005-7.815 14.625-24.288 5.552-35.372l-10.177-12.433c-7.671-9.371-21.179-11.667-31.373-5.129C325.92 429.757 291.314 440 256 440c-101.458 0-184-82.542-184-184S154.542 72 256 72c100.139 0 184 57.619 184 160 0 38.786-21.093 79.742-58.17 83.693-17.349-.454-16.91-12.857-13.476-30.024l23.433-121.11C394.653 149.75 383.308 136 368.225 136h-44.981a13.518 13.518 0 0 0-13.432 11.993l-.01.092c-14.697-17.901-40.448-21.775-59.971-21.775-74.58 0-137.831 62.234-137.831 151.46 0 65.303 36.785 105.87 96 105.87 26.984 0 57.369-15.637 74.991-38.333 9.522 34.104 40.613 34.103 70.71 34.103C462.609 379.41 504 307.798 504 232 504 95.653 394.023 8 256 8zm-21.68 304.43c-22.249 0-36.07-15.623-36.07-40.771 0-44.993 30.779-72.729 58.63-72.729 22.292 0 35.601 15.241 35.601 40.77 0 45.061-33.875 72.73-58.161 72.73z\"><\/path><\/svg>\t\t\t\t\t\t<\/span>\n\t\t\t\t\t\t\t\t\t\t<span class=\"elementor-icon-list-text\">EMAIL<\/span>\n\t\t\t\t\t\t\t\t\t\t\t<\/a>\n\t\t\t\t\t\t\t\t\t<\/li>\n\t\t\t\t\t\t<\/ul>\n\t\t\t\t\t\t<\/div>\n\t\t\t\t<\/div>\n\t\t\t\t\t<\/div>\n\t\t\t\t<\/div>\n\t\t<div class=\"elementor-element elementor-element-b7b95e2 elementor-hidden-desktop elementor-hidden-tablet clean-mobile e-flex e-con-boxed wpr-particle-no wpr-jarallax-no wpr-parallax-no wpr-sticky-section-no e-con e-parent\" data-id=\"b7b95e2\" data-element_type=\"container\" data-e-type=\"container\">\n\t\t\t\t\t<div class=\"e-con-inner\">\n\t\t<div class=\"elementor-element elementor-element-aad2cc4 e-con-full e-flex wpr-particle-no wpr-jarallax-no wpr-parallax-no wpr-sticky-section-no e-con e-child\" data-id=\"aad2cc4\" data-element_type=\"container\" data-e-type=\"container\">\n\t\t\t\t<div class=\"elementor-element elementor-element-fd4fab0 elementor-widget elementor-widget-image\" data-id=\"fd4fab0\" data-element_type=\"widget\" data-e-type=\"widget\" data-widget_type=\"image.default\">\n\t\t\t\t\t\t\t\t\t\t\t\t\t\t\t<img fetchpriority=\"high\" decoding=\"async\" width=\"800\" height=\"800\" src=\"https:\/\/ericbrugier.com\/wp-content\/uploads\/2025\/12\/Robert-Combas.png\" class=\"attachment-large size-large wp-image-1591\" alt=\"Robert Combas - Eric Brugier - Marchand d&#039;art - Gestion de collection\" srcset=\"https:\/\/ericbrugier.com\/wp-content\/uploads\/2025\/12\/Robert-Combas.png 800w, https:\/\/ericbrugier.com\/wp-content\/uploads\/2025\/12\/Robert-Combas-300x300.png 300w, https:\/\/ericbrugier.com\/wp-content\/uploads\/2025\/12\/Robert-Combas-150x150.png 150w, https:\/\/ericbrugier.com\/wp-content\/uploads\/2025\/12\/Robert-Combas-768x768.png 768w, https:\/\/ericbrugier.com\/wp-content\/uploads\/2025\/12\/Robert-Combas-12x12.png 12w, https:\/\/ericbrugier.com\/wp-content\/uploads\/2025\/12\/Robert-Combas-600x600.png 600w\" sizes=\"(max-width: 800px) 100vw, 800px\" \/>\t\t\t\t\t\t\t\t\t\t\t\t\t\t\t<\/div>\n\t\t\t\t<div class=\"elementor-element elementor-element-2cff68a mon-bouton-clic-mob elementor-invisible elementor-widget elementor-widget-button\" data-id=\"2cff68a\" data-element_type=\"widget\" data-e-type=\"widget\" data-settings=\"{&quot;_animation&quot;:&quot;fadeInUp&quot;}\" data-widget_type=\"button.default\">\n\t\t\t\t\t\t\t\t\t\t<a class=\"elementor-button elementor-button-link elementor-size-sm\" href=\"#\">\n\t\t\t\t\t\t<span class=\"elementor-button-content-wrapper\">\n\t\t\t\t\t\t\t\t\t<span class=\"elementor-button-text\">+ PARTAGER<\/span>\n\t\t\t\t\t<\/span>\n\t\t\t\t\t<\/a>\n\t\t\t\t\t\t\t\t<\/div>\n\t\t\t\t<div class=\"elementor-element elementor-element-c4c73e6 ma-liste-partage-mob elementor-icon-list--layout-traditional elementor-list-item-link-full_width elementor-widget elementor-widget-icon-list\" data-id=\"c4c73e6\" data-element_type=\"widget\" data-e-type=\"widget\" data-widget_type=\"icon-list.default\">\n\t\t\t\t\t\t\t<ul class=\"elementor-icon-list-items\">\n\t\t\t\t\t\t\t<li class=\"elementor-icon-list-item\">\n\t\t\t\t\t\t\t\t\t\t\t<a href=\"#share-fb\">\n\n\t\t\t\t\t\t\t\t\t\t\t\t<span class=\"elementor-icon-list-icon\">\n\t\t\t\t\t\t\t<svg aria-hidden=\"true\" class=\"e-font-icon-svg e-fab-facebook-f\" viewBox=\"0 0 320 512\" xmlns=\"http:\/\/www.w3.org\/2000\/svg\"><path d=\"M279.14 288l14.22-92.66h-88.91v-60.13c0-25.35 12.42-50.06 52.24-50.06h40.42V6.26S260.43 0 225.36 0c-73.22 0-121.08 44.38-121.08 124.72v70.62H22.89V288h81.39v224h100.17V288z\"><\/path><\/svg>\t\t\t\t\t\t<\/span>\n\t\t\t\t\t\t\t\t\t\t<span class=\"elementor-icon-list-text\">FACEBOOK<\/span>\n\t\t\t\t\t\t\t\t\t\t\t<\/a>\n\t\t\t\t\t\t\t\t\t<\/li>\n\t\t\t\t\t\t\t\t<li class=\"elementor-icon-list-item\">\n\t\t\t\t\t\t\t\t\t\t\t<a href=\"#share-link\">\n\n\t\t\t\t\t\t\t\t\t\t\t\t<span class=\"elementor-icon-list-icon\">\n\t\t\t\t\t\t\t<svg aria-hidden=\"true\" class=\"e-font-icon-svg e-fab-linkedin-in\" viewBox=\"0 0 448 512\" xmlns=\"http:\/\/www.w3.org\/2000\/svg\"><path d=\"M100.28 448H7.4V148.9h92.88zM53.79 108.1C24.09 108.1 0 83.5 0 53.8a53.79 53.79 0 0 1 107.58 0c0 29.7-24.1 54.3-53.79 54.3zM447.9 448h-92.68V302.4c0-34.7-.7-79.2-48.29-79.2-48.29 0-55.69 37.7-55.69 76.7V448h-92.78V148.9h89.08v40.8h1.3c12.4-23.5 42.69-48.3 87.88-48.3 94 0 111.28 61.9 111.28 142.3V448z\"><\/path><\/svg>\t\t\t\t\t\t<\/span>\n\t\t\t\t\t\t\t\t\t\t<span class=\"elementor-icon-list-text\">LINKEDIN<\/span>\n\t\t\t\t\t\t\t\t\t\t\t<\/a>\n\t\t\t\t\t\t\t\t\t<\/li>\n\t\t\t\t\t\t\t\t<li class=\"elementor-icon-list-item\">\n\t\t\t\t\t\t\t\t\t\t\t<a href=\"#share-mail\">\n\n\t\t\t\t\t\t\t\t\t\t\t\t<span class=\"elementor-icon-list-icon\">\n\t\t\t\t\t\t\t<svg aria-hidden=\"true\" class=\"e-font-icon-svg e-fas-at\" viewBox=\"0 0 512 512\" xmlns=\"http:\/\/www.w3.org\/2000\/svg\"><path d=\"M256 8C118.941 8 8 118.919 8 256c0 137.059 110.919 248 248 248 48.154 0 95.342-14.14 135.408-40.223 12.005-7.815 14.625-24.288 5.552-35.372l-10.177-12.433c-7.671-9.371-21.179-11.667-31.373-5.129C325.92 429.757 291.314 440 256 440c-101.458 0-184-82.542-184-184S154.542 72 256 72c100.139 0 184 57.619 184 160 0 38.786-21.093 79.742-58.17 83.693-17.349-.454-16.91-12.857-13.476-30.024l23.433-121.11C394.653 149.75 383.308 136 368.225 136h-44.981a13.518 13.518 0 0 0-13.432 11.993l-.01.092c-14.697-17.901-40.448-21.775-59.971-21.775-74.58 0-137.831 62.234-137.831 151.46 0 65.303 36.785 105.87 96 105.87 26.984 0 57.369-15.637 74.991-38.333 9.522 34.104 40.613 34.103 70.71 34.103C462.609 379.41 504 307.798 504 232 504 95.653 394.023 8 256 8zm-21.68 304.43c-22.249 0-36.07-15.623-36.07-40.771 0-44.993 30.779-72.729 58.63-72.729 22.292 0 35.601 15.241 35.601 40.77 0 45.061-33.875 72.73-58.161 72.73z\"><\/path><\/svg>\t\t\t\t\t\t<\/span>\n\t\t\t\t\t\t\t\t\t\t<span class=\"elementor-icon-list-text\">EMAIL<\/span>\n\t\t\t\t\t\t\t\t\t\t\t<\/a>\n\t\t\t\t\t\t\t\t\t<\/li>\n\t\t\t\t\t\t<\/ul>\n\t\t\t\t\t\t<\/div>\n\t\t\t\t<\/div>\n\t\t<div class=\"elementor-element elementor-element-b9e6919 e-con-full e-flex wpr-particle-no wpr-jarallax-no wpr-parallax-no wpr-sticky-section-no e-con e-child\" data-id=\"b9e6919\" data-element_type=\"container\" data-e-type=\"container\">\n\t\t\t\t<div class=\"elementor-element elementor-element-0c9e8cc elementor-widget elementor-widget-heading\" data-id=\"0c9e8cc\" data-element_type=\"widget\" data-e-type=\"widget\" data-widget_type=\"heading.default\">\n\t\t\t\t\t<h2 class=\"elementor-heading-title elementor-size-default\">Robert Combas (n\u00e9 en 1957) : L'\u00c9nergie Brute et Irr\u00e9v\u00e9rencieuse de la Figuration Libre \n<\/h2>\t\t\t\t<\/div>\n\t\t\t\t<div class=\"elementor-element elementor-element-378d0e6 elementor-widget elementor-widget-text-editor\" data-id=\"378d0e6\" data-element_type=\"widget\" data-e-type=\"widget\" data-widget_type=\"text-editor.default\">\n\t\t\t\t\t\t\t\t\t<p><span style=\"font-weight: 400;\">Robert Combas est une figure majeure et embl\u00e9matique de l&rsquo;art contemporain fran\u00e7ais, chef de file\u00a0 du mouvement de la Figuration Libre qu&rsquo;il a contribu\u00e9 \u00e0 fonder au d\u00e9but des ann\u00e9es 1980. Son\u00a0 \u0153uvre, reconnaissable entre mille, est une explosion de couleurs, de formes et de narrations,\u00a0 impr\u00e9gn\u00e9e d&rsquo;une \u00e9nergie d\u00e9bordante et d&rsquo;une irr\u00e9v\u00e9rence jubilatoire.<\/span><\/p>\t\t\t\t\t\t\t\t<\/div>\n\t\t\t\t<\/div>\n\t\t\t\t<div class=\"elementor-element elementor-element-36faf38 elementor-widget elementor-widget-heading\" data-id=\"36faf38\" data-element_type=\"widget\" data-e-type=\"widget\" data-widget_type=\"heading.default\">\n\t\t\t\t\t<h3 class=\"elementor-heading-title elementor-size-default\">Les Origines et la Naissance de la Figuration Libre \n<\/h3>\t\t\t\t<\/div>\n\t\t\t\t\t<\/div>\n\t\t\t\t<\/div>\n\t\t<div class=\"elementor-element elementor-element-4a93ea1 elementor-hidden-desktop clean-mobile e-flex e-con-boxed wpr-particle-no wpr-jarallax-no wpr-parallax-no wpr-sticky-section-no e-con e-parent\" data-id=\"4a93ea1\" data-element_type=\"container\" data-e-type=\"container\">\n\t\t\t\t\t<div class=\"e-con-inner\">\n\t\t\t\t<div class=\"elementor-element elementor-element-03fe983 elementor-widget elementor-widget-text-editor\" data-id=\"03fe983\" data-element_type=\"widget\" data-e-type=\"widget\" data-widget_type=\"text-editor.default\">\n\t\t\t\t\t\t\t\t\t<p>N\u00e9 en 1957 \u00e0 Lyon, Robert Combas passe son enfance et son adolescence \u00e0 S\u00e8te, une ville portuaire qui marquera profond\u00e9ment son imaginaire et son iconographie. Il \u00e9tudie aux Beaux-Arts de Montpellier de 1975 \u00e0 1980. C&rsquo;est \u00e0 cette p\u00e9riode qu&rsquo;il d\u00e9veloppe son style singulier, en rupture avec les courants conceptuels et minimalistes dominants de l&rsquo;\u00e9poque. <br \/>Au d\u00e9but des ann\u00e9es 1980, avec des artistes comme Herv\u00e9 Di Rosa, Fran\u00e7ois Boisrond et R\u00e9mi Blanchard, il fonde le mouvement de la Figuration Libre. Ce mouvement est une r\u00e9action joyeuse et provocatrice, pr\u00f4nant un retour \u00e0 la narration, \u00e0 la spontan\u00e9it\u00e9, \u00e0 une figuration d\u00e9complex\u00e9e, souvent inspir\u00e9e par la bande dessin\u00e9e, la publicit\u00e9, les cultures populaires (rock&rsquo;n&rsquo;roll, science fiction), et l&rsquo;art brut. Ils d\u00e9fendent une peinture instinctive, color\u00e9e, humoristique, parfois grotesque, en opposition \u00e0 l&rsquo;\u00e9litisme de l&rsquo;art institutionnel. <\/p>\t\t\t\t\t\t\t\t<\/div>\n\t\t\t\t<div class=\"elementor-element elementor-element-b545cac elementor-widget elementor-widget-heading\" data-id=\"b545cac\" data-element_type=\"widget\" data-e-type=\"widget\" data-widget_type=\"heading.default\">\n\t\t\t\t\t<h3 class=\"elementor-heading-title elementor-size-default\">Un Style Exub\u00e9rant et Narratif \n<\/h3>\t\t\t\t<\/div>\n\t\t\t\t<div class=\"elementor-element elementor-element-50fe2c0 elementor-widget elementor-widget-text-editor\" data-id=\"50fe2c0\" data-element_type=\"widget\" data-e-type=\"widget\" data-widget_type=\"text-editor.default\">\n\t\t\t\t\t\t\t\t\t<p><span style=\"font-weight: 400;\">La peinture de Combas se caract\u00e9rise par :\u00a0<\/span><\/p><ul><li><b>Une profusion de couleurs vives et franches<\/b><span style=\"font-weight: 400;\">, appliqu\u00e9es souvent \u00e0 plat, cr\u00e9ant des\u00a0 compositions satur\u00e9es et dynamiques.\u00a0\u00a0<\/span><\/li><li><b>Un trait puissant et caricatural<\/b><span style=\"font-weight: 400;\">, qui d\u00e9forme les corps et les visages, leur conf\u00e9rant une\u00a0 expressivit\u00e9 brute.\u00a0\u00a0<\/span><\/li><li><b>Une richesse narrative<\/b><span style=\"font-weight: 400;\">, o\u00f9 se m\u00ealent des sc\u00e8nes de la vie quotidienne, des personnages\u00a0 fantasmagoriques, des mythes revisit\u00e9s, des sc\u00e8nes de bataille, des allusions sexuelles, des\u00a0 r\u00e9f\u00e9rences historiques ou musicales.\u00a0\u00a0<\/span><\/li><li><b>L&rsquo;int\u00e9gration de textes manuscrits<\/b><span style=\"font-weight: 400;\">, de graffiti, de slogans ou de onomatop\u00e9es directement\u00a0 sur la toile, ajoutant une dimension narrative et une sonorit\u00e9 visuelle \u00e0 ses \u0153uvres.\u00a0 <\/span><\/li><li><b>L&rsquo;utilisation de m\u00e9diums vari\u00e9s <\/b><span style=\"font-weight: 400;\">: il peint sur toile, mais aussi sur des supports d\u00e9tourn\u00e9s\u00a0 comme des draps, des cartons, des objets r\u00e9cup\u00e9r\u00e9s, des instruments de musique.\u00a0 <\/span><\/li><\/ul>\t\t\t\t\t\t\t\t<\/div>\n\t\t\t\t<div class=\"elementor-element elementor-element-6d7ebd1 elementor-widget elementor-widget-heading\" data-id=\"6d7ebd1\" data-element_type=\"widget\" data-e-type=\"widget\" data-widget_type=\"heading.default\">\n\t\t\t\t\t<h3 class=\"elementor-heading-title elementor-size-default\">Th\u00e8mes et Inspirations <\/h3>\t\t\t\t<\/div>\n\t\t\t\t<div class=\"elementor-element elementor-element-a227bfd elementor-widget elementor-widget-text-editor\" data-id=\"a227bfd\" data-element_type=\"widget\" data-e-type=\"widget\" data-widget_type=\"text-editor.default\">\n\t\t\t\t\t\t\t\t\t<p><span style=\"font-weight: 400;\">L&rsquo;univers de Combas est foisonnant et \u00e9clectique. Il s&rsquo;approprie et subvertit une multitude de\u00a0 sources :\u00a0<\/span><\/p><ul><li><b>La culture populaire <\/b><span style=\"font-weight: 400;\">: le rock (il est lui-m\u00eame musicien), les comics, les dessins anim\u00e9s,\u00a0 les contes et l\u00e9gendes.\u00a0\u00a0<\/span><\/li><li><b>L&rsquo;histoire de l&rsquo;art <\/b><span style=\"font-weight: 400;\">: il dialogue avec les grands ma\u00eetres en les revisitant \u00e0 sa mani\u00e8re.\u00a0 <\/span><\/li><li><span style=\"font-weight: 400;\">\u00a0<\/span><b>Les th\u00e8mes sociaux et politiques <\/b><span style=\"font-weight: 400;\">: la violence, le sexe, la consommation, la religion, la\u00a0 guerre, toujours trait\u00e9s avec un humour noir et une ironie mordante.\u00a0\u00a0<\/span><\/li><li><b>Son propre v\u00e9cu <\/b><span style=\"font-weight: 400;\">: ses fantasmes, ses peurs, ses joies, ses souvenirs de S\u00e8te, sont autant de\u00a0 carburants pour sa cr\u00e9ativit\u00e9. <\/span><\/li><\/ul>\t\t\t\t\t\t\t\t<\/div>\n\t\t\t\t<div class=\"elementor-element elementor-element-07f8c3e elementor-widget elementor-widget-heading\" data-id=\"07f8c3e\" data-element_type=\"widget\" data-e-type=\"widget\" data-widget_type=\"heading.default\">\n\t\t\t\t\t<h3 class=\"elementor-heading-title elementor-size-default\">Un Artiste Prolifique et Reconnu<\/h3>\t\t\t\t<\/div>\n\t\t\t\t<div class=\"elementor-element elementor-element-b07d233 elementor-widget elementor-widget-text-editor\" data-id=\"b07d233\" data-element_type=\"widget\" data-e-type=\"widget\" data-widget_type=\"text-editor.default\">\n\t\t\t\t\t\t\t\t\t<p><span style=\"font-weight: 400;\">Depuis les ann\u00e9es 1980, Robert Combas a expos\u00e9 dans les galeries et mus\u00e9es du monde entier,\u00a0 consolidant sa place parmi les artistes majeurs de sa g\u00e9n\u00e9ration. Son \u0153uvre est pr\u00e9sente dans de\u00a0 nombreuses collections publiques et priv\u00e9es. Il continue de produire avec une \u00e9nergie in\u00e9puisable,\u00a0 diversifiant ses m\u00e9diums et ses supports, sans jamais trahir l&rsquo;esprit de libert\u00e9 et de spontan\u00e9it\u00e9 qui\u00a0 l&rsquo;anime depuis ses d\u00e9buts.\u00a0<\/span><\/p><p><span style=\"font-weight: 400;\">Robert Combas est un artiste qui bouscule, interpelle et amuse. Son art est un cri de vie, une\u00a0 c\u00e9l\u00e9bration de l&rsquo;imagination et une invitation \u00e0 voir le monde avec un regard neuf, d\u00e9complex\u00e9 et\u00a0 profond\u00e9ment humain.<\/span><\/p>\t\t\t\t\t\t\t\t<\/div>\n\t\t\t\t\t<\/div>\n\t\t\t\t<\/div>\n\t\t<div class=\"elementor-element elementor-element-d92d831 e-flex e-con-boxed wpr-particle-no wpr-jarallax-no wpr-parallax-no wpr-sticky-section-no e-con e-parent\" data-id=\"d92d831\" data-element_type=\"container\" data-e-type=\"container\">\n\t\t\t\t\t<div class=\"e-con-inner\">\n\t\t\t\t<div class=\"elementor-element elementor-element-73591ce elementor-widget elementor-widget-html\" data-id=\"73591ce\" data-element_type=\"widget\" data-e-type=\"widget\" data-widget_type=\"html.default\">\n\t\t\t\t\t<style>\n\/* 1. R\u00c9F\u00c9RENCE DU BOUTON *\/\n.mon-bouton-clic, \n.mon-bouton-clic-mob {\n    position: relative !important;\n    display: inline-block !important;\n    height: auto !important;\n}\n\n\/* 2. LA LISTE (D\u00e9sormais coll\u00e9e) *\/\n.ma-liste-partage, \n.ma-liste-partage-mob {\n    display: none;\n    background: #ffffff;\n    border: 1px solid #d1d1d1;\n    padding: 0 !important;\n    \n    position: absolute !important;\n    top: 100% !important; \n    left: 0 !important;\n    \n    \/* MODIFICATION ICI : On passe \u00e0 0 pour coller au bouton *\/\n    margin-top: 0px !important; \n    \n    z-index: 999999 !important;\n    width: 140px;\n    box-shadow: 0px 8px 16px rgba(0,0,0,0.1);\n}\n\n.ma-liste-partage.visible, \n.ma-liste-partage-mob.visible {\n    display: block !important;\n}\n\n\/* 3. STYLE DES ITEMS *\/\n.ma-liste-partage .elementor-icon-list-item,\n.ma-liste-partage-mob .elementor-icon-list-item {\n    padding: 10px 12px !important;\n    transition: all 0.2s ease;\n    cursor: pointer;\n    margin: 0 !important;\n    display: flex;\n    align-items: center;\n}\n\n.ma-liste-partage .elementor-icon-list-text, \n.ma-liste-partage-mob .elementor-icon-list-text {\n    font-family: 'Montserrat', sans-serif !important;\n    font-size: 10px !important;\n    text-transform: uppercase !important;\n    color: #888888 !important;\n    letter-spacing: 1px;\n}\n\n.ma-liste-partage .elementor-icon-list-item:hover {\n    background-color: #000000 !important;\n}\n\n.ma-liste-partage .elementor-icon-list-item:hover .elementor-icon-list-text,\n.ma-liste-partage .elementor-icon-list-item:hover svg {\n    color: #ffffff !important;\n    fill: #ffffff !important;\n}\n\n.ma-liste-partage a { \n    text-decoration: none !important; \n    display: flex; \n    width: 100%; \n    align-items: center;\n}\n<\/style>\n\n<script>\ndocument.addEventListener('DOMContentLoaded', function() {\n    \n    \/\/ On d\u00e9place physiquement la liste dans le bouton pour l'ancrage\n    const btnPC = document.querySelector('.mon-bouton-clic');\n    const listPC = document.querySelector('.ma-liste-partage');\n    const btnMob = document.querySelector('.mon-bouton-clic-mob');\n    const listMob = document.querySelector('.ma-liste-partage-mob');\n\n    if(btnPC && listPC) btnPC.appendChild(listPC);\n    if(btnMob && listMob) btnMob.appendChild(listMob);\n\n    function setupShareToggle(btnClass, listClass) {\n        const btn = document.querySelector(btnClass);\n        const list = document.querySelector(listClass);\n        \n        if(btn && list) {\n            btn.addEventListener('click', function(e) {\n                if(e.target.tagName !== 'A' && e.target.parentElement.tagName !== 'A') {\n                   e.preventDefault();\n                }\n                e.stopPropagation();\n                list.classList.toggle('visible');\n            });\n        }\n    }\n\n    setupShareToggle('.mon-bouton-clic', '.ma-liste-partage');\n    setupShareToggle('.mon-bouton-clic-mob', '.ma-liste-partage-mob');\n\n    document.addEventListener('click', function() {\n        if(listPC) listPC.classList.remove('visible');\n        if(listMob) listMob.classList.remove('visible');\n    });\n\n    const urlPage = encodeURIComponent(window.location.href);\n    const config = {\n        '#share-fb': `https:\/\/www.facebook.com\/sharer\/sharer.php?u=${urlPage}`,\n        '#share-link': `https:\/\/www.linkedin.com\/sharing\/share-offsite\/?url=${urlPage}`,\n        '#share-mail': `mailto:?body=${urlPage}`,\n        '#share-insta': `https:\/\/www.instagram.com\/eric_brugier_galerie\/`\n    };\n\n    Object.keys(config).forEach(id => {\n        document.querySelectorAll(`a[href=\"${id}\"]`).forEach(el => {\n            el.href = config[id];\n            el.setAttribute('target', '_blank');\n        });\n    });\n});\n<\/script>\t\t\t\t<\/div>\n\t\t\t\t<div class=\"elementor-element elementor-element-7b81ef0 elementor-widget elementor-widget-html\" data-id=\"7b81ef0\" data-element_type=\"widget\" data-e-type=\"widget\" data-widget_type=\"html.default\">\n\t\t\t\t\t<script>\ndocument.addEventListener(\"DOMContentLoaded\", function() {\n    \/\/ On d\u00e9finit le seuil \u00e0 767px pour isoler uniquement les mobiles\n    var isSmallMobile = window.innerWidth <= 767;\n\n    if (isSmallMobile) {\n        \/\/ \u00c9cran <= 767px : On supprime physiquement la version PC\n        document.querySelectorAll('.clean-pc').forEach(function(el) {\n            el.remove();\n        });\n    } else {\n        \/\/ \u00c9cran > 767px (Tablettes et PC) : On supprime physiquement la version mobile\n        document.querySelectorAll('.clean-mobile').forEach(function(el) {\n            el.remove();\n        });\n    }\n});\n<\/script>\t\t\t\t<\/div>\n\t\t\t\t\t<\/div>\n\t\t\t\t<\/div>\n\t\t\t\t<\/div>\n\t\t","protected":false},"excerpt":{"rendered":"<p>Robert Combas OEUVRES BIOGRAPHIE &lt;\u00a0 ARTISTE SUIVANT \u00a0&gt; OEUVRES BIOGRAPHIE &lt;\u00a0 ARTISTE SUIVANT \u00a0&gt; Robert Combas (n\u00e9 en 1957) : L&rsquo;\u00c9nergie Brute et Irr\u00e9v\u00e9rencieuse de la Figuration Libre Robert Combas est une figure majeure et embl\u00e9matique de l&rsquo;art contemporain fran\u00e7ais, chef de file du mouvement de la Figuration Libre qu&rsquo;il a contribu\u00e9 \u00e0 fonder au d\u00e9but des ann\u00e9es 1980. Son \u0153uvre, reconnaissable entre mille, est une explosion de couleurs, de formes et de narrations, impr\u00e9gn\u00e9e d&rsquo;une \u00e9nergie d\u00e9bordante et d&rsquo;une irr\u00e9v\u00e9rence jubilatoire. Les Origines et la Naissance de la Figuration Libre N\u00e9 en 1957 \u00e0 Lyon, Robert Combas passe son enfance et son adolescence \u00e0 S\u00e8te, une ville portuaire qui marquera profond\u00e9ment son imaginaire et son iconographie. Il \u00e9tudie aux Beaux-Arts de Montpellier de 1975 \u00e0 1980. C&rsquo;est \u00e0 cette p\u00e9riode qu&rsquo;il d\u00e9veloppe son style singulier, en rupture avec les courants conceptuels et minimalistes dominants de l&rsquo;\u00e9poque. Au d\u00e9but des ann\u00e9es 1980, avec des artistes comme Herv\u00e9 Di Rosa, Fran\u00e7ois Boisrond et R\u00e9mi Blanchard, il fonde le mouvement de la Figuration Libre. Ce mouvement est une r\u00e9action joyeuse et provocatrice, pr\u00f4nant un retour \u00e0 la narration, \u00e0 la spontan\u00e9it\u00e9, \u00e0 une figuration d\u00e9complex\u00e9e, souvent inspir\u00e9e par la bande dessin\u00e9e, la publicit\u00e9, les cultures populaires (rock&rsquo;n&rsquo;roll, science fiction), et l&rsquo;art brut. Ils d\u00e9fendent une peinture instinctive, color\u00e9e, humoristique, parfois grotesque, en opposition \u00e0 l&rsquo;\u00e9litisme de l&rsquo;art institutionnel. Un Style Exub\u00e9rant et Narratif La peinture de Combas se caract\u00e9rise par : \u00a0Une profusion de couleurs vives et franches, appliqu\u00e9es souvent \u00e0 plat, cr\u00e9ant des compositions satur\u00e9es et dynamiques. Un trait puissant et caricatural, qui d\u00e9forme les corps et les visages, leur conf\u00e9rant une expressivit\u00e9 brute. Une richesse narrative, o\u00f9 se m\u00ealent des sc\u00e8nes de la vie quotidienne, des personnages fantasmagoriques, des mythes revisit\u00e9s, des sc\u00e8nes de bataille, des allusions sexuelles, des r\u00e9f\u00e9rences historiques ou musicales. L&rsquo;int\u00e9gration de textes manuscrits, de graffiti, de slogans ou de onomatop\u00e9es directement sur la toile, ajoutant une dimension narrative et une sonorit\u00e9 visuelle \u00e0 ses \u0153uvres. L&rsquo;utilisation de m\u00e9diums vari\u00e9s : il peint sur toile, mais aussi sur des supports d\u00e9tourn\u00e9s comme des draps, des cartons, des objets r\u00e9cup\u00e9r\u00e9s, des instruments de musique. Th\u00e8mes et Inspirations L&rsquo;univers de Combas est foisonnant et \u00e9clectique. Il s&rsquo;approprie et subvertit une multitude de\u00a0 sources :\u00a0 La culture populaire : le rock (il est lui-m\u00eame musicien), les comics, les dessins anim\u00e9s,\u00a0 les contes et l\u00e9gendes.\u00a0\u00a0 L&rsquo;histoire de l&rsquo;art : il dialogue avec les grands ma\u00eetres en les revisitant \u00e0 sa mani\u00e8re.\u00a0 Les th\u00e8mes sociaux et politiques : la violence, le sexe, la consommation, la religion, la\u00a0 guerre, toujours trait\u00e9s avec un humour noir et une ironie mordante.\u00a0\u00a0 Son propre v\u00e9cu : ses fantasmes, ses peurs, ses joies, ses souvenirs de S\u00e8te, sont autant de\u00a0 carburants pour sa cr\u00e9ativit\u00e9.\u00a0\u00a0 Un Artiste Prolifique et Reconnu Depuis les ann\u00e9es 1980, Robert Combas a expos\u00e9 dans les galeries et mus\u00e9es du monde entier,\u00a0 consolidant sa place parmi les artistes majeurs de sa g\u00e9n\u00e9ration. Son \u0153uvre est pr\u00e9sente dans de\u00a0 nombreuses collections publiques et priv\u00e9es. Il continue de produire avec une \u00e9nergie in\u00e9puisable,\u00a0 diversifiant ses m\u00e9diums et ses supports, sans jamais trahir l&rsquo;esprit de libert\u00e9 et de spontan\u00e9it\u00e9 qui\u00a0 l&rsquo;anime depuis ses d\u00e9buts.\u00a0 Robert Combas est un artiste qui bouscule, interpelle et amuse. Son art est un cri de vie, une\u00a0 c\u00e9l\u00e9bration de l&rsquo;imagination et une invitation \u00e0 voir le monde avec un regard neuf, d\u00e9complex\u00e9 et\u00a0 profond\u00e9ment humain. + PARTAGER FACEBOOK LINKEDIN EMAIL + PARTAGER FACEBOOK LINKEDIN EMAIL Robert Combas (n\u00e9 en 1957) : L&rsquo;\u00c9nergie Brute et Irr\u00e9v\u00e9rencieuse de la Figuration Libre Robert Combas est une figure majeure et embl\u00e9matique de l&rsquo;art contemporain fran\u00e7ais, chef de file\u00a0 du mouvement de la Figuration Libre qu&rsquo;il a contribu\u00e9 \u00e0 fonder au d\u00e9but des ann\u00e9es 1980. Son\u00a0 \u0153uvre, reconnaissable entre mille, est une explosion de couleurs, de formes et de narrations,\u00a0 impr\u00e9gn\u00e9e d&rsquo;une \u00e9nergie d\u00e9bordante et d&rsquo;une irr\u00e9v\u00e9rence jubilatoire. Les Origines et la Naissance de la Figuration Libre N\u00e9 en 1957 \u00e0 Lyon, Robert Combas passe son enfance et son adolescence \u00e0 S\u00e8te, une ville portuaire qui marquera profond\u00e9ment son imaginaire et son iconographie. Il \u00e9tudie aux Beaux-Arts de Montpellier de 1975 \u00e0 1980. C&rsquo;est \u00e0 cette p\u00e9riode qu&rsquo;il d\u00e9veloppe son style singulier, en rupture avec les courants conceptuels et minimalistes dominants de l&rsquo;\u00e9poque. Au d\u00e9but des ann\u00e9es 1980, avec des artistes comme Herv\u00e9 Di Rosa, Fran\u00e7ois Boisrond et R\u00e9mi Blanchard, il fonde le mouvement de la Figuration Libre. Ce mouvement est une r\u00e9action joyeuse et provocatrice, pr\u00f4nant un retour \u00e0 la narration, \u00e0 la spontan\u00e9it\u00e9, \u00e0 une figuration d\u00e9complex\u00e9e, souvent inspir\u00e9e par la bande dessin\u00e9e, la publicit\u00e9, les cultures populaires (rock&rsquo;n&rsquo;roll, science fiction), et l&rsquo;art brut. Ils d\u00e9fendent une peinture instinctive, color\u00e9e, humoristique, parfois grotesque, en opposition \u00e0 l&rsquo;\u00e9litisme de l&rsquo;art institutionnel. Un Style Exub\u00e9rant et Narratif La peinture de Combas se caract\u00e9rise par :\u00a0 Une profusion de couleurs vives et franches, appliqu\u00e9es souvent \u00e0 plat, cr\u00e9ant des\u00a0 compositions satur\u00e9es et dynamiques.\u00a0\u00a0 Un trait puissant et caricatural, qui d\u00e9forme les corps et les visages, leur conf\u00e9rant une\u00a0 expressivit\u00e9 brute.\u00a0\u00a0 Une richesse narrative, o\u00f9 se m\u00ealent des sc\u00e8nes de la vie quotidienne, des personnages\u00a0 fantasmagoriques, des mythes revisit\u00e9s, des sc\u00e8nes de bataille, des allusions sexuelles, des\u00a0 r\u00e9f\u00e9rences historiques ou musicales.\u00a0\u00a0 L&rsquo;int\u00e9gration de textes manuscrits, de graffiti, de slogans ou de onomatop\u00e9es directement\u00a0 sur la toile, ajoutant une dimension narrative et une sonorit\u00e9 visuelle \u00e0 ses \u0153uvres.\u00a0 L&rsquo;utilisation de m\u00e9diums vari\u00e9s : il peint sur toile, mais aussi sur des supports d\u00e9tourn\u00e9s\u00a0 comme des draps, des cartons, des objets r\u00e9cup\u00e9r\u00e9s, des instruments de musique.\u00a0 Th\u00e8mes et Inspirations L&rsquo;univers de Combas est foisonnant et \u00e9clectique. Il s&rsquo;approprie et subvertit une multitude de\u00a0 sources :\u00a0 La culture populaire : le rock (il est lui-m\u00eame musicien), les comics, les dessins anim\u00e9s,\u00a0 les contes et l\u00e9gendes.\u00a0\u00a0 L&rsquo;histoire de l&rsquo;art : il dialogue avec les grands ma\u00eetres en les revisitant \u00e0 sa mani\u00e8re.\u00a0 \u00a0Les th\u00e8mes sociaux et politiques : la violence, le sexe, la consommation, la religion, la\u00a0 guerre, toujours trait\u00e9s avec un humour noir et une ironie mordante.\u00a0\u00a0 Son propre v\u00e9cu :<\/p>","protected":false},"author":2,"featured_media":1591,"parent":1578,"menu_order":0,"comment_status":"closed","ping_status":"closed","template":"","meta":{"inline_featured_image":false,"footnotes":""},"wf_page_folders":[77],"class_list":["post-4136","page","type-page","status-publish","has-post-thumbnail","hentry"],"yoast_head":"<!-- This site is optimized with the Yoast SEO plugin v27.3 - https:\/\/yoast.com\/product\/yoast-seo-wordpress\/ -->\n<title>Robert Combas : Biographie du ma\u00eetre de la Figuration Libre<\/title>\n<meta name=\"description\" content=\"L&#039;univers de Robert Combas, son histoire et son g\u00e9nie : une biographie compl\u00e8te par \u00c9ric Brugier marchand d&#039;art et gestion de collection.\" \/>\n<meta name=\"robots\" content=\"index, follow, max-snippet:-1, max-image-preview:large, max-video-preview:-1\" \/>\n<link rel=\"canonical\" href=\"https:\/\/ericbrugier.com\/en\/artists\/biography-robert-combas\/\" \/>\n<meta property=\"og:locale\" content=\"en_GB\" \/>\n<meta property=\"og:type\" content=\"article\" \/>\n<meta property=\"og:title\" content=\"Robert Combas : Biographie du ma\u00eetre de la Figuration Libre\" \/>\n<meta property=\"og:description\" content=\"L&#039;univers de Robert Combas, son histoire et son g\u00e9nie : une biographie compl\u00e8te par \u00c9ric Brugier marchand d&#039;art et gestion de collection.\" \/>\n<meta property=\"og:url\" content=\"https:\/\/ericbrugier.com\/en\/artists\/biography-robert-combas\/\" \/>\n<meta property=\"og:site_name\" content=\"\u00c9ric Brugier - Marchand d&#039;art - Gestion de collection\" \/>\n<meta property=\"article:modified_time\" content=\"2026-02-24T11:30:07+00:00\" \/>\n<meta property=\"og:image\" content=\"https:\/\/ericbrugier.com\/wp-content\/uploads\/2025\/12\/Robert-Combas.png\" \/>\n\t<meta property=\"og:image:width\" content=\"800\" \/>\n\t<meta property=\"og:image:height\" content=\"800\" \/>\n\t<meta property=\"og:image:type\" content=\"image\/png\" \/>\n<meta name=\"twitter:card\" content=\"summary_large_image\" \/>\n<meta name=\"twitter:label1\" content=\"Estimated reading time\" \/>\n\t<meta name=\"twitter:data1\" content=\"8 minutes\" \/>\n<script type=\"application\/ld+json\" class=\"yoast-schema-graph\">{\"@context\":\"https:\\\/\\\/schema.org\",\"@graph\":[{\"@type\":\"WebPage\",\"@id\":\"https:\\\/\\\/ericbrugier.com\\\/fr\\\/artistes\\\/biographie-robert-combas\\\/\",\"url\":\"https:\\\/\\\/ericbrugier.com\\\/fr\\\/artistes\\\/biographie-robert-combas\\\/\",\"name\":\"Robert Combas : Biographie du ma\u00eetre de la Figuration Libre\",\"isPartOf\":{\"@id\":\"https:\\\/\\\/ericbrugier.com\\\/#website\"},\"primaryImageOfPage\":{\"@id\":\"https:\\\/\\\/ericbrugier.com\\\/fr\\\/artistes\\\/biographie-robert-combas\\\/#primaryimage\"},\"image\":{\"@id\":\"https:\\\/\\\/ericbrugier.com\\\/fr\\\/artistes\\\/biographie-robert-combas\\\/#primaryimage\"},\"thumbnailUrl\":\"https:\\\/\\\/ericbrugier.com\\\/wp-content\\\/uploads\\\/2025\\\/12\\\/Robert-Combas.png\",\"datePublished\":\"2026-01-30T10:38:40+00:00\",\"dateModified\":\"2026-02-24T11:30:07+00:00\",\"description\":\"L'univers de Robert Combas, son histoire et son g\u00e9nie : une biographie compl\u00e8te par \u00c9ric Brugier marchand d'art et gestion de collection.\",\"breadcrumb\":{\"@id\":\"https:\\\/\\\/ericbrugier.com\\\/fr\\\/artistes\\\/biographie-robert-combas\\\/#breadcrumb\"},\"inLanguage\":\"en-GB\",\"potentialAction\":[{\"@type\":\"ReadAction\",\"target\":[\"https:\\\/\\\/ericbrugier.com\\\/fr\\\/artistes\\\/biographie-robert-combas\\\/\"]}]},{\"@type\":\"ImageObject\",\"inLanguage\":\"en-GB\",\"@id\":\"https:\\\/\\\/ericbrugier.com\\\/fr\\\/artistes\\\/biographie-robert-combas\\\/#primaryimage\",\"url\":\"https:\\\/\\\/ericbrugier.com\\\/wp-content\\\/uploads\\\/2025\\\/12\\\/Robert-Combas.png\",\"contentUrl\":\"https:\\\/\\\/ericbrugier.com\\\/wp-content\\\/uploads\\\/2025\\\/12\\\/Robert-Combas.png\",\"width\":800,\"height\":800,\"caption\":\"Robert Combas - Eric Brugier - Marchand d'art - Gestion de collection\"},{\"@type\":\"BreadcrumbList\",\"@id\":\"https:\\\/\\\/ericbrugier.com\\\/fr\\\/artistes\\\/biographie-robert-combas\\\/#breadcrumb\",\"itemListElement\":[{\"@type\":\"ListItem\",\"position\":1,\"name\":\"Accueil\",\"item\":\"https:\\\/\\\/ericbrugier.com\\\/\"},{\"@type\":\"ListItem\",\"position\":2,\"name\":\"ARTISTES\",\"item\":\"https:\\\/\\\/ericbrugier.com\\\/fr\\\/artistes\\\/\"},{\"@type\":\"ListItem\",\"position\":3,\"name\":\"Biographie Robert Combas\"}]},{\"@type\":\"WebSite\",\"@id\":\"https:\\\/\\\/ericbrugier.com\\\/#website\",\"url\":\"https:\\\/\\\/ericbrugier.com\\\/\",\"name\":\"Eric Brugier - Galerie d'art\",\"description\":\"Marchand d&#039;art et Gestion de collection\",\"publisher\":{\"@id\":\"https:\\\/\\\/ericbrugier.com\\\/#organization\"},\"potentialAction\":[{\"@type\":\"SearchAction\",\"target\":{\"@type\":\"EntryPoint\",\"urlTemplate\":\"https:\\\/\\\/ericbrugier.com\\\/?s={search_term_string}\"},\"query-input\":{\"@type\":\"PropertyValueSpecification\",\"valueRequired\":true,\"valueName\":\"search_term_string\"}}],\"inLanguage\":\"en-GB\"},{\"@type\":\"Organization\",\"@id\":\"https:\\\/\\\/ericbrugier.com\\\/#organization\",\"name\":\"Eric Brugier - Marchand d'art - Gestion de collection\",\"url\":\"https:\\\/\\\/ericbrugier.com\\\/\",\"logo\":{\"@type\":\"ImageObject\",\"inLanguage\":\"en-GB\",\"@id\":\"https:\\\/\\\/ericbrugier.com\\\/#\\\/schema\\\/logo\\\/image\\\/\",\"url\":\"https:\\\/\\\/ericbrugier.com\\\/wp-content\\\/uploads\\\/2025\\\/12\\\/Logo-eric-brugier-1.webp\",\"contentUrl\":\"https:\\\/\\\/ericbrugier.com\\\/wp-content\\\/uploads\\\/2025\\\/12\\\/Logo-eric-brugier-1.webp\",\"width\":1600,\"height\":500,\"caption\":\"Eric Brugier - Marchand d'art - Gestion de collection\"},\"image\":{\"@id\":\"https:\\\/\\\/ericbrugier.com\\\/#\\\/schema\\\/logo\\\/image\\\/\"}}]}<\/script>\n<!-- \/ Yoast SEO plugin. -->","yoast_head_json":{"title":"Robert Combas: Biography of the master of Figuration Libre","description":"The world of Robert Combas, his history and his genius: a comprehensive biography by art dealer and collection manager \u00c9ric Brugier.","robots":{"index":"index","follow":"follow","max-snippet":"max-snippet:-1","max-image-preview":"max-image-preview:large","max-video-preview":"max-video-preview:-1"},"canonical":"https:\/\/ericbrugier.com\/en\/artists\/biography-robert-combas\/","og_locale":"en_GB","og_type":"article","og_title":"Robert Combas : Biographie du ma\u00eetre de la Figuration Libre","og_description":"L'univers de Robert Combas, son histoire et son g\u00e9nie : une biographie compl\u00e8te par \u00c9ric Brugier marchand d'art et gestion de collection.","og_url":"https:\/\/ericbrugier.com\/en\/artists\/biography-robert-combas\/","og_site_name":"\u00c9ric Brugier - Marchand d&#039;art - Gestion de collection","article_modified_time":"2026-02-24T11:30:07+00:00","og_image":[{"width":800,"height":800,"url":"https:\/\/ericbrugier.com\/wp-content\/uploads\/2025\/12\/Robert-Combas.png","type":"image\/png"}],"twitter_card":"summary_large_image","twitter_misc":{"Estimated reading time":"8 minutes"},"schema":{"@context":"https:\/\/schema.org","@graph":[{"@type":"WebPage","@id":"https:\/\/ericbrugier.com\/fr\/artistes\/biographie-robert-combas\/","url":"https:\/\/ericbrugier.com\/fr\/artistes\/biographie-robert-combas\/","name":"Robert Combas: Biography of the master of Figuration Libre","isPartOf":{"@id":"https:\/\/ericbrugier.com\/#website"},"primaryImageOfPage":{"@id":"https:\/\/ericbrugier.com\/fr\/artistes\/biographie-robert-combas\/#primaryimage"},"image":{"@id":"https:\/\/ericbrugier.com\/fr\/artistes\/biographie-robert-combas\/#primaryimage"},"thumbnailUrl":"https:\/\/ericbrugier.com\/wp-content\/uploads\/2025\/12\/Robert-Combas.png","datePublished":"2026-01-30T10:38:40+00:00","dateModified":"2026-02-24T11:30:07+00:00","description":"The world of Robert Combas, his history and his genius: a comprehensive biography by art dealer and collection manager \u00c9ric Brugier.","breadcrumb":{"@id":"https:\/\/ericbrugier.com\/fr\/artistes\/biographie-robert-combas\/#breadcrumb"},"inLanguage":"en-GB","potentialAction":[{"@type":"ReadAction","target":["https:\/\/ericbrugier.com\/fr\/artistes\/biographie-robert-combas\/"]}]},{"@type":"ImageObject","inLanguage":"en-GB","@id":"https:\/\/ericbrugier.com\/fr\/artistes\/biographie-robert-combas\/#primaryimage","url":"https:\/\/ericbrugier.com\/wp-content\/uploads\/2025\/12\/Robert-Combas.png","contentUrl":"https:\/\/ericbrugier.com\/wp-content\/uploads\/2025\/12\/Robert-Combas.png","width":800,"height":800,"caption":"Robert Combas - Eric Brugier - Marchand d'art - Gestion de collection"},{"@type":"BreadcrumbList","@id":"https:\/\/ericbrugier.com\/fr\/artistes\/biographie-robert-combas\/#breadcrumb","itemListElement":[{"@type":"ListItem","position":1,"name":"Accueil","item":"https:\/\/ericbrugier.com\/"},{"@type":"ListItem","position":2,"name":"ARTISTES","item":"https:\/\/ericbrugier.com\/fr\/artistes\/"},{"@type":"ListItem","position":3,"name":"Biographie Robert Combas"}]},{"@type":"WebSite","@id":"https:\/\/ericbrugier.com\/#website","url":"https:\/\/ericbrugier.com\/","name":"Eric Brugier - Art gallery","description":"Art dealer and collection management","publisher":{"@id":"https:\/\/ericbrugier.com\/#organization"},"potentialAction":[{"@type":"SearchAction","target":{"@type":"EntryPoint","urlTemplate":"https:\/\/ericbrugier.com\/?s={search_term_string}"},"query-input":{"@type":"PropertyValueSpecification","valueRequired":true,"valueName":"search_term_string"}}],"inLanguage":"en-GB"},{"@type":"Organization","@id":"https:\/\/ericbrugier.com\/#organization","name":"Eric Brugier - Art dealer - Collection management","url":"https:\/\/ericbrugier.com\/","logo":{"@type":"ImageObject","inLanguage":"en-GB","@id":"https:\/\/ericbrugier.com\/#\/schema\/logo\/image\/","url":"https:\/\/ericbrugier.com\/wp-content\/uploads\/2025\/12\/Logo-eric-brugier-1.webp","contentUrl":"https:\/\/ericbrugier.com\/wp-content\/uploads\/2025\/12\/Logo-eric-brugier-1.webp","width":1600,"height":500,"caption":"Eric Brugier - Marchand d'art - Gestion de collection"},"image":{"@id":"https:\/\/ericbrugier.com\/#\/schema\/logo\/image\/"}}]}},"_links":{"self":[{"href":"https:\/\/ericbrugier.com\/en\/wp-json\/wp\/v2\/pages\/4136","targetHints":{"allow":["GET"]}}],"collection":[{"href":"https:\/\/ericbrugier.com\/en\/wp-json\/wp\/v2\/pages"}],"about":[{"href":"https:\/\/ericbrugier.com\/en\/wp-json\/wp\/v2\/types\/page"}],"author":[{"embeddable":true,"href":"https:\/\/ericbrugier.com\/en\/wp-json\/wp\/v2\/users\/2"}],"replies":[{"embeddable":true,"href":"https:\/\/ericbrugier.com\/en\/wp-json\/wp\/v2\/comments?post=4136"}],"version-history":[{"count":46,"href":"https:\/\/ericbrugier.com\/en\/wp-json\/wp\/v2\/pages\/4136\/revisions"}],"predecessor-version":[{"id":8152,"href":"https:\/\/ericbrugier.com\/en\/wp-json\/wp\/v2\/pages\/4136\/revisions\/8152"}],"up":[{"embeddable":true,"href":"https:\/\/ericbrugier.com\/en\/wp-json\/wp\/v2\/pages\/1578"}],"wp:featuredmedia":[{"embeddable":true,"href":"https:\/\/ericbrugier.com\/en\/wp-json\/wp\/v2\/media\/1591"}],"wp:attachment":[{"href":"https:\/\/ericbrugier.com\/en\/wp-json\/wp\/v2\/media?parent=4136"}],"wp:term":[{"taxonomy":"wf_page_folders","embeddable":true,"href":"https:\/\/ericbrugier.com\/en\/wp-json\/wp\/v2\/wf_page_folders?post=4136"}],"curies":[{"name":"wp","href":"https:\/\/api.w.org\/{rel}","templated":true}]}}